{"id":1248,"date":"2015-10-14T16:57:17","date_gmt":"2015-10-14T16:57:17","guid":{"rendered":"http:\/\/fotografiaportugal.pt\/site\/?page_id=1248"},"modified":"2021-08-16T17:52:39","modified_gmt":"2021-08-16T17:52:39","slug":"fotograficamente","status":"publish","type":"page","link":"https:\/\/fotografiaportugal.pt\/site\/exposicoes\/fotograficamente\/","title":{"rendered":"Fotograficamente"},"content":{"rendered":"<p>Fotografica<strong><em>mente<\/em><\/strong> \u00e9 uma exposi\u00e7\u00e3o de fotografia que ilustra muitos n\u00fameros estat\u00edsticos que nos v\u00e3o chegando sobre a situa\u00e7\u00e3o da sa\u00fade mental em Portugal&#8230;<\/p>\n<p>Neste contexto, a <a href=\"http:\/\/www.aria.com.pt\/\" target=\"_blank\" rel=\"noopener noreferrer\">ARIA<\/a> prop\u00f4s \u00e0s pessoas com problemas de sa\u00fade mental com quem trabalha, seus familiares, t\u00e9cnicos e parceiros, um trabalho que nos reunisse a todos, reflectindo sobre a forma de transformar em imagens fortes, palavras que se ouvem e se desvanecem com o tempo.<\/p>\n<p>Gostar\u00edamos que este nosso contributo possibilitasse a mudan\u00e7a, ainda que pequena, ainda que devagar, de uma forma de lidar com a doen\u00e7a mental menos estigmatizante, dado que estamos todos muito pr\u00f3ximos desta realidade, talvez mais do que poder\u00edamos pensar.<\/p>\n<div  id=\"jtg-10312\" class=\"modula modula-gallery modula-creative-gallery\" data-config=\"{&quot;height&quot;:800,&quot;tabletHeight&quot;:800,&quot;mobileHeight&quot;:800,&quot;desktopHeight&quot;:800,&quot;enableTwitter&quot;:false,&quot;enableWhatsapp&quot;:false,&quot;enableFacebook&quot;:false,&quot;enablePinterest&quot;:false,&quot;enableLinkedin&quot;:false,&quot;enableEmail&quot;:false,&quot;randomFactor&quot;:0.5,&quot;type&quot;:&quot;creative-gallery&quot;,&quot;columns&quot;:12,&quot;gutter&quot;:10,&quot;mobileGutter&quot;:10,&quot;tabletGutter&quot;:10,&quot;desktopGutter&quot;:10,&quot;enableResponsive&quot;:&quot;0&quot;,&quot;tabletColumns&quot;:&quot;2&quot;,&quot;mobileColumns&quot;:&quot;1&quot;,&quot;lazyLoad&quot;:0,&quot;lightboxOpts&quot;:{&quot;animated&quot;:true,&quot;Thumbs&quot;:{&quot;type&quot;:&quot;modern&quot;,&quot;showOnStart&quot;:false},&quot;Toolbar&quot;:{&quot;display&quot;:{&quot;right&quot;:[&quot;slideshow&quot;,&quot;close&quot;],&quot;left&quot;:[&quot;infobar&quot;]},&quot;enabled&quot;:true},&quot;Carousel&quot;:{&quot;Panzoom&quot;:{&quot;touch&quot;:false},&quot;infinite&quot;:true,&quot;transition&quot;:&quot;fade&quot;},&quot;keyboard&quot;:{&quot;Escape&quot;:&quot;close&quot;,&quot;Delete&quot;:&quot;close&quot;,&quot;Backspace&quot;:&quot;close&quot;,&quot;PageUp&quot;:&quot;next&quot;,&quot;PageDown&quot;:&quot;prev&quot;,&quot;ArrowUp&quot;:&quot;prev&quot;,&quot;ArrowDown&quot;:&quot;next&quot;,&quot;ArrowRight&quot;:&quot;next&quot;,&quot;ArrowLeft&quot;:&quot;prev&quot;},&quot;touch&quot;:false,&quot;backdropClick&quot;:false,&quot;l10n&quot;:{&quot;CLOSE&quot;:&quot;Close&quot;,&quot;NEXT&quot;:&quot;Next&quot;,&quot;PREV&quot;:&quot;Previous&quot;,&quot;Error&quot;:&quot;The requested content cannot be loaded. Please try again later.&quot;,&quot;PLAY_START&quot;:&quot;Start slideshow&quot;,&quot;PLAY_STOP&quot;:&quot;Pause slideshow&quot;,&quot;FULL_SCREEN&quot;:&quot;Full screen&quot;,&quot;THUMBS&quot;:&quot;Thumbnails&quot;,&quot;DOWNLOAD&quot;:&quot;Download&quot;,&quot;SHARE&quot;:&quot;Share&quot;,&quot;ZOOM&quot;:&quot;Zoom&quot;,&quot;EMAIL&quot;:&quot;Here is the link to the image : %%image_link%% and this is the link to the gallery : %%gallery_link%%&quot;,&quot;MODAL&quot;:&quot;You can close this modal content with the ESC key&quot;,&quot;ERROR&quot;:&quot;Something Went Wrong, Please Try Again Later&quot;,&quot;IMAGE_ERROR&quot;:&quot;Image Not Found&quot;,&quot;ELEMENT_NOT_FOUND&quot;:&quot;HTML Element Not Found&quot;,&quot;AJAX_NOT_FOUND&quot;:&quot;Error Loading AJAX : Not Found&quot;,&quot;AJAX_FORBIDDEN&quot;:&quot;Error Loading AJAX : Forbidden&quot;,&quot;IFRAME_ERROR&quot;:&quot;Error Loading Page&quot;,&quot;TOGGLE_ZOOM&quot;:&quot;Toggle zoom level&quot;,&quot;TOGGLE_THUMBS&quot;:&quot;Toggle thumbnails&quot;,&quot;TOGGLE_SLIDESHOW&quot;:&quot;Toggle slideshow&quot;,&quot;TOGGLE_FULLSCREEN&quot;:&quot;Toggle full-screen mode&quot;},&quot;Images&quot;:{&quot;Panzoom&quot;:{&quot;maxScale&quot;:2}},&quot;toolbar&quot;:true,&quot;wheel&quot;:false,&quot;animationEffect&quot;:&quot;false&quot;,&quot;animationDuration&quot;:366,&quot;transitionEffect&quot;:&quot;false&quot;,&quot;Html&quot;:{&quot;videoAutoplay&quot;:0,&quot;videoTpl&quot;:&quot;&lt;video class=\\&quot;fancybox__html5video modula_html5_video\\&quot; controls playsinline controlsList controlsList=\\&quot;nodownload\\&quot; poster=\\&quot;{{poster}}\\&quot; src=\\&quot;{{src}}\\&quot; type=\\&quot;{{format}}\\&quot; &gt;  Sorry, your browser doesn&#039;t support embedded videos, &lt;a href=\\&quot;{{src}}\\&quot;&gt; download &lt;\\\/a&gt; and watch with your favorite video player! &lt;\\\/video&gt;&quot;,&quot;vimeo&quot;:{&quot;autopause&quot;:0}},&quot;Slideshow&quot;:{&quot;playOnStart&quot;:true,&quot;pauseOnHover&quot;:false,&quot;timeout&quot;:3000},&quot;mainClass&quot;:&quot;modula-fancybox-container modula-lightbox-jtg-10312&quot;},&quot;inView&quot;:false,&quot;email_subject&quot;:&quot;Check out this awesome image !!&quot;,&quot;email_message&quot;:&quot;Here is the link to the image : %%image_link%% and this is the link to the gallery : %%gallery_link%%&quot;,&quot;lightbox&quot;:&quot;fancybox&quot;,&quot;filterClick&quot;:&quot;0&quot;,&quot;dropdownFilters&quot;:&quot;0&quot;,&quot;defaultActiveFilter&quot;:&quot;all&quot;,&quot;initLightbox&quot;:&quot;modula_pro_init_lightbox&quot;,&quot;haveFilters&quot;:0,&quot;lightbox_devices&quot;:&quot;both&quot;,&quot;options&quot;:{&quot;lightbox&quot;:&quot;fancybox&quot;},&quot;enableSlideshow&quot;:&quot;1&quot;,&quot;enableAutoplay&quot;:&quot;1&quot;,&quot;slideshowSpeed&quot;:&quot;3000&quot;,&quot;pauseOnHover&quot;:&quot;0&quot;}\">\n\n\t\n\t<div  class=\"modula-items\">\n\t\t<div class=\"modula-item effect-pufrobo jtg-filter-all jtg-filter-\" >\n\t<div class=\"modula-item-overlay\"><\/div>\n\n\t<div class=\"modula-item-content\">\n\n\t\t<a data-image-id=\"10313\" role=\"button\" tabindex=\"0\" rel=\"jtg-10312\" data-caption=\"&lt;span class=&quot;modula-caption-description&quot;&gt;&lt;\/span&gt;\" aria-label=\"Open image in lightbox\" data-thumb=\"https:\/\/fotografiaportugal.pt\/site\/wp-content\/uploads\/2021\/08\/01-Copia-300x200.jpg\" class=\"tile-inner modula-item-link\"><\/a><img loading=\"lazy\" decoding=\"async\" class=\"pic wp-image-10313\"  data-valign=\"middle\" data-halign=\"center\" alt=\"\" data-full=\"https:\/\/fotografiaportugal.pt\/site\/wp-content\/uploads\/2021\/08\/01-Copia.jpg\" title=\"01 - C\u00f3pia\" crop=\"\" width=\"300\" height=\"200\" src=\"https:\/\/fotografiaportugal.pt\/site\/wp-content\/uploads\/2021\/08\/01-Copia-300x200.jpg\" data-src=\"https:\/\/fotografiaportugal.pt\/site\/wp-content\/uploads\/2021\/08\/01-Copia-300x200.jpg\" data-caption=\"\" srcset=\"https:\/\/fotografiaportugal.pt\/site\/wp-content\/uploads\/2021\/08\/01-Copia.jpg 960w, https:\/\/fotografiaportugal.pt\/site\/wp-content\/uploads\/2021\/08\/01-Copia-300x200.jpg 300w\" sizes=\"auto, (max-width: 300px) 100vw, 300px\" \/>\n\t\t<div class=\"figc no-description\">\n\t\t\t<div class=\"figc-inner\">\n\t\t\t\t\t\t\t\t\t\t\t\t\t\t\t<\/div>\n\t\t<\/div>\n\n\t<\/div>\n\n<\/div><div class=\"modula-item effect-pufrobo jtg-filter-all jtg-filter-\" >\n\t<div class=\"modula-item-overlay\"><\/div>\n\n\t<div class=\"modula-item-content\">\n\n\t\t<a data-image-id=\"10314\" role=\"button\" tabindex=\"0\" rel=\"jtg-10312\" data-caption=\"&lt;span class=&quot;modula-caption-description&quot;&gt;&lt;\/span&gt;\" aria-label=\"Open image in lightbox\" data-thumb=\"https:\/\/fotografiaportugal.pt\/site\/wp-content\/uploads\/2021\/08\/02-Copia-300x200.jpg\" class=\"tile-inner modula-item-link\"><\/a><img loading=\"lazy\" decoding=\"async\" class=\"pic wp-image-10314\"  data-valign=\"middle\" data-halign=\"center\" alt=\"\" data-full=\"https:\/\/fotografiaportugal.pt\/site\/wp-content\/uploads\/2021\/08\/02-Copia.jpg\" title=\"02 - C\u00f3pia\" crop=\"\" width=\"300\" height=\"200\" src=\"https:\/\/fotografiaportugal.pt\/site\/wp-content\/uploads\/2021\/08\/02-Copia-300x200.jpg\" data-src=\"https:\/\/fotografiaportugal.pt\/site\/wp-content\/uploads\/2021\/08\/02-Copia-300x200.jpg\" data-caption=\"\" srcset=\"https:\/\/fotografiaportugal.pt\/site\/wp-content\/uploads\/2021\/08\/02-Copia.jpg 960w, https:\/\/fotografiaportugal.pt\/site\/wp-content\/uploads\/2021\/08\/02-Copia-300x200.jpg 300w\" sizes=\"auto, (max-width: 300px) 100vw, 300px\" \/>\n\t\t<div class=\"figc no-description\">\n\t\t\t<div class=\"figc-inner\">\n\t\t\t\t\t\t\t\t\t\t\t\t\t\t\t<\/div>\n\t\t<\/div>\n\n\t<\/div>\n\n<\/div><div class=\"modula-item effect-pufrobo jtg-filter-all jtg-filter-\" >\n\t<div class=\"modula-item-overlay\"><\/div>\n\n\t<div class=\"modula-item-content\">\n\n\t\t<a data-image-id=\"10315\" role=\"button\" tabindex=\"0\" rel=\"jtg-10312\" data-caption=\"&lt;span class=&quot;modula-caption-description&quot;&gt;&lt;\/span&gt;\" aria-label=\"Open image in lightbox\" data-thumb=\"https:\/\/fotografiaportugal.pt\/site\/wp-content\/uploads\/2021\/08\/03-Copia-300x200.jpg\" class=\"tile-inner modula-item-link\"><\/a><img loading=\"lazy\" decoding=\"async\" class=\"pic wp-image-10315\"  data-valign=\"middle\" data-halign=\"center\" alt=\"\" data-full=\"https:\/\/fotografiaportugal.pt\/site\/wp-content\/uploads\/2021\/08\/03-Copia.jpg\" title=\"03 - C\u00f3pia\" crop=\"\" width=\"300\" height=\"200\" src=\"https:\/\/fotografiaportugal.pt\/site\/wp-content\/uploads\/2021\/08\/03-Copia-300x200.jpg\" data-src=\"https:\/\/fotografiaportugal.pt\/site\/wp-content\/uploads\/2021\/08\/03-Copia-300x200.jpg\" data-caption=\"\" srcset=\"https:\/\/fotografiaportugal.pt\/site\/wp-content\/uploads\/2021\/08\/03-Copia.jpg 960w, https:\/\/fotografiaportugal.pt\/site\/wp-content\/uploads\/2021\/08\/03-Copia-300x200.jpg 300w\" sizes=\"auto, (max-width: 300px) 100vw, 300px\" \/>\n\t\t<div class=\"figc no-description\">\n\t\t\t<div class=\"figc-inner\">\n\t\t\t\t\t\t\t\t\t\t\t\t\t\t\t<\/div>\n\t\t<\/div>\n\n\t<\/div>\n\n<\/div><div class=\"modula-item effect-pufrobo jtg-filter-all jtg-filter-\" >\n\t<div class=\"modula-item-overlay\"><\/div>\n\n\t<div class=\"modula-item-content\">\n\n\t\t<a data-image-id=\"10316\" role=\"button\" tabindex=\"0\" rel=\"jtg-10312\" data-caption=\"&lt;span class=&quot;modula-caption-description&quot;&gt;&lt;\/span&gt;\" aria-label=\"Open image in lightbox\" data-thumb=\"https:\/\/fotografiaportugal.pt\/site\/wp-content\/uploads\/2021\/08\/04-Copia-200x300.jpg\" class=\"tile-inner modula-item-link\"><\/a><img loading=\"lazy\" decoding=\"async\" class=\"pic wp-image-10316\"  data-valign=\"middle\" data-halign=\"center\" alt=\"\" data-full=\"https:\/\/fotografiaportugal.pt\/site\/wp-content\/uploads\/2021\/08\/04-Copia.jpg\" title=\"04 - C\u00f3pia\" crop=\"\" width=\"200\" height=\"300\" src=\"https:\/\/fotografiaportugal.pt\/site\/wp-content\/uploads\/2021\/08\/04-Copia-200x300.jpg\" data-src=\"https:\/\/fotografiaportugal.pt\/site\/wp-content\/uploads\/2021\/08\/04-Copia-200x300.jpg\" data-caption=\"\" srcset=\"https:\/\/fotografiaportugal.pt\/site\/wp-content\/uploads\/2021\/08\/04-Copia.jpg 641w, https:\/\/fotografiaportugal.pt\/site\/wp-content\/uploads\/2021\/08\/04-Copia-200x300.jpg 200w\" sizes=\"auto, (max-width: 200px) 100vw, 200px\" \/>\n\t\t<div class=\"figc no-description\">\n\t\t\t<div class=\"figc-inner\">\n\t\t\t\t\t\t\t\t\t\t\t\t\t\t\t<\/div>\n\t\t<\/div>\n\n\t<\/div>\n\n<\/div><div class=\"modula-item effect-pufrobo jtg-filter-all jtg-filter-\" >\n\t<div class=\"modula-item-overlay\"><\/div>\n\n\t<div class=\"modula-item-content\">\n\n\t\t<a data-image-id=\"10317\" role=\"button\" tabindex=\"0\" rel=\"jtg-10312\" data-caption=\"&lt;span class=&quot;modula-caption-description&quot;&gt;&lt;\/span&gt;\" aria-label=\"Open image in lightbox\" data-thumb=\"https:\/\/fotografiaportugal.pt\/site\/wp-content\/uploads\/2021\/08\/05-Copia-300x200.jpg\" class=\"tile-inner modula-item-link\"><\/a><img loading=\"lazy\" decoding=\"async\" class=\"pic wp-image-10317\"  data-valign=\"middle\" data-halign=\"center\" alt=\"\" data-full=\"https:\/\/fotografiaportugal.pt\/site\/wp-content\/uploads\/2021\/08\/05-Copia.jpg\" title=\"05 - C\u00f3pia\" crop=\"\" width=\"300\" height=\"200\" src=\"https:\/\/fotografiaportugal.pt\/site\/wp-content\/uploads\/2021\/08\/05-Copia-300x200.jpg\" data-src=\"https:\/\/fotografiaportugal.pt\/site\/wp-content\/uploads\/2021\/08\/05-Copia-300x200.jpg\" data-caption=\"\" srcset=\"https:\/\/fotografiaportugal.pt\/site\/wp-content\/uploads\/2021\/08\/05-Copia.jpg 960w, https:\/\/fotografiaportugal.pt\/site\/wp-content\/uploads\/2021\/08\/05-Copia-300x200.jpg 300w\" sizes=\"auto, (max-width: 300px) 100vw, 300px\" \/>\n\t\t<div class=\"figc no-description\">\n\t\t\t<div class=\"figc-inner\">\n\t\t\t\t\t\t\t\t\t\t\t\t\t\t\t<\/div>\n\t\t<\/div>\n\n\t<\/div>\n\n<\/div><div class=\"modula-item effect-pufrobo jtg-filter-all jtg-filter-\" >\n\t<div class=\"modula-item-overlay\"><\/div>\n\n\t<div class=\"modula-item-content\">\n\n\t\t<a data-image-id=\"10318\" role=\"button\" tabindex=\"0\" rel=\"jtg-10312\" data-caption=\"&lt;span class=&quot;modula-caption-description&quot;&gt;&lt;\/span&gt;\" aria-label=\"Open image in lightbox\" data-thumb=\"https:\/\/fotografiaportugal.pt\/site\/wp-content\/uploads\/2021\/08\/06-Copia-300x200.jpg\" class=\"tile-inner modula-item-link\"><\/a><img loading=\"lazy\" decoding=\"async\" class=\"pic wp-image-10318\"  data-valign=\"middle\" data-halign=\"center\" alt=\"\" data-full=\"https:\/\/fotografiaportugal.pt\/site\/wp-content\/uploads\/2021\/08\/06-Copia.jpg\" title=\"06 - C\u00f3pia\" crop=\"\" width=\"300\" height=\"200\" src=\"https:\/\/fotografiaportugal.pt\/site\/wp-content\/uploads\/2021\/08\/06-Copia-300x200.jpg\" data-src=\"https:\/\/fotografiaportugal.pt\/site\/wp-content\/uploads\/2021\/08\/06-Copia-300x200.jpg\" data-caption=\"\" srcset=\"https:\/\/fotografiaportugal.pt\/site\/wp-content\/uploads\/2021\/08\/06-Copia.jpg 960w, https:\/\/fotografiaportugal.pt\/site\/wp-content\/uploads\/2021\/08\/06-Copia-300x200.jpg 300w\" sizes=\"auto, (max-width: 300px) 100vw, 300px\" \/>\n\t\t<div class=\"figc no-description\">\n\t\t\t<div class=\"figc-inner\">\n\t\t\t\t\t\t\t\t\t\t\t\t\t\t\t<\/div>\n\t\t<\/div>\n\n\t<\/div>\n\n<\/div><div class=\"modula-item effect-pufrobo jtg-filter-all jtg-filter-\" >\n\t<div class=\"modula-item-overlay\"><\/div>\n\n\t<div class=\"modula-item-content\">\n\n\t\t<a data-image-id=\"10319\" role=\"button\" tabindex=\"0\" rel=\"jtg-10312\" data-caption=\"&lt;span class=&quot;modula-caption-description&quot;&gt;&lt;\/span&gt;\" aria-label=\"Open image in lightbox\" data-thumb=\"https:\/\/fotografiaportugal.pt\/site\/wp-content\/uploads\/2021\/08\/07-Copia-300x200.jpg\" class=\"tile-inner modula-item-link\"><\/a><img loading=\"lazy\" decoding=\"async\" class=\"pic wp-image-10319\"  data-valign=\"middle\" data-halign=\"center\" alt=\"\" data-full=\"https:\/\/fotografiaportugal.pt\/site\/wp-content\/uploads\/2021\/08\/07-Copia.jpg\" title=\"07 - C\u00f3pia\" crop=\"\" width=\"300\" height=\"200\" src=\"https:\/\/fotografiaportugal.pt\/site\/wp-content\/uploads\/2021\/08\/07-Copia-300x200.jpg\" data-src=\"https:\/\/fotografiaportugal.pt\/site\/wp-content\/uploads\/2021\/08\/07-Copia-300x200.jpg\" data-caption=\"\" srcset=\"https:\/\/fotografiaportugal.pt\/site\/wp-content\/uploads\/2021\/08\/07-Copia.jpg 960w, https:\/\/fotografiaportugal.pt\/site\/wp-content\/uploads\/2021\/08\/07-Copia-300x200.jpg 300w\" sizes=\"auto, (max-width: 300px) 100vw, 300px\" \/>\n\t\t<div class=\"figc no-description\">\n\t\t\t<div class=\"figc-inner\">\n\t\t\t\t\t\t\t\t\t\t\t\t\t\t\t<\/div>\n\t\t<\/div>\n\n\t<\/div>\n\n<\/div><div class=\"modula-item effect-pufrobo jtg-filter-all jtg-filter-\" >\n\t<div class=\"modula-item-overlay\"><\/div>\n\n\t<div class=\"modula-item-content\">\n\n\t\t<a data-image-id=\"10320\" role=\"button\" tabindex=\"0\" rel=\"jtg-10312\" data-caption=\"&lt;span class=&quot;modula-caption-description&quot;&gt;&lt;\/span&gt;\" aria-label=\"Open image in lightbox\" data-thumb=\"https:\/\/fotografiaportugal.pt\/site\/wp-content\/uploads\/2021\/08\/08-Copia-300x200.jpg\" class=\"tile-inner modula-item-link\"><\/a><img loading=\"lazy\" decoding=\"async\" class=\"pic wp-image-10320\"  data-valign=\"middle\" data-halign=\"center\" alt=\"\" data-full=\"https:\/\/fotografiaportugal.pt\/site\/wp-content\/uploads\/2021\/08\/08-Copia.jpg\" title=\"08 - C\u00f3pia\" crop=\"\" width=\"300\" height=\"200\" src=\"https:\/\/fotografiaportugal.pt\/site\/wp-content\/uploads\/2021\/08\/08-Copia-300x200.jpg\" data-src=\"https:\/\/fotografiaportugal.pt\/site\/wp-content\/uploads\/2021\/08\/08-Copia-300x200.jpg\" data-caption=\"\" srcset=\"https:\/\/fotografiaportugal.pt\/site\/wp-content\/uploads\/2021\/08\/08-Copia.jpg 960w, https:\/\/fotografiaportugal.pt\/site\/wp-content\/uploads\/2021\/08\/08-Copia-300x200.jpg 300w\" sizes=\"auto, (max-width: 300px) 100vw, 300px\" \/>\n\t\t<div class=\"figc no-description\">\n\t\t\t<div class=\"figc-inner\">\n\t\t\t\t\t\t\t\t\t\t\t\t\t\t\t<\/div>\n\t\t<\/div>\n\n\t<\/div>\n\n<\/div><div class=\"modula-item effect-pufrobo jtg-filter-all jtg-filter-\" >\n\t<div class=\"modula-item-overlay\"><\/div>\n\n\t<div class=\"modula-item-content\">\n\n\t\t<a data-image-id=\"10321\" role=\"button\" tabindex=\"0\" rel=\"jtg-10312\" data-caption=\"&lt;span class=&quot;modula-caption-description&quot;&gt;&lt;\/span&gt;\" aria-label=\"Open image in lightbox\" data-thumb=\"https:\/\/fotografiaportugal.pt\/site\/wp-content\/uploads\/2021\/08\/09-Copia-200x300.jpg\" class=\"tile-inner modula-item-link\"><\/a><img loading=\"lazy\" decoding=\"async\" class=\"pic wp-image-10321\"  data-valign=\"middle\" data-halign=\"center\" alt=\"\" data-full=\"https:\/\/fotografiaportugal.pt\/site\/wp-content\/uploads\/2021\/08\/09-Copia.jpg\" title=\"09 - C\u00f3pia\" crop=\"\" width=\"200\" height=\"300\" src=\"https:\/\/fotografiaportugal.pt\/site\/wp-content\/uploads\/2021\/08\/09-Copia-200x300.jpg\" data-src=\"https:\/\/fotografiaportugal.pt\/site\/wp-content\/uploads\/2021\/08\/09-Copia-200x300.jpg\" data-caption=\"\" srcset=\"https:\/\/fotografiaportugal.pt\/site\/wp-content\/uploads\/2021\/08\/09-Copia.jpg 641w, https:\/\/fotografiaportugal.pt\/site\/wp-content\/uploads\/2021\/08\/09-Copia-200x300.jpg 200w\" sizes=\"auto, (max-width: 200px) 100vw, 200px\" \/>\n\t\t<div class=\"figc no-description\">\n\t\t\t<div class=\"figc-inner\">\n\t\t\t\t\t\t\t\t\t\t\t\t\t\t\t<\/div>\n\t\t<\/div>\n\n\t<\/div>\n\n<\/div><div class=\"modula-item effect-pufrobo jtg-filter-all jtg-filter-\" >\n\t<div class=\"modula-item-overlay\"><\/div>\n\n\t<div class=\"modula-item-content\">\n\n\t\t<a data-image-id=\"10322\" role=\"button\" tabindex=\"0\" rel=\"jtg-10312\" data-caption=\"&lt;span class=&quot;modula-caption-description&quot;&gt;&lt;\/span&gt;\" aria-label=\"Open image in lightbox\" data-thumb=\"https:\/\/fotografiaportugal.pt\/site\/wp-content\/uploads\/2021\/08\/10-Copia-200x300.jpg\" class=\"tile-inner modula-item-link\"><\/a><img loading=\"lazy\" decoding=\"async\" class=\"pic wp-image-10322\"  data-valign=\"middle\" data-halign=\"center\" alt=\"\" data-full=\"https:\/\/fotografiaportugal.pt\/site\/wp-content\/uploads\/2021\/08\/10-Copia.jpg\" title=\"10 - C\u00f3pia\" crop=\"\" width=\"200\" height=\"300\" src=\"https:\/\/fotografiaportugal.pt\/site\/wp-content\/uploads\/2021\/08\/10-Copia-200x300.jpg\" data-src=\"https:\/\/fotografiaportugal.pt\/site\/wp-content\/uploads\/2021\/08\/10-Copia-200x300.jpg\" data-caption=\"\" srcset=\"https:\/\/fotografiaportugal.pt\/site\/wp-content\/uploads\/2021\/08\/10-Copia.jpg 641w, https:\/\/fotografiaportugal.pt\/site\/wp-content\/uploads\/2021\/08\/10-Copia-200x300.jpg 200w\" sizes=\"auto, (max-width: 200px) 100vw, 200px\" \/>\n\t\t<div class=\"figc no-description\">\n\t\t\t<div class=\"figc-inner\">\n\t\t\t\t\t\t\t\t\t\t\t\t\t\t\t<\/div>\n\t\t<\/div>\n\n\t<\/div>\n\n<\/div><div class=\"modula-item effect-pufrobo jtg-filter-all jtg-filter-\" >\n\t<div class=\"modula-item-overlay\"><\/div>\n\n\t<div class=\"modula-item-content\">\n\n\t\t<a data-image-id=\"10323\" role=\"button\" tabindex=\"0\" rel=\"jtg-10312\" data-caption=\"&lt;span class=&quot;modula-caption-description&quot;&gt;&lt;\/span&gt;\" aria-label=\"Open image in lightbox\" data-thumb=\"https:\/\/fotografiaportugal.pt\/site\/wp-content\/uploads\/2021\/08\/11-Copia-200x300.jpg\" class=\"tile-inner modula-item-link\"><\/a><img loading=\"lazy\" decoding=\"async\" class=\"pic wp-image-10323\"  data-valign=\"middle\" data-halign=\"center\" alt=\"\" data-full=\"https:\/\/fotografiaportugal.pt\/site\/wp-content\/uploads\/2021\/08\/11-Copia.jpg\" title=\"11 - C\u00f3pia\" crop=\"\" width=\"200\" height=\"300\" src=\"https:\/\/fotografiaportugal.pt\/site\/wp-content\/uploads\/2021\/08\/11-Copia-200x300.jpg\" data-src=\"https:\/\/fotografiaportugal.pt\/site\/wp-content\/uploads\/2021\/08\/11-Copia-200x300.jpg\" data-caption=\"\" srcset=\"https:\/\/fotografiaportugal.pt\/site\/wp-content\/uploads\/2021\/08\/11-Copia.jpg 641w, https:\/\/fotografiaportugal.pt\/site\/wp-content\/uploads\/2021\/08\/11-Copia-200x300.jpg 200w\" sizes=\"auto, (max-width: 200px) 100vw, 200px\" \/>\n\t\t<div class=\"figc no-description\">\n\t\t\t<div class=\"figc-inner\">\n\t\t\t\t\t\t\t\t\t\t\t\t\t\t\t<\/div>\n\t\t<\/div>\n\n\t<\/div>\n\n<\/div><div class=\"modula-item effect-pufrobo jtg-filter-all jtg-filter-\" >\n\t<div class=\"modula-item-overlay\"><\/div>\n\n\t<div class=\"modula-item-content\">\n\n\t\t<a data-image-id=\"10324\" role=\"button\" tabindex=\"0\" rel=\"jtg-10312\" data-caption=\"&lt;span class=&quot;modula-caption-description&quot;&gt;&lt;\/span&gt;\" aria-label=\"Open image in lightbox\" data-thumb=\"https:\/\/fotografiaportugal.pt\/site\/wp-content\/uploads\/2021\/08\/12-Copia-300x200.jpg\" class=\"tile-inner modula-item-link\"><\/a><img loading=\"lazy\" decoding=\"async\" class=\"pic wp-image-10324\"  data-valign=\"middle\" data-halign=\"center\" alt=\"\" data-full=\"https:\/\/fotografiaportugal.pt\/site\/wp-content\/uploads\/2021\/08\/12-Copia.jpg\" title=\"12 - C\u00f3pia\" crop=\"\" width=\"300\" height=\"200\" src=\"https:\/\/fotografiaportugal.pt\/site\/wp-content\/uploads\/2021\/08\/12-Copia-300x200.jpg\" data-src=\"https:\/\/fotografiaportugal.pt\/site\/wp-content\/uploads\/2021\/08\/12-Copia-300x200.jpg\" data-caption=\"\" srcset=\"https:\/\/fotografiaportugal.pt\/site\/wp-content\/uploads\/2021\/08\/12-Copia.jpg 960w, https:\/\/fotografiaportugal.pt\/site\/wp-content\/uploads\/2021\/08\/12-Copia-300x200.jpg 300w\" sizes=\"auto, (max-width: 300px) 100vw, 300px\" \/>\n\t\t<div class=\"figc no-description\">\n\t\t\t<div class=\"figc-inner\">\n\t\t\t\t\t\t\t\t\t\t\t\t\t\t\t<\/div>\n\t\t<\/div>\n\n\t<\/div>\n\n<\/div><div class=\"modula-item effect-pufrobo jtg-filter-all jtg-filter-\" >\n\t<div class=\"modula-item-overlay\"><\/div>\n\n\t<div class=\"modula-item-content\">\n\n\t\t<a data-image-id=\"10325\" role=\"button\" tabindex=\"0\" rel=\"jtg-10312\" data-caption=\"&lt;span class=&quot;modula-caption-description&quot;&gt;&lt;\/span&gt;\" aria-label=\"Open image in lightbox\" data-thumb=\"https:\/\/fotografiaportugal.pt\/site\/wp-content\/uploads\/2021\/08\/13-Copia-200x300.jpg\" class=\"tile-inner modula-item-link\"><\/a><img loading=\"lazy\" decoding=\"async\" class=\"pic wp-image-10325\"  data-valign=\"middle\" data-halign=\"center\" alt=\"\" data-full=\"https:\/\/fotografiaportugal.pt\/site\/wp-content\/uploads\/2021\/08\/13-Copia.jpg\" title=\"13 - C\u00f3pia\" crop=\"\" width=\"200\" height=\"300\" src=\"https:\/\/fotografiaportugal.pt\/site\/wp-content\/uploads\/2021\/08\/13-Copia-200x300.jpg\" data-src=\"https:\/\/fotografiaportugal.pt\/site\/wp-content\/uploads\/2021\/08\/13-Copia-200x300.jpg\" data-caption=\"\" srcset=\"https:\/\/fotografiaportugal.pt\/site\/wp-content\/uploads\/2021\/08\/13-Copia.jpg 641w, https:\/\/fotografiaportugal.pt\/site\/wp-content\/uploads\/2021\/08\/13-Copia-200x300.jpg 200w\" sizes=\"auto, (max-width: 200px) 100vw, 200px\" \/>\n\t\t<div class=\"figc no-description\">\n\t\t\t<div class=\"figc-inner\">\n\t\t\t\t\t\t\t\t\t\t\t\t\t\t\t<\/div>\n\t\t<\/div>\n\n\t<\/div>\n\n<\/div><div class=\"modula-item effect-pufrobo jtg-filter-all jtg-filter-\" >\n\t<div class=\"modula-item-overlay\"><\/div>\n\n\t<div class=\"modula-item-content\">\n\n\t\t<a data-image-id=\"10326\" role=\"button\" tabindex=\"0\" rel=\"jtg-10312\" data-caption=\"&lt;span class=&quot;modula-caption-description&quot;&gt;&lt;\/span&gt;\" aria-label=\"Open image in lightbox\" data-thumb=\"https:\/\/fotografiaportugal.pt\/site\/wp-content\/uploads\/2021\/08\/14-Copia-200x300.jpg\" class=\"tile-inner modula-item-link\"><\/a><img loading=\"lazy\" decoding=\"async\" class=\"pic wp-image-10326\"  data-valign=\"middle\" data-halign=\"center\" alt=\"\" data-full=\"https:\/\/fotografiaportugal.pt\/site\/wp-content\/uploads\/2021\/08\/14-Copia.jpg\" title=\"14 - C\u00f3pia\" crop=\"\" width=\"200\" height=\"300\" src=\"https:\/\/fotografiaportugal.pt\/site\/wp-content\/uploads\/2021\/08\/14-Copia-200x300.jpg\" data-src=\"https:\/\/fotografiaportugal.pt\/site\/wp-content\/uploads\/2021\/08\/14-Copia-200x300.jpg\" data-caption=\"\" srcset=\"https:\/\/fotografiaportugal.pt\/site\/wp-content\/uploads\/2021\/08\/14-Copia.jpg 641w, https:\/\/fotografiaportugal.pt\/site\/wp-content\/uploads\/2021\/08\/14-Copia-200x300.jpg 200w\" sizes=\"auto, (max-width: 200px) 100vw, 200px\" \/>\n\t\t<div class=\"figc no-description\">\n\t\t\t<div class=\"figc-inner\">\n\t\t\t\t\t\t\t\t\t\t\t\t\t\t\t<\/div>\n\t\t<\/div>\n\n\t<\/div>\n\n<\/div><div class=\"modula-item effect-pufrobo jtg-filter-all jtg-filter-\" >\n\t<div class=\"modula-item-overlay\"><\/div>\n\n\t<div class=\"modula-item-content\">\n\n\t\t<a data-image-id=\"10327\" role=\"button\" tabindex=\"0\" rel=\"jtg-10312\" data-caption=\"&lt;span class=&quot;modula-caption-description&quot;&gt;&lt;\/span&gt;\" aria-label=\"Open image in lightbox\" data-thumb=\"https:\/\/fotografiaportugal.pt\/site\/wp-content\/uploads\/2021\/08\/15-Copia-300x200.jpg\" class=\"tile-inner modula-item-link\"><\/a><img loading=\"lazy\" decoding=\"async\" class=\"pic wp-image-10327\"  data-valign=\"middle\" data-halign=\"center\" alt=\"\" data-full=\"https:\/\/fotografiaportugal.pt\/site\/wp-content\/uploads\/2021\/08\/15-Copia.jpg\" title=\"15 - C\u00f3pia\" crop=\"\" width=\"300\" height=\"200\" src=\"https:\/\/fotografiaportugal.pt\/site\/wp-content\/uploads\/2021\/08\/15-Copia-300x200.jpg\" data-src=\"https:\/\/fotografiaportugal.pt\/site\/wp-content\/uploads\/2021\/08\/15-Copia-300x200.jpg\" data-caption=\"\" srcset=\"https:\/\/fotografiaportugal.pt\/site\/wp-content\/uploads\/2021\/08\/15-Copia.jpg 960w, https:\/\/fotografiaportugal.pt\/site\/wp-content\/uploads\/2021\/08\/15-Copia-300x200.jpg 300w\" sizes=\"auto, (max-width: 300px) 100vw, 300px\" \/>\n\t\t<div class=\"figc no-description\">\n\t\t\t<div class=\"figc-inner\">\n\t\t\t\t\t\t\t\t\t\t\t\t\t\t\t<\/div>\n\t\t<\/div>\n\n\t<\/div>\n\n<\/div><div class=\"modula-item effect-pufrobo jtg-filter-all jtg-filter-\" >\n\t<div class=\"modula-item-overlay\"><\/div>\n\n\t<div class=\"modula-item-content\">\n\n\t\t<a data-image-id=\"10329\" role=\"button\" tabindex=\"0\" rel=\"jtg-10312\" data-caption=\"&lt;span class=&quot;modula-caption-description&quot;&gt;&lt;\/span&gt;\" aria-label=\"Open image in lightbox\" data-thumb=\"https:\/\/fotografiaportugal.pt\/site\/wp-content\/uploads\/2021\/08\/16-Copia-200x300.jpg\" class=\"tile-inner modula-item-link\"><\/a><img loading=\"lazy\" decoding=\"async\" class=\"pic wp-image-10329\"  data-valign=\"middle\" data-halign=\"center\" alt=\"\" data-full=\"https:\/\/fotografiaportugal.pt\/site\/wp-content\/uploads\/2021\/08\/16-Copia.jpg\" title=\"16 - C\u00f3pia\" crop=\"\" width=\"200\" height=\"300\" src=\"https:\/\/fotografiaportugal.pt\/site\/wp-content\/uploads\/2021\/08\/16-Copia-200x300.jpg\" data-src=\"https:\/\/fotografiaportugal.pt\/site\/wp-content\/uploads\/2021\/08\/16-Copia-200x300.jpg\" data-caption=\"\" srcset=\"https:\/\/fotografiaportugal.pt\/site\/wp-content\/uploads\/2021\/08\/16-Copia.jpg 641w, https:\/\/fotografiaportugal.pt\/site\/wp-content\/uploads\/2021\/08\/16-Copia-200x300.jpg 200w\" sizes=\"auto, (max-width: 200px) 100vw, 200px\" \/>\n\t\t<div class=\"figc no-description\">\n\t\t\t<div class=\"figc-inner\">\n\t\t\t\t\t\t\t\t\t\t\t\t\t\t\t<\/div>\n\t\t<\/div>\n\n\t<\/div>\n\n<\/div><div class=\"modula-item effect-pufrobo jtg-filter-all jtg-filter-\" >\n\t<div class=\"modula-item-overlay\"><\/div>\n\n\t<div class=\"modula-item-content\">\n\n\t\t<a data-image-id=\"10330\" role=\"button\" tabindex=\"0\" rel=\"jtg-10312\" data-caption=\"&lt;span class=&quot;modula-caption-description&quot;&gt;&lt;\/span&gt;\" aria-label=\"Open image in lightbox\" data-thumb=\"https:\/\/fotografiaportugal.pt\/site\/wp-content\/uploads\/2021\/08\/17-Copia-200x300.jpg\" class=\"tile-inner modula-item-link\"><\/a><img loading=\"lazy\" decoding=\"async\" class=\"pic wp-image-10330\"  data-valign=\"middle\" data-halign=\"center\" alt=\"\" data-full=\"https:\/\/fotografiaportugal.pt\/site\/wp-content\/uploads\/2021\/08\/17-Copia.jpg\" title=\"17 - C\u00f3pia\" crop=\"\" width=\"200\" height=\"300\" src=\"https:\/\/fotografiaportugal.pt\/site\/wp-content\/uploads\/2021\/08\/17-Copia-200x300.jpg\" data-src=\"https:\/\/fotografiaportugal.pt\/site\/wp-content\/uploads\/2021\/08\/17-Copia-200x300.jpg\" data-caption=\"\" srcset=\"https:\/\/fotografiaportugal.pt\/site\/wp-content\/uploads\/2021\/08\/17-Copia.jpg 641w, https:\/\/fotografiaportugal.pt\/site\/wp-content\/uploads\/2021\/08\/17-Copia-200x300.jpg 200w\" sizes=\"auto, (max-width: 200px) 100vw, 200px\" \/>\n\t\t<div class=\"figc no-description\">\n\t\t\t<div class=\"figc-inner\">\n\t\t\t\t\t\t\t\t\t\t\t\t\t\t\t<\/div>\n\t\t<\/div>\n\n\t<\/div>\n\n<\/div><div class=\"modula-item effect-pufrobo jtg-filter-all jtg-filter-\" >\n\t<div class=\"modula-item-overlay\"><\/div>\n\n\t<div class=\"modula-item-content\">\n\n\t\t<a data-image-id=\"10331\" role=\"button\" tabindex=\"0\" rel=\"jtg-10312\" data-caption=\"&lt;span class=&quot;modula-caption-description&quot;&gt;&lt;\/span&gt;\" aria-label=\"Open image in lightbox\" data-thumb=\"https:\/\/fotografiaportugal.pt\/site\/wp-content\/uploads\/2021\/08\/18-Copia-300x200.jpg\" class=\"tile-inner modula-item-link\"><\/a><img loading=\"lazy\" decoding=\"async\" class=\"pic wp-image-10331\"  data-valign=\"middle\" data-halign=\"center\" alt=\"\" data-full=\"https:\/\/fotografiaportugal.pt\/site\/wp-content\/uploads\/2021\/08\/18-Copia.jpg\" title=\"18 - C\u00f3pia\" crop=\"\" width=\"300\" height=\"200\" src=\"https:\/\/fotografiaportugal.pt\/site\/wp-content\/uploads\/2021\/08\/18-Copia-300x200.jpg\" data-src=\"https:\/\/fotografiaportugal.pt\/site\/wp-content\/uploads\/2021\/08\/18-Copia-300x200.jpg\" data-caption=\"\" srcset=\"https:\/\/fotografiaportugal.pt\/site\/wp-content\/uploads\/2021\/08\/18-Copia.jpg 960w, https:\/\/fotografiaportugal.pt\/site\/wp-content\/uploads\/2021\/08\/18-Copia-300x200.jpg 300w\" sizes=\"auto, (max-width: 300px) 100vw, 300px\" \/>\n\t\t<div class=\"figc no-description\">\n\t\t\t<div class=\"figc-inner\">\n\t\t\t\t\t\t\t\t\t\t\t\t\t\t\t<\/div>\n\t\t<\/div>\n\n\t<\/div>\n\n<\/div><div class=\"modula-item effect-pufrobo jtg-filter-all jtg-filter-\" >\n\t<div class=\"modula-item-overlay\"><\/div>\n\n\t<div class=\"modula-item-content\">\n\n\t\t<a data-image-id=\"10332\" role=\"button\" tabindex=\"0\" rel=\"jtg-10312\" data-caption=\"&lt;span class=&quot;modula-caption-description&quot;&gt;&lt;\/span&gt;\" aria-label=\"Open image in lightbox\" data-thumb=\"https:\/\/fotografiaportugal.pt\/site\/wp-content\/uploads\/2021\/08\/19-Copia-300x200.jpg\" class=\"tile-inner modula-item-link\"><\/a><img loading=\"lazy\" decoding=\"async\" class=\"pic wp-image-10332\"  data-valign=\"middle\" data-halign=\"center\" alt=\"\" data-full=\"https:\/\/fotografiaportugal.pt\/site\/wp-content\/uploads\/2021\/08\/19-Copia.jpg\" title=\"19 - C\u00f3pia\" crop=\"\" width=\"300\" height=\"200\" src=\"https:\/\/fotografiaportugal.pt\/site\/wp-content\/uploads\/2021\/08\/19-Copia-300x200.jpg\" data-src=\"https:\/\/fotografiaportugal.pt\/site\/wp-content\/uploads\/2021\/08\/19-Copia-300x200.jpg\" data-caption=\"\" srcset=\"https:\/\/fotografiaportugal.pt\/site\/wp-content\/uploads\/2021\/08\/19-Copia.jpg 960w, https:\/\/fotografiaportugal.pt\/site\/wp-content\/uploads\/2021\/08\/19-Copia-300x200.jpg 300w\" sizes=\"auto, (max-width: 300px) 100vw, 300px\" \/>\n\t\t<div class=\"figc no-description\">\n\t\t\t<div class=\"figc-inner\">\n\t\t\t\t\t\t\t\t\t\t\t\t\t\t\t<\/div>\n\t\t<\/div>\n\n\t<\/div>\n\n<\/div><div class=\"modula-item effect-pufrobo jtg-filter-all jtg-filter-\" >\n\t<div class=\"modula-item-overlay\"><\/div>\n\n\t<div class=\"modula-item-content\">\n\n\t\t<a data-image-id=\"10333\" role=\"button\" tabindex=\"0\" rel=\"jtg-10312\" data-caption=\"&lt;span class=&quot;modula-caption-description&quot;&gt;&lt;\/span&gt;\" aria-label=\"Open image in lightbox\" data-thumb=\"https:\/\/fotografiaportugal.pt\/site\/wp-content\/uploads\/2021\/08\/20-Copia-300x196.jpg\" class=\"tile-inner modula-item-link\"><\/a><img loading=\"lazy\" decoding=\"async\" class=\"pic wp-image-10333\"  data-valign=\"middle\" data-halign=\"center\" alt=\"\" data-full=\"https:\/\/fotografiaportugal.pt\/site\/wp-content\/uploads\/2021\/08\/20-Copia.jpg\" title=\"20 - C\u00f3pia\" crop=\"\" width=\"300\" height=\"196\" src=\"https:\/\/fotografiaportugal.pt\/site\/wp-content\/uploads\/2021\/08\/20-Copia-300x196.jpg\" data-src=\"https:\/\/fotografiaportugal.pt\/site\/wp-content\/uploads\/2021\/08\/20-Copia-300x196.jpg\" data-caption=\"\" srcset=\"https:\/\/fotografiaportugal.pt\/site\/wp-content\/uploads\/2021\/08\/20-Copia.jpg 960w, https:\/\/fotografiaportugal.pt\/site\/wp-content\/uploads\/2021\/08\/20-Copia-300x196.jpg 300w\" sizes=\"auto, (max-width: 300px) 100vw, 300px\" \/>\n\t\t<div class=\"figc no-description\">\n\t\t\t<div class=\"figc-inner\">\n\t\t\t\t\t\t\t\t\t\t\t\t\t\t\t<\/div>\n\t\t<\/div>\n\n\t<\/div>\n\n<\/div><div class=\"modula-item effect-pufrobo jtg-filter-all jtg-filter-\" >\n\t<div class=\"modula-item-overlay\"><\/div>\n\n\t<div class=\"modula-item-content\">\n\n\t\t<a data-image-id=\"10334\" role=\"button\" tabindex=\"0\" rel=\"jtg-10312\" data-caption=\"&lt;span class=&quot;modula-caption-description&quot;&gt;&lt;\/span&gt;\" aria-label=\"Open image in lightbox\" data-thumb=\"https:\/\/fotografiaportugal.pt\/site\/wp-content\/uploads\/2021\/08\/21-Copia-200x300.jpg\" class=\"tile-inner modula-item-link\"><\/a><img loading=\"lazy\" decoding=\"async\" class=\"pic wp-image-10334\"  data-valign=\"middle\" data-halign=\"center\" alt=\"\" data-full=\"https:\/\/fotografiaportugal.pt\/site\/wp-content\/uploads\/2021\/08\/21-Copia.jpg\" title=\"21 - C\u00f3pia\" crop=\"\" width=\"200\" height=\"300\" src=\"https:\/\/fotografiaportugal.pt\/site\/wp-content\/uploads\/2021\/08\/21-Copia-200x300.jpg\" data-src=\"https:\/\/fotografiaportugal.pt\/site\/wp-content\/uploads\/2021\/08\/21-Copia-200x300.jpg\" data-caption=\"\" srcset=\"https:\/\/fotografiaportugal.pt\/site\/wp-content\/uploads\/2021\/08\/21-Copia.jpg 641w, https:\/\/fotografiaportugal.pt\/site\/wp-content\/uploads\/2021\/08\/21-Copia-200x300.jpg 200w\" sizes=\"auto, (max-width: 200px) 100vw, 200px\" \/>\n\t\t<div class=\"figc no-description\">\n\t\t\t<div class=\"figc-inner\">\n\t\t\t\t\t\t\t\t\t\t\t\t\t\t\t<\/div>\n\t\t<\/div>\n\n\t<\/div>\n\n<\/div>\t\t\n\t<\/div>\n\n\t\n\t\n\t<script type=\"application\/ld+json\">\n\t{\n\t\t\"@context\": \"http:\/\/schema.org\",\n\t\t\"@type\"   : \"ImageGallery\",\n\t\t\"id\"      : \"https:\/\/fotografiaportugal.pt\/site\/exposicoes\/fotograficamente\/\",\n\t\t\"url\"     : \"https:\/\/fotografiaportugal.pt\/site\/exposicoes\/fotograficamente\/\"\n\t}\n\n\t<\/script>\n\n\t\n<\/div>\n\n<p>Ver <strong><a href=\"http:\/\/www.rtp.pt\/play\/p2357\/e227774\/consigo\" target=\"_blank\" rel=\"noopener noreferrer\">not\u00edcia<\/a><\/strong> na <strong><a href=\"http:\/\/www.rtp.pt\/play\/p2357\/e227774\/consigo\" target=\"_blank\" rel=\"noopener noreferrer\">RTP2<\/a><\/strong>, programa &#8220;<strong><a href=\"http:\/\/www.rtp.pt\/play\/p2357\/e227774\/consigo\" target=\"_blank\" rel=\"noopener noreferrer\">Consigo<\/a><\/strong>&#8221; (a partir do minuto 13):<\/p>\n<p><a href=\"http:\/\/www.rtp.pt\/play\/p2357\/e227774\/consigo\" target=\"_blank\" rel=\"noopener noreferrer\"><strong><img loading=\"lazy\" decoding=\"async\" class=\"alignnone size-medium wp-image-2689\" src=\"https:\/\/fotografiaportugal.pt\/site\/wp-content\/uploads\/2015\/10\/Noticia_RTP2_20160314_JPG-BR-300x225.jpg\" alt=\"Noticia_RTP2_20160314_JPG BR\" width=\"300\" height=\"225\" srcset=\"https:\/\/fotografiaportugal.pt\/site\/wp-content\/uploads\/2015\/10\/Noticia_RTP2_20160314_JPG-BR-300x225.jpg 300w, https:\/\/fotografiaportugal.pt\/site\/wp-content\/uploads\/2015\/10\/Noticia_RTP2_20160314_JPG-BR.jpg 1024w, https:\/\/fotografiaportugal.pt\/site\/wp-content\/uploads\/2015\/10\/Noticia_RTP2_20160314_JPG-BR-100x75.jpg 100w\" sizes=\"auto, (max-width: 300px) 100vw, 300px\" \/><\/strong><\/a><\/p>\n<p><strong>FOT\u00d3GRAFA<\/strong><\/p>\n<p><a href=\"https:\/\/www.facebook.com\/anamestrephotographia\/\" target=\"_blank\" rel=\"noopener noreferrer\"><img loading=\"lazy\" decoding=\"async\" class=\"alignnone size-full wp-image-1249\" src=\"https:\/\/fotografiaportugal.pt\/site\/wp-content\/uploads\/2015\/10\/Logo-AnaMestrePhotographia.png\" alt=\"Logo AnaMestrePhotographia\" width=\"200\" height=\"197\" srcset=\"https:\/\/fotografiaportugal.pt\/site\/wp-content\/uploads\/2015\/10\/Logo-AnaMestrePhotographia.png 200w, https:\/\/fotografiaportugal.pt\/site\/wp-content\/uploads\/2015\/10\/Logo-AnaMestrePhotographia-100x100.png 100w\" sizes=\"auto, (max-width: 200px) 100vw, 200px\" \/><\/a><\/p>\n<p><a href=\"https:\/\/www.facebook.com\/anamestrephotographia\/\" target=\"_blank\" rel=\"noopener noreferrer\">Ana Mestre<\/a> nasceu em \u00c9vora em Fevereiro de 1985. Foi desde sempre uma apaixonada pelas artes e pela natureza, tendo-se formado em Arquitectura Paisagista. A fotografia apareceu na sua vida muito cedo, mas apenas em 2006 resolveu investir mais nesta paix\u00e3o e come\u00e7ou a frequentar cursos de fotografia de est\u00fadio, paisagem, edi\u00e7\u00e3o de imagem e fotojornalismo. Hoje em dia desenvolve trabalhos em regime freelancer e \u00e9 formadora em workshops de inicia\u00e7\u00e3o \u00e0 fotografia. Venceu, em 2015 o 3\u00ba pr\u00e9mio da Maratona Fotogr\u00e1fica da FNAC Lisboa e, em 2014, o 2\u00ba pr\u00e9mio na Maratona Fotogr\u00e1fica FNAC\/Aeroporto, na mesma cidade. Venceu ainda, em 2010, o 1\u00ba pr\u00e9mio do concurso \u201cPikeo-Paix\u00e3o por Portugal\u201d.\u00a0<a href=\"https:\/\/www.facebook.com\/anamestrephotographia\/\" target=\"_blank\" rel=\"noopener noreferrer\">Ana Mestre<\/a>\u00a0\u00e9 ainda a autora das exposi\u00e7\u00f5es &#8220;<a href=\"https:\/\/fotografiaportugal.pt\/site\/exposicoes\/fotograficamente\/\">Fotografica<strong><em>mente<\/em><\/strong><\/a>&#8220;, uma exposi\u00e7\u00e3o de fotografia que ilustra muitos n\u00fameros estat\u00edsticos que nos v\u00e3o chegando sobre a situa\u00e7\u00e3o da sa\u00fade mental em Portugal&#8230; e de &#8220;<a href=\"https:\/\/fotografiaportugal.pt\/site\/exposicoes\/pequenos-outonos\/\">Pequenos Outonos<\/a>&#8220;, uma exposi\u00e7\u00e3o sobre o Outono e as mudan\u00e7as que ocorrem na natureza nesta esta\u00e7\u00e3o que, apesar do frio que se come\u00e7a a sentir, se pinta de cores quentes e transforma as nossas paisagens.\u00a0<a href=\"https:\/\/www.facebook.com\/anamestrephotographia\/\" target=\"_blank\" rel=\"noopener noreferrer\">Ana Mestre<\/a>\u00a0\u00e9 tamb\u00e9m colaboradora <a href=\"https:\/\/fotografiaportugal.pt\/site\/\">FOTOGRAFIA PORTUGAL<\/a> na rubrica <a href=\"https:\/\/fotografiaportugal.pt\/site\/dicas\/dicas-de-fotografia\/\">Dicas de Fotografia<\/a>.<\/p>\n<p><a href=\"http:\/\/www.aria.com.pt\/\" target=\"_blank\" rel=\"noopener noreferrer\"><img loading=\"lazy\" decoding=\"async\" class=\"alignnone size-medium wp-image-1250\" src=\"https:\/\/fotografiaportugal.pt\/site\/wp-content\/uploads\/2015\/10\/Logo-ARIA-222x300.png\" alt=\"Logo-ARIA\" width=\"222\" height=\"300\" srcset=\"https:\/\/fotografiaportugal.pt\/site\/wp-content\/uploads\/2015\/10\/Logo-ARIA-222x300.png 222w, https:\/\/fotografiaportugal.pt\/site\/wp-content\/uploads\/2015\/10\/Logo-ARIA.png 290w, https:\/\/fotografiaportugal.pt\/site\/wp-content\/uploads\/2015\/10\/Logo-ARIA-74x100.png 74w\" sizes=\"auto, (max-width: 222px) 100vw, 222px\" \/><\/a><\/p>\n<p>Ver tamb\u00e9m outras <strong><a href=\"https:\/\/fotografiaportugal.pt\/site\/exposicoes\/\">EXPOSI\u00c7\u00d5ES DE FOTOGRAFIA<\/a><\/strong>\u00a0e<strong> <a href=\"https:\/\/fotografiaportugal.pt\/site\/categoria-produto\/livros-tecnicos-fotografia\/\">LIVROS\u00a0DE FOTOGRAFIA<\/a><\/strong><\/p>\n<p><strong>Apoio:<\/strong><\/p>\n<p><a title=\"O Mundo da Fotografia\" href=\"https:\/\/www.facebook.com\/omundodafotografia\" target=\"_blank\" rel=\"noopener noreferrer\"><img loading=\"lazy\" decoding=\"async\" class=\"alignnone size-medium wp-image-87\" src=\"https:\/\/fotografiaportugal.pt\/site\/wp-content\/uploads\/2015\/03\/20140020-Logotipo_OMF-NOVO-2014_png_gr_negro-300x111.png\" alt=\"20140020 Logotipo_OMF NOVO 2014_png_gr_negro\" width=\"300\" height=\"111\" srcset=\"https:\/\/fotografiaportugal.pt\/site\/wp-content\/uploads\/2015\/03\/20140020-Logotipo_OMF-NOVO-2014_png_gr_negro-300x111.png 300w, https:\/\/fotografiaportugal.pt\/site\/wp-content\/uploads\/2015\/03\/20140020-Logotipo_OMF-NOVO-2014_png_gr_negro-1024x377.png 1024w, https:\/\/fotografiaportugal.pt\/site\/wp-content\/uploads\/2015\/03\/20140020-Logotipo_OMF-NOVO-2014_png_gr_negro-372x137.png 372w\" sizes=\"auto, (max-width: 300px) 100vw, 300px\" \/><\/a><\/p>\n<p>O Mundo da Fotografia<\/p>\n<p><a href=\"https:\/\/www.facebook.com\/omundodafotografia\" target=\"_blank\" rel=\"noopener noreferrer\">https:\/\/www.facebook.com\/omundodafotografia<\/a><\/p>\n<p>A revista de fotografia n\u00ba 1 em Portugal!<\/p>\n<p><strong>Quer PATROCINAR esta exposi\u00e7\u00e3o?<\/strong><\/p>\n<p><a href=\"mailto:info@fotografiaportugal.pt\"><img loading=\"lazy\" decoding=\"async\" class=\"alignnone size-medium wp-image-1260\" src=\"https:\/\/fotografiaportugal.pt\/site\/wp-content\/uploads\/2015\/10\/Flyer-011-300x145.png\" alt=\"Flyer-01\" width=\"300\" height=\"145\" srcset=\"https:\/\/fotografiaportugal.pt\/site\/wp-content\/uploads\/2015\/10\/Flyer-011-300x145.png 300w, https:\/\/fotografiaportugal.pt\/site\/wp-content\/uploads\/2015\/10\/Flyer-011.png 992w, https:\/\/fotografiaportugal.pt\/site\/wp-content\/uploads\/2015\/10\/Flyer-011-100x48.png 100w\" sizes=\"auto, (max-width: 300px) 100vw, 300px\" \/><\/a><\/p>\n<p>A sua empresa quer patrocinar esta exposi\u00e7\u00e3o?<\/p>\n<p>Pe\u00e7a-nos uma proposta!<\/p>\n<p>E-mail: <a href=\"mailto:info@fotografiaportugal.pt\">info@fotografiaportugal.pt<\/a><\/p>\n<p><strong>Parceiro:<\/strong><\/p>\n<p><a title=\"Oceano de Ideias\" href=\"https:\/\/www.facebook.com\/pages\/Oceano-de-Ideias\/184686944883730\" target=\"_blank\" rel=\"noopener noreferrer\"><img loading=\"lazy\" decoding=\"async\" class=\"alignnone size-medium wp-image-90\" src=\"https:\/\/fotografiaportugal.pt\/site\/wp-content\/uploads\/2015\/03\/20140050-LOGO-Oceano-Ideias-NOVO-300x246.jpg\" alt=\"20140050 LOGO Oceano Ideias NOVO\" width=\"300\" height=\"246\" srcset=\"https:\/\/fotografiaportugal.pt\/site\/wp-content\/uploads\/2015\/03\/20140050-LOGO-Oceano-Ideias-NOVO-300x246.jpg 300w, https:\/\/fotografiaportugal.pt\/site\/wp-content\/uploads\/2015\/03\/20140050-LOGO-Oceano-Ideias-NOVO-226x186.jpg 226w, https:\/\/fotografiaportugal.pt\/site\/wp-content\/uploads\/2015\/03\/20140050-LOGO-Oceano-Ideias-NOVO.jpg 862w\" sizes=\"auto, (max-width: 300px) 100vw, 300px\" \/><\/a><\/p>\n<p>OCEANO DE IDEIAS<\/p>\n<p><a href=\"https:\/\/www.facebook.com\/pages\/Oceano-de-Ideias\/184686944883730\" target=\"_blank\" rel=\"noopener noreferrer\">https:\/\/www.facebook.com\/pages\/Oceano-de-Ideias\/184686944883730<\/a><\/p>\n<p>A empresa Oceano de Ideias-Consultoria e Servi\u00e7os Lda tem por objecto a presta\u00e7\u00e3o de servi\u00e7os de consultoria com car\u00e1cter estrat\u00e9gico em \u00e1reas relacionadas com neg\u00f3cios e gest\u00e3o, cultura e arte, marketing, engenharia e tecnologias de informa\u00e7\u00e3o e comunica\u00e7\u00e3o bem como forma\u00e7\u00e3o nas \u00e1reas descritas, e gest\u00e3o de concep\u00e7\u00e3o e comercializa\u00e7\u00e3o de obras de arte e ainda organiza\u00e7\u00e3o de simp\u00f3sios e eventos.<\/p>\n<p><strong>OCEANO DE IDEIAS<\/strong><\/p>\n<p>Consultoria e Servi\u00e7os<\/p>\n<p><a href=\"http:\/\/www.oceanoideias.com\/\" target=\"_blank\" rel=\"noopener noreferrer\">www.oceanoideias.com<\/a><\/p>\n<p>E-mail:\u00a0<a href=\"mailto:oceanoideias@oceanoideias.com\">oceanoideias@oceanoideias.com<\/a><\/p>\n<p>Apartado 310<\/p>\n<p>4764-978 Vila Nova de Famalic\u00e3o<\/p>\n<p><strong>Parceiro:<\/strong><\/p>\n<p><a title=\"http:\/\/www.fotografiaportugal.pt\/\" href=\"http:\/\/www.fotografiaportugal.pt\/\" target=\"_blank\" rel=\"noopener noreferrer\"><img loading=\"lazy\" decoding=\"async\" class=\"alignnone size-medium wp-image-88\" src=\"https:\/\/fotografiaportugal.pt\/site\/wp-content\/uploads\/2015\/03\/20140030-LOGO_FP_Site_Email_QR-code-300x121.jpg\" alt=\"20140030 LOGO_FP_Site_Email_QR-code\" width=\"300\" height=\"121\" srcset=\"https:\/\/fotografiaportugal.pt\/site\/wp-content\/uploads\/2015\/03\/20140030-LOGO_FP_Site_Email_QR-code-300x121.jpg 300w, https:\/\/fotografiaportugal.pt\/site\/wp-content\/uploads\/2015\/03\/20140030-LOGO_FP_Site_Email_QR-code-372x150.jpg 372w, https:\/\/fotografiaportugal.pt\/site\/wp-content\/uploads\/2015\/03\/20140030-LOGO_FP_Site_Email_QR-code.jpg 873w\" sizes=\"auto, (max-width: 300px) 100vw, 300px\" \/><\/a><\/p>\n<p><strong>FOTOGRAFIA Portugal<\/strong><\/p>\n<p><a title=\"http:\/\/www.fotografiaportugal.pt\/\" href=\"http:\/\/www.fotografiaportugal.pt\/\" target=\"_blank\" rel=\"noopener noreferrer\">www.fotografiaportugal.pt<\/a><\/p>\n<p>As melhores fotos de Portugal e de portugueses \u00e0 volta do mundo<\/p>\n<p>Partilha de t\u00e9cnicas e par\u00e2metros fotogr\u00e1ficos<\/p>\n<p>Exposi\u00e7\u00f5es on-line de Fotografia<\/p>\n<p>Condi\u00e7\u00f5es especiais na aquisi\u00e7\u00e3o de livros de FOTOGRAFIA<\/p>\n<p>Site: <a href=\"https:\/\/fotografiaportugal.pt\/site\/\">https:\/\/fotografiaportugal.pt\/site\/<\/a><\/p>\n<p>Loja (shop): <a href=\"https:\/\/fotografiaportugal.pt\/site\/shop\/\">https:\/\/fotografiaportugal.pt\/site\/shop\/<\/a><\/p>\n<p>Exposi\u00e7\u00f5es: <a href=\"https:\/\/fotografiaportugal.pt\/site\/exposicoes\/\">https:\/\/fotografiaportugal.pt\/site\/exposicoes\/<\/a><\/p>\n<p>P\u00e1gina: <a href=\"http:\/\/www.fotografiaportugal.pt\/\" target=\"_blank\" rel=\"noopener noreferrer\">www.fotografiaportugal.pt<\/a> (no Facebook)<\/p>\n<p>E-mail: <a href=\"mailto:info@fotografiaportugal.pt\">info@fotografiaportugal.pt<\/a><\/p>\n","protected":false},"excerpt":{"rendered":"<p>Fotograficamente \u00e9 uma exposi\u00e7\u00e3o de fotografia que ilustra muitos n\u00fameros estat\u00edsticos que nos v\u00e3o chegando sobre a situa\u00e7\u00e3o da sa\u00fade mental em Portugal&#8230; Neste contexto, a ARIA prop\u00f4s \u00e0s pessoas com problemas de sa\u00fade mental com quem trabalha, seus familiares, t\u00e9cnicos e parceiros, um trabalho que nos reunisse a todos, reflectindo sobre a forma de [&hellip;]<\/p>\n","protected":false},"author":2629,"featured_media":1273,"parent":63,"menu_order":0,"comment_status":"closed","ping_status":"closed","template":"","meta":{"footnotes":""},"class_list":["post-1248","page","type-page","status-publish","has-post-thumbnail","hentry"],"_links":{"self":[{"href":"https:\/\/fotografiaportugal.pt\/site\/wp-json\/wp\/v2\/pages\/1248","targetHints":{"allow":["GET"]}}],"collection":[{"href":"https:\/\/fotografiaportugal.pt\/site\/wp-json\/wp\/v2\/pages"}],"about":[{"href":"https:\/\/fotografiaportugal.pt\/site\/wp-json\/wp\/v2\/types\/page"}],"author":[{"embeddable":true,"href":"https:\/\/fotografiaportugal.pt\/site\/wp-json\/wp\/v2\/users\/2629"}],"replies":[{"embeddable":true,"href":"https:\/\/fotografiaportugal.pt\/site\/wp-json\/wp\/v2\/comments?post=1248"}],"version-history":[{"count":19,"href":"https:\/\/fotografiaportugal.pt\/site\/wp-json\/wp\/v2\/pages\/1248\/revisions"}],"predecessor-version":[{"id":10336,"href":"https:\/\/fotografiaportugal.pt\/site\/wp-json\/wp\/v2\/pages\/1248\/revisions\/10336"}],"up":[{"embeddable":true,"href":"https:\/\/fotografiaportugal.pt\/site\/wp-json\/wp\/v2\/pages\/63"}],"wp:featuredmedia":[{"embeddable":true,"href":"https:\/\/fotografiaportugal.pt\/site\/wp-json\/wp\/v2\/media\/1273"}],"wp:attachment":[{"href":"https:\/\/fotografiaportugal.pt\/site\/wp-json\/wp\/v2\/media?parent=1248"}],"curies":[{"name":"wp","href":"https:\/\/api.w.org\/{rel}","templated":true}]}}