{"id":12697,"date":"2022-04-01T21:08:19","date_gmt":"2022-04-01T21:08:19","guid":{"rendered":"https:\/\/fotografiaportugal.pt\/site\/?page_id=12697"},"modified":"2022-04-04T22:13:22","modified_gmt":"2022-04-04T22:13:22","slug":"cabo-mondego","status":"publish","type":"page","link":"https:\/\/fotografiaportugal.pt\/site\/exposicoes\/cabo-mondego\/","title":{"rendered":"Cabo Mondego"},"content":{"rendered":"\n<figure class=\"wp-block-image size-large\"><img loading=\"lazy\" decoding=\"async\" width=\"683\" height=\"1024\" src=\"https:\/\/fotografiaportugal.pt\/site\/wp-content\/uploads\/2022\/04\/0_DSCF9328-1-683x1024.jpg\" alt=\"\" class=\"wp-image-12698\" srcset=\"https:\/\/fotografiaportugal.pt\/site\/wp-content\/uploads\/2022\/04\/0_DSCF9328-1-683x1024.jpg 683w, https:\/\/fotografiaportugal.pt\/site\/wp-content\/uploads\/2022\/04\/0_DSCF9328-1-200x300.jpg 200w, https:\/\/fotografiaportugal.pt\/site\/wp-content\/uploads\/2022\/04\/0_DSCF9328-1-1024x1536.jpg 1024w, https:\/\/fotografiaportugal.pt\/site\/wp-content\/uploads\/2022\/04\/0_DSCF9328-1-416x624.jpg 416w, https:\/\/fotografiaportugal.pt\/site\/wp-content\/uploads\/2022\/04\/0_DSCF9328-1.jpg 1040w\" sizes=\"auto, (max-width: 683px) 100vw, 683px\" \/><\/figure>\n\n\n\n<p><strong>Cabo Mondego &#8211; a liga\u00e7\u00e3o entre a um monumento natural e a pegada humana<\/strong><\/p>\n\n\n\n<p>Considerado Monumento Natural, de ineg\u00e1vel import\u00e2ncia nacional e internacional devido sobretudo aos seus afloramentos jur\u00e1ssicos, o Cabo Mondego foi fotografado por Janine Barreto entre 2017 e 2021, tendo procurado captar as suas principais caracter\u00edsticas, bem como da \u00e1rea envolvente. Dotado de uma beleza natural \u00fanica, o Cabo Mondego estabelece liga\u00e7\u00f5es singulares a n\u00edvel paisag\u00edstico, com todos os elementos que ali convergem: montanha, mar, praia e fal\u00e9sias.<br>Toda esta zona sofreu um profundo desgaste, fundamentalmente devido \u00e0 a\u00e7\u00e3o humana e \u00e0 ind\u00fastria que explorou o local durante mais de dois s\u00e9culos, apenas cessando a sua atividade em 2013. Assim, o objectivo deste projecto \u00e9 tamb\u00e9m, partilhar o local neste per\u00edodo da hist\u00f3ria e consciencializar o p\u00fablico, despertando o seu sentido cr\u00edtico.<\/p>\n\n\n\n<p><strong>Exposi\u00e7\u00e3o<\/strong>:<\/p>\n\n\n<style>.modula-best-grid-gallery .modula-fancybox-container.modula-lightbox-jtg-link-12646 {--fancybox-bg:rgba(30,30,30,0.9);--fancybox-opacity:1 !important;}.modula-fancybox-container.modula-lightbox-jtg-link-12646 .modula-fancybox-caption .modula-fancybox-caption__body, .modula-fancybox-container.modula-lightbox-jtg-link-12646 .modula-fancybox-caption .modula-fancybox-caption__body p {text-align:left}.modula-fancybox-container.modula-lightbox-jtg-link-12646 .fancybox__caption {align-self:flex-start}<\/style><a id=\"jtg-link-12646\" data-images=\"[{&quot;src&quot;:&quot;https:\\\/\\\/fotografiaportugal.pt\\\/site\\\/wp-content\\\/uploads\\\/2022\\\/04\\\/0_DSCF9328.jpg&quot;,&quot;opts&quot;:{&quot;caption&quot;:&quot;&lt;p&gt;  &lt;\\\/p&gt; &quot;,&quot;thumb&quot;:&quot;https:\\\/\\\/fotografiaportugal.pt\\\/site\\\/wp-content\\\/uploads\\\/2022\\\/04\\\/0_DSCF9328-150x150.jpg&quot;,&quot;image_id&quot;:&quot;12649&quot;}},{&quot;src&quot;:&quot;https:\\\/\\\/fotografiaportugal.pt\\\/site\\\/wp-content\\\/uploads\\\/2022\\\/04\\\/1170464.jpg&quot;,&quot;opts&quot;:{&quot;caption&quot;:&quot;&lt;p&gt;  &lt;\\\/p&gt; &quot;,&quot;thumb&quot;:&quot;https:\\\/\\\/fotografiaportugal.pt\\\/site\\\/wp-content\\\/uploads\\\/2022\\\/04\\\/1170464-150x150.jpg&quot;,&quot;image_id&quot;:&quot;12650&quot;}},{&quot;src&quot;:&quot;https:\\\/\\\/fotografiaportugal.pt\\\/site\\\/wp-content\\\/uploads\\\/2022\\\/04\\\/1210198.jpg&quot;,&quot;opts&quot;:{&quot;caption&quot;:&quot;&lt;p&gt;  &lt;\\\/p&gt; &quot;,&quot;thumb&quot;:&quot;https:\\\/\\\/fotografiaportugal.pt\\\/site\\\/wp-content\\\/uploads\\\/2022\\\/04\\\/1210198-150x150.jpg&quot;,&quot;image_id&quot;:&quot;12651&quot;}},{&quot;src&quot;:&quot;https:\\\/\\\/fotografiaportugal.pt\\\/site\\\/wp-content\\\/uploads\\\/2022\\\/04\\\/1210204.jpg&quot;,&quot;opts&quot;:{&quot;caption&quot;:&quot;&lt;p&gt;  &lt;\\\/p&gt; &quot;,&quot;thumb&quot;:&quot;https:\\\/\\\/fotografiaportugal.pt\\\/site\\\/wp-content\\\/uploads\\\/2022\\\/04\\\/1210204-150x150.jpg&quot;,&quot;image_id&quot;:&quot;12652&quot;}},{&quot;src&quot;:&quot;https:\\\/\\\/fotografiaportugal.pt\\\/site\\\/wp-content\\\/uploads\\\/2022\\\/04\\\/1210240.jpg&quot;,&quot;opts&quot;:{&quot;caption&quot;:&quot;&lt;p&gt;  &lt;\\\/p&gt; &quot;,&quot;thumb&quot;:&quot;https:\\\/\\\/fotografiaportugal.pt\\\/site\\\/wp-content\\\/uploads\\\/2022\\\/04\\\/1210240-150x150.jpg&quot;,&quot;image_id&quot;:&quot;12653&quot;}},{&quot;src&quot;:&quot;https:\\\/\\\/fotografiaportugal.pt\\\/site\\\/wp-content\\\/uploads\\\/2022\\\/04\\\/1210292.jpg&quot;,&quot;opts&quot;:{&quot;caption&quot;:&quot;&lt;p&gt;  &lt;\\\/p&gt; &quot;,&quot;thumb&quot;:&quot;https:\\\/\\\/fotografiaportugal.pt\\\/site\\\/wp-content\\\/uploads\\\/2022\\\/04\\\/1210292-150x150.jpg&quot;,&quot;image_id&quot;:&quot;12654&quot;}},{&quot;src&quot;:&quot;https:\\\/\\\/fotografiaportugal.pt\\\/site\\\/wp-content\\\/uploads\\\/2022\\\/04\\\/1210320.jpg&quot;,&quot;opts&quot;:{&quot;caption&quot;:&quot;&lt;p&gt;  &lt;\\\/p&gt; &quot;,&quot;thumb&quot;:&quot;https:\\\/\\\/fotografiaportugal.pt\\\/site\\\/wp-content\\\/uploads\\\/2022\\\/04\\\/1210320-150x150.jpg&quot;,&quot;image_id&quot;:&quot;12655&quot;}},{&quot;src&quot;:&quot;https:\\\/\\\/fotografiaportugal.pt\\\/site\\\/wp-content\\\/uploads\\\/2022\\\/04\\\/DSCF0018.jpg&quot;,&quot;opts&quot;:{&quot;caption&quot;:&quot;&lt;p&gt;  &lt;\\\/p&gt; &quot;,&quot;thumb&quot;:&quot;https:\\\/\\\/fotografiaportugal.pt\\\/site\\\/wp-content\\\/uploads\\\/2022\\\/04\\\/DSCF0018-150x150.jpg&quot;,&quot;image_id&quot;:&quot;12656&quot;}},{&quot;src&quot;:&quot;https:\\\/\\\/fotografiaportugal.pt\\\/site\\\/wp-content\\\/uploads\\\/2022\\\/04\\\/DSCF0052.jpg&quot;,&quot;opts&quot;:{&quot;caption&quot;:&quot;&lt;p&gt;  &lt;\\\/p&gt; &quot;,&quot;thumb&quot;:&quot;https:\\\/\\\/fotografiaportugal.pt\\\/site\\\/wp-content\\\/uploads\\\/2022\\\/04\\\/DSCF0052-150x150.jpg&quot;,&quot;image_id&quot;:&quot;12657&quot;}},{&quot;src&quot;:&quot;https:\\\/\\\/fotografiaportugal.pt\\\/site\\\/wp-content\\\/uploads\\\/2022\\\/04\\\/DSCF0800.jpg&quot;,&quot;opts&quot;:{&quot;caption&quot;:&quot;&lt;p&gt;  &lt;\\\/p&gt; &quot;,&quot;thumb&quot;:&quot;https:\\\/\\\/fotografiaportugal.pt\\\/site\\\/wp-content\\\/uploads\\\/2022\\\/04\\\/DSCF0800-150x150.jpg&quot;,&quot;image_id&quot;:&quot;12658&quot;}},{&quot;src&quot;:&quot;https:\\\/\\\/fotografiaportugal.pt\\\/site\\\/wp-content\\\/uploads\\\/2022\\\/04\\\/DSCF0804.jpg&quot;,&quot;opts&quot;:{&quot;caption&quot;:&quot;&lt;p&gt;  &lt;\\\/p&gt; &quot;,&quot;thumb&quot;:&quot;https:\\\/\\\/fotografiaportugal.pt\\\/site\\\/wp-content\\\/uploads\\\/2022\\\/04\\\/DSCF0804-150x150.jpg&quot;,&quot;image_id&quot;:&quot;12659&quot;}},{&quot;src&quot;:&quot;https:\\\/\\\/fotografiaportugal.pt\\\/site\\\/wp-content\\\/uploads\\\/2022\\\/04\\\/DSCF0806.jpg&quot;,&quot;opts&quot;:{&quot;caption&quot;:&quot;&lt;p&gt;  &lt;\\\/p&gt; &quot;,&quot;thumb&quot;:&quot;https:\\\/\\\/fotografiaportugal.pt\\\/site\\\/wp-content\\\/uploads\\\/2022\\\/04\\\/DSCF0806-150x150.jpg&quot;,&quot;image_id&quot;:&quot;12660&quot;}},{&quot;src&quot;:&quot;https:\\\/\\\/fotografiaportugal.pt\\\/site\\\/wp-content\\\/uploads\\\/2022\\\/04\\\/DSCF0887.jpg&quot;,&quot;opts&quot;:{&quot;caption&quot;:&quot;&lt;p&gt;  &lt;\\\/p&gt; &quot;,&quot;thumb&quot;:&quot;https:\\\/\\\/fotografiaportugal.pt\\\/site\\\/wp-content\\\/uploads\\\/2022\\\/04\\\/DSCF0887-150x150.jpg&quot;,&quot;image_id&quot;:&quot;12661&quot;}},{&quot;src&quot;:&quot;https:\\\/\\\/fotografiaportugal.pt\\\/site\\\/wp-content\\\/uploads\\\/2022\\\/04\\\/DSCF0945-2.jpg&quot;,&quot;opts&quot;:{&quot;caption&quot;:&quot;&lt;p&gt;  &lt;\\\/p&gt; &quot;,&quot;thumb&quot;:&quot;https:\\\/\\\/fotografiaportugal.pt\\\/site\\\/wp-content\\\/uploads\\\/2022\\\/04\\\/DSCF0945-2-150x150.jpg&quot;,&quot;image_id&quot;:&quot;12662&quot;}},{&quot;src&quot;:&quot;https:\\\/\\\/fotografiaportugal.pt\\\/site\\\/wp-content\\\/uploads\\\/2022\\\/04\\\/DSCF0974.jpg&quot;,&quot;opts&quot;:{&quot;caption&quot;:&quot;&lt;p&gt;  &lt;\\\/p&gt; &quot;,&quot;thumb&quot;:&quot;https:\\\/\\\/fotografiaportugal.pt\\\/site\\\/wp-content\\\/uploads\\\/2022\\\/04\\\/DSCF0974-150x150.jpg&quot;,&quot;image_id&quot;:&quot;12663&quot;}},{&quot;src&quot;:&quot;https:\\\/\\\/fotografiaportugal.pt\\\/site\\\/wp-content\\\/uploads\\\/2022\\\/04\\\/DSCF0977.jpg&quot;,&quot;opts&quot;:{&quot;caption&quot;:&quot;&lt;p&gt;  &lt;\\\/p&gt; &quot;,&quot;thumb&quot;:&quot;https:\\\/\\\/fotografiaportugal.pt\\\/site\\\/wp-content\\\/uploads\\\/2022\\\/04\\\/DSCF0977-150x150.jpg&quot;,&quot;image_id&quot;:&quot;12664&quot;}},{&quot;src&quot;:&quot;https:\\\/\\\/fotografiaportugal.pt\\\/site\\\/wp-content\\\/uploads\\\/2022\\\/04\\\/DSCF0985.jpg&quot;,&quot;opts&quot;:{&quot;caption&quot;:&quot;&lt;p&gt;  &lt;\\\/p&gt; &quot;,&quot;thumb&quot;:&quot;https:\\\/\\\/fotografiaportugal.pt\\\/site\\\/wp-content\\\/uploads\\\/2022\\\/04\\\/DSCF0985-150x150.jpg&quot;,&quot;image_id&quot;:&quot;12665&quot;}},{&quot;src&quot;:&quot;https:\\\/\\\/fotografiaportugal.pt\\\/site\\\/wp-content\\\/uploads\\\/2022\\\/04\\\/DSCF6826.jpg&quot;,&quot;opts&quot;:{&quot;caption&quot;:&quot;&lt;p&gt;  &lt;\\\/p&gt; &quot;,&quot;thumb&quot;:&quot;https:\\\/\\\/fotografiaportugal.pt\\\/site\\\/wp-content\\\/uploads\\\/2022\\\/04\\\/DSCF6826-150x150.jpg&quot;,&quot;image_id&quot;:&quot;12666&quot;}},{&quot;src&quot;:&quot;https:\\\/\\\/fotografiaportugal.pt\\\/site\\\/wp-content\\\/uploads\\\/2022\\\/04\\\/DSCF6829.jpg&quot;,&quot;opts&quot;:{&quot;caption&quot;:&quot;&lt;p&gt;  &lt;\\\/p&gt; &quot;,&quot;thumb&quot;:&quot;https:\\\/\\\/fotografiaportugal.pt\\\/site\\\/wp-content\\\/uploads\\\/2022\\\/04\\\/DSCF6829-150x150.jpg&quot;,&quot;image_id&quot;:&quot;12667&quot;}},{&quot;src&quot;:&quot;https:\\\/\\\/fotografiaportugal.pt\\\/site\\\/wp-content\\\/uploads\\\/2022\\\/04\\\/DSCF6849.jpg&quot;,&quot;opts&quot;:{&quot;caption&quot;:&quot;&lt;p&gt;  &lt;\\\/p&gt; &quot;,&quot;thumb&quot;:&quot;https:\\\/\\\/fotografiaportugal.pt\\\/site\\\/wp-content\\\/uploads\\\/2022\\\/04\\\/DSCF6849-150x150.jpg&quot;,&quot;image_id&quot;:&quot;12668&quot;}},{&quot;src&quot;:&quot;https:\\\/\\\/fotografiaportugal.pt\\\/site\\\/wp-content\\\/uploads\\\/2022\\\/04\\\/DSCF6857.jpg&quot;,&quot;opts&quot;:{&quot;caption&quot;:&quot;&lt;p&gt;  &lt;\\\/p&gt; &quot;,&quot;thumb&quot;:&quot;https:\\\/\\\/fotografiaportugal.pt\\\/site\\\/wp-content\\\/uploads\\\/2022\\\/04\\\/DSCF6857-150x150.jpg&quot;,&quot;image_id&quot;:&quot;12669&quot;}},{&quot;src&quot;:&quot;https:\\\/\\\/fotografiaportugal.pt\\\/site\\\/wp-content\\\/uploads\\\/2022\\\/04\\\/DSCF6880.jpg&quot;,&quot;opts&quot;:{&quot;caption&quot;:&quot;&lt;p&gt;  &lt;\\\/p&gt; &quot;,&quot;thumb&quot;:&quot;https:\\\/\\\/fotografiaportugal.pt\\\/site\\\/wp-content\\\/uploads\\\/2022\\\/04\\\/DSCF6880-150x150.jpg&quot;,&quot;image_id&quot;:&quot;12670&quot;}},{&quot;src&quot;:&quot;https:\\\/\\\/fotografiaportugal.pt\\\/site\\\/wp-content\\\/uploads\\\/2022\\\/04\\\/DSCF7210.jpg&quot;,&quot;opts&quot;:{&quot;caption&quot;:&quot;&lt;p&gt;  &lt;\\\/p&gt; &quot;,&quot;thumb&quot;:&quot;https:\\\/\\\/fotografiaportugal.pt\\\/site\\\/wp-content\\\/uploads\\\/2022\\\/04\\\/DSCF7210-150x150.jpg&quot;,&quot;image_id&quot;:&quot;12671&quot;}},{&quot;src&quot;:&quot;https:\\\/\\\/fotografiaportugal.pt\\\/site\\\/wp-content\\\/uploads\\\/2022\\\/04\\\/DSCF8867.jpg&quot;,&quot;opts&quot;:{&quot;caption&quot;:&quot;&lt;p&gt;  &lt;\\\/p&gt; &quot;,&quot;thumb&quot;:&quot;https:\\\/\\\/fotografiaportugal.pt\\\/site\\\/wp-content\\\/uploads\\\/2022\\\/04\\\/DSCF8867-150x150.jpg&quot;,&quot;image_id&quot;:&quot;12672&quot;}},{&quot;src&quot;:&quot;https:\\\/\\\/fotografiaportugal.pt\\\/site\\\/wp-content\\\/uploads\\\/2022\\\/04\\\/DSCF8868.jpg&quot;,&quot;opts&quot;:{&quot;caption&quot;:&quot;&lt;p&gt;  &lt;\\\/p&gt; &quot;,&quot;thumb&quot;:&quot;https:\\\/\\\/fotografiaportugal.pt\\\/site\\\/wp-content\\\/uploads\\\/2022\\\/04\\\/DSCF8868-150x150.jpg&quot;,&quot;image_id&quot;:&quot;12673&quot;}},{&quot;src&quot;:&quot;https:\\\/\\\/fotografiaportugal.pt\\\/site\\\/wp-content\\\/uploads\\\/2022\\\/04\\\/DSCF8869.jpg&quot;,&quot;opts&quot;:{&quot;caption&quot;:&quot;&lt;p&gt;  &lt;\\\/p&gt; &quot;,&quot;thumb&quot;:&quot;https:\\\/\\\/fotografiaportugal.pt\\\/site\\\/wp-content\\\/uploads\\\/2022\\\/04\\\/DSCF8869-150x150.jpg&quot;,&quot;image_id&quot;:&quot;12674&quot;}},{&quot;src&quot;:&quot;https:\\\/\\\/fotografiaportugal.pt\\\/site\\\/wp-content\\\/uploads\\\/2022\\\/04\\\/DSCF8884.jpg&quot;,&quot;opts&quot;:{&quot;caption&quot;:&quot;&lt;p&gt;  &lt;\\\/p&gt; &quot;,&quot;thumb&quot;:&quot;https:\\\/\\\/fotografiaportugal.pt\\\/site\\\/wp-content\\\/uploads\\\/2022\\\/04\\\/DSCF8884-150x150.jpg&quot;,&quot;image_id&quot;:&quot;12675&quot;}},{&quot;src&quot;:&quot;https:\\\/\\\/fotografiaportugal.pt\\\/site\\\/wp-content\\\/uploads\\\/2022\\\/04\\\/DSCF8938.jpg&quot;,&quot;opts&quot;:{&quot;caption&quot;:&quot;&lt;p&gt;  &lt;\\\/p&gt; &quot;,&quot;thumb&quot;:&quot;https:\\\/\\\/fotografiaportugal.pt\\\/site\\\/wp-content\\\/uploads\\\/2022\\\/04\\\/DSCF8938-150x150.jpg&quot;,&quot;image_id&quot;:&quot;12676&quot;}},{&quot;src&quot;:&quot;https:\\\/\\\/fotografiaportugal.pt\\\/site\\\/wp-content\\\/uploads\\\/2022\\\/04\\\/DSCF8953.jpg&quot;,&quot;opts&quot;:{&quot;caption&quot;:&quot;&lt;p&gt;  &lt;\\\/p&gt; &quot;,&quot;thumb&quot;:&quot;https:\\\/\\\/fotografiaportugal.pt\\\/site\\\/wp-content\\\/uploads\\\/2022\\\/04\\\/DSCF8953-150x150.jpg&quot;,&quot;image_id&quot;:&quot;12677&quot;}},{&quot;src&quot;:&quot;https:\\\/\\\/fotografiaportugal.pt\\\/site\\\/wp-content\\\/uploads\\\/2022\\\/04\\\/DSCF9193.jpg&quot;,&quot;opts&quot;:{&quot;caption&quot;:&quot;&lt;p&gt;  &lt;\\\/p&gt; &quot;,&quot;thumb&quot;:&quot;https:\\\/\\\/fotografiaportugal.pt\\\/site\\\/wp-content\\\/uploads\\\/2022\\\/04\\\/DSCF9193-150x150.jpg&quot;,&quot;image_id&quot;:&quot;12678&quot;}},{&quot;src&quot;:&quot;https:\\\/\\\/fotografiaportugal.pt\\\/site\\\/wp-content\\\/uploads\\\/2022\\\/04\\\/DSCF9206.jpg&quot;,&quot;opts&quot;:{&quot;caption&quot;:&quot;&lt;p&gt;  &lt;\\\/p&gt; &quot;,&quot;thumb&quot;:&quot;https:\\\/\\\/fotografiaportugal.pt\\\/site\\\/wp-content\\\/uploads\\\/2022\\\/04\\\/DSCF9206-150x150.jpg&quot;,&quot;image_id&quot;:&quot;12679&quot;}},{&quot;src&quot;:&quot;https:\\\/\\\/fotografiaportugal.pt\\\/site\\\/wp-content\\\/uploads\\\/2022\\\/04\\\/DSCF9272.jpg&quot;,&quot;opts&quot;:{&quot;caption&quot;:&quot;&lt;p&gt;  &lt;\\\/p&gt; &quot;,&quot;thumb&quot;:&quot;https:\\\/\\\/fotografiaportugal.pt\\\/site\\\/wp-content\\\/uploads\\\/2022\\\/04\\\/DSCF9272-150x150.jpg&quot;,&quot;image_id&quot;:&quot;12680&quot;}},{&quot;src&quot;:&quot;https:\\\/\\\/fotografiaportugal.pt\\\/site\\\/wp-content\\\/uploads\\\/2022\\\/04\\\/DSCF9285.jpg&quot;,&quot;opts&quot;:{&quot;caption&quot;:&quot;&lt;p&gt;  &lt;\\\/p&gt; &quot;,&quot;thumb&quot;:&quot;https:\\\/\\\/fotografiaportugal.pt\\\/site\\\/wp-content\\\/uploads\\\/2022\\\/04\\\/DSCF9285-150x150.jpg&quot;,&quot;image_id&quot;:&quot;12681&quot;}},{&quot;src&quot;:&quot;https:\\\/\\\/fotografiaportugal.pt\\\/site\\\/wp-content\\\/uploads\\\/2022\\\/04\\\/DSCF9301.jpg&quot;,&quot;opts&quot;:{&quot;caption&quot;:&quot;&lt;p&gt;  &lt;\\\/p&gt; &quot;,&quot;thumb&quot;:&quot;https:\\\/\\\/fotografiaportugal.pt\\\/site\\\/wp-content\\\/uploads\\\/2022\\\/04\\\/DSCF9301-150x150.jpg&quot;,&quot;image_id&quot;:&quot;12682&quot;}},{&quot;src&quot;:&quot;https:\\\/\\\/fotografiaportugal.pt\\\/site\\\/wp-content\\\/uploads\\\/2022\\\/04\\\/DSCF9325.jpg&quot;,&quot;opts&quot;:{&quot;caption&quot;:&quot;&lt;p&gt;  &lt;\\\/p&gt; &quot;,&quot;thumb&quot;:&quot;https:\\\/\\\/fotografiaportugal.pt\\\/site\\\/wp-content\\\/uploads\\\/2022\\\/04\\\/DSCF9325-150x150.jpg&quot;,&quot;image_id&quot;:&quot;12683&quot;}},{&quot;src&quot;:&quot;https:\\\/\\\/fotografiaportugal.pt\\\/site\\\/wp-content\\\/uploads\\\/2022\\\/04\\\/DSCF9338.jpg&quot;,&quot;opts&quot;:{&quot;caption&quot;:&quot;&lt;p&gt;  &lt;\\\/p&gt; &quot;,&quot;thumb&quot;:&quot;https:\\\/\\\/fotografiaportugal.pt\\\/site\\\/wp-content\\\/uploads\\\/2022\\\/04\\\/DSCF9338-150x150.jpg&quot;,&quot;image_id&quot;:&quot;12684&quot;}},{&quot;src&quot;:&quot;https:\\\/\\\/fotografiaportugal.pt\\\/site\\\/wp-content\\\/uploads\\\/2022\\\/04\\\/DSCF9378.jpg&quot;,&quot;opts&quot;:{&quot;caption&quot;:&quot;&lt;p&gt;  &lt;\\\/p&gt; &quot;,&quot;thumb&quot;:&quot;https:\\\/\\\/fotografiaportugal.pt\\\/site\\\/wp-content\\\/uploads\\\/2022\\\/04\\\/DSCF9378-150x150.jpg&quot;,&quot;image_id&quot;:&quot;12685&quot;}},{&quot;src&quot;:&quot;https:\\\/\\\/fotografiaportugal.pt\\\/site\\\/wp-content\\\/uploads\\\/2022\\\/04\\\/DSCF9758.jpg&quot;,&quot;opts&quot;:{&quot;caption&quot;:&quot;&lt;p&gt;  &lt;\\\/p&gt; &quot;,&quot;thumb&quot;:&quot;https:\\\/\\\/fotografiaportugal.pt\\\/site\\\/wp-content\\\/uploads\\\/2022\\\/04\\\/DSCF9758-150x150.jpg&quot;,&quot;image_id&quot;:&quot;12686&quot;}},{&quot;src&quot;:&quot;https:\\\/\\\/fotografiaportugal.pt\\\/site\\\/wp-content\\\/uploads\\\/2022\\\/04\\\/DSCF9766.jpg&quot;,&quot;opts&quot;:{&quot;caption&quot;:&quot;&lt;p&gt;  &lt;\\\/p&gt; &quot;,&quot;thumb&quot;:&quot;https:\\\/\\\/fotografiaportugal.pt\\\/site\\\/wp-content\\\/uploads\\\/2022\\\/04\\\/DSCF9766-150x150.jpg&quot;,&quot;image_id&quot;:&quot;12687&quot;}},{&quot;src&quot;:&quot;https:\\\/\\\/fotografiaportugal.pt\\\/site\\\/wp-content\\\/uploads\\\/2022\\\/04\\\/DSCF9786.jpg&quot;,&quot;opts&quot;:{&quot;caption&quot;:&quot;&lt;p&gt;  &lt;\\\/p&gt; &quot;,&quot;thumb&quot;:&quot;https:\\\/\\\/fotografiaportugal.pt\\\/site\\\/wp-content\\\/uploads\\\/2022\\\/04\\\/DSCF9786-150x150.jpg&quot;,&quot;image_id&quot;:&quot;12688&quot;}},{&quot;src&quot;:&quot;https:\\\/\\\/fotografiaportugal.pt\\\/site\\\/wp-content\\\/uploads\\\/2022\\\/04\\\/DSCF9870-2.jpg&quot;,&quot;opts&quot;:{&quot;caption&quot;:&quot;&lt;p&gt;  &lt;\\\/p&gt; &quot;,&quot;thumb&quot;:&quot;https:\\\/\\\/fotografiaportugal.pt\\\/site\\\/wp-content\\\/uploads\\\/2022\\\/04\\\/DSCF9870-2-150x150.jpg&quot;,&quot;image_id&quot;:&quot;12689&quot;}},{&quot;src&quot;:&quot;https:\\\/\\\/fotografiaportugal.pt\\\/site\\\/wp-content\\\/uploads\\\/2022\\\/04\\\/DSCF9871.jpg&quot;,&quot;opts&quot;:{&quot;caption&quot;:&quot;&lt;p&gt;  &lt;\\\/p&gt; &quot;,&quot;thumb&quot;:&quot;https:\\\/\\\/fotografiaportugal.pt\\\/site\\\/wp-content\\\/uploads\\\/2022\\\/04\\\/DSCF9871-150x150.jpg&quot;,&quot;image_id&quot;:&quot;12690&quot;}},{&quot;src&quot;:&quot;https:\\\/\\\/fotografiaportugal.pt\\\/site\\\/wp-content\\\/uploads\\\/2022\\\/04\\\/DSCF9872.jpg&quot;,&quot;opts&quot;:{&quot;caption&quot;:&quot;&lt;p&gt;  &lt;\\\/p&gt; &quot;,&quot;thumb&quot;:&quot;https:\\\/\\\/fotografiaportugal.pt\\\/site\\\/wp-content\\\/uploads\\\/2022\\\/04\\\/DSCF9872-150x150.jpg&quot;,&quot;image_id&quot;:&quot;12691&quot;}},{&quot;src&quot;:&quot;https:\\\/\\\/fotografiaportugal.pt\\\/site\\\/wp-content\\\/uploads\\\/2022\\\/04\\\/DSCF9876.jpg&quot;,&quot;opts&quot;:{&quot;caption&quot;:&quot;&lt;p&gt;  &lt;\\\/p&gt; &quot;,&quot;thumb&quot;:&quot;https:\\\/\\\/fotografiaportugal.pt\\\/site\\\/wp-content\\\/uploads\\\/2022\\\/04\\\/DSCF9876-150x150.jpg&quot;,&quot;image_id&quot;:&quot;12692&quot;}},{&quot;src&quot;:&quot;https:\\\/\\\/fotografiaportugal.pt\\\/site\\\/wp-content\\\/uploads\\\/2022\\\/04\\\/DSCF9903.jpg&quot;,&quot;opts&quot;:{&quot;caption&quot;:&quot;&lt;p&gt;  &lt;\\\/p&gt; &quot;,&quot;thumb&quot;:&quot;https:\\\/\\\/fotografiaportugal.pt\\\/site\\\/wp-content\\\/uploads\\\/2022\\\/04\\\/DSCF9903-150x150.jpg&quot;,&quot;image_id&quot;:&quot;12693&quot;}},{&quot;src&quot;:&quot;https:\\\/\\\/fotografiaportugal.pt\\\/site\\\/wp-content\\\/uploads\\\/2022\\\/04\\\/DSCF9908.jpg&quot;,&quot;opts&quot;:{&quot;caption&quot;:&quot;&lt;p&gt;  &lt;\\\/p&gt; &quot;,&quot;thumb&quot;:&quot;https:\\\/\\\/fotografiaportugal.pt\\\/site\\\/wp-content\\\/uploads\\\/2022\\\/04\\\/DSCF9908-150x150.jpg&quot;,&quot;image_id&quot;:&quot;12694&quot;}},{&quot;src&quot;:&quot;https:\\\/\\\/fotografiaportugal.pt\\\/site\\\/wp-content\\\/uploads\\\/2022\\\/04\\\/P1220257.jpg&quot;,&quot;opts&quot;:{&quot;caption&quot;:&quot;&lt;p&gt;  &lt;\\\/p&gt; &quot;,&quot;thumb&quot;:&quot;https:\\\/\\\/fotografiaportugal.pt\\\/site\\\/wp-content\\\/uploads\\\/2022\\\/04\\\/P1220257-150x150.jpg&quot;,&quot;image_id&quot;:&quot;12695&quot;}},{&quot;src&quot;:&quot;https:\\\/\\\/fotografiaportugal.pt\\\/site\\\/wp-content\\\/uploads\\\/2022\\\/04\\\/P1220577.jpg&quot;,&quot;opts&quot;:{&quot;caption&quot;:&quot;&lt;p&gt;  &lt;\\\/p&gt; &quot;,&quot;thumb&quot;:&quot;https:\\\/\\\/fotografiaportugal.pt\\\/site\\\/wp-content\\\/uploads\\\/2022\\\/04\\\/P1220577-150x150.jpg&quot;,&quot;image_id&quot;:&quot;12696&quot;}}]\" data-config=\"{&quot;lightbox&quot;:&quot;true&quot;,&quot;lightboxOpts&quot;:{&quot;animated&quot;:true,&quot;Thumbs&quot;:{&quot;type&quot;:&quot;modern&quot;,&quot;showOnStart&quot;:false},&quot;Toolbar&quot;:{&quot;display&quot;:{&quot;right&quot;:[&quot;slideshow&quot;,&quot;close&quot;],&quot;left&quot;:[&quot;infobar&quot;]},&quot;enabled&quot;:true},&quot;Carousel&quot;:{&quot;Panzoom&quot;:{&quot;touch&quot;:false},&quot;infinite&quot;:true,&quot;transition&quot;:&quot;fade&quot;},&quot;keyboard&quot;:{&quot;Escape&quot;:&quot;close&quot;,&quot;Delete&quot;:&quot;close&quot;,&quot;Backspace&quot;:&quot;close&quot;,&quot;PageUp&quot;:&quot;next&quot;,&quot;PageDown&quot;:&quot;prev&quot;,&quot;ArrowUp&quot;:&quot;prev&quot;,&quot;ArrowDown&quot;:&quot;next&quot;,&quot;ArrowRight&quot;:&quot;next&quot;,&quot;ArrowLeft&quot;:&quot;prev&quot;},&quot;touch&quot;:false,&quot;backdropClick&quot;:false,&quot;l10n&quot;:{&quot;CLOSE&quot;:&quot;Close&quot;,&quot;NEXT&quot;:&quot;Next&quot;,&quot;PREV&quot;:&quot;Previous&quot;,&quot;Error&quot;:&quot;The requested content cannot be loaded. Please try again later.&quot;,&quot;PLAY_START&quot;:&quot;Start slideshow&quot;,&quot;PLAY_STOP&quot;:&quot;Pause slideshow&quot;,&quot;FULL_SCREEN&quot;:&quot;Full screen&quot;,&quot;THUMBS&quot;:&quot;Thumbnails&quot;,&quot;DOWNLOAD&quot;:&quot;Download&quot;,&quot;SHARE&quot;:&quot;Share&quot;,&quot;ZOOM&quot;:&quot;Zoom&quot;,&quot;EMAIL&quot;:&quot;Here is the link to the image : %%image_link%% and this is the link to the gallery : %%gallery_link%%&quot;,&quot;MODAL&quot;:&quot;You can close this modal content with the ESC key&quot;,&quot;ERROR&quot;:&quot;Something Went Wrong, Please Try Again Later&quot;,&quot;IMAGE_ERROR&quot;:&quot;Image Not Found&quot;,&quot;ELEMENT_NOT_FOUND&quot;:&quot;HTML Element Not Found&quot;,&quot;AJAX_NOT_FOUND&quot;:&quot;Error Loading AJAX : Not Found&quot;,&quot;AJAX_FORBIDDEN&quot;:&quot;Error Loading AJAX : Forbidden&quot;,&quot;IFRAME_ERROR&quot;:&quot;Error Loading Page&quot;,&quot;TOGGLE_ZOOM&quot;:&quot;Toggle zoom level&quot;,&quot;TOGGLE_THUMBS&quot;:&quot;Toggle thumbnails&quot;,&quot;TOGGLE_SLIDESHOW&quot;:&quot;Toggle slideshow&quot;,&quot;TOGGLE_FULLSCREEN&quot;:&quot;Toggle full-screen mode&quot;},&quot;Images&quot;:{&quot;Panzoom&quot;:{&quot;maxScale&quot;:2}},&quot;toolbar&quot;:true,&quot;wheel&quot;:&quot;slide&quot;,&quot;animationEffect&quot;:&quot;false&quot;,&quot;animationDuration&quot;:366,&quot;transitionEffect&quot;:&quot;false&quot;,&quot;Html&quot;:{&quot;videoAutoplay&quot;:0,&quot;videoTpl&quot;:&quot;&lt;video class=\\&quot;fancybox__html5video modula_html5_video\\&quot; controls playsinline controlsList controlsList=\\&quot;nodownload\\&quot; poster=\\&quot;{{poster}}\\&quot; src=\\&quot;{{src}}\\&quot; type=\\&quot;{{format}}\\&quot; &gt;  Sorry, your browser doesn&#039;t support embedded videos, &lt;a href=\\&quot;{{src}}\\&quot;&gt; download &lt;\\\/a&gt; and watch with your favorite video player! &lt;\\\/video&gt;&quot;,&quot;vimeo&quot;:{&quot;autopause&quot;:0}},&quot;Slideshow&quot;:{&quot;playOnStart&quot;:true,&quot;pauseOnHover&quot;:false,&quot;timeout&quot;:3000},&quot;mainClass&quot;:&quot;modula-fancybox-container modula-lightbox-jtg-link-12646&quot;},&quot;options&quot;:{&quot;enableSlideshow&quot;:&quot;1&quot;,&quot;enableAutoplay&quot;:&quot;1&quot;,&quot;slideshowSpeed&quot;:&quot;3000&quot;,&quot;pauseOnHover&quot;:&quot;0&quot;}}\" class=\"jtg-12646 modula-link\" href=\"#\">Ver exposi\u00e7\u00e3o &#8220;Cabo Mondego&#8221;<\/a>\n\n\n\n<p><\/p>\n\n\n\n<p><\/p>\n\n\n\n<p><strong>Enquadramento<\/strong>:<\/p>\n\n\n\n<p>Inserido no contexto da Bacia Lusit\u00e2nica, o Cabo Mondego situa-se a aproximadamente 6 km a noroeste da Figueira da Foz, ladeado a este pela Serra da Boa Viagem, onde se encontra o ponto mais elevado desta regi\u00e3o (com a cota de 258 m, denominado Miradouro da Bandeira).<br>Em 2007 foi classificado como Monumento Natural, sendo objetivo primordial a prote\u00e7\u00e3o e a conserva\u00e7\u00e3o do patrim\u00f3nio natural existente, bem como a promo\u00e7\u00e3o da investiga\u00e7\u00e3o cient\u00edfica naquele local.<br>A \u00e1rea protegida abrange cerca de 117,68 hectares, sendo que a maioria dos seus valiosos registos geol\u00f3gicos se encontram junto ao mar, ou mesmo submersos. Constitui-se como um dos testemunhos mais importantes da hist\u00f3ria geol\u00f3gica de Portugal, mas tamb\u00e9m revelador de epis\u00f3dios da hist\u00f3ria da Terra, fundamentais para a compreens\u00e3o de fen\u00f3menos e eventos ocorridos durante o Jur\u00e1ssico M\u00e9dio, abrangendo um per\u00edodo temporal entre os 185 e os 140 milh\u00f5es de anos.<br>Desde 2016 que ostenta um Golden Spike, ou Prego Dourado, classifica\u00e7\u00e3o atribu\u00edda pela IUGS (Internacional Union of Geological Sciences), demonstrando o reconhecimento da comunidade cient\u00edfica da exist\u00eancia de elementos geol\u00f3gicos fundamentais e simb\u00f3licos da Era Bajociana, transformando o Cabo Mondego em local \u00fanico, a n\u00edvel mundial, de refer\u00eancia deste per\u00edodo do Jur\u00e1ssico M\u00e9dio.<\/p>\n\n\n\n<p><strong>Explora\u00e7\u00e3o Industrial<\/strong>:<\/p>\n\n\n\n<p>Considerada a mais antiga explora\u00e7\u00e3o carbon\u00edfera do territ\u00f3rio nacional, a Mina de Carv\u00e3o do Cabo Mondego faz-nos recuar ao in\u00edcio da segunda metade do s\u00e9culo XVIII, quando da descoberta da mat\u00e9ria-prima e in\u00edcio da lavra deste precioso recurso, que ocorrer\u00e1 desde 1773 at\u00e9 1967, alguns anos depois de um violento inc\u00eandio, que em muito contribuir\u00e1 para o seu encerramento definitivo. Fator fundamental para o desenvolvimento econ\u00f3mico desta regi\u00e3o durante d\u00e9cadas, a Mina de Carv\u00e3o do Cabo Mondego apresenta um longo historial, constituindo-se tamb\u00e9m como um elemento fundamental para a compreens\u00e3o da atividade mineira em Portugal, apesar do reduzido valor comercial do carv\u00e3o extra\u00eddo, assim como de uma pesada e dispendiosa log\u00edstica do seu transporte at\u00e9 aos principais centros de consumo. Independentemente da reduzida competitividade, dada a tamb\u00e9m reduzida dimens\u00e3o do mercado portugu\u00eas consumidor desta mat\u00e9ria-prima, a estrat\u00e9gia a partir dos prim\u00f3rdios do s\u00e9culo XIX passou pela instala\u00e7\u00e3o progressiva de outros tipos de produ\u00e7\u00e3o.<br>Paralelamente, a investiga\u00e7\u00e3o cient\u00edfica focou-se desde cedo nesta \u00e1rea geogr\u00e1fica, sobretudo para investigadores que ali encontraram valiosos recursos, quer ao n\u00edvel do estudo, quer ao n\u00edvel educativo, proporcionando o acesso e recolha de esp\u00e9cimes, bem como a sua integra\u00e7\u00e3o em cole\u00e7\u00f5es museol\u00f3gicas, de ineg\u00e1vel valor cient\u00edfico.<br>O duradouro percurso deste complexo industrial, de que sobressai n\u00e3o s\u00f3 a explora\u00e7\u00e3o carbon\u00edfera mas tamb\u00e9m o fabrico da cal, do cimento natural, de materiais cer\u00e2micos, do vidro, remetem-nos igualmente para factos hist\u00f3ricos relevantes, mem\u00f3rias com mais de dois s\u00e9culos e cuja import\u00e2ncia continua a ser merecedora da aten\u00e7\u00e3o de investigadores das mais diversas disciplinas cient\u00edficas, dada a import\u00e2ncia deste conjunto patrimonial.<\/p>\n\n\n\n<p>Autor:<\/p>\n\n\n\n<figure class=\"wp-block-image size-large\"><img loading=\"lazy\" decoding=\"async\" width=\"337\" height=\"378\" src=\"https:\/\/fotografiaportugal.pt\/site\/wp-content\/uploads\/2022\/04\/Janine-Barreto.jpg\" alt=\"\" class=\"wp-image-12700\" srcset=\"https:\/\/fotografiaportugal.pt\/site\/wp-content\/uploads\/2022\/04\/Janine-Barreto.jpg 337w, https:\/\/fotografiaportugal.pt\/site\/wp-content\/uploads\/2022\/04\/Janine-Barreto-267x300.jpg 267w\" sizes=\"auto, (max-width: 337px) 100vw, 337px\" \/><\/figure>\n\n\n\n<p><strong>Janine Barreto<\/strong><\/p>\n\n\n\n<p>Site: <a href=\"https:\/\/janbarreto.wordpress.com\/\" target=\"_blank\" rel=\"noreferrer noopener\">https:\/\/janbarreto.wordpress.com\/<\/a><\/p>\n\n\n\n<p>Instagram: <a href=\"https:\/\/www.instagram.com\/janineb.sde\/\" target=\"_blank\" rel=\"noreferrer noopener\">https:\/\/www.instagram.com\/janineb.sde\/<\/a><\/p>\n\n\n\n<p><strong>Breve CV<\/strong>: Janine Barreto nasceu em 1988, na Figueira da Foz, tendo completado a sua forma\u00e7\u00e3o acad\u00e9mica na \u00e1rea da m\u00fasica. Recentemente come\u00e7ou a aperfei\u00e7oar o seu olhar art\u00edstico e cr\u00edtico atrav\u00e9s da fotografia. Este seu percurso come\u00e7ou em Lisboa, com a fotografia de rua, onde no decorrer dos anos 2017-2019, realizou o projeto \u201cretrato tur\u00edstico\u201d, uma reflex\u00e3o acerca dos efeitos do turismo em massa na capital, mais concretamente nos bairros hist\u00f3ricos. O regresso \u00e0 sua terra natal serviu de inspira\u00e7\u00e3o para a realiza\u00e7\u00e3o do seu mais recente projeto: \u201cCabo Mondego, a liga\u00e7\u00e3o entre um monumento natural e a pegada humana\u201d (2017-2021), registo que surge n\u00e3o s\u00f3 com o intuito de partilhar o local, pela sua import\u00e2ncia hist\u00f3rica singular, pedag\u00f3gica e cultural, mas tamb\u00e9m com o objetivo de consciencializar o p\u00fablico sobre o tema, despertando o seu sentido cr\u00edtico.<\/p>\n\n\n\n<p>Ler tamb\u00e9m <a href=\"https:\/\/fotografiaportugal.pt\/site\/cabo-mondego\/\">not\u00edcia acerca do livro &#8220;<strong>Cabo Mondego<\/strong>&nbsp;&#8211; a liga\u00e7\u00e3o entre um monumento natural e a pegada humana&#8221;<\/a>, com fotografias de Janine Barreto, que se encontra \u00e0 venda pelo PVP de <strong>7,00 \u20ac<\/strong> nos seguintes locais:<\/p>\n\n\n\n<ul class=\"wp-block-list\"><li><a href=\"https:\/\/www.cm-figfoz.pt\/pages\/812\" target=\"_blank\" rel=\"noreferrer noopener\">Biblioteca Municipal da Figueira da Foz<\/a><\/li><li><a href=\"https:\/\/www.cm-figfoz.pt\/pages\/676\" target=\"_blank\" rel=\"noreferrer noopener\">N\u00facleo Museol\u00f3gico do Mar<\/a><\/li><\/ul>\n\n\n\n<p>Encontre no Google Maps os locais onde o livro se encontra \u00e0 venda:<\/p>\n\n\n\n<ul class=\"wp-block-list\"><li>Biblioteca Municipal da Figueira da Foz: <a href=\"https:\/\/goo.gl\/maps\/Mar4ZRVP1Z6Jtx2S7\" target=\"_blank\" rel=\"noreferrer noopener\">https:\/\/goo.gl\/maps\/Mar4ZRVP1Z6Jtx2S7<\/a><\/li><li>N\u00facleo Museol\u00f3gico do Mar: <a href=\"https:\/\/g.page\/museu-mar?share\" target=\"_blank\" rel=\"noreferrer noopener\">https:\/\/g.page\/museu-mar?share<\/a><\/li><\/ul>\n\n\n\n<p><\/p>\n\n\n\n<p><strong>Parceiro:<\/strong><\/p>\n\n\n\n<figure class=\"wp-block-image\"><a href=\"https:\/\/fotografiaportugal.pt\/site\/\" target=\"_blank\" rel=\"noreferrer noopener\"><img loading=\"lazy\" decoding=\"async\" width=\"230\" height=\"89\" src=\"https:\/\/fotografiaportugal.pt\/site\/wp-content\/uploads\/2016\/03\/LOGO_FP_SIMPLES_REGISTADO-BR-230x89.jpg\" alt=\"LOGO_FP_SIMPLES_REGISTADO - BR\" class=\"wp-image-2574\" srcset=\"https:\/\/fotografiaportugal.pt\/site\/wp-content\/uploads\/2016\/03\/LOGO_FP_SIMPLES_REGISTADO-BR.jpg 230w, https:\/\/fotografiaportugal.pt\/site\/wp-content\/uploads\/2016\/03\/LOGO_FP_SIMPLES_REGISTADO-BR-100x39.jpg 100w\" sizes=\"auto, (max-width: 230px) 100vw, 230px\" \/><\/a><\/figure>\n\n\n\n<p>FOTOGRAFIA Portugal&nbsp;\u00ae<\/p>\n\n\n\n<p>As melhores fotos de Portugal e de portugueses \u00e0 volta do mundo<\/p>\n\n\n\n<p>Partilha de t\u00e9cnicas e par\u00e2metros fotogr\u00e1ficos<\/p>\n\n\n\n<p>Exposi\u00e7\u00f5es on-line de Fotografia<\/p>\n\n\n\n<p>Condi\u00e7\u00f5es especiais na aquisi\u00e7\u00e3o de livros de FOTOGRAFIA<\/p>\n\n\n\n<p>Loja (shop):&nbsp;<a href=\"https:\/\/fotografiaportugal.pt\/site\/shop\/\" target=\"_blank\" rel=\"noreferrer noopener\">https:\/\/fotografiaportugal.pt\/site\/shop\/<\/a><\/p>\n\n\n\n<p>E-mail: <a href=\"mailto:info@fotografiaportugal.pt\">info@fotografiaportugal.pt<\/a><\/p>\n\n\n\n<p>Site: <a href=\"https:\/\/fotografiaportugal.pt\/site\/\" target=\"_blank\" rel=\"noreferrer noopener\">https:\/\/fotografiaportugal.pt\/site\/<\/a><\/p>\n\n\n\n<p>P\u00e1gina:&nbsp;<a href=\"http:\/\/www.fotografiaportugal.pt\" target=\"_blank\" rel=\"noreferrer noopener\">www.fotografiaportugal.pt<\/a><\/p>\n","protected":false},"excerpt":{"rendered":"<p>Cabo Mondego &#8211; a liga\u00e7\u00e3o entre a um monumento natural e a pegada humana Considerado Monumento Natural, de ineg\u00e1vel import\u00e2ncia nacional e internacional devido sobretudo aos seus afloramentos jur\u00e1ssicos, o Cabo Mondego foi fotografado por Janine Barreto entre 2017 e 2021, tendo procurado captar as suas principais caracter\u00edsticas, bem como da \u00e1rea envolvente. Dotado de [&hellip;]<\/p>\n","protected":false},"author":2629,"featured_media":0,"parent":63,"menu_order":0,"comment_status":"closed","ping_status":"closed","template":"","meta":{"footnotes":""},"class_list":["post-12697","page","type-page","status-publish","hentry"],"_links":{"self":[{"href":"https:\/\/fotografiaportugal.pt\/site\/wp-json\/wp\/v2\/pages\/12697","targetHints":{"allow":["GET"]}}],"collection":[{"href":"https:\/\/fotografiaportugal.pt\/site\/wp-json\/wp\/v2\/pages"}],"about":[{"href":"https:\/\/fotografiaportugal.pt\/site\/wp-json\/wp\/v2\/types\/page"}],"author":[{"embeddable":true,"href":"https:\/\/fotografiaportugal.pt\/site\/wp-json\/wp\/v2\/users\/2629"}],"replies":[{"embeddable":true,"href":"https:\/\/fotografiaportugal.pt\/site\/wp-json\/wp\/v2\/comments?post=12697"}],"version-history":[{"count":9,"href":"https:\/\/fotografiaportugal.pt\/site\/wp-json\/wp\/v2\/pages\/12697\/revisions"}],"predecessor-version":[{"id":12783,"href":"https:\/\/fotografiaportugal.pt\/site\/wp-json\/wp\/v2\/pages\/12697\/revisions\/12783"}],"up":[{"embeddable":true,"href":"https:\/\/fotografiaportugal.pt\/site\/wp-json\/wp\/v2\/pages\/63"}],"wp:attachment":[{"href":"https:\/\/fotografiaportugal.pt\/site\/wp-json\/wp\/v2\/media?parent=12697"}],"curies":[{"name":"wp","href":"https:\/\/api.w.org\/{rel}","templated":true}]}}