{"id":1386,"date":"2015-11-17T18:53:27","date_gmt":"2015-11-17T18:53:27","guid":{"rendered":"http:\/\/fotografiaportugal.pt\/site\/?page_id=1386"},"modified":"2021-08-15T17:14:33","modified_gmt":"2021-08-15T17:14:33","slug":"the-best-of-celestial-scenes","status":"publish","type":"page","link":"https:\/\/fotografiaportugal.pt\/site\/exposicoes\/the-best-of-celestial-scenes\/","title":{"rendered":"The Best of Celestial Scenes"},"content":{"rendered":"<p><a href=\"https:\/\/fotografiaportugal.pt\/site\/wp-content\/uploads\/2015\/11\/TheBestOf-Banner1.jpg\"><img loading=\"lazy\" decoding=\"async\" class=\"alignnone size-medium wp-image-1387\" src=\"https:\/\/fotografiaportugal.pt\/site\/wp-content\/uploads\/2015\/11\/TheBestOf-Banner1-300x113.jpg\" alt=\"TheBestOf-Banner1\" width=\"300\" height=\"113\" srcset=\"https:\/\/fotografiaportugal.pt\/site\/wp-content\/uploads\/2015\/11\/TheBestOf-Banner1-300x113.jpg 300w, https:\/\/fotografiaportugal.pt\/site\/wp-content\/uploads\/2015\/11\/TheBestOf-Banner1.jpg 980w, https:\/\/fotografiaportugal.pt\/site\/wp-content\/uploads\/2015\/11\/TheBestOf-Banner1-100x38.jpg 100w\" sizes=\"auto, (max-width: 300px) 100vw, 300px\" \/><\/a><\/p>\n<p><strong>The Best of Celestial Scenes<\/strong> &#8211; Imaging to touch your soul<\/p>\n<p>O melhor de cen\u00e1rios celestes &#8211; Imagens para tocar a sua alma<\/p>\n<p>by\/de Miguel Claro<\/p>\n<p><a href=\"https:\/\/fotografiaportugal.pt\/site\/wp-content\/uploads\/2015\/11\/MiguelCC_1801-net-608x900.jpg\"><img loading=\"lazy\" decoding=\"async\" class=\"alignnone size-medium wp-image-1388\" src=\"https:\/\/fotografiaportugal.pt\/site\/wp-content\/uploads\/2015\/11\/MiguelCC_1801-net-608x900-203x300.jpg\" alt=\"MiguelCC_1801-net-608x900\" width=\"203\" height=\"300\" srcset=\"https:\/\/fotografiaportugal.pt\/site\/wp-content\/uploads\/2015\/11\/MiguelCC_1801-net-608x900-203x300.jpg 203w, https:\/\/fotografiaportugal.pt\/site\/wp-content\/uploads\/2015\/11\/MiguelCC_1801-net-608x900.jpg 608w, https:\/\/fotografiaportugal.pt\/site\/wp-content\/uploads\/2015\/11\/MiguelCC_1801-net-608x900-68x100.jpg 68w\" sizes=\"auto, (max-width: 203px) 100vw, 203px\" \/><\/a><\/p>\n<table>\n<tbody>\n<tr>\n<td width=\"471\"><strong>Miguel Claro<\/strong>\u00a0is a professional photographer, author and science communicator in Astronomy. He is also the official astrophotographer of the Dark Sky\u00ae Alqueva Reserve and is a member of the photo workshop team Fotonature. He collaborates with the\u00a0<em>National Geographic Portugal<\/em>,\u00a0<em>Ciel et Espace<\/em>, and\u00a0<em>Astronomy<\/em>\u00a0magazines. He is a jury president of the international competition for night sky photography Photo Nightscape Award \u2013 PNA, held annually in Paris. He has been a lecturer at two TEDx conferences, in Lisbon and Caldas da Rainha. He is the author of\u00a0<strong><a href=\"https:\/\/fotografiaportugal.pt\/site\/shop\/livros\/astrofotografia-imagens-a-luz-das-estrelas\/\">Astrofotografia \u2013 Imagens \u00e0 Luz das Estrelas<\/a><\/strong> and <strong><a href=\"https:\/\/fotografiaportugal.pt\/site\/shop\/livros\/dark-sky-alqueva-o-destino-das-estrelas-a-star-destination\/\">Dark Sky Alqueva \u2013 O Destino das Estrelas \/ A Star Destination<\/a><\/strong>, published by Centro Atl\u00e2ntico. He featured in an article \u201cBest Edit\u201d in\u00a0<em>National Geographic<\/em>. He was shortlisted twice for Astronomy Photographer of the Year by the Royal Observatory of Greenwich. His images have travelled the world and have been published in many different media, as well in the most prestigious international magazines and pages, such as Astronomy Picture of the Day by NASA.<\/td>\n<td width=\"471\"><strong>Miguel Claro<\/strong>\u00a0\u00e9 fot\u00f3grafo profissional, autor e comunicador de divulga\u00e7\u00e3o cient\u00edfica na \u00e1rea da Astronomia. \u00c9 tamb\u00e9m o astrofot\u00f3grafo oficial da Reserva Dark Sky\u00ae Alqueva e membro da equipa de formadores Fotonature. Colabora ainda com a revista\u00a0<em>National Geographic Portugal<\/em>, com a\u00a0<em>Ciel et Espace<\/em>\u00a0e com a\u00a0<em>Astronomy magazine<\/em>. \u00c9 j\u00fari presidente do concurso internacional de fotografia nocturna Photo Nightscape Award &#8211; PNA que se realiza anualmente em Paris. J\u00e1 foi conferencista em duas edi\u00e7\u00f5es TEDx em Lisboa e Caldas da Rainha e \u00e9 autor da obra\u00a0<strong><a href=\"https:\/\/fotografiaportugal.pt\/site\/shop\/livros\/astrofotografia-imagens-a-luz-das-estrelas\/\">Astrofotografia &#8211; Imagens \u00e0 Luz das Estrelas<\/a> <\/strong>e <strong><a href=\"https:\/\/fotografiaportugal.pt\/site\/shop\/livros\/dark-sky-alqueva-o-destino-das-estrelas-a-star-destination\/\">Dark Sky Alqueva \u2013 O Destino das Estrelas \/ A Star Destination<\/a><\/strong>, publicada pela editora Centro Atl\u00e2ntico. Protagonista de um artigo Best Edit na\u00a0<em>National Geographic<\/em>, j\u00e1 recebeu duas nomea\u00e7\u00f5es para Astronomy Photographer of the Year pelo Royal Observatory of Greenwich. As suas imagens t\u00eam percorrido o mundo, publicadas em diversos meios de comunica\u00e7\u00e3o social, nas mais prestigiadas revistas e em p\u00e1ginas internacionais, como a Astronomy Picture of the Day da NASA.<\/td>\n<\/tr>\n<\/tbody>\n<\/table>\n<p><strong>Books \/ Livros<\/strong><\/p>\n<table>\n<tbody>\n<tr>\n<td width=\"471\"><a href=\"https:\/\/fotografiaportugal.pt\/site\/shop\/livros\/dark-sky-alqueva-o-destino-das-estrelas-a-star-destination\/\"><img loading=\"lazy\" decoding=\"async\" class=\"alignnone size-medium wp-image-875\" src=\"https:\/\/fotografiaportugal.pt\/site\/wp-content\/uploads\/2015\/07\/capa-livro-ca-darksky_1000px-226x300.jpg\" alt=\"capa-livro-ca-darksky_1000px\" width=\"226\" height=\"300\" srcset=\"https:\/\/fotografiaportugal.pt\/site\/wp-content\/uploads\/2015\/07\/capa-livro-ca-darksky_1000px-226x300.jpg 226w, https:\/\/fotografiaportugal.pt\/site\/wp-content\/uploads\/2015\/07\/capa-livro-ca-darksky_1000px-770x1024.jpg 770w, https:\/\/fotografiaportugal.pt\/site\/wp-content\/uploads\/2015\/07\/capa-livro-ca-darksky_1000px-140x186.jpg 140w, https:\/\/fotografiaportugal.pt\/site\/wp-content\/uploads\/2015\/07\/capa-livro-ca-darksky_1000px.jpg 1000w\" sizes=\"auto, (max-width: 226px) 100vw, 226px\" \/><\/a><\/td>\n<td width=\"471\"><a href=\"https:\/\/fotografiaportugal.pt\/site\/shop\/livros\/astrofotografia-imagens-a-luz-das-estrelas\/\"><img loading=\"lazy\" decoding=\"async\" class=\"alignnone size-medium wp-image-159\" src=\"https:\/\/fotografiaportugal.pt\/site\/wp-content\/uploads\/2015\/04\/astroFotografia190.gif\" alt=\"astroFotografia190\" width=\"190\" height=\"190\" \/><\/a><\/td>\n<\/tr>\n<tr>\n<td width=\"471\"><strong><a href=\"https:\/\/fotografiaportugal.pt\/site\/shop\/livros\/dark-sky-alqueva-o-destino-das-estrelas-a-star-destination\/\">Dark Sky Alqueva<\/a>\u00a0(ESGOTADO)<\/strong><\/p>\n<p><strong>O Destino das Estrelas \/ A Star Destination<\/strong><\/p>\n<p>Autor: Miguel Claro<\/p>\n<p>ISBN: 978-989-615-204-8<\/p>\n<p>P\u00e1gs: 160 (a cores, em edi\u00e7\u00e3o de luxo: capa dura com sobrecapa)<\/td>\n<td width=\"471\"><strong><a href=\"https:\/\/fotografiaportugal.pt\/site\/shop\/livros\/astrofotografia-imagens-a-luz-das-estrelas\/\">astroFotografia<\/a><\/strong><\/p>\n<p><strong>Imagens \u00e0 luz das estrelas<\/strong><\/p>\n<p>Autor: Miguel Claro<\/p>\n<p>ISBN: 978-989-615-178-2<\/p>\n<p>P\u00e1gs: 192 (a cores)<\/td>\n<\/tr>\n<\/tbody>\n<\/table>\n<p><strong>Exhibition \/ Exposi\u00e7\u00e3o<\/strong><\/p>\n<table>\n<tbody>\n<tr>\n<td width=\"471\"><strong>The Best of Celestial Scenes<\/strong><\/p>\n<p>Imaging to touch your soul<\/p>\n<p>by Miguel Claro\u00a0\u00a9<\/td>\n<td width=\"471\"><strong>O melhor de cen\u00e1rios celestes<\/strong><\/p>\n<p>Imagens para tocar a sua alma<\/p>\n<p>de Miguel Claro\u00a0\u00a9<\/td>\n<\/tr>\n<\/tbody>\n<\/table>\n<p>Todas as fotos apresentadas na exposi\u00e7\u00e3o <em>online<\/em> &#8220;<strong>The Best of Celestial Scenes<\/strong>&#8221; s\u00e3o propriedade de <strong>Miguel Claro<\/strong>, estando sujeitas a direitos de autor, pelo que \u00e9 totalmente proibida a sua utiliza\u00e7\u00e3o sem a autoriza\u00e7\u00e3o do mesmo. A divulga\u00e7\u00e3o da presente exposi\u00e7\u00e3o e de todo o seu conte\u00fado (fotos, v\u00eddeos, textos) foram autorizados pelo autor a <a href=\"https:\/\/fotografiaportugal.pt\/site\/\">FOTOGRAFIA PORTUGAL\u00a0\u00ae<\/a><\/p>\n<div  id=\"jtg-9515\" class=\"modula modula-gallery modula-creative-gallery\" data-config=\"{&quot;height&quot;:800,&quot;tabletHeight&quot;:800,&quot;mobileHeight&quot;:800,&quot;desktopHeight&quot;:800,&quot;enableTwitter&quot;:false,&quot;enableWhatsapp&quot;:false,&quot;enableFacebook&quot;:false,&quot;enablePinterest&quot;:false,&quot;enableLinkedin&quot;:false,&quot;enableEmail&quot;:false,&quot;randomFactor&quot;:0.5,&quot;type&quot;:&quot;creative-gallery&quot;,&quot;columns&quot;:12,&quot;gutter&quot;:10,&quot;mobileGutter&quot;:10,&quot;tabletGutter&quot;:10,&quot;desktopGutter&quot;:10,&quot;enableResponsive&quot;:&quot;0&quot;,&quot;tabletColumns&quot;:&quot;2&quot;,&quot;mobileColumns&quot;:&quot;1&quot;,&quot;lazyLoad&quot;:0,&quot;lightboxOpts&quot;:{&quot;animated&quot;:true,&quot;Thumbs&quot;:{&quot;type&quot;:&quot;modern&quot;,&quot;showOnStart&quot;:false},&quot;Toolbar&quot;:{&quot;display&quot;:{&quot;right&quot;:[&quot;slideshow&quot;,&quot;close&quot;],&quot;left&quot;:[&quot;infobar&quot;]},&quot;enabled&quot;:true},&quot;Carousel&quot;:{&quot;Panzoom&quot;:{&quot;touch&quot;:false},&quot;infinite&quot;:true,&quot;transition&quot;:&quot;fade&quot;},&quot;keyboard&quot;:{&quot;Escape&quot;:&quot;close&quot;,&quot;Delete&quot;:&quot;close&quot;,&quot;Backspace&quot;:&quot;close&quot;,&quot;PageUp&quot;:&quot;next&quot;,&quot;PageDown&quot;:&quot;prev&quot;,&quot;ArrowUp&quot;:&quot;prev&quot;,&quot;ArrowDown&quot;:&quot;next&quot;,&quot;ArrowRight&quot;:&quot;next&quot;,&quot;ArrowLeft&quot;:&quot;prev&quot;},&quot;touch&quot;:false,&quot;backdropClick&quot;:false,&quot;l10n&quot;:{&quot;CLOSE&quot;:&quot;Close&quot;,&quot;NEXT&quot;:&quot;Next&quot;,&quot;PREV&quot;:&quot;Previous&quot;,&quot;Error&quot;:&quot;The requested content cannot be loaded. Please try again later.&quot;,&quot;PLAY_START&quot;:&quot;Start slideshow&quot;,&quot;PLAY_STOP&quot;:&quot;Pause slideshow&quot;,&quot;FULL_SCREEN&quot;:&quot;Full screen&quot;,&quot;THUMBS&quot;:&quot;Thumbnails&quot;,&quot;DOWNLOAD&quot;:&quot;Download&quot;,&quot;SHARE&quot;:&quot;Share&quot;,&quot;ZOOM&quot;:&quot;Zoom&quot;,&quot;EMAIL&quot;:&quot;Here is the link to the image : %%image_link%% and this is the link to the gallery : %%gallery_link%%&quot;,&quot;MODAL&quot;:&quot;You can close this modal content with the ESC key&quot;,&quot;ERROR&quot;:&quot;Something Went Wrong, Please Try Again Later&quot;,&quot;IMAGE_ERROR&quot;:&quot;Image Not Found&quot;,&quot;ELEMENT_NOT_FOUND&quot;:&quot;HTML Element Not Found&quot;,&quot;AJAX_NOT_FOUND&quot;:&quot;Error Loading AJAX : Not Found&quot;,&quot;AJAX_FORBIDDEN&quot;:&quot;Error Loading AJAX : Forbidden&quot;,&quot;IFRAME_ERROR&quot;:&quot;Error Loading Page&quot;,&quot;TOGGLE_ZOOM&quot;:&quot;Toggle zoom level&quot;,&quot;TOGGLE_THUMBS&quot;:&quot;Toggle thumbnails&quot;,&quot;TOGGLE_SLIDESHOW&quot;:&quot;Toggle slideshow&quot;,&quot;TOGGLE_FULLSCREEN&quot;:&quot;Toggle full-screen mode&quot;},&quot;Images&quot;:{&quot;Panzoom&quot;:{&quot;maxScale&quot;:2}},&quot;toolbar&quot;:true,&quot;wheel&quot;:false,&quot;animationEffect&quot;:&quot;false&quot;,&quot;animationDuration&quot;:366,&quot;transitionEffect&quot;:&quot;false&quot;,&quot;Html&quot;:{&quot;videoAutoplay&quot;:0,&quot;videoTpl&quot;:&quot;&lt;video class=\\&quot;fancybox__html5video modula_html5_video\\&quot; controls playsinline controlsList controlsList=\\&quot;nodownload\\&quot; poster=\\&quot;{{poster}}\\&quot; src=\\&quot;{{src}}\\&quot; type=\\&quot;{{format}}\\&quot; &gt;  Sorry, your browser doesn&#039;t support embedded videos, &lt;a href=\\&quot;{{src}}\\&quot;&gt; download &lt;\\\/a&gt; and watch with your favorite video player! &lt;\\\/video&gt;&quot;,&quot;vimeo&quot;:{&quot;autopause&quot;:0}},&quot;Slideshow&quot;:{&quot;playOnStart&quot;:true,&quot;pauseOnHover&quot;:false,&quot;timeout&quot;:3000},&quot;mainClass&quot;:&quot;modula-fancybox-container modula-lightbox-jtg-9515&quot;},&quot;inView&quot;:false,&quot;email_subject&quot;:&quot;Check out this awesome image !!&quot;,&quot;email_message&quot;:&quot;Here is the link to the image : %%image_link%% and this is the link to the gallery : %%gallery_link%%&quot;,&quot;lightbox&quot;:&quot;fancybox&quot;,&quot;filterClick&quot;:&quot;0&quot;,&quot;dropdownFilters&quot;:&quot;0&quot;,&quot;defaultActiveFilter&quot;:&quot;all&quot;,&quot;initLightbox&quot;:&quot;modula_pro_init_lightbox&quot;,&quot;haveFilters&quot;:0,&quot;lightbox_devices&quot;:&quot;both&quot;,&quot;options&quot;:{&quot;lightbox&quot;:&quot;fancybox&quot;},&quot;enableSlideshow&quot;:&quot;1&quot;,&quot;enableAutoplay&quot;:&quot;1&quot;,&quot;slideshowSpeed&quot;:&quot;3000&quot;,&quot;pauseOnHover&quot;:&quot;0&quot;}\">\n\n\t\n\t<div  class=\"modula-items\">\n\t\t<div class=\"modula-item effect-pufrobo jtg-filter-all jtg-filter-\" >\n\t<div class=\"modula-item-overlay\"><\/div>\n\n\t<div class=\"modula-item-content\">\n\n\t\t<a data-image-id=\"9787\" role=\"button\" tabindex=\"0\" rel=\"jtg-9515\" data-caption=\"&lt;span class=&quot;modula-caption-description&quot;&gt;&lt;\/span&gt;\" aria-label=\"Open image in lightbox\" data-thumb=\"https:\/\/fotografiaportugal.pt\/site\/wp-content\/uploads\/2021\/08\/01-SobreiroOrionNaveTerra_4053-Mosaic-net-178x300.jpg\" class=\"tile-inner modula-item-link\"><\/a><img loading=\"lazy\" decoding=\"async\" class=\"pic wp-image-9787\"  data-valign=\"middle\" data-halign=\"center\" alt=\"\" data-full=\"https:\/\/fotografiaportugal.pt\/site\/wp-content\/uploads\/2021\/08\/01-SobreiroOrionNaveTerra_4053-Mosaic-net.jpg\" title=\"01 SobreiroOrionNaveTerra_4053-Mosaic-net\" crop=\"\" width=\"178\" height=\"300\" src=\"https:\/\/fotografiaportugal.pt\/site\/wp-content\/uploads\/2021\/08\/01-SobreiroOrionNaveTerra_4053-Mosaic-net-178x300.jpg\" data-src=\"https:\/\/fotografiaportugal.pt\/site\/wp-content\/uploads\/2021\/08\/01-SobreiroOrionNaveTerra_4053-Mosaic-net-178x300.jpg\" data-caption=\"\" srcset=\"https:\/\/fotografiaportugal.pt\/site\/wp-content\/uploads\/2021\/08\/01-SobreiroOrionNaveTerra_4053-Mosaic-net.jpg 594w, https:\/\/fotografiaportugal.pt\/site\/wp-content\/uploads\/2021\/08\/01-SobreiroOrionNaveTerra_4053-Mosaic-net-178x300.jpg 178w\" sizes=\"auto, (max-width: 178px) 100vw, 178px\" \/>\n\t\t<div class=\"figc no-description\">\n\t\t\t<div class=\"figc-inner\">\n\t\t\t\t\t\t\t\t\t\t\t\t\t\t\t<\/div>\n\t\t<\/div>\n\n\t<\/div>\n\n<\/div><div class=\"modula-item effect-pufrobo jtg-filter-all jtg-filter-\" >\n\t<div class=\"modula-item-overlay\"><\/div>\n\n\t<div class=\"modula-item-content\">\n\n\t\t<a data-image-id=\"9790\" role=\"button\" tabindex=\"0\" rel=\"jtg-9515\" data-caption=\"&lt;span class=&quot;modula-caption-description&quot;&gt;&lt;\/span&gt;\" aria-label=\"Open image in lightbox\" data-thumb=\"https:\/\/fotografiaportugal.pt\/site\/wp-content\/uploads\/2021\/08\/02-InsideAnta-ManStartrail-Monsaraz-net-300x200.jpg\" class=\"tile-inner modula-item-link\"><\/a><img loading=\"lazy\" decoding=\"async\" class=\"pic wp-image-9790\"  data-valign=\"middle\" data-halign=\"center\" alt=\"\" data-full=\"https:\/\/fotografiaportugal.pt\/site\/wp-content\/uploads\/2021\/08\/02-InsideAnta-ManStartrail-Monsaraz-net.jpg\" title=\"02 InsideAnta-ManStartrail-Monsaraz-net\" crop=\"\" width=\"300\" height=\"200\" src=\"https:\/\/fotografiaportugal.pt\/site\/wp-content\/uploads\/2021\/08\/02-InsideAnta-ManStartrail-Monsaraz-net-300x200.jpg\" data-src=\"https:\/\/fotografiaportugal.pt\/site\/wp-content\/uploads\/2021\/08\/02-InsideAnta-ManStartrail-Monsaraz-net-300x200.jpg\" data-caption=\"\" srcset=\"https:\/\/fotografiaportugal.pt\/site\/wp-content\/uploads\/2021\/08\/02-InsideAnta-ManStartrail-Monsaraz-net.jpg 1000w, https:\/\/fotografiaportugal.pt\/site\/wp-content\/uploads\/2021\/08\/02-InsideAnta-ManStartrail-Monsaraz-net-300x200.jpg 300w\" sizes=\"auto, (max-width: 300px) 100vw, 300px\" \/>\n\t\t<div class=\"figc no-description\">\n\t\t\t<div class=\"figc-inner\">\n\t\t\t\t\t\t\t\t\t\t\t\t\t\t\t<\/div>\n\t\t<\/div>\n\n\t<\/div>\n\n<\/div><div class=\"modula-item effect-pufrobo jtg-filter-all jtg-filter-\" >\n\t<div class=\"modula-item-overlay\"><\/div>\n\n\t<div class=\"modula-item-content\">\n\n\t\t<a data-image-id=\"9791\" role=\"button\" tabindex=\"0\" rel=\"jtg-9515\" data-caption=\"&lt;span class=&quot;modula-caption-description&quot;&gt;&lt;\/span&gt;\" aria-label=\"Open image in lightbox\" data-thumb=\"https:\/\/fotografiaportugal.pt\/site\/wp-content\/uploads\/2021\/08\/03-CrescentMoon_MonsarazCastle-0153-net-300x93.jpg\" class=\"tile-inner modula-item-link\"><\/a><img loading=\"lazy\" decoding=\"async\" class=\"pic wp-image-9791\"  data-valign=\"middle\" data-halign=\"center\" alt=\"\" data-full=\"https:\/\/fotografiaportugal.pt\/site\/wp-content\/uploads\/2021\/08\/03-CrescentMoon_MonsarazCastle-0153-net.jpg\" title=\"03 CrescentMoon_MonsarazCastle-0153-net\" crop=\"\" width=\"300\" height=\"93\" src=\"https:\/\/fotografiaportugal.pt\/site\/wp-content\/uploads\/2021\/08\/03-CrescentMoon_MonsarazCastle-0153-net-300x93.jpg\" data-src=\"https:\/\/fotografiaportugal.pt\/site\/wp-content\/uploads\/2021\/08\/03-CrescentMoon_MonsarazCastle-0153-net-300x93.jpg\" data-caption=\"\" srcset=\"https:\/\/fotografiaportugal.pt\/site\/wp-content\/uploads\/2021\/08\/03-CrescentMoon_MonsarazCastle-0153-net.jpg 1286w, https:\/\/fotografiaportugal.pt\/site\/wp-content\/uploads\/2021\/08\/03-CrescentMoon_MonsarazCastle-0153-net-300x93.jpg 300w, https:\/\/fotografiaportugal.pt\/site\/wp-content\/uploads\/2021\/08\/03-CrescentMoon_MonsarazCastle-0153-net-1024x319.jpg 1024w\" sizes=\"auto, (max-width: 300px) 100vw, 300px\" \/>\n\t\t<div class=\"figc no-description\">\n\t\t\t<div class=\"figc-inner\">\n\t\t\t\t\t\t\t\t\t\t\t\t\t\t\t<\/div>\n\t\t<\/div>\n\n\t<\/div>\n\n<\/div><div class=\"modula-item effect-pufrobo jtg-filter-all jtg-filter-\" >\n\t<div class=\"modula-item-overlay\"><\/div>\n\n\t<div class=\"modula-item-content\">\n\n\t\t<a data-image-id=\"9794\" role=\"button\" tabindex=\"0\" rel=\"jtg-9515\" data-caption=\"&lt;span class=&quot;modula-caption-description&quot;&gt;&lt;\/span&gt;\" aria-label=\"Open image in lightbox\" data-thumb=\"https:\/\/fotografiaportugal.pt\/site\/wp-content\/uploads\/2021\/08\/04-TotalLunarEclipse-LaPalma_6247-net-300x200.jpg\" class=\"tile-inner modula-item-link\"><\/a><img loading=\"lazy\" decoding=\"async\" class=\"pic wp-image-9794\"  data-valign=\"middle\" data-halign=\"center\" alt=\"\" data-full=\"https:\/\/fotografiaportugal.pt\/site\/wp-content\/uploads\/2021\/08\/04-TotalLunarEclipse-LaPalma_6247-net.jpg\" title=\"04 TotalLunarEclipse-LaPalma_6247-net\" crop=\"\" width=\"300\" height=\"200\" src=\"https:\/\/fotografiaportugal.pt\/site\/wp-content\/uploads\/2021\/08\/04-TotalLunarEclipse-LaPalma_6247-net-300x200.jpg\" data-src=\"https:\/\/fotografiaportugal.pt\/site\/wp-content\/uploads\/2021\/08\/04-TotalLunarEclipse-LaPalma_6247-net-300x200.jpg\" data-caption=\"\" srcset=\"https:\/\/fotografiaportugal.pt\/site\/wp-content\/uploads\/2021\/08\/04-TotalLunarEclipse-LaPalma_6247-net.jpg 1000w, https:\/\/fotografiaportugal.pt\/site\/wp-content\/uploads\/2021\/08\/04-TotalLunarEclipse-LaPalma_6247-net-300x200.jpg 300w\" sizes=\"auto, (max-width: 300px) 100vw, 300px\" \/>\n\t\t<div class=\"figc no-description\">\n\t\t\t<div class=\"figc-inner\">\n\t\t\t\t\t\t\t\t\t\t\t\t\t\t\t<\/div>\n\t\t<\/div>\n\n\t<\/div>\n\n<\/div><div class=\"modula-item effect-pufrobo jtg-filter-all jtg-filter-\" >\n\t<div class=\"modula-item-overlay\"><\/div>\n\n\t<div class=\"modula-item-content\">\n\n\t\t<a data-image-id=\"9795\" role=\"button\" tabindex=\"0\" rel=\"jtg-9515\" data-caption=\"&lt;span class=&quot;modula-caption-description&quot;&gt;&lt;\/span&gt;\" aria-label=\"Open image in lightbox\" data-thumb=\"https:\/\/fotografiaportugal.pt\/site\/wp-content\/uploads\/2021\/08\/05-Poster-LunarEclipseFullDome-net-300x203.jpg\" class=\"tile-inner modula-item-link\"><\/a><img loading=\"lazy\" decoding=\"async\" class=\"pic wp-image-9795\"  data-valign=\"middle\" data-halign=\"center\" alt=\"\" data-full=\"https:\/\/fotografiaportugal.pt\/site\/wp-content\/uploads\/2021\/08\/05-Poster-LunarEclipseFullDome-net.jpg\" title=\"05 Poster-LunarEclipseFullDome-net\" crop=\"\" width=\"300\" height=\"203\" src=\"https:\/\/fotografiaportugal.pt\/site\/wp-content\/uploads\/2021\/08\/05-Poster-LunarEclipseFullDome-net-300x203.jpg\" data-src=\"https:\/\/fotografiaportugal.pt\/site\/wp-content\/uploads\/2021\/08\/05-Poster-LunarEclipseFullDome-net-300x203.jpg\" data-caption=\"\" srcset=\"https:\/\/fotografiaportugal.pt\/site\/wp-content\/uploads\/2021\/08\/05-Poster-LunarEclipseFullDome-net.jpg 1000w, https:\/\/fotografiaportugal.pt\/site\/wp-content\/uploads\/2021\/08\/05-Poster-LunarEclipseFullDome-net-300x203.jpg 300w\" sizes=\"auto, (max-width: 300px) 100vw, 300px\" \/>\n\t\t<div class=\"figc no-description\">\n\t\t\t<div class=\"figc-inner\">\n\t\t\t\t\t\t\t\t\t\t\t\t\t\t\t<\/div>\n\t\t<\/div>\n\n\t<\/div>\n\n<\/div><div class=\"modula-item effect-pufrobo jtg-filter-all jtg-filter-\" >\n\t<div class=\"modula-item-overlay\"><\/div>\n\n\t<div class=\"modula-item-content\">\n\n\t\t<a data-image-id=\"9798\" role=\"button\" tabindex=\"0\" rel=\"jtg-9515\" data-caption=\"&lt;span class=&quot;modula-caption-description&quot;&gt;&lt;\/span&gt;\" aria-label=\"Open image in lightbox\" data-thumb=\"https:\/\/fotografiaportugal.pt\/site\/wp-content\/uploads\/2021\/08\/06-Precession-MC_Map_VEGA-POLARIS-Startrail-300x234.jpg\" class=\"tile-inner modula-item-link\"><\/a><img loading=\"lazy\" decoding=\"async\" class=\"pic wp-image-9798\"  data-valign=\"middle\" data-halign=\"center\" alt=\"\" data-full=\"https:\/\/fotografiaportugal.pt\/site\/wp-content\/uploads\/2021\/08\/06-Precession-MC_Map_VEGA-POLARIS-Startrail.jpg\" title=\"06 Precession-MC_Map_VEGA-POLARIS-Startrail\" crop=\"\" width=\"300\" height=\"234\" src=\"https:\/\/fotografiaportugal.pt\/site\/wp-content\/uploads\/2021\/08\/06-Precession-MC_Map_VEGA-POLARIS-Startrail-300x234.jpg\" data-src=\"https:\/\/fotografiaportugal.pt\/site\/wp-content\/uploads\/2021\/08\/06-Precession-MC_Map_VEGA-POLARIS-Startrail-300x234.jpg\" data-caption=\"\" srcset=\"https:\/\/fotografiaportugal.pt\/site\/wp-content\/uploads\/2021\/08\/06-Precession-MC_Map_VEGA-POLARIS-Startrail.jpg 1776w, https:\/\/fotografiaportugal.pt\/site\/wp-content\/uploads\/2021\/08\/06-Precession-MC_Map_VEGA-POLARIS-Startrail-300x234.jpg 300w, https:\/\/fotografiaportugal.pt\/site\/wp-content\/uploads\/2021\/08\/06-Precession-MC_Map_VEGA-POLARIS-Startrail-1024x800.jpg 1024w\" sizes=\"auto, (max-width: 300px) 100vw, 300px\" \/>\n\t\t<div class=\"figc no-description\">\n\t\t\t<div class=\"figc-inner\">\n\t\t\t\t\t\t\t\t\t\t\t\t\t\t\t<\/div>\n\t\t<\/div>\n\n\t<\/div>\n\n<\/div><div class=\"modula-item effect-pufrobo jtg-filter-all jtg-filter-\" >\n\t<div class=\"modula-item-overlay\"><\/div>\n\n\t<div class=\"modula-item-content\">\n\n\t\t<a data-image-id=\"9800\" role=\"button\" tabindex=\"0\" rel=\"jtg-9515\" data-caption=\"&lt;span class=&quot;modula-caption-description&quot;&gt;&lt;\/span&gt;\" aria-label=\"Open image in lightbox\" data-thumb=\"https:\/\/fotografiaportugal.pt\/site\/wp-content\/uploads\/2021\/08\/07-GiantsCausWay-Ireland-8318-net-300x198.jpg\" class=\"tile-inner modula-item-link\"><\/a><img loading=\"lazy\" decoding=\"async\" class=\"pic wp-image-9800\"  data-valign=\"middle\" data-halign=\"center\" alt=\"\" data-full=\"https:\/\/fotografiaportugal.pt\/site\/wp-content\/uploads\/2021\/08\/07-GiantsCausWay-Ireland-8318-net.jpg\" title=\"07 GiantsCausWay-Ireland-8318-net\" crop=\"\" width=\"300\" height=\"198\" src=\"https:\/\/fotografiaportugal.pt\/site\/wp-content\/uploads\/2021\/08\/07-GiantsCausWay-Ireland-8318-net-300x198.jpg\" data-src=\"https:\/\/fotografiaportugal.pt\/site\/wp-content\/uploads\/2021\/08\/07-GiantsCausWay-Ireland-8318-net-300x198.jpg\" data-caption=\"\" srcset=\"https:\/\/fotografiaportugal.pt\/site\/wp-content\/uploads\/2021\/08\/07-GiantsCausWay-Ireland-8318-net.jpg 1000w, https:\/\/fotografiaportugal.pt\/site\/wp-content\/uploads\/2021\/08\/07-GiantsCausWay-Ireland-8318-net-300x198.jpg 300w\" sizes=\"auto, (max-width: 300px) 100vw, 300px\" \/>\n\t\t<div class=\"figc no-description\">\n\t\t\t<div class=\"figc-inner\">\n\t\t\t\t\t\t\t\t\t\t\t\t\t\t\t<\/div>\n\t\t<\/div>\n\n\t<\/div>\n\n<\/div><div class=\"modula-item effect-pufrobo jtg-filter-all jtg-filter-\" >\n\t<div class=\"modula-item-overlay\"><\/div>\n\n\t<div class=\"modula-item-content\">\n\n\t\t<a data-image-id=\"9801\" role=\"button\" tabindex=\"0\" rel=\"jtg-9515\" data-caption=\"&lt;span class=&quot;modula-caption-description&quot;&gt;&lt;\/span&gt;\" aria-label=\"Open image in lightbox\" data-thumb=\"https:\/\/fotografiaportugal.pt\/site\/wp-content\/uploads\/2021\/08\/08-PolartrailNaveterra-Brown_4594_4751-net-300x200.jpg\" class=\"tile-inner modula-item-link\"><\/a><img loading=\"lazy\" decoding=\"async\" class=\"pic wp-image-9801\"  data-valign=\"middle\" data-halign=\"center\" alt=\"\" data-full=\"https:\/\/fotografiaportugal.pt\/site\/wp-content\/uploads\/2021\/08\/08-PolartrailNaveterra-Brown_4594_4751-net.jpg\" title=\"08 PolartrailNaveterra-Brown_4594_4751-net\" crop=\"\" width=\"300\" height=\"200\" src=\"https:\/\/fotografiaportugal.pt\/site\/wp-content\/uploads\/2021\/08\/08-PolartrailNaveterra-Brown_4594_4751-net-300x200.jpg\" data-src=\"https:\/\/fotografiaportugal.pt\/site\/wp-content\/uploads\/2021\/08\/08-PolartrailNaveterra-Brown_4594_4751-net-300x200.jpg\" data-caption=\"\" srcset=\"https:\/\/fotografiaportugal.pt\/site\/wp-content\/uploads\/2021\/08\/08-PolartrailNaveterra-Brown_4594_4751-net.jpg 1000w, https:\/\/fotografiaportugal.pt\/site\/wp-content\/uploads\/2021\/08\/08-PolartrailNaveterra-Brown_4594_4751-net-300x200.jpg 300w\" sizes=\"auto, (max-width: 300px) 100vw, 300px\" \/>\n\t\t<div class=\"figc no-description\">\n\t\t\t<div class=\"figc-inner\">\n\t\t\t\t\t\t\t\t\t\t\t\t\t\t\t<\/div>\n\t\t<\/div>\n\n\t<\/div>\n\n<\/div><div class=\"modula-item effect-pufrobo jtg-filter-all jtg-filter-\" >\n\t<div class=\"modula-item-overlay\"><\/div>\n\n\t<div class=\"modula-item-content\">\n\n\t\t<a data-image-id=\"9802\" role=\"button\" tabindex=\"0\" rel=\"jtg-9515\" data-caption=\"&lt;span class=&quot;modula-caption-description&quot;&gt;&lt;\/span&gt;\" aria-label=\"Open image in lightbox\" data-thumb=\"https:\/\/fotografiaportugal.pt\/site\/wp-content\/uploads\/2021\/08\/09-TreeSilhuetaNoudarPolaris-net-300x200.jpg\" class=\"tile-inner modula-item-link\"><\/a><img loading=\"lazy\" decoding=\"async\" class=\"pic wp-image-9802\"  data-valign=\"middle\" data-halign=\"center\" alt=\"\" data-full=\"https:\/\/fotografiaportugal.pt\/site\/wp-content\/uploads\/2021\/08\/09-TreeSilhuetaNoudarPolaris-net.jpg\" title=\"09 TreeSilhuetaNoudarPolaris-net\" crop=\"\" width=\"300\" height=\"200\" src=\"https:\/\/fotografiaportugal.pt\/site\/wp-content\/uploads\/2021\/08\/09-TreeSilhuetaNoudarPolaris-net-300x200.jpg\" data-src=\"https:\/\/fotografiaportugal.pt\/site\/wp-content\/uploads\/2021\/08\/09-TreeSilhuetaNoudarPolaris-net-300x200.jpg\" data-caption=\"\" srcset=\"https:\/\/fotografiaportugal.pt\/site\/wp-content\/uploads\/2021\/08\/09-TreeSilhuetaNoudarPolaris-net.jpg 990w, https:\/\/fotografiaportugal.pt\/site\/wp-content\/uploads\/2021\/08\/09-TreeSilhuetaNoudarPolaris-net-300x200.jpg 300w\" sizes=\"auto, (max-width: 300px) 100vw, 300px\" \/>\n\t\t<div class=\"figc no-description\">\n\t\t\t<div class=\"figc-inner\">\n\t\t\t\t\t\t\t\t\t\t\t\t\t\t\t<\/div>\n\t\t<\/div>\n\n\t<\/div>\n\n<\/div><div class=\"modula-item effect-pufrobo jtg-filter-all jtg-filter-\" >\n\t<div class=\"modula-item-overlay\"><\/div>\n\n\t<div class=\"modula-item-content\">\n\n\t\t<a data-image-id=\"9806\" role=\"button\" tabindex=\"0\" rel=\"jtg-9515\" data-caption=\"&lt;span class=&quot;modula-caption-description&quot;&gt;&lt;\/span&gt;\" aria-label=\"Open image in lightbox\" data-thumb=\"https:\/\/fotografiaportugal.pt\/site\/wp-content\/uploads\/2021\/08\/10-TreeNoudarMilkyWaySilhoueteIMG_2500-net-209x300.jpg\" class=\"tile-inner modula-item-link\"><\/a><img loading=\"lazy\" decoding=\"async\" class=\"pic wp-image-9806\"  data-valign=\"middle\" data-halign=\"center\" alt=\"\" data-full=\"https:\/\/fotografiaportugal.pt\/site\/wp-content\/uploads\/2021\/08\/10-TreeNoudarMilkyWaySilhoueteIMG_2500-net.jpg\" title=\"10 TreeNoudarMilkyWaySilhoueteIMG_2500-net\" crop=\"\" width=\"209\" height=\"300\" src=\"https:\/\/fotografiaportugal.pt\/site\/wp-content\/uploads\/2021\/08\/10-TreeNoudarMilkyWaySilhoueteIMG_2500-net-209x300.jpg\" data-src=\"https:\/\/fotografiaportugal.pt\/site\/wp-content\/uploads\/2021\/08\/10-TreeNoudarMilkyWaySilhoueteIMG_2500-net-209x300.jpg\" data-caption=\"\" srcset=\"https:\/\/fotografiaportugal.pt\/site\/wp-content\/uploads\/2021\/08\/10-TreeNoudarMilkyWaySilhoueteIMG_2500-net.jpg 698w, https:\/\/fotografiaportugal.pt\/site\/wp-content\/uploads\/2021\/08\/10-TreeNoudarMilkyWaySilhoueteIMG_2500-net-209x300.jpg 209w\" sizes=\"auto, (max-width: 209px) 100vw, 209px\" \/>\n\t\t<div class=\"figc no-description\">\n\t\t\t<div class=\"figc-inner\">\n\t\t\t\t\t\t\t\t\t\t\t\t\t\t\t<\/div>\n\t\t<\/div>\n\n\t<\/div>\n\n<\/div><div class=\"modula-item effect-pufrobo jtg-filter-all jtg-filter-\" >\n\t<div class=\"modula-item-overlay\"><\/div>\n\n\t<div class=\"modula-item-content\">\n\n\t\t<a data-image-id=\"9807\" role=\"button\" tabindex=\"0\" rel=\"jtg-9515\" data-caption=\"&lt;span class=&quot;modula-caption-description&quot;&gt;&lt;\/span&gt;\" aria-label=\"Open image in lightbox\" data-thumb=\"https:\/\/fotografiaportugal.pt\/site\/wp-content\/uploads\/2021\/08\/11-MonsarazDarkSky-360ViewFullcircle-net-297x300.jpg\" class=\"tile-inner modula-item-link\"><\/a><img loading=\"lazy\" decoding=\"async\" class=\"pic wp-image-9807\"  data-valign=\"middle\" data-halign=\"center\" alt=\"\" data-full=\"https:\/\/fotografiaportugal.pt\/site\/wp-content\/uploads\/2021\/08\/11-MonsarazDarkSky-360ViewFullcircle-net.jpg\" title=\"11 MonsarazDarkSky-360ViewFullcircle-net\" crop=\"\" width=\"297\" height=\"300\" src=\"https:\/\/fotografiaportugal.pt\/site\/wp-content\/uploads\/2021\/08\/11-MonsarazDarkSky-360ViewFullcircle-net-297x300.jpg\" data-src=\"https:\/\/fotografiaportugal.pt\/site\/wp-content\/uploads\/2021\/08\/11-MonsarazDarkSky-360ViewFullcircle-net-297x300.jpg\" data-caption=\"\" srcset=\"https:\/\/fotografiaportugal.pt\/site\/wp-content\/uploads\/2021\/08\/11-MonsarazDarkSky-360ViewFullcircle-net.jpg 990w, https:\/\/fotografiaportugal.pt\/site\/wp-content\/uploads\/2021\/08\/11-MonsarazDarkSky-360ViewFullcircle-net-297x300.jpg 297w\" sizes=\"auto, (max-width: 297px) 100vw, 297px\" \/>\n\t\t<div class=\"figc no-description\">\n\t\t\t<div class=\"figc-inner\">\n\t\t\t\t\t\t\t\t\t\t\t\t\t\t\t<\/div>\n\t\t<\/div>\n\n\t<\/div>\n\n<\/div><div class=\"modula-item effect-pufrobo jtg-filter-all jtg-filter-\" >\n\t<div class=\"modula-item-overlay\"><\/div>\n\n\t<div class=\"modula-item-content\">\n\n\t\t<a data-image-id=\"9811\" role=\"button\" tabindex=\"0\" rel=\"jtg-9515\" data-caption=\"&lt;span class=&quot;modula-caption-description&quot;&gt;&lt;\/span&gt;\" aria-label=\"Open image in lightbox\" data-thumb=\"https:\/\/fotografiaportugal.pt\/site\/wp-content\/uploads\/2021\/08\/12-LakeofFireMosaic-Azores-Median-net-300x200.jpg\" class=\"tile-inner modula-item-link\"><\/a><img loading=\"lazy\" decoding=\"async\" class=\"pic wp-image-9811\"  data-valign=\"middle\" data-halign=\"center\" alt=\"\" data-full=\"https:\/\/fotografiaportugal.pt\/site\/wp-content\/uploads\/2021\/08\/12-LakeofFireMosaic-Azores-Median-net.jpg\" title=\"12 LakeofFireMosaic-Azores-Median-net\" crop=\"\" width=\"300\" height=\"200\" src=\"https:\/\/fotografiaportugal.pt\/site\/wp-content\/uploads\/2021\/08\/12-LakeofFireMosaic-Azores-Median-net-300x200.jpg\" data-src=\"https:\/\/fotografiaportugal.pt\/site\/wp-content\/uploads\/2021\/08\/12-LakeofFireMosaic-Azores-Median-net-300x200.jpg\" data-caption=\"\" srcset=\"https:\/\/fotografiaportugal.pt\/site\/wp-content\/uploads\/2021\/08\/12-LakeofFireMosaic-Azores-Median-net.jpg 990w, https:\/\/fotografiaportugal.pt\/site\/wp-content\/uploads\/2021\/08\/12-LakeofFireMosaic-Azores-Median-net-300x200.jpg 300w\" sizes=\"auto, (max-width: 300px) 100vw, 300px\" \/>\n\t\t<div class=\"figc no-description\">\n\t\t\t<div class=\"figc-inner\">\n\t\t\t\t\t\t\t\t\t\t\t\t\t\t\t<\/div>\n\t\t<\/div>\n\n\t<\/div>\n\n<\/div><div class=\"modula-item effect-pufrobo jtg-filter-all jtg-filter-\" >\n\t<div class=\"modula-item-overlay\"><\/div>\n\n\t<div class=\"modula-item-content\">\n\n\t\t<a data-image-id=\"9812\" role=\"button\" tabindex=\"0\" rel=\"jtg-9515\" data-caption=\"&lt;span class=&quot;modula-caption-description&quot;&gt;&lt;\/span&gt;\" aria-label=\"Open image in lightbox\" data-thumb=\"https:\/\/fotografiaportugal.pt\/site\/wp-content\/uploads\/2021\/08\/12-LakeofFireMosaic-Azores-Median-net-Label-2-300x200.jpg\" class=\"tile-inner modula-item-link\"><\/a><img loading=\"lazy\" decoding=\"async\" class=\"pic wp-image-9812\"  data-valign=\"middle\" data-halign=\"center\" alt=\"\" data-full=\"https:\/\/fotografiaportugal.pt\/site\/wp-content\/uploads\/2021\/08\/12-LakeofFireMosaic-Azores-Median-net-Label-2.jpg\" title=\"12 LakeofFireMosaic-Azores-Median-net-Label 2\" crop=\"\" width=\"300\" height=\"200\" src=\"https:\/\/fotografiaportugal.pt\/site\/wp-content\/uploads\/2021\/08\/12-LakeofFireMosaic-Azores-Median-net-Label-2-300x200.jpg\" data-src=\"https:\/\/fotografiaportugal.pt\/site\/wp-content\/uploads\/2021\/08\/12-LakeofFireMosaic-Azores-Median-net-Label-2-300x200.jpg\" data-caption=\"\" srcset=\"https:\/\/fotografiaportugal.pt\/site\/wp-content\/uploads\/2021\/08\/12-LakeofFireMosaic-Azores-Median-net-Label-2.jpg 990w, https:\/\/fotografiaportugal.pt\/site\/wp-content\/uploads\/2021\/08\/12-LakeofFireMosaic-Azores-Median-net-Label-2-300x200.jpg 300w\" sizes=\"auto, (max-width: 300px) 100vw, 300px\" \/>\n\t\t<div class=\"figc no-description\">\n\t\t\t<div class=\"figc-inner\">\n\t\t\t\t\t\t\t\t\t\t\t\t\t\t\t<\/div>\n\t\t<\/div>\n\n\t<\/div>\n\n<\/div><div class=\"modula-item effect-pufrobo jtg-filter-all jtg-filter-\" >\n\t<div class=\"modula-item-overlay\"><\/div>\n\n\t<div class=\"modula-item-content\">\n\n\t\t<a data-image-id=\"9814\" role=\"button\" tabindex=\"0\" rel=\"jtg-9515\" data-caption=\"&lt;span class=&quot;modula-caption-description&quot;&gt;&lt;\/span&gt;\" aria-label=\"Open image in lightbox\" data-thumb=\"https:\/\/fotografiaportugal.pt\/site\/wp-content\/uploads\/2021\/08\/13-MAGIC-I-Back-Pleiades_4722-net-300x200.jpg\" class=\"tile-inner modula-item-link\"><\/a><img loading=\"lazy\" decoding=\"async\" class=\"pic wp-image-9814\"  data-valign=\"middle\" data-halign=\"center\" alt=\"\" data-full=\"https:\/\/fotografiaportugal.pt\/site\/wp-content\/uploads\/2021\/08\/13-MAGIC-I-Back-Pleiades_4722-net.jpg\" title=\"13 MAGIC-I-Back-Pleiades_4722-net\" crop=\"\" width=\"300\" height=\"200\" src=\"https:\/\/fotografiaportugal.pt\/site\/wp-content\/uploads\/2021\/08\/13-MAGIC-I-Back-Pleiades_4722-net-300x200.jpg\" data-src=\"https:\/\/fotografiaportugal.pt\/site\/wp-content\/uploads\/2021\/08\/13-MAGIC-I-Back-Pleiades_4722-net-300x200.jpg\" data-caption=\"\" srcset=\"https:\/\/fotografiaportugal.pt\/site\/wp-content\/uploads\/2021\/08\/13-MAGIC-I-Back-Pleiades_4722-net.jpg 972w, https:\/\/fotografiaportugal.pt\/site\/wp-content\/uploads\/2021\/08\/13-MAGIC-I-Back-Pleiades_4722-net-300x200.jpg 300w\" sizes=\"auto, (max-width: 300px) 100vw, 300px\" \/>\n\t\t<div class=\"figc no-description\">\n\t\t\t<div class=\"figc-inner\">\n\t\t\t\t\t\t\t\t\t\t\t\t\t\t\t<\/div>\n\t\t<\/div>\n\n\t<\/div>\n\n<\/div><div class=\"modula-item effect-pufrobo jtg-filter-all jtg-filter-\" >\n\t<div class=\"modula-item-overlay\"><\/div>\n\n\t<div class=\"modula-item-content\">\n\n\t\t<a data-image-id=\"9815\" role=\"button\" tabindex=\"0\" rel=\"jtg-9515\" data-caption=\"&lt;span class=&quot;modula-caption-description&quot;&gt;&lt;\/span&gt;\" aria-label=\"Open image in lightbox\" data-thumb=\"https:\/\/fotografiaportugal.pt\/site\/wp-content\/uploads\/2021\/08\/13-MAGIC-I-Back-Pleiades_4722-net-Label-2-300x200.jpg\" class=\"tile-inner modula-item-link\"><\/a><img loading=\"lazy\" decoding=\"async\" class=\"pic wp-image-9815\"  data-valign=\"middle\" data-halign=\"center\" alt=\"\" data-full=\"https:\/\/fotografiaportugal.pt\/site\/wp-content\/uploads\/2021\/08\/13-MAGIC-I-Back-Pleiades_4722-net-Label-2.jpg\" title=\"13 MAGIC-I-Back-Pleiades_4722-net-Label 2\" crop=\"\" width=\"300\" height=\"200\" src=\"https:\/\/fotografiaportugal.pt\/site\/wp-content\/uploads\/2021\/08\/13-MAGIC-I-Back-Pleiades_4722-net-Label-2-300x200.jpg\" data-src=\"https:\/\/fotografiaportugal.pt\/site\/wp-content\/uploads\/2021\/08\/13-MAGIC-I-Back-Pleiades_4722-net-Label-2-300x200.jpg\" data-caption=\"\" srcset=\"https:\/\/fotografiaportugal.pt\/site\/wp-content\/uploads\/2021\/08\/13-MAGIC-I-Back-Pleiades_4722-net-Label-2.jpg 972w, https:\/\/fotografiaportugal.pt\/site\/wp-content\/uploads\/2021\/08\/13-MAGIC-I-Back-Pleiades_4722-net-Label-2-300x200.jpg 300w\" sizes=\"auto, (max-width: 300px) 100vw, 300px\" \/>\n\t\t<div class=\"figc no-description\">\n\t\t\t<div class=\"figc-inner\">\n\t\t\t\t\t\t\t\t\t\t\t\t\t\t\t<\/div>\n\t\t<\/div>\n\n\t<\/div>\n\n<\/div><div class=\"modula-item effect-pufrobo jtg-filter-all jtg-filter-\" >\n\t<div class=\"modula-item-overlay\"><\/div>\n\n\t<div class=\"modula-item-content\">\n\n\t\t<a data-image-id=\"9816\" role=\"button\" tabindex=\"0\" rel=\"jtg-9515\" data-caption=\"&lt;span class=&quot;modula-caption-description&quot;&gt;&lt;\/span&gt;\" aria-label=\"Open image in lightbox\" data-thumb=\"https:\/\/fotografiaportugal.pt\/site\/wp-content\/uploads\/2021\/08\/14-CloudsCalderaTaburienteRLMuchachos_3553-net-300x200.jpg\" class=\"tile-inner modula-item-link\"><\/a><img loading=\"lazy\" decoding=\"async\" class=\"pic wp-image-9816\"  data-valign=\"middle\" data-halign=\"center\" alt=\"\" data-full=\"https:\/\/fotografiaportugal.pt\/site\/wp-content\/uploads\/2021\/08\/14-CloudsCalderaTaburienteRLMuchachos_3553-net.jpg\" title=\"14 CloudsCalderaTaburienteRLMuchachos_3553-net\" crop=\"\" width=\"300\" height=\"200\" src=\"https:\/\/fotografiaportugal.pt\/site\/wp-content\/uploads\/2021\/08\/14-CloudsCalderaTaburienteRLMuchachos_3553-net-300x200.jpg\" data-src=\"https:\/\/fotografiaportugal.pt\/site\/wp-content\/uploads\/2021\/08\/14-CloudsCalderaTaburienteRLMuchachos_3553-net-300x200.jpg\" data-caption=\"\" srcset=\"https:\/\/fotografiaportugal.pt\/site\/wp-content\/uploads\/2021\/08\/14-CloudsCalderaTaburienteRLMuchachos_3553-net.jpg 972w, https:\/\/fotografiaportugal.pt\/site\/wp-content\/uploads\/2021\/08\/14-CloudsCalderaTaburienteRLMuchachos_3553-net-300x200.jpg 300w\" sizes=\"auto, (max-width: 300px) 100vw, 300px\" \/>\n\t\t<div class=\"figc no-description\">\n\t\t\t<div class=\"figc-inner\">\n\t\t\t\t\t\t\t\t\t\t\t\t\t\t\t<\/div>\n\t\t<\/div>\n\n\t<\/div>\n\n<\/div><div class=\"modula-item effect-pufrobo jtg-filter-all jtg-filter-\" >\n\t<div class=\"modula-item-overlay\"><\/div>\n\n\t<div class=\"modula-item-content\">\n\n\t\t<a data-image-id=\"9819\" role=\"button\" tabindex=\"0\" rel=\"jtg-9515\" data-caption=\"&lt;span class=&quot;modula-caption-description&quot;&gt;&lt;\/span&gt;\" aria-label=\"Open image in lightbox\" data-thumb=\"https:\/\/fotografiaportugal.pt\/site\/wp-content\/uploads\/2021\/08\/15-MoonDaVicnciEarthshine-1311-net-300x200.jpg\" class=\"tile-inner modula-item-link\"><\/a><img loading=\"lazy\" decoding=\"async\" class=\"pic wp-image-9819\"  data-valign=\"middle\" data-halign=\"center\" alt=\"\" data-full=\"https:\/\/fotografiaportugal.pt\/site\/wp-content\/uploads\/2021\/08\/15-MoonDaVicnciEarthshine-1311-net.jpg\" title=\"15 MoonDaVicnciEarthshine-1311-net\" crop=\"\" width=\"300\" height=\"200\" src=\"https:\/\/fotografiaportugal.pt\/site\/wp-content\/uploads\/2021\/08\/15-MoonDaVicnciEarthshine-1311-net-300x200.jpg\" data-src=\"https:\/\/fotografiaportugal.pt\/site\/wp-content\/uploads\/2021\/08\/15-MoonDaVicnciEarthshine-1311-net-300x200.jpg\" data-caption=\"\" srcset=\"https:\/\/fotografiaportugal.pt\/site\/wp-content\/uploads\/2021\/08\/15-MoonDaVicnciEarthshine-1311-net.jpg 995w, https:\/\/fotografiaportugal.pt\/site\/wp-content\/uploads\/2021\/08\/15-MoonDaVicnciEarthshine-1311-net-300x200.jpg 300w\" sizes=\"auto, (max-width: 300px) 100vw, 300px\" \/>\n\t\t<div class=\"figc no-description\">\n\t\t\t<div class=\"figc-inner\">\n\t\t\t\t\t\t\t\t\t\t\t\t\t\t\t<\/div>\n\t\t<\/div>\n\n\t<\/div>\n\n<\/div><div class=\"modula-item effect-pufrobo jtg-filter-all jtg-filter-\" >\n\t<div class=\"modula-item-overlay\"><\/div>\n\n\t<div class=\"modula-item-content\">\n\n\t\t<a data-image-id=\"9820\" role=\"button\" tabindex=\"0\" rel=\"jtg-9515\" data-caption=\"&lt;span class=&quot;modula-caption-description&quot;&gt;&lt;\/span&gt;\" aria-label=\"Open image in lightbox\" data-thumb=\"https:\/\/fotografiaportugal.pt\/site\/wp-content\/uploads\/2021\/08\/15-MoonEarthshineLeonardoDaVinci-net-2-300x178.jpg\" class=\"tile-inner modula-item-link\"><\/a><img loading=\"lazy\" decoding=\"async\" class=\"pic wp-image-9820\"  data-valign=\"middle\" data-halign=\"center\" alt=\"\" data-full=\"https:\/\/fotografiaportugal.pt\/site\/wp-content\/uploads\/2021\/08\/15-MoonEarthshineLeonardoDaVinci-net-2.jpg\" title=\"15 MoonEarthshineLeonardoDaVinci-net 2\" crop=\"\" width=\"300\" height=\"178\" src=\"https:\/\/fotografiaportugal.pt\/site\/wp-content\/uploads\/2021\/08\/15-MoonEarthshineLeonardoDaVinci-net-2-300x178.jpg\" data-src=\"https:\/\/fotografiaportugal.pt\/site\/wp-content\/uploads\/2021\/08\/15-MoonEarthshineLeonardoDaVinci-net-2-300x178.jpg\" data-caption=\"\" srcset=\"https:\/\/fotografiaportugal.pt\/site\/wp-content\/uploads\/2021\/08\/15-MoonEarthshineLeonardoDaVinci-net-2.jpg 901w, https:\/\/fotografiaportugal.pt\/site\/wp-content\/uploads\/2021\/08\/15-MoonEarthshineLeonardoDaVinci-net-2-300x178.jpg 300w\" sizes=\"auto, (max-width: 300px) 100vw, 300px\" \/>\n\t\t<div class=\"figc no-description\">\n\t\t\t<div class=\"figc-inner\">\n\t\t\t\t\t\t\t\t\t\t\t\t\t\t\t<\/div>\n\t\t<\/div>\n\n\t<\/div>\n\n<\/div><div class=\"modula-item effect-pufrobo jtg-filter-all jtg-filter-\" >\n\t<div class=\"modula-item-overlay\"><\/div>\n\n\t<div class=\"modula-item-content\">\n\n\t\t<a data-image-id=\"9823\" role=\"button\" tabindex=\"0\" rel=\"jtg-9515\" data-caption=\"&lt;span class=&quot;modula-caption-description&quot;&gt;&lt;\/span&gt;\" aria-label=\"Open image in lightbox\" data-thumb=\"https:\/\/fotografiaportugal.pt\/site\/wp-content\/uploads\/2021\/08\/16-GreatMilkyWayPolarie_4430-net-200x300.jpg\" class=\"tile-inner modula-item-link\"><\/a><img loading=\"lazy\" decoding=\"async\" class=\"pic wp-image-9823\"  data-valign=\"middle\" data-halign=\"center\" alt=\"\" data-full=\"https:\/\/fotografiaportugal.pt\/site\/wp-content\/uploads\/2021\/08\/16-GreatMilkyWayPolarie_4430-net.jpg\" title=\"16 GreatMilkyWayPolarie_4430-net\" crop=\"\" width=\"200\" height=\"300\" src=\"https:\/\/fotografiaportugal.pt\/site\/wp-content\/uploads\/2021\/08\/16-GreatMilkyWayPolarie_4430-net-200x300.jpg\" data-src=\"https:\/\/fotografiaportugal.pt\/site\/wp-content\/uploads\/2021\/08\/16-GreatMilkyWayPolarie_4430-net-200x300.jpg\" data-caption=\"\" srcset=\"https:\/\/fotografiaportugal.pt\/site\/wp-content\/uploads\/2021\/08\/16-GreatMilkyWayPolarie_4430-net.jpg 432w, https:\/\/fotografiaportugal.pt\/site\/wp-content\/uploads\/2021\/08\/16-GreatMilkyWayPolarie_4430-net-200x300.jpg 200w\" sizes=\"auto, (max-width: 200px) 100vw, 200px\" \/>\n\t\t<div class=\"figc no-description\">\n\t\t\t<div class=\"figc-inner\">\n\t\t\t\t\t\t\t\t\t\t\t\t\t\t\t<\/div>\n\t\t<\/div>\n\n\t<\/div>\n\n<\/div><div class=\"modula-item effect-pufrobo jtg-filter-all jtg-filter-\" >\n\t<div class=\"modula-item-overlay\"><\/div>\n\n\t<div class=\"modula-item-content\">\n\n\t\t<a data-image-id=\"9824\" role=\"button\" tabindex=\"0\" rel=\"jtg-9515\" data-caption=\"&lt;span class=&quot;modula-caption-description&quot;&gt;&lt;\/span&gt;\" aria-label=\"Open image in lightbox\" data-thumb=\"https:\/\/fotografiaportugal.pt\/site\/wp-content\/uploads\/2021\/08\/17-GranTecanFACT-4679-net-300x196.jpg\" class=\"tile-inner modula-item-link\"><\/a><img loading=\"lazy\" decoding=\"async\" class=\"pic wp-image-9824\"  data-valign=\"middle\" data-halign=\"center\" alt=\"\" data-full=\"https:\/\/fotografiaportugal.pt\/site\/wp-content\/uploads\/2021\/08\/17-GranTecanFACT-4679-net.jpg\" title=\"17 GranTecanFACT-4679-net\" crop=\"\" width=\"300\" height=\"196\" src=\"https:\/\/fotografiaportugal.pt\/site\/wp-content\/uploads\/2021\/08\/17-GranTecanFACT-4679-net-300x196.jpg\" data-src=\"https:\/\/fotografiaportugal.pt\/site\/wp-content\/uploads\/2021\/08\/17-GranTecanFACT-4679-net-300x196.jpg\" data-caption=\"\" srcset=\"https:\/\/fotografiaportugal.pt\/site\/wp-content\/uploads\/2021\/08\/17-GranTecanFACT-4679-net.jpg 972w, https:\/\/fotografiaportugal.pt\/site\/wp-content\/uploads\/2021\/08\/17-GranTecanFACT-4679-net-300x196.jpg 300w\" sizes=\"auto, (max-width: 300px) 100vw, 300px\" \/>\n\t\t<div class=\"figc no-description\">\n\t\t\t<div class=\"figc-inner\">\n\t\t\t\t\t\t\t\t\t\t\t\t\t\t\t<\/div>\n\t\t<\/div>\n\n\t<\/div>\n\n<\/div><div class=\"modula-item effect-pufrobo jtg-filter-all jtg-filter-\" >\n\t<div class=\"modula-item-overlay\"><\/div>\n\n\t<div class=\"modula-item-content\">\n\n\t\t<a data-image-id=\"9826\" role=\"button\" tabindex=\"0\" rel=\"jtg-9515\" data-caption=\"&lt;span class=&quot;modula-caption-description&quot;&gt;&lt;\/span&gt;\" aria-label=\"Open image in lightbox\" data-thumb=\"https:\/\/fotografiaportugal.pt\/site\/wp-content\/uploads\/2021\/08\/18-Magic-1-TrailsVertical_4767-IMG_4778-net-200x300.jpg\" class=\"tile-inner modula-item-link\"><\/a><img loading=\"lazy\" decoding=\"async\" class=\"pic wp-image-9826\"  data-valign=\"middle\" data-halign=\"center\" alt=\"\" data-full=\"https:\/\/fotografiaportugal.pt\/site\/wp-content\/uploads\/2021\/08\/18-Magic-1-TrailsVertical_4767-IMG_4778-net.jpg\" title=\"18 Magic 1 TrailsVertical_4767-IMG_4778-net\" crop=\"\" width=\"200\" height=\"300\" src=\"https:\/\/fotografiaportugal.pt\/site\/wp-content\/uploads\/2021\/08\/18-Magic-1-TrailsVertical_4767-IMG_4778-net-200x300.jpg\" data-src=\"https:\/\/fotografiaportugal.pt\/site\/wp-content\/uploads\/2021\/08\/18-Magic-1-TrailsVertical_4767-IMG_4778-net-200x300.jpg\" data-caption=\"\" srcset=\"https:\/\/fotografiaportugal.pt\/site\/wp-content\/uploads\/2021\/08\/18-Magic-1-TrailsVertical_4767-IMG_4778-net.jpg 432w, https:\/\/fotografiaportugal.pt\/site\/wp-content\/uploads\/2021\/08\/18-Magic-1-TrailsVertical_4767-IMG_4778-net-200x300.jpg 200w\" sizes=\"auto, (max-width: 200px) 100vw, 200px\" \/>\n\t\t<div class=\"figc no-description\">\n\t\t\t<div class=\"figc-inner\">\n\t\t\t\t\t\t\t\t\t\t\t\t\t\t\t<\/div>\n\t\t<\/div>\n\n\t<\/div>\n\n<\/div><div class=\"modula-item effect-pufrobo jtg-filter-all jtg-filter-\" >\n\t<div class=\"modula-item-overlay\"><\/div>\n\n\t<div class=\"modula-item-content\">\n\n\t\t<a data-image-id=\"9827\" role=\"button\" tabindex=\"0\" rel=\"jtg-9515\" data-caption=\"&lt;span class=&quot;modula-caption-description&quot;&gt;&lt;\/span&gt;\" aria-label=\"Open image in lightbox\" data-thumb=\"https:\/\/fotografiaportugal.pt\/site\/wp-content\/uploads\/2021\/08\/18-MAGIC-2-MilkyWay_4766-net-200x300.jpg\" class=\"tile-inner modula-item-link\"><\/a><img loading=\"lazy\" decoding=\"async\" class=\"pic wp-image-9827\"  data-valign=\"middle\" data-halign=\"center\" alt=\"\" data-full=\"https:\/\/fotografiaportugal.pt\/site\/wp-content\/uploads\/2021\/08\/18-MAGIC-2-MilkyWay_4766-net.jpg\" title=\"18 MAGIC 2 MilkyWay_4766-net\" crop=\"\" width=\"200\" height=\"300\" src=\"https:\/\/fotografiaportugal.pt\/site\/wp-content\/uploads\/2021\/08\/18-MAGIC-2-MilkyWay_4766-net-200x300.jpg\" data-src=\"https:\/\/fotografiaportugal.pt\/site\/wp-content\/uploads\/2021\/08\/18-MAGIC-2-MilkyWay_4766-net-200x300.jpg\" data-caption=\"\" srcset=\"https:\/\/fotografiaportugal.pt\/site\/wp-content\/uploads\/2021\/08\/18-MAGIC-2-MilkyWay_4766-net.jpg 432w, https:\/\/fotografiaportugal.pt\/site\/wp-content\/uploads\/2021\/08\/18-MAGIC-2-MilkyWay_4766-net-200x300.jpg 200w\" sizes=\"auto, (max-width: 200px) 100vw, 200px\" \/>\n\t\t<div class=\"figc no-description\">\n\t\t\t<div class=\"figc-inner\">\n\t\t\t\t\t\t\t\t\t\t\t\t\t\t\t<\/div>\n\t\t<\/div>\n\n\t<\/div>\n\n<\/div><div class=\"modula-item effect-pufrobo jtg-filter-all jtg-filter-\" >\n\t<div class=\"modula-item-overlay\"><\/div>\n\n\t<div class=\"modula-item-content\">\n\n\t\t<a data-image-id=\"9828\" role=\"button\" tabindex=\"0\" rel=\"jtg-9515\" data-caption=\"&lt;span class=&quot;modula-caption-description&quot;&gt;&lt;\/span&gt;\" aria-label=\"Open image in lightbox\" data-thumb=\"https:\/\/fotografiaportugal.pt\/site\/wp-content\/uploads\/2021\/08\/19-1-MagicStarTrailLandscape-_4803-to-4855-net-300x200.jpg\" class=\"tile-inner modula-item-link\"><\/a><img loading=\"lazy\" decoding=\"async\" class=\"pic wp-image-9828\"  data-valign=\"middle\" data-halign=\"center\" alt=\"\" data-full=\"https:\/\/fotografiaportugal.pt\/site\/wp-content\/uploads\/2021\/08\/19-1-MagicStarTrailLandscape-_4803-to-4855-net.jpg\" title=\"19 1 MagicStarTrailLandscape _4803-to-4855-net\" crop=\"\" width=\"300\" height=\"200\" src=\"https:\/\/fotografiaportugal.pt\/site\/wp-content\/uploads\/2021\/08\/19-1-MagicStarTrailLandscape-_4803-to-4855-net-300x200.jpg\" data-src=\"https:\/\/fotografiaportugal.pt\/site\/wp-content\/uploads\/2021\/08\/19-1-MagicStarTrailLandscape-_4803-to-4855-net-300x200.jpg\" data-caption=\"\" srcset=\"https:\/\/fotografiaportugal.pt\/site\/wp-content\/uploads\/2021\/08\/19-1-MagicStarTrailLandscape-_4803-to-4855-net.jpg 960w, https:\/\/fotografiaportugal.pt\/site\/wp-content\/uploads\/2021\/08\/19-1-MagicStarTrailLandscape-_4803-to-4855-net-300x200.jpg 300w\" sizes=\"auto, (max-width: 300px) 100vw, 300px\" \/>\n\t\t<div class=\"figc no-description\">\n\t\t\t<div class=\"figc-inner\">\n\t\t\t\t\t\t\t\t\t\t\t\t\t\t\t<\/div>\n\t\t<\/div>\n\n\t<\/div>\n\n<\/div><div class=\"modula-item effect-pufrobo jtg-filter-all jtg-filter-\" >\n\t<div class=\"modula-item-overlay\"><\/div>\n\n\t<div class=\"modula-item-content\">\n\n\t\t<a data-image-id=\"9829\" role=\"button\" tabindex=\"0\" rel=\"jtg-9515\" data-caption=\"&lt;span class=&quot;modula-caption-description&quot;&gt;&lt;\/span&gt;\" aria-label=\"Open image in lightbox\" data-thumb=\"https:\/\/fotografiaportugal.pt\/site\/wp-content\/uploads\/2021\/08\/19-2-MAGIC-LaPalma_4829-net-300x200.jpg\" class=\"tile-inner modula-item-link\"><\/a><img loading=\"lazy\" decoding=\"async\" class=\"pic wp-image-9829\"  data-valign=\"middle\" data-halign=\"center\" alt=\"\" data-full=\"https:\/\/fotografiaportugal.pt\/site\/wp-content\/uploads\/2021\/08\/19-2-MAGIC-LaPalma_4829-net.jpg\" title=\"19 2 MAGIC-LaPalma_4829-net\" crop=\"\" width=\"300\" height=\"200\" src=\"https:\/\/fotografiaportugal.pt\/site\/wp-content\/uploads\/2021\/08\/19-2-MAGIC-LaPalma_4829-net-300x200.jpg\" data-src=\"https:\/\/fotografiaportugal.pt\/site\/wp-content\/uploads\/2021\/08\/19-2-MAGIC-LaPalma_4829-net-300x200.jpg\" data-caption=\"\" srcset=\"https:\/\/fotografiaportugal.pt\/site\/wp-content\/uploads\/2021\/08\/19-2-MAGIC-LaPalma_4829-net.jpg 972w, https:\/\/fotografiaportugal.pt\/site\/wp-content\/uploads\/2021\/08\/19-2-MAGIC-LaPalma_4829-net-300x200.jpg 300w\" sizes=\"auto, (max-width: 300px) 100vw, 300px\" \/>\n\t\t<div class=\"figc no-description\">\n\t\t\t<div class=\"figc-inner\">\n\t\t\t\t\t\t\t\t\t\t\t\t\t\t\t<\/div>\n\t\t<\/div>\n\n\t<\/div>\n\n<\/div><div class=\"modula-item effect-pufrobo jtg-filter-all jtg-filter-\" >\n\t<div class=\"modula-item-overlay\"><\/div>\n\n\t<div class=\"modula-item-content\">\n\n\t\t<a data-image-id=\"9830\" role=\"button\" tabindex=\"0\" rel=\"jtg-9515\" data-caption=\"&lt;span class=&quot;modula-caption-description&quot;&gt;&lt;\/span&gt;\" aria-label=\"Open image in lightbox\" data-thumb=\"https:\/\/fotografiaportugal.pt\/site\/wp-content\/uploads\/2021\/08\/20-MagicTelescopes_4798_Pano-net-300x58.jpg\" class=\"tile-inner modula-item-link\"><\/a><img loading=\"lazy\" decoding=\"async\" class=\"pic wp-image-9830\"  data-valign=\"middle\" data-halign=\"center\" alt=\"\" data-full=\"https:\/\/fotografiaportugal.pt\/site\/wp-content\/uploads\/2021\/08\/20-MagicTelescopes_4798_Pano-net.jpg\" title=\"20 MagicTelescopes_4798_Pano-net\" crop=\"\" width=\"300\" height=\"58\" src=\"https:\/\/fotografiaportugal.pt\/site\/wp-content\/uploads\/2021\/08\/20-MagicTelescopes_4798_Pano-net-300x58.jpg\" data-src=\"https:\/\/fotografiaportugal.pt\/site\/wp-content\/uploads\/2021\/08\/20-MagicTelescopes_4798_Pano-net-300x58.jpg\" data-caption=\"\" srcset=\"https:\/\/fotografiaportugal.pt\/site\/wp-content\/uploads\/2021\/08\/20-MagicTelescopes_4798_Pano-net.jpg 1750w, https:\/\/fotografiaportugal.pt\/site\/wp-content\/uploads\/2021\/08\/20-MagicTelescopes_4798_Pano-net-300x58.jpg 300w, https:\/\/fotografiaportugal.pt\/site\/wp-content\/uploads\/2021\/08\/20-MagicTelescopes_4798_Pano-net-1024x197.jpg 1024w\" sizes=\"auto, (max-width: 300px) 100vw, 300px\" \/>\n\t\t<div class=\"figc no-description\">\n\t\t\t<div class=\"figc-inner\">\n\t\t\t\t\t\t\t\t\t\t\t\t\t\t\t<\/div>\n\t\t<\/div>\n\n\t<\/div>\n\n<\/div><div class=\"modula-item effect-pufrobo jtg-filter-all jtg-filter-\" >\n\t<div class=\"modula-item-overlay\"><\/div>\n\n\t<div class=\"modula-item-content\">\n\n\t\t<a data-image-id=\"9831\" role=\"button\" tabindex=\"0\" rel=\"jtg-9515\" data-caption=\"&lt;span class=&quot;modula-caption-description&quot;&gt;&lt;\/span&gt;\" aria-label=\"Open image in lightbox\" data-thumb=\"https:\/\/fotografiaportugal.pt\/site\/wp-content\/uploads\/2021\/08\/21-1-FACTMilkyWayVertical-4650-net-200x300.jpg\" class=\"tile-inner modula-item-link\"><\/a><img loading=\"lazy\" decoding=\"async\" class=\"pic wp-image-9831\"  data-valign=\"middle\" data-halign=\"center\" alt=\"\" data-full=\"https:\/\/fotografiaportugal.pt\/site\/wp-content\/uploads\/2021\/08\/21-1-FACTMilkyWayVertical-4650-net.jpg\" title=\"21 1 FACTMilkyWayVertical-4650-net\" crop=\"\" width=\"200\" height=\"300\" src=\"https:\/\/fotografiaportugal.pt\/site\/wp-content\/uploads\/2021\/08\/21-1-FACTMilkyWayVertical-4650-net-200x300.jpg\" data-src=\"https:\/\/fotografiaportugal.pt\/site\/wp-content\/uploads\/2021\/08\/21-1-FACTMilkyWayVertical-4650-net-200x300.jpg\" data-caption=\"\" srcset=\"https:\/\/fotografiaportugal.pt\/site\/wp-content\/uploads\/2021\/08\/21-1-FACTMilkyWayVertical-4650-net.jpg 432w, https:\/\/fotografiaportugal.pt\/site\/wp-content\/uploads\/2021\/08\/21-1-FACTMilkyWayVertical-4650-net-200x300.jpg 200w\" sizes=\"auto, (max-width: 200px) 100vw, 200px\" \/>\n\t\t<div class=\"figc no-description\">\n\t\t\t<div class=\"figc-inner\">\n\t\t\t\t\t\t\t\t\t\t\t\t\t\t\t<\/div>\n\t\t<\/div>\n\n\t<\/div>\n\n<\/div><div class=\"modula-item effect-pufrobo jtg-filter-all jtg-filter-\" >\n\t<div class=\"modula-item-overlay\"><\/div>\n\n\t<div class=\"modula-item-content\">\n\n\t\t<a data-image-id=\"9832\" role=\"button\" tabindex=\"0\" rel=\"jtg-9515\" data-caption=\"&lt;span class=&quot;modula-caption-description&quot;&gt;&lt;\/span&gt;\" aria-label=\"Open image in lightbox\" data-thumb=\"https:\/\/fotografiaportugal.pt\/site\/wp-content\/uploads\/2021\/08\/21-2-FACT-Startrail_4651-IMG_4672-net-200x300.jpg\" class=\"tile-inner modula-item-link\"><\/a><img loading=\"lazy\" decoding=\"async\" class=\"pic wp-image-9832\"  data-valign=\"middle\" data-halign=\"center\" alt=\"\" data-full=\"https:\/\/fotografiaportugal.pt\/site\/wp-content\/uploads\/2021\/08\/21-2-FACT-Startrail_4651-IMG_4672-net.jpg\" title=\"21 2 FACT-Startrail_4651-IMG_4672-net\" crop=\"\" width=\"200\" height=\"300\" src=\"https:\/\/fotografiaportugal.pt\/site\/wp-content\/uploads\/2021\/08\/21-2-FACT-Startrail_4651-IMG_4672-net-200x300.jpg\" data-src=\"https:\/\/fotografiaportugal.pt\/site\/wp-content\/uploads\/2021\/08\/21-2-FACT-Startrail_4651-IMG_4672-net-200x300.jpg\" data-caption=\"\" srcset=\"https:\/\/fotografiaportugal.pt\/site\/wp-content\/uploads\/2021\/08\/21-2-FACT-Startrail_4651-IMG_4672-net.jpg 432w, https:\/\/fotografiaportugal.pt\/site\/wp-content\/uploads\/2021\/08\/21-2-FACT-Startrail_4651-IMG_4672-net-200x300.jpg 200w\" sizes=\"auto, (max-width: 200px) 100vw, 200px\" \/>\n\t\t<div class=\"figc no-description\">\n\t\t\t<div class=\"figc-inner\">\n\t\t\t\t\t\t\t\t\t\t\t\t\t\t\t<\/div>\n\t\t<\/div>\n\n\t<\/div>\n\n<\/div><div class=\"modula-item effect-pufrobo jtg-filter-all jtg-filter-\" >\n\t<div class=\"modula-item-overlay\"><\/div>\n\n\t<div class=\"modula-item-content\">\n\n\t\t<a data-image-id=\"9833\" role=\"button\" tabindex=\"0\" rel=\"jtg-9515\" data-caption=\"&lt;span class=&quot;modula-caption-description&quot;&gt;&lt;\/span&gt;\" aria-label=\"Open image in lightbox\" data-thumb=\"https:\/\/fotografiaportugal.pt\/site\/wp-content\/uploads\/2021\/08\/22-GranTecanSunseStartrails_2718_2731-net-300x185.jpg\" class=\"tile-inner modula-item-link\"><\/a><img loading=\"lazy\" decoding=\"async\" class=\"pic wp-image-9833\"  data-valign=\"middle\" data-halign=\"center\" alt=\"\" data-full=\"https:\/\/fotografiaportugal.pt\/site\/wp-content\/uploads\/2021\/08\/22-GranTecanSunseStartrails_2718_2731-net.jpg\" title=\"22 GranTecanSunseStartrails_2718_2731-net\" crop=\"\" width=\"300\" height=\"185\" src=\"https:\/\/fotografiaportugal.pt\/site\/wp-content\/uploads\/2021\/08\/22-GranTecanSunseStartrails_2718_2731-net-300x185.jpg\" data-src=\"https:\/\/fotografiaportugal.pt\/site\/wp-content\/uploads\/2021\/08\/22-GranTecanSunseStartrails_2718_2731-net-300x185.jpg\" data-caption=\"\" srcset=\"https:\/\/fotografiaportugal.pt\/site\/wp-content\/uploads\/2021\/08\/22-GranTecanSunseStartrails_2718_2731-net.jpg 880w, https:\/\/fotografiaportugal.pt\/site\/wp-content\/uploads\/2021\/08\/22-GranTecanSunseStartrails_2718_2731-net-300x185.jpg 300w\" sizes=\"auto, (max-width: 300px) 100vw, 300px\" \/>\n\t\t<div class=\"figc no-description\">\n\t\t\t<div class=\"figc-inner\">\n\t\t\t\t\t\t\t\t\t\t\t\t\t\t\t<\/div>\n\t\t<\/div>\n\n\t<\/div>\n\n<\/div><div class=\"modula-item effect-pufrobo jtg-filter-all jtg-filter-\" >\n\t<div class=\"modula-item-overlay\"><\/div>\n\n\t<div class=\"modula-item-content\">\n\n\t\t<a data-image-id=\"9834\" role=\"button\" tabindex=\"0\" rel=\"jtg-9515\" data-caption=\"&lt;span class=&quot;modula-caption-description&quot;&gt;&lt;\/span&gt;\" aria-label=\"Open image in lightbox\" data-thumb=\"https:\/\/fotografiaportugal.pt\/site\/wp-content\/uploads\/2021\/08\/23-1-MilkyWayDeepLaPalma-net-300x82.jpg\" class=\"tile-inner modula-item-link\"><\/a><img loading=\"lazy\" decoding=\"async\" class=\"pic wp-image-9834\"  data-valign=\"middle\" data-halign=\"center\" alt=\"\" data-full=\"https:\/\/fotografiaportugal.pt\/site\/wp-content\/uploads\/2021\/08\/23-1-MilkyWayDeepLaPalma-net.jpg\" title=\"23 1 MilkyWayDeepLaPalma-net\" crop=\"\" width=\"300\" height=\"82\" src=\"https:\/\/fotografiaportugal.pt\/site\/wp-content\/uploads\/2021\/08\/23-1-MilkyWayDeepLaPalma-net-300x82.jpg\" data-src=\"https:\/\/fotografiaportugal.pt\/site\/wp-content\/uploads\/2021\/08\/23-1-MilkyWayDeepLaPalma-net-300x82.jpg\" data-caption=\"\" srcset=\"https:\/\/fotografiaportugal.pt\/site\/wp-content\/uploads\/2021\/08\/23-1-MilkyWayDeepLaPalma-net.jpg 1500w, https:\/\/fotografiaportugal.pt\/site\/wp-content\/uploads\/2021\/08\/23-1-MilkyWayDeepLaPalma-net-300x82.jpg 300w, https:\/\/fotografiaportugal.pt\/site\/wp-content\/uploads\/2021\/08\/23-1-MilkyWayDeepLaPalma-net-1024x279.jpg 1024w\" sizes=\"auto, (max-width: 300px) 100vw, 300px\" \/>\n\t\t<div class=\"figc no-description\">\n\t\t\t<div class=\"figc-inner\">\n\t\t\t\t\t\t\t\t\t\t\t\t\t\t\t<\/div>\n\t\t<\/div>\n\n\t<\/div>\n\n<\/div><div class=\"modula-item effect-pufrobo jtg-filter-all jtg-filter-\" >\n\t<div class=\"modula-item-overlay\"><\/div>\n\n\t<div class=\"modula-item-content\">\n\n\t\t<a data-image-id=\"9835\" role=\"button\" tabindex=\"0\" rel=\"jtg-9515\" data-caption=\"&lt;span class=&quot;modula-caption-description&quot;&gt;&lt;\/span&gt;\" aria-label=\"Open image in lightbox\" data-thumb=\"https:\/\/fotografiaportugal.pt\/site\/wp-content\/uploads\/2021\/08\/23-2-MilkyWayDeepLaPalma-net-Label-300x82.jpg\" class=\"tile-inner modula-item-link\"><\/a><img loading=\"lazy\" decoding=\"async\" class=\"pic wp-image-9835\"  data-valign=\"middle\" data-halign=\"center\" alt=\"\" data-full=\"https:\/\/fotografiaportugal.pt\/site\/wp-content\/uploads\/2021\/08\/23-2-MilkyWayDeepLaPalma-net-Label.jpg\" title=\"23 2 MilkyWayDeepLaPalma-net-Label\" crop=\"\" width=\"300\" height=\"82\" src=\"https:\/\/fotografiaportugal.pt\/site\/wp-content\/uploads\/2021\/08\/23-2-MilkyWayDeepLaPalma-net-Label-300x82.jpg\" data-src=\"https:\/\/fotografiaportugal.pt\/site\/wp-content\/uploads\/2021\/08\/23-2-MilkyWayDeepLaPalma-net-Label-300x82.jpg\" data-caption=\"\" srcset=\"https:\/\/fotografiaportugal.pt\/site\/wp-content\/uploads\/2021\/08\/23-2-MilkyWayDeepLaPalma-net-Label.jpg 1500w, https:\/\/fotografiaportugal.pt\/site\/wp-content\/uploads\/2021\/08\/23-2-MilkyWayDeepLaPalma-net-Label-300x82.jpg 300w, https:\/\/fotografiaportugal.pt\/site\/wp-content\/uploads\/2021\/08\/23-2-MilkyWayDeepLaPalma-net-Label-1024x279.jpg 1024w\" sizes=\"auto, (max-width: 300px) 100vw, 300px\" \/>\n\t\t<div class=\"figc no-description\">\n\t\t\t<div class=\"figc-inner\">\n\t\t\t\t\t\t\t\t\t\t\t\t\t\t\t<\/div>\n\t\t<\/div>\n\n\t<\/div>\n\n<\/div><div class=\"modula-item effect-pufrobo jtg-filter-all jtg-filter-\" >\n\t<div class=\"modula-item-overlay\"><\/div>\n\n\t<div class=\"modula-item-content\">\n\n\t\t<a data-image-id=\"9836\" role=\"button\" tabindex=\"0\" rel=\"jtg-9515\" data-caption=\"&lt;span class=&quot;modula-caption-description&quot;&gt;&lt;\/span&gt;\" aria-label=\"Open image in lightbox\" data-thumb=\"https:\/\/fotografiaportugal.pt\/site\/wp-content\/uploads\/2021\/08\/24-LaPalmaTwilightPlanets_3958-net-300x200.jpg\" class=\"tile-inner modula-item-link\"><\/a><img loading=\"lazy\" decoding=\"async\" class=\"pic wp-image-9836\"  data-valign=\"middle\" data-halign=\"center\" alt=\"\" data-full=\"https:\/\/fotografiaportugal.pt\/site\/wp-content\/uploads\/2021\/08\/24-LaPalmaTwilightPlanets_3958-net.jpg\" title=\"24 LaPalmaTwilightPlanets_3958-net\" crop=\"\" width=\"300\" height=\"200\" src=\"https:\/\/fotografiaportugal.pt\/site\/wp-content\/uploads\/2021\/08\/24-LaPalmaTwilightPlanets_3958-net-300x200.jpg\" data-src=\"https:\/\/fotografiaportugal.pt\/site\/wp-content\/uploads\/2021\/08\/24-LaPalmaTwilightPlanets_3958-net-300x200.jpg\" data-caption=\"\" srcset=\"https:\/\/fotografiaportugal.pt\/site\/wp-content\/uploads\/2021\/08\/24-LaPalmaTwilightPlanets_3958-net.jpg 972w, https:\/\/fotografiaportugal.pt\/site\/wp-content\/uploads\/2021\/08\/24-LaPalmaTwilightPlanets_3958-net-300x200.jpg 300w\" sizes=\"auto, (max-width: 300px) 100vw, 300px\" \/>\n\t\t<div class=\"figc no-description\">\n\t\t\t<div class=\"figc-inner\">\n\t\t\t\t\t\t\t\t\t\t\t\t\t\t\t<\/div>\n\t\t<\/div>\n\n\t<\/div>\n\n<\/div><div class=\"modula-item effect-pufrobo jtg-filter-all jtg-filter-\" >\n\t<div class=\"modula-item-overlay\"><\/div>\n\n\t<div class=\"modula-item-content\">\n\n\t\t<a data-image-id=\"9838\" role=\"button\" tabindex=\"0\" rel=\"jtg-9515\" data-caption=\"&lt;span class=&quot;modula-caption-description&quot;&gt;&lt;\/span&gt;\" aria-label=\"Open image in lightbox\" data-thumb=\"https:\/\/fotografiaportugal.pt\/site\/wp-content\/uploads\/2021\/08\/25-MilkyWayMosaicCaldera_3660-net-281x300.jpg\" class=\"tile-inner modula-item-link\"><\/a><img loading=\"lazy\" decoding=\"async\" class=\"pic wp-image-9838\"  data-valign=\"middle\" data-halign=\"center\" alt=\"\" data-full=\"https:\/\/fotografiaportugal.pt\/site\/wp-content\/uploads\/2021\/08\/25-MilkyWayMosaicCaldera_3660-net.jpg\" title=\"25 MilkyWayMosaicCaldera_3660-net\" crop=\"\" width=\"281\" height=\"300\" src=\"https:\/\/fotografiaportugal.pt\/site\/wp-content\/uploads\/2021\/08\/25-MilkyWayMosaicCaldera_3660-net-281x300.jpg\" data-src=\"https:\/\/fotografiaportugal.pt\/site\/wp-content\/uploads\/2021\/08\/25-MilkyWayMosaicCaldera_3660-net-281x300.jpg\" data-caption=\"\" srcset=\"https:\/\/fotografiaportugal.pt\/site\/wp-content\/uploads\/2021\/08\/25-MilkyWayMosaicCaldera_3660-net.jpg 730w, https:\/\/fotografiaportugal.pt\/site\/wp-content\/uploads\/2021\/08\/25-MilkyWayMosaicCaldera_3660-net-281x300.jpg 281w\" sizes=\"auto, (max-width: 281px) 100vw, 281px\" \/>\n\t\t<div class=\"figc no-description\">\n\t\t\t<div class=\"figc-inner\">\n\t\t\t\t\t\t\t\t\t\t\t\t\t\t\t<\/div>\n\t\t<\/div>\n\n\t<\/div>\n\n<\/div><div class=\"modula-item effect-pufrobo jtg-filter-all jtg-filter-\" >\n\t<div class=\"modula-item-overlay\"><\/div>\n\n\t<div class=\"modula-item-content\">\n\n\t\t<a data-image-id=\"9839\" role=\"button\" tabindex=\"0\" rel=\"jtg-9515\" data-caption=\"&lt;span class=&quot;modula-caption-description&quot;&gt;&lt;\/span&gt;\" aria-label=\"Open image in lightbox\" data-thumb=\"https:\/\/fotografiaportugal.pt\/site\/wp-content\/uploads\/2021\/08\/26-PerseidMeteors-FonteTelhaBW2013-net-300x200.jpg\" class=\"tile-inner modula-item-link\"><\/a><img loading=\"lazy\" decoding=\"async\" class=\"pic wp-image-9839\"  data-valign=\"middle\" data-halign=\"center\" alt=\"\" data-full=\"https:\/\/fotografiaportugal.pt\/site\/wp-content\/uploads\/2021\/08\/26-PerseidMeteors-FonteTelhaBW2013-net.jpg\" title=\"26 PerseidMeteors-FonteTelhaBW2013-net\" crop=\"\" width=\"300\" height=\"200\" src=\"https:\/\/fotografiaportugal.pt\/site\/wp-content\/uploads\/2021\/08\/26-PerseidMeteors-FonteTelhaBW2013-net-300x200.jpg\" data-src=\"https:\/\/fotografiaportugal.pt\/site\/wp-content\/uploads\/2021\/08\/26-PerseidMeteors-FonteTelhaBW2013-net-300x200.jpg\" data-caption=\"\" srcset=\"https:\/\/fotografiaportugal.pt\/site\/wp-content\/uploads\/2021\/08\/26-PerseidMeteors-FonteTelhaBW2013-net.jpg 845w, https:\/\/fotografiaportugal.pt\/site\/wp-content\/uploads\/2021\/08\/26-PerseidMeteors-FonteTelhaBW2013-net-300x200.jpg 300w\" sizes=\"auto, (max-width: 300px) 100vw, 300px\" \/>\n\t\t<div class=\"figc no-description\">\n\t\t\t<div class=\"figc-inner\">\n\t\t\t\t\t\t\t\t\t\t\t\t\t\t\t<\/div>\n\t\t<\/div>\n\n\t<\/div>\n\n<\/div><div class=\"modula-item effect-pufrobo jtg-filter-all jtg-filter-\" >\n\t<div class=\"modula-item-overlay\"><\/div>\n\n\t<div class=\"modula-item-content\">\n\n\t\t<a data-image-id=\"9840\" role=\"button\" tabindex=\"0\" rel=\"jtg-9515\" data-caption=\"&lt;span class=&quot;modula-caption-description&quot;&gt;&lt;\/span&gt;\" aria-label=\"Open image in lightbox\" data-thumb=\"https:\/\/fotografiaportugal.pt\/site\/wp-content\/uploads\/2021\/08\/27-FALPERRAS-ViaLacteaMonteFalperras-net-300x204.jpg\" class=\"tile-inner modula-item-link\"><\/a><img loading=\"lazy\" decoding=\"async\" class=\"pic wp-image-9840\"  data-valign=\"middle\" data-halign=\"center\" alt=\"\" data-full=\"https:\/\/fotografiaportugal.pt\/site\/wp-content\/uploads\/2021\/08\/27-FALPERRAS-ViaLacteaMonteFalperras-net.jpg\" title=\"27 FALPERRAS-ViaLacteaMonteFalperras-net\" crop=\"\" width=\"300\" height=\"204\" src=\"https:\/\/fotografiaportugal.pt\/site\/wp-content\/uploads\/2021\/08\/27-FALPERRAS-ViaLacteaMonteFalperras-net-300x204.jpg\" data-src=\"https:\/\/fotografiaportugal.pt\/site\/wp-content\/uploads\/2021\/08\/27-FALPERRAS-ViaLacteaMonteFalperras-net-300x204.jpg\" data-caption=\"\" srcset=\"https:\/\/fotografiaportugal.pt\/site\/wp-content\/uploads\/2021\/08\/27-FALPERRAS-ViaLacteaMonteFalperras-net.jpg 900w, https:\/\/fotografiaportugal.pt\/site\/wp-content\/uploads\/2021\/08\/27-FALPERRAS-ViaLacteaMonteFalperras-net-300x204.jpg 300w\" sizes=\"auto, (max-width: 300px) 100vw, 300px\" \/>\n\t\t<div class=\"figc no-description\">\n\t\t\t<div class=\"figc-inner\">\n\t\t\t\t\t\t\t\t\t\t\t\t\t\t\t<\/div>\n\t\t<\/div>\n\n\t<\/div>\n\n<\/div><div class=\"modula-item effect-pufrobo jtg-filter-all jtg-filter-\" >\n\t<div class=\"modula-item-overlay\"><\/div>\n\n\t<div class=\"modula-item-content\">\n\n\t\t<a data-image-id=\"9841\" role=\"button\" tabindex=\"0\" rel=\"jtg-9515\" data-caption=\"&lt;span class=&quot;modula-caption-description&quot;&gt;&lt;\/span&gt;\" aria-label=\"Open image in lightbox\" data-thumb=\"https:\/\/fotografiaportugal.pt\/site\/wp-content\/uploads\/2021\/08\/28-1-FALPERRAS-MoonLikeComet-net-300x200.jpg\" class=\"tile-inner modula-item-link\"><\/a><img loading=\"lazy\" decoding=\"async\" class=\"pic wp-image-9841\"  data-valign=\"middle\" data-halign=\"center\" alt=\"\" data-full=\"https:\/\/fotografiaportugal.pt\/site\/wp-content\/uploads\/2021\/08\/28-1-FALPERRAS-MoonLikeComet-net.jpg\" title=\"28 1 FALPERRAS-MoonLikeComet-net\" crop=\"\" width=\"300\" height=\"200\" src=\"https:\/\/fotografiaportugal.pt\/site\/wp-content\/uploads\/2021\/08\/28-1-FALPERRAS-MoonLikeComet-net-300x200.jpg\" data-src=\"https:\/\/fotografiaportugal.pt\/site\/wp-content\/uploads\/2021\/08\/28-1-FALPERRAS-MoonLikeComet-net-300x200.jpg\" data-caption=\"\" srcset=\"https:\/\/fotografiaportugal.pt\/site\/wp-content\/uploads\/2021\/08\/28-1-FALPERRAS-MoonLikeComet-net.jpg 891w, https:\/\/fotografiaportugal.pt\/site\/wp-content\/uploads\/2021\/08\/28-1-FALPERRAS-MoonLikeComet-net-300x200.jpg 300w\" sizes=\"auto, (max-width: 300px) 100vw, 300px\" \/>\n\t\t<div class=\"figc no-description\">\n\t\t\t<div class=\"figc-inner\">\n\t\t\t\t\t\t\t\t\t\t\t\t\t\t\t<\/div>\n\t\t<\/div>\n\n\t<\/div>\n\n<\/div><div class=\"modula-item effect-pufrobo jtg-filter-all jtg-filter-\" >\n\t<div class=\"modula-item-overlay\"><\/div>\n\n\t<div class=\"modula-item-content\">\n\n\t\t<a data-image-id=\"9842\" role=\"button\" tabindex=\"0\" rel=\"jtg-9515\" data-caption=\"&lt;span class=&quot;modula-caption-description&quot;&gt;&lt;\/span&gt;\" aria-label=\"Open image in lightbox\" data-thumb=\"https:\/\/fotografiaportugal.pt\/site\/wp-content\/uploads\/2021\/08\/28-2-BirdTreeMoonFalperras0445-net-300x200.jpg\" class=\"tile-inner modula-item-link\"><\/a><img loading=\"lazy\" decoding=\"async\" class=\"pic wp-image-9842\"  data-valign=\"middle\" data-halign=\"center\" alt=\"\" data-full=\"https:\/\/fotografiaportugal.pt\/site\/wp-content\/uploads\/2021\/08\/28-2-BirdTreeMoonFalperras0445-net.jpg\" title=\"28 2 BirdTreeMoonFalperras0445-net\" crop=\"\" width=\"300\" height=\"200\" src=\"https:\/\/fotografiaportugal.pt\/site\/wp-content\/uploads\/2021\/08\/28-2-BirdTreeMoonFalperras0445-net-300x200.jpg\" data-src=\"https:\/\/fotografiaportugal.pt\/site\/wp-content\/uploads\/2021\/08\/28-2-BirdTreeMoonFalperras0445-net-300x200.jpg\" data-caption=\"\" srcset=\"https:\/\/fotografiaportugal.pt\/site\/wp-content\/uploads\/2021\/08\/28-2-BirdTreeMoonFalperras0445-net.jpg 891w, https:\/\/fotografiaportugal.pt\/site\/wp-content\/uploads\/2021\/08\/28-2-BirdTreeMoonFalperras0445-net-300x200.jpg 300w\" sizes=\"auto, (max-width: 300px) 100vw, 300px\" \/>\n\t\t<div class=\"figc no-description\">\n\t\t\t<div class=\"figc-inner\">\n\t\t\t\t\t\t\t\t\t\t\t\t\t\t\t<\/div>\n\t\t<\/div>\n\n\t<\/div>\n\n<\/div><div class=\"modula-item effect-pufrobo jtg-filter-all jtg-filter-\" >\n\t<div class=\"modula-item-overlay\"><\/div>\n\n\t<div class=\"modula-item-content\">\n\n\t\t<a data-image-id=\"9844\" role=\"button\" tabindex=\"0\" rel=\"jtg-9515\" data-caption=\"&lt;span class=&quot;modula-caption-description&quot;&gt;&lt;\/span&gt;\" aria-label=\"Open image in lightbox\" data-thumb=\"https:\/\/fotografiaportugal.pt\/site\/wp-content\/uploads\/2021\/08\/29-1-MilkyWayMourao-Airglow-net-300x241.jpg\" class=\"tile-inner modula-item-link\"><\/a><img loading=\"lazy\" decoding=\"async\" class=\"pic wp-image-9844\"  data-valign=\"middle\" data-halign=\"center\" alt=\"\" data-full=\"https:\/\/fotografiaportugal.pt\/site\/wp-content\/uploads\/2021\/08\/29-1-MilkyWayMourao-Airglow-net.jpg\" title=\"29 1 MilkyWayMourao-Airglow-net\" crop=\"\" width=\"300\" height=\"241\" src=\"https:\/\/fotografiaportugal.pt\/site\/wp-content\/uploads\/2021\/08\/29-1-MilkyWayMourao-Airglow-net-300x241.jpg\" data-src=\"https:\/\/fotografiaportugal.pt\/site\/wp-content\/uploads\/2021\/08\/29-1-MilkyWayMourao-Airglow-net-300x241.jpg\" data-caption=\"\" srcset=\"https:\/\/fotografiaportugal.pt\/site\/wp-content\/uploads\/2021\/08\/29-1-MilkyWayMourao-Airglow-net.jpg 1032w, https:\/\/fotografiaportugal.pt\/site\/wp-content\/uploads\/2021\/08\/29-1-MilkyWayMourao-Airglow-net-300x241.jpg 300w, https:\/\/fotografiaportugal.pt\/site\/wp-content\/uploads\/2021\/08\/29-1-MilkyWayMourao-Airglow-net-1024x823.jpg 1024w\" sizes=\"auto, (max-width: 300px) 100vw, 300px\" \/>\n\t\t<div class=\"figc no-description\">\n\t\t\t<div class=\"figc-inner\">\n\t\t\t\t\t\t\t\t\t\t\t\t\t\t\t<\/div>\n\t\t<\/div>\n\n\t<\/div>\n\n<\/div><div class=\"modula-item effect-pufrobo jtg-filter-all jtg-filter-\" >\n\t<div class=\"modula-item-overlay\"><\/div>\n\n\t<div class=\"modula-item-content\">\n\n\t\t<a data-image-id=\"9845\" role=\"button\" tabindex=\"0\" rel=\"jtg-9515\" data-caption=\"&lt;span class=&quot;modula-caption-description&quot;&gt;&lt;\/span&gt;\" aria-label=\"Open image in lightbox\" data-thumb=\"https:\/\/fotografiaportugal.pt\/site\/wp-content\/uploads\/2021\/08\/29-2-MilkyWayMourao-Airglow-LABEL-net-300x241.jpg\" class=\"tile-inner modula-item-link\"><\/a><img loading=\"lazy\" decoding=\"async\" class=\"pic wp-image-9845\"  data-valign=\"middle\" data-halign=\"center\" alt=\"\" data-full=\"https:\/\/fotografiaportugal.pt\/site\/wp-content\/uploads\/2021\/08\/29-2-MilkyWayMourao-Airglow-LABEL-net.jpg\" title=\"29 2 MilkyWayMourao-Airglow-LABEL-net\" crop=\"\" width=\"300\" height=\"241\" src=\"https:\/\/fotografiaportugal.pt\/site\/wp-content\/uploads\/2021\/08\/29-2-MilkyWayMourao-Airglow-LABEL-net-300x241.jpg\" data-src=\"https:\/\/fotografiaportugal.pt\/site\/wp-content\/uploads\/2021\/08\/29-2-MilkyWayMourao-Airglow-LABEL-net-300x241.jpg\" data-caption=\"\" srcset=\"https:\/\/fotografiaportugal.pt\/site\/wp-content\/uploads\/2021\/08\/29-2-MilkyWayMourao-Airglow-LABEL-net.jpg 1032w, https:\/\/fotografiaportugal.pt\/site\/wp-content\/uploads\/2021\/08\/29-2-MilkyWayMourao-Airglow-LABEL-net-300x241.jpg 300w, https:\/\/fotografiaportugal.pt\/site\/wp-content\/uploads\/2021\/08\/29-2-MilkyWayMourao-Airglow-LABEL-net-1024x823.jpg 1024w\" sizes=\"auto, (max-width: 300px) 100vw, 300px\" \/>\n\t\t<div class=\"figc no-description\">\n\t\t\t<div class=\"figc-inner\">\n\t\t\t\t\t\t\t\t\t\t\t\t\t\t\t<\/div>\n\t\t<\/div>\n\n\t<\/div>\n\n<\/div><div class=\"modula-item effect-pufrobo jtg-filter-all jtg-filter-\" >\n\t<div class=\"modula-item-overlay\"><\/div>\n\n\t<div class=\"modula-item-content\">\n\n\t\t<a data-image-id=\"9846\" role=\"button\" tabindex=\"0\" rel=\"jtg-9515\" data-caption=\"&lt;span class=&quot;modula-caption-description&quot;&gt;&lt;\/span&gt;\" aria-label=\"Open image in lightbox\" data-thumb=\"https:\/\/fotografiaportugal.pt\/site\/wp-content\/uploads\/2021\/08\/30-FALPERRAS-PolartrailsMonteFalperras-net-300x200.jpg\" class=\"tile-inner modula-item-link\"><\/a><img loading=\"lazy\" decoding=\"async\" class=\"pic wp-image-9846\"  data-valign=\"middle\" data-halign=\"center\" alt=\"\" data-full=\"https:\/\/fotografiaportugal.pt\/site\/wp-content\/uploads\/2021\/08\/30-FALPERRAS-PolartrailsMonteFalperras-net.jpg\" title=\"30 FALPERRAS-PolartrailsMonteFalperras-net\" crop=\"\" width=\"300\" height=\"200\" src=\"https:\/\/fotografiaportugal.pt\/site\/wp-content\/uploads\/2021\/08\/30-FALPERRAS-PolartrailsMonteFalperras-net-300x200.jpg\" data-src=\"https:\/\/fotografiaportugal.pt\/site\/wp-content\/uploads\/2021\/08\/30-FALPERRAS-PolartrailsMonteFalperras-net-300x200.jpg\" data-caption=\"\" srcset=\"https:\/\/fotografiaportugal.pt\/site\/wp-content\/uploads\/2021\/08\/30-FALPERRAS-PolartrailsMonteFalperras-net.jpg 891w, https:\/\/fotografiaportugal.pt\/site\/wp-content\/uploads\/2021\/08\/30-FALPERRAS-PolartrailsMonteFalperras-net-300x200.jpg 300w\" sizes=\"auto, (max-width: 300px) 100vw, 300px\" \/>\n\t\t<div class=\"figc no-description\">\n\t\t\t<div class=\"figc-inner\">\n\t\t\t\t\t\t\t\t\t\t\t\t\t\t\t<\/div>\n\t\t<\/div>\n\n\t<\/div>\n\n<\/div><div class=\"modula-item effect-pufrobo jtg-filter-all jtg-filter-\" >\n\t<div class=\"modula-item-overlay\"><\/div>\n\n\t<div class=\"modula-item-content\">\n\n\t\t<a data-image-id=\"9847\" role=\"button\" tabindex=\"0\" rel=\"jtg-9515\" data-caption=\"&lt;span class=&quot;modula-caption-description&quot;&gt;&lt;\/span&gt;\" aria-label=\"Open image in lightbox\" data-thumb=\"https:\/\/fotografiaportugal.pt\/site\/wp-content\/uploads\/2021\/08\/31-1-MilkyWayMonteBravoMourao-net-249x300.jpg\" class=\"tile-inner modula-item-link\"><\/a><img loading=\"lazy\" decoding=\"async\" class=\"pic wp-image-9847\"  data-valign=\"middle\" data-halign=\"center\" alt=\"\" data-full=\"https:\/\/fotografiaportugal.pt\/site\/wp-content\/uploads\/2021\/08\/31-1-MilkyWayMonteBravoMourao-net.jpg\" title=\"31 1 MilkyWayMonteBravoMourao-net\" crop=\"\" width=\"249\" height=\"300\" src=\"https:\/\/fotografiaportugal.pt\/site\/wp-content\/uploads\/2021\/08\/31-1-MilkyWayMonteBravoMourao-net-249x300.jpg\" data-src=\"https:\/\/fotografiaportugal.pt\/site\/wp-content\/uploads\/2021\/08\/31-1-MilkyWayMonteBravoMourao-net-249x300.jpg\" data-caption=\"\" srcset=\"https:\/\/fotografiaportugal.pt\/site\/wp-content\/uploads\/2021\/08\/31-1-MilkyWayMonteBravoMourao-net.jpg 750w, https:\/\/fotografiaportugal.pt\/site\/wp-content\/uploads\/2021\/08\/31-1-MilkyWayMonteBravoMourao-net-249x300.jpg 249w\" sizes=\"auto, (max-width: 249px) 100vw, 249px\" \/>\n\t\t<div class=\"figc no-description\">\n\t\t\t<div class=\"figc-inner\">\n\t\t\t\t\t\t\t\t\t\t\t\t\t\t\t<\/div>\n\t\t<\/div>\n\n\t<\/div>\n\n<\/div><div class=\"modula-item effect-pufrobo jtg-filter-all jtg-filter-\" >\n\t<div class=\"modula-item-overlay\"><\/div>\n\n\t<div class=\"modula-item-content\">\n\n\t\t<a data-image-id=\"9848\" role=\"button\" tabindex=\"0\" rel=\"jtg-9515\" data-caption=\"&lt;span class=&quot;modula-caption-description&quot;&gt;&lt;\/span&gt;\" aria-label=\"Open image in lightbox\" data-thumb=\"https:\/\/fotografiaportugal.pt\/site\/wp-content\/uploads\/2021\/08\/31-2-MilkyWayMonteBravoMourao-Label-net-249x300.jpg\" class=\"tile-inner modula-item-link\"><\/a><img loading=\"lazy\" decoding=\"async\" class=\"pic wp-image-9848\"  data-valign=\"middle\" data-halign=\"center\" alt=\"\" data-full=\"https:\/\/fotografiaportugal.pt\/site\/wp-content\/uploads\/2021\/08\/31-2-MilkyWayMonteBravoMourao-Label-net.jpg\" title=\"31 2 MilkyWayMonteBravoMourao-Label-net\" crop=\"\" width=\"249\" height=\"300\" src=\"https:\/\/fotografiaportugal.pt\/site\/wp-content\/uploads\/2021\/08\/31-2-MilkyWayMonteBravoMourao-Label-net-249x300.jpg\" data-src=\"https:\/\/fotografiaportugal.pt\/site\/wp-content\/uploads\/2021\/08\/31-2-MilkyWayMonteBravoMourao-Label-net-249x300.jpg\" data-caption=\"\" srcset=\"https:\/\/fotografiaportugal.pt\/site\/wp-content\/uploads\/2021\/08\/31-2-MilkyWayMonteBravoMourao-Label-net.jpg 750w, https:\/\/fotografiaportugal.pt\/site\/wp-content\/uploads\/2021\/08\/31-2-MilkyWayMonteBravoMourao-Label-net-249x300.jpg 249w\" sizes=\"auto, (max-width: 249px) 100vw, 249px\" \/>\n\t\t<div class=\"figc no-description\">\n\t\t\t<div class=\"figc-inner\">\n\t\t\t\t\t\t\t\t\t\t\t\t\t\t\t<\/div>\n\t\t<\/div>\n\n\t<\/div>\n\n<\/div><div class=\"modula-item effect-pufrobo jtg-filter-all jtg-filter-\" >\n\t<div class=\"modula-item-overlay\"><\/div>\n\n\t<div class=\"modula-item-content\">\n\n\t\t<a data-image-id=\"9849\" role=\"button\" tabindex=\"0\" rel=\"jtg-9515\" data-caption=\"&lt;span class=&quot;modula-caption-description&quot;&gt;&lt;\/span&gt;\" aria-label=\"Open image in lightbox\" data-thumb=\"https:\/\/fotografiaportugal.pt\/site\/wp-content\/uploads\/2021\/08\/32-1-AndromedaAirGlow-Pano1785-net-300x266.jpg\" class=\"tile-inner modula-item-link\"><\/a><img loading=\"lazy\" decoding=\"async\" class=\"pic wp-image-9849\"  data-valign=\"middle\" data-halign=\"center\" alt=\"\" data-full=\"https:\/\/fotografiaportugal.pt\/site\/wp-content\/uploads\/2021\/08\/32-1-AndromedaAirGlow-Pano1785-net.jpg\" title=\"32 1 AndromedaAirGlow-Pano1785-net\" crop=\"\" width=\"300\" height=\"266\" src=\"https:\/\/fotografiaportugal.pt\/site\/wp-content\/uploads\/2021\/08\/32-1-AndromedaAirGlow-Pano1785-net-300x266.jpg\" data-src=\"https:\/\/fotografiaportugal.pt\/site\/wp-content\/uploads\/2021\/08\/32-1-AndromedaAirGlow-Pano1785-net-300x266.jpg\" data-caption=\"\" srcset=\"https:\/\/fotografiaportugal.pt\/site\/wp-content\/uploads\/2021\/08\/32-1-AndromedaAirGlow-Pano1785-net.jpg 905w, https:\/\/fotografiaportugal.pt\/site\/wp-content\/uploads\/2021\/08\/32-1-AndromedaAirGlow-Pano1785-net-300x266.jpg 300w\" sizes=\"auto, (max-width: 300px) 100vw, 300px\" \/>\n\t\t<div class=\"figc no-description\">\n\t\t\t<div class=\"figc-inner\">\n\t\t\t\t\t\t\t\t\t\t\t\t\t\t\t<\/div>\n\t\t<\/div>\n\n\t<\/div>\n\n<\/div><div class=\"modula-item effect-pufrobo jtg-filter-all jtg-filter-\" >\n\t<div class=\"modula-item-overlay\"><\/div>\n\n\t<div class=\"modula-item-content\">\n\n\t\t<a data-image-id=\"9850\" role=\"button\" tabindex=\"0\" rel=\"jtg-9515\" data-caption=\"&lt;span class=&quot;modula-caption-description&quot;&gt;&lt;\/span&gt;\" aria-label=\"Open image in lightbox\" data-thumb=\"https:\/\/fotografiaportugal.pt\/site\/wp-content\/uploads\/2021\/08\/32-2-AndromedaAirGlow-Pano1785-LABEL-net-300x266.jpg\" class=\"tile-inner modula-item-link\"><\/a><img loading=\"lazy\" decoding=\"async\" class=\"pic wp-image-9850\"  data-valign=\"middle\" data-halign=\"center\" alt=\"\" data-full=\"https:\/\/fotografiaportugal.pt\/site\/wp-content\/uploads\/2021\/08\/32-2-AndromedaAirGlow-Pano1785-LABEL-net.jpg\" title=\"32 2 AndromedaAirGlow-Pano1785-LABEL-net\" crop=\"\" width=\"300\" height=\"266\" src=\"https:\/\/fotografiaportugal.pt\/site\/wp-content\/uploads\/2021\/08\/32-2-AndromedaAirGlow-Pano1785-LABEL-net-300x266.jpg\" data-src=\"https:\/\/fotografiaportugal.pt\/site\/wp-content\/uploads\/2021\/08\/32-2-AndromedaAirGlow-Pano1785-LABEL-net-300x266.jpg\" data-caption=\"\" srcset=\"https:\/\/fotografiaportugal.pt\/site\/wp-content\/uploads\/2021\/08\/32-2-AndromedaAirGlow-Pano1785-LABEL-net.jpg 905w, https:\/\/fotografiaportugal.pt\/site\/wp-content\/uploads\/2021\/08\/32-2-AndromedaAirGlow-Pano1785-LABEL-net-300x266.jpg 300w\" sizes=\"auto, (max-width: 300px) 100vw, 300px\" \/>\n\t\t<div class=\"figc no-description\">\n\t\t\t<div class=\"figc-inner\">\n\t\t\t\t\t\t\t\t\t\t\t\t\t\t\t<\/div>\n\t\t<\/div>\n\n\t<\/div>\n\n<\/div><div class=\"modula-item effect-pufrobo jtg-filter-all jtg-filter-\" >\n\t<div class=\"modula-item-overlay\"><\/div>\n\n\t<div class=\"modula-item-content\">\n\n\t\t<a data-image-id=\"9851\" role=\"button\" tabindex=\"0\" rel=\"jtg-9515\" data-caption=\"&lt;span class=&quot;modula-caption-description&quot;&gt;&lt;\/span&gt;\" aria-label=\"Open image in lightbox\" data-thumb=\"https:\/\/fotografiaportugal.pt\/site\/wp-content\/uploads\/2021\/08\/33-DeepSky-MonteAlertaNGC7000-net1-300x200.jpg\" class=\"tile-inner modula-item-link\"><\/a><img loading=\"lazy\" decoding=\"async\" class=\"pic wp-image-9851\"  data-valign=\"middle\" data-halign=\"center\" alt=\"\" data-full=\"https:\/\/fotografiaportugal.pt\/site\/wp-content\/uploads\/2021\/08\/33-DeepSky-MonteAlertaNGC7000-net1.jpg\" title=\"33 DeepSky-MonteAlertaNGC7000-net1\" crop=\"\" width=\"300\" height=\"200\" src=\"https:\/\/fotografiaportugal.pt\/site\/wp-content\/uploads\/2021\/08\/33-DeepSky-MonteAlertaNGC7000-net1-300x200.jpg\" data-src=\"https:\/\/fotografiaportugal.pt\/site\/wp-content\/uploads\/2021\/08\/33-DeepSky-MonteAlertaNGC7000-net1-300x200.jpg\" data-caption=\"\" srcset=\"https:\/\/fotografiaportugal.pt\/site\/wp-content\/uploads\/2021\/08\/33-DeepSky-MonteAlertaNGC7000-net1.jpg 900w, https:\/\/fotografiaportugal.pt\/site\/wp-content\/uploads\/2021\/08\/33-DeepSky-MonteAlertaNGC7000-net1-300x200.jpg 300w\" sizes=\"auto, (max-width: 300px) 100vw, 300px\" \/>\n\t\t<div class=\"figc no-description\">\n\t\t\t<div class=\"figc-inner\">\n\t\t\t\t\t\t\t\t\t\t\t\t\t\t\t<\/div>\n\t\t<\/div>\n\n\t<\/div>\n\n<\/div><div class=\"modula-item effect-pufrobo jtg-filter-all jtg-filter-\" >\n\t<div class=\"modula-item-overlay\"><\/div>\n\n\t<div class=\"modula-item-content\">\n\n\t\t<a data-image-id=\"9852\" role=\"button\" tabindex=\"0\" rel=\"jtg-9515\" data-caption=\"&lt;span class=&quot;modula-caption-description&quot;&gt;&lt;\/span&gt;\" aria-label=\"Open image in lightbox\" data-thumb=\"https:\/\/fotografiaportugal.pt\/site\/wp-content\/uploads\/2021\/08\/34-1-BiggestMoon2013-SesimbraCastle-net-300x200.jpg\" class=\"tile-inner modula-item-link\"><\/a><img loading=\"lazy\" decoding=\"async\" class=\"pic wp-image-9852\"  data-valign=\"middle\" data-halign=\"center\" alt=\"\" data-full=\"https:\/\/fotografiaportugal.pt\/site\/wp-content\/uploads\/2021\/08\/34-1-BiggestMoon2013-SesimbraCastle-net.jpg\" title=\"34 1 BiggestMoon2013-SesimbraCastle-net\" crop=\"\" width=\"300\" height=\"200\" src=\"https:\/\/fotografiaportugal.pt\/site\/wp-content\/uploads\/2021\/08\/34-1-BiggestMoon2013-SesimbraCastle-net-300x200.jpg\" data-src=\"https:\/\/fotografiaportugal.pt\/site\/wp-content\/uploads\/2021\/08\/34-1-BiggestMoon2013-SesimbraCastle-net-300x200.jpg\" data-caption=\"\" srcset=\"https:\/\/fotografiaportugal.pt\/site\/wp-content\/uploads\/2021\/08\/34-1-BiggestMoon2013-SesimbraCastle-net.jpg 959w, https:\/\/fotografiaportugal.pt\/site\/wp-content\/uploads\/2021\/08\/34-1-BiggestMoon2013-SesimbraCastle-net-300x200.jpg 300w\" sizes=\"auto, (max-width: 300px) 100vw, 300px\" \/>\n\t\t<div class=\"figc no-description\">\n\t\t\t<div class=\"figc-inner\">\n\t\t\t\t\t\t\t\t\t\t\t\t\t\t\t<\/div>\n\t\t<\/div>\n\n\t<\/div>\n\n<\/div><div class=\"modula-item effect-pufrobo jtg-filter-all jtg-filter-\" >\n\t<div class=\"modula-item-overlay\"><\/div>\n\n\t<div class=\"modula-item-content\">\n\n\t\t<a data-image-id=\"9853\" role=\"button\" tabindex=\"0\" rel=\"jtg-9515\" data-caption=\"&lt;span class=&quot;modula-caption-description&quot;&gt;&lt;\/span&gt;\" aria-label=\"Open image in lightbox\" data-thumb=\"https:\/\/fotografiaportugal.pt\/site\/wp-content\/uploads\/2021\/08\/34-2-CasteloBigFullMoonPan-net-300x56.jpg\" class=\"tile-inner modula-item-link\"><\/a><img loading=\"lazy\" decoding=\"async\" class=\"pic wp-image-9853\"  data-valign=\"middle\" data-halign=\"center\" alt=\"\" data-full=\"https:\/\/fotografiaportugal.pt\/site\/wp-content\/uploads\/2021\/08\/34-2-CasteloBigFullMoonPan-net.jpg\" title=\"34 2 CasteloBigFullMoonPan-net\" crop=\"\" width=\"300\" height=\"56\" src=\"https:\/\/fotografiaportugal.pt\/site\/wp-content\/uploads\/2021\/08\/34-2-CasteloBigFullMoonPan-net-300x56.jpg\" data-src=\"https:\/\/fotografiaportugal.pt\/site\/wp-content\/uploads\/2021\/08\/34-2-CasteloBigFullMoonPan-net-300x56.jpg\" data-caption=\"\" srcset=\"https:\/\/fotografiaportugal.pt\/site\/wp-content\/uploads\/2021\/08\/34-2-CasteloBigFullMoonPan-net.jpg 1673w, https:\/\/fotografiaportugal.pt\/site\/wp-content\/uploads\/2021\/08\/34-2-CasteloBigFullMoonPan-net-300x56.jpg 300w, https:\/\/fotografiaportugal.pt\/site\/wp-content\/uploads\/2021\/08\/34-2-CasteloBigFullMoonPan-net-1024x190.jpg 1024w\" sizes=\"auto, (max-width: 300px) 100vw, 300px\" \/>\n\t\t<div class=\"figc no-description\">\n\t\t\t<div class=\"figc-inner\">\n\t\t\t\t\t\t\t\t\t\t\t\t\t\t\t<\/div>\n\t\t<\/div>\n\n\t<\/div>\n\n<\/div><div class=\"modula-item effect-pufrobo jtg-filter-all jtg-filter-\" >\n\t<div class=\"modula-item-overlay\"><\/div>\n\n\t<div class=\"modula-item-content\">\n\n\t\t<a data-image-id=\"9854\" role=\"button\" tabindex=\"0\" rel=\"jtg-9515\" data-caption=\"&lt;span class=&quot;modula-caption-description&quot;&gt;&lt;\/span&gt;\" aria-label=\"Open image in lightbox\" data-thumb=\"https:\/\/fotografiaportugal.pt\/site\/wp-content\/uploads\/2021\/08\/35-lake-MA-net-200x300.jpg\" class=\"tile-inner modula-item-link\"><\/a><img loading=\"lazy\" decoding=\"async\" class=\"pic wp-image-9854\"  data-valign=\"middle\" data-halign=\"center\" alt=\"\" data-full=\"https:\/\/fotografiaportugal.pt\/site\/wp-content\/uploads\/2021\/08\/35-lake-MA-net.jpg\" title=\"35 lake-MA-net\" crop=\"\" width=\"200\" height=\"300\" src=\"https:\/\/fotografiaportugal.pt\/site\/wp-content\/uploads\/2021\/08\/35-lake-MA-net-200x300.jpg\" data-src=\"https:\/\/fotografiaportugal.pt\/site\/wp-content\/uploads\/2021\/08\/35-lake-MA-net-200x300.jpg\" data-caption=\"\" srcset=\"https:\/\/fotografiaportugal.pt\/site\/wp-content\/uploads\/2021\/08\/35-lake-MA-net.jpg 673w, https:\/\/fotografiaportugal.pt\/site\/wp-content\/uploads\/2021\/08\/35-lake-MA-net-200x300.jpg 200w\" sizes=\"auto, (max-width: 200px) 100vw, 200px\" \/>\n\t\t<div class=\"figc no-description\">\n\t\t\t<div class=\"figc-inner\">\n\t\t\t\t\t\t\t\t\t\t\t\t\t\t\t<\/div>\n\t\t<\/div>\n\n\t<\/div>\n\n<\/div><div class=\"modula-item effect-pufrobo jtg-filter-all jtg-filter-\" >\n\t<div class=\"modula-item-overlay\"><\/div>\n\n\t<div class=\"modula-item-content\">\n\n\t\t<a data-image-id=\"9855\" role=\"button\" tabindex=\"0\" rel=\"jtg-9515\" data-caption=\"&lt;span class=&quot;modula-caption-description&quot;&gt;&lt;\/span&gt;\" aria-label=\"Open image in lightbox\" data-thumb=\"https:\/\/fotografiaportugal.pt\/site\/wp-content\/uploads\/2021\/08\/36-1-MoonShotSilhouetteCapuchos-net-200x300.jpg\" class=\"tile-inner modula-item-link\"><\/a><img loading=\"lazy\" decoding=\"async\" class=\"pic wp-image-9855\"  data-valign=\"middle\" data-halign=\"center\" alt=\"\" data-full=\"https:\/\/fotografiaportugal.pt\/site\/wp-content\/uploads\/2021\/08\/36-1-MoonShotSilhouetteCapuchos-net.jpg\" title=\"36 1 MoonShotSilhouetteCapuchos-net\" crop=\"\" width=\"200\" height=\"300\" src=\"https:\/\/fotografiaportugal.pt\/site\/wp-content\/uploads\/2021\/08\/36-1-MoonShotSilhouetteCapuchos-net-200x300.jpg\" data-src=\"https:\/\/fotografiaportugal.pt\/site\/wp-content\/uploads\/2021\/08\/36-1-MoonShotSilhouetteCapuchos-net-200x300.jpg\" data-caption=\"\" srcset=\"https:\/\/fotografiaportugal.pt\/site\/wp-content\/uploads\/2021\/08\/36-1-MoonShotSilhouetteCapuchos-net.jpg 594w, https:\/\/fotografiaportugal.pt\/site\/wp-content\/uploads\/2021\/08\/36-1-MoonShotSilhouetteCapuchos-net-200x300.jpg 200w\" sizes=\"auto, (max-width: 200px) 100vw, 200px\" \/>\n\t\t<div class=\"figc no-description\">\n\t\t\t<div class=\"figc-inner\">\n\t\t\t\t\t\t\t\t\t\t\t\t\t\t\t<\/div>\n\t\t<\/div>\n\n\t<\/div>\n\n<\/div><div class=\"modula-item effect-pufrobo jtg-filter-all jtg-filter-\" >\n\t<div class=\"modula-item-overlay\"><\/div>\n\n\t<div class=\"modula-item-content\">\n\n\t\t<a data-image-id=\"9856\" role=\"button\" tabindex=\"0\" rel=\"jtg-9515\" data-caption=\"&lt;span class=&quot;modula-caption-description&quot;&gt;&lt;\/span&gt;\" aria-label=\"Open image in lightbox\" data-thumb=\"https:\/\/fotografiaportugal.pt\/site\/wp-content\/uploads\/2021\/08\/36-2-MacroMoonShotCapuchos-net-200x300.jpg\" class=\"tile-inner modula-item-link\"><\/a><img loading=\"lazy\" decoding=\"async\" class=\"pic wp-image-9856\"  data-valign=\"middle\" data-halign=\"center\" alt=\"\" data-full=\"https:\/\/fotografiaportugal.pt\/site\/wp-content\/uploads\/2021\/08\/36-2-MacroMoonShotCapuchos-net.jpg\" title=\"36 2 MacroMoonShotCapuchos-net\" crop=\"\" width=\"200\" height=\"300\" src=\"https:\/\/fotografiaportugal.pt\/site\/wp-content\/uploads\/2021\/08\/36-2-MacroMoonShotCapuchos-net-200x300.jpg\" data-src=\"https:\/\/fotografiaportugal.pt\/site\/wp-content\/uploads\/2021\/08\/36-2-MacroMoonShotCapuchos-net-200x300.jpg\" data-caption=\"\" srcset=\"https:\/\/fotografiaportugal.pt\/site\/wp-content\/uploads\/2021\/08\/36-2-MacroMoonShotCapuchos-net.jpg 594w, https:\/\/fotografiaportugal.pt\/site\/wp-content\/uploads\/2021\/08\/36-2-MacroMoonShotCapuchos-net-200x300.jpg 200w\" sizes=\"auto, (max-width: 200px) 100vw, 200px\" \/>\n\t\t<div class=\"figc no-description\">\n\t\t\t<div class=\"figc-inner\">\n\t\t\t\t\t\t\t\t\t\t\t\t\t\t\t<\/div>\n\t\t<\/div>\n\n\t<\/div>\n\n<\/div><div class=\"modula-item effect-pufrobo jtg-filter-all jtg-filter-\" >\n\t<div class=\"modula-item-overlay\"><\/div>\n\n\t<div class=\"modula-item-content\">\n\n\t\t<a data-image-id=\"9860\" role=\"button\" tabindex=\"0\" rel=\"jtg-9515\" data-caption=\"&lt;span class=&quot;modula-caption-description&quot;&gt;&lt;\/span&gt;\" aria-label=\"Open image in lightbox\" data-thumb=\"https:\/\/fotografiaportugal.pt\/site\/wp-content\/uploads\/2021\/08\/37-MilkyRocksSkygazerLight-net-293x300.jpg\" class=\"tile-inner modula-item-link\"><\/a><img loading=\"lazy\" decoding=\"async\" class=\"pic wp-image-9860\"  data-valign=\"middle\" data-halign=\"center\" alt=\"\" data-full=\"https:\/\/fotografiaportugal.pt\/site\/wp-content\/uploads\/2021\/08\/37-MilkyRocksSkygazerLight-net.jpg\" title=\"37 MilkyRocksSkygazerLight-net\" crop=\"\" width=\"293\" height=\"300\" src=\"https:\/\/fotografiaportugal.pt\/site\/wp-content\/uploads\/2021\/08\/37-MilkyRocksSkygazerLight-net-293x300.jpg\" data-src=\"https:\/\/fotografiaportugal.pt\/site\/wp-content\/uploads\/2021\/08\/37-MilkyRocksSkygazerLight-net-293x300.jpg\" data-caption=\"\" srcset=\"https:\/\/fotografiaportugal.pt\/site\/wp-content\/uploads\/2021\/08\/37-MilkyRocksSkygazerLight-net.jpg 645w, https:\/\/fotografiaportugal.pt\/site\/wp-content\/uploads\/2021\/08\/37-MilkyRocksSkygazerLight-net-293x300.jpg 293w\" sizes=\"auto, (max-width: 293px) 100vw, 293px\" \/>\n\t\t<div class=\"figc no-description\">\n\t\t\t<div class=\"figc-inner\">\n\t\t\t\t\t\t\t\t\t\t\t\t\t\t\t<\/div>\n\t\t<\/div>\n\n\t<\/div>\n\n<\/div><div class=\"modula-item effect-pufrobo jtg-filter-all jtg-filter-\" >\n\t<div class=\"modula-item-overlay\"><\/div>\n\n\t<div class=\"modula-item-content\">\n\n\t\t<a data-image-id=\"9861\" role=\"button\" tabindex=\"0\" rel=\"jtg-9515\" data-caption=\"&lt;span class=&quot;modula-caption-description&quot;&gt;&lt;\/span&gt;\" aria-label=\"Open image in lightbox\" data-thumb=\"https:\/\/fotografiaportugal.pt\/site\/wp-content\/uploads\/2021\/08\/38-MilkyRocks1653-BW-net-201x300.jpg\" class=\"tile-inner modula-item-link\"><\/a><img loading=\"lazy\" decoding=\"async\" class=\"pic wp-image-9861\"  data-valign=\"middle\" data-halign=\"center\" alt=\"\" data-full=\"https:\/\/fotografiaportugal.pt\/site\/wp-content\/uploads\/2021\/08\/38-MilkyRocks1653-BW-net.jpg\" title=\"38 MilkyRocks1653-BW-net\" crop=\"\" width=\"201\" height=\"300\" src=\"https:\/\/fotografiaportugal.pt\/site\/wp-content\/uploads\/2021\/08\/38-MilkyRocks1653-BW-net-201x300.jpg\" data-src=\"https:\/\/fotografiaportugal.pt\/site\/wp-content\/uploads\/2021\/08\/38-MilkyRocks1653-BW-net-201x300.jpg\" data-caption=\"\" srcset=\"https:\/\/fotografiaportugal.pt\/site\/wp-content\/uploads\/2021\/08\/38-MilkyRocks1653-BW-net.jpg 648w, https:\/\/fotografiaportugal.pt\/site\/wp-content\/uploads\/2021\/08\/38-MilkyRocks1653-BW-net-201x300.jpg 201w\" sizes=\"auto, (max-width: 201px) 100vw, 201px\" \/>\n\t\t<div class=\"figc no-description\">\n\t\t\t<div class=\"figc-inner\">\n\t\t\t\t\t\t\t\t\t\t\t\t\t\t\t<\/div>\n\t\t<\/div>\n\n\t<\/div>\n\n<\/div><div class=\"modula-item effect-pufrobo jtg-filter-all jtg-filter-\" >\n\t<div class=\"modula-item-overlay\"><\/div>\n\n\t<div class=\"modula-item-content\">\n\n\t\t<a data-image-id=\"9862\" role=\"button\" tabindex=\"0\" rel=\"jtg-9515\" data-caption=\"&lt;span class=&quot;modula-caption-description&quot;&gt;&lt;\/span&gt;\" aria-label=\"Open image in lightbox\" data-thumb=\"https:\/\/fotografiaportugal.pt\/site\/wp-content\/uploads\/2021\/08\/39-TrailsNortAmericaNebula-Arrabida-net-200x300.jpg\" class=\"tile-inner modula-item-link\"><\/a><img loading=\"lazy\" decoding=\"async\" class=\"pic wp-image-9862\"  data-valign=\"middle\" data-halign=\"center\" alt=\"\" data-full=\"https:\/\/fotografiaportugal.pt\/site\/wp-content\/uploads\/2021\/08\/39-TrailsNortAmericaNebula-Arrabida-net.jpg\" title=\"39 TrailsNortAmericaNebula-Arrabida-net\" crop=\"\" width=\"200\" height=\"300\" src=\"https:\/\/fotografiaportugal.pt\/site\/wp-content\/uploads\/2021\/08\/39-TrailsNortAmericaNebula-Arrabida-net-200x300.jpg\" data-src=\"https:\/\/fotografiaportugal.pt\/site\/wp-content\/uploads\/2021\/08\/39-TrailsNortAmericaNebula-Arrabida-net-200x300.jpg\" data-caption=\"\" srcset=\"https:\/\/fotografiaportugal.pt\/site\/wp-content\/uploads\/2021\/08\/39-TrailsNortAmericaNebula-Arrabida-net.jpg 648w, https:\/\/fotografiaportugal.pt\/site\/wp-content\/uploads\/2021\/08\/39-TrailsNortAmericaNebula-Arrabida-net-200x300.jpg 200w\" sizes=\"auto, (max-width: 200px) 100vw, 200px\" \/>\n\t\t<div class=\"figc no-description\">\n\t\t\t<div class=\"figc-inner\">\n\t\t\t\t\t\t\t\t\t\t\t\t\t\t\t<\/div>\n\t\t<\/div>\n\n\t<\/div>\n\n<\/div><div class=\"modula-item effect-pufrobo jtg-filter-all jtg-filter-\" >\n\t<div class=\"modula-item-overlay\"><\/div>\n\n\t<div class=\"modula-item-content\">\n\n\t\t<a data-image-id=\"9866\" role=\"button\" tabindex=\"0\" rel=\"jtg-9515\" data-caption=\"&lt;span class=&quot;modula-caption-description&quot;&gt;&lt;\/span&gt;\" aria-label=\"Open image in lightbox\" data-thumb=\"https:\/\/fotografiaportugal.pt\/site\/wp-content\/uploads\/2021\/08\/40-ConventoTominaCloudsSunRays-net-300x211.jpg\" class=\"tile-inner modula-item-link\"><\/a><img loading=\"lazy\" decoding=\"async\" class=\"pic wp-image-9866\"  data-valign=\"middle\" data-halign=\"center\" alt=\"\" data-full=\"https:\/\/fotografiaportugal.pt\/site\/wp-content\/uploads\/2021\/08\/40-ConventoTominaCloudsSunRays-net.jpg\" title=\"40 ConventoTominaCloudsSunRays-net\" crop=\"\" width=\"300\" height=\"211\" src=\"https:\/\/fotografiaportugal.pt\/site\/wp-content\/uploads\/2021\/08\/40-ConventoTominaCloudsSunRays-net-300x211.jpg\" data-src=\"https:\/\/fotografiaportugal.pt\/site\/wp-content\/uploads\/2021\/08\/40-ConventoTominaCloudsSunRays-net-300x211.jpg\" data-caption=\"\" srcset=\"https:\/\/fotografiaportugal.pt\/site\/wp-content\/uploads\/2021\/08\/40-ConventoTominaCloudsSunRays-net.jpg 846w, https:\/\/fotografiaportugal.pt\/site\/wp-content\/uploads\/2021\/08\/40-ConventoTominaCloudsSunRays-net-300x211.jpg 300w\" sizes=\"auto, (max-width: 300px) 100vw, 300px\" \/>\n\t\t<div class=\"figc no-description\">\n\t\t\t<div class=\"figc-inner\">\n\t\t\t\t\t\t\t\t\t\t\t\t\t\t\t<\/div>\n\t\t<\/div>\n\n\t<\/div>\n\n<\/div><div class=\"modula-item effect-pufrobo jtg-filter-all jtg-filter-\" >\n\t<div class=\"modula-item-overlay\"><\/div>\n\n\t<div class=\"modula-item-content\">\n\n\t\t<a data-image-id=\"9867\" role=\"button\" tabindex=\"0\" rel=\"jtg-9515\" data-caption=\"&lt;span class=&quot;modula-caption-description&quot;&gt;&lt;\/span&gt;\" aria-label=\"Open image in lightbox\" data-thumb=\"https:\/\/fotografiaportugal.pt\/site\/wp-content\/uploads\/2021\/08\/41-MoonCloseUp-Noudar-net-300x190.jpg\" class=\"tile-inner modula-item-link\"><\/a><img loading=\"lazy\" decoding=\"async\" class=\"pic wp-image-9867\"  data-valign=\"middle\" data-halign=\"center\" alt=\"\" data-full=\"https:\/\/fotografiaportugal.pt\/site\/wp-content\/uploads\/2021\/08\/41-MoonCloseUp-Noudar-net.jpg\" title=\"41 MoonCloseUp-Noudar-net\" crop=\"\" width=\"300\" height=\"190\" src=\"https:\/\/fotografiaportugal.pt\/site\/wp-content\/uploads\/2021\/08\/41-MoonCloseUp-Noudar-net-300x190.jpg\" data-src=\"https:\/\/fotografiaportugal.pt\/site\/wp-content\/uploads\/2021\/08\/41-MoonCloseUp-Noudar-net-300x190.jpg\" data-caption=\"\" srcset=\"https:\/\/fotografiaportugal.pt\/site\/wp-content\/uploads\/2021\/08\/41-MoonCloseUp-Noudar-net.jpg 939w, https:\/\/fotografiaportugal.pt\/site\/wp-content\/uploads\/2021\/08\/41-MoonCloseUp-Noudar-net-300x190.jpg 300w\" sizes=\"auto, (max-width: 300px) 100vw, 300px\" \/>\n\t\t<div class=\"figc no-description\">\n\t\t\t<div class=\"figc-inner\">\n\t\t\t\t\t\t\t\t\t\t\t\t\t\t\t<\/div>\n\t\t<\/div>\n\n\t<\/div>\n\n<\/div><div class=\"modula-item effect-pufrobo jtg-filter-all jtg-filter-\" >\n\t<div class=\"modula-item-overlay\"><\/div>\n\n\t<div class=\"modula-item-content\">\n\n\t\t<a data-image-id=\"9870\" role=\"button\" tabindex=\"0\" rel=\"jtg-9515\" data-caption=\"&lt;span class=&quot;modula-caption-description&quot;&gt;&lt;\/span&gt;\" aria-label=\"Open image in lightbox\" data-thumb=\"https:\/\/fotografiaportugal.pt\/site\/wp-content\/uploads\/2021\/08\/42-NoudarStartrailFlowers-net-300x200.jpg\" class=\"tile-inner modula-item-link\"><\/a><img loading=\"lazy\" decoding=\"async\" class=\"pic wp-image-9870\"  data-valign=\"middle\" data-halign=\"center\" alt=\"\" data-full=\"https:\/\/fotografiaportugal.pt\/site\/wp-content\/uploads\/2021\/08\/42-NoudarStartrailFlowers-net.jpg\" title=\"42 NoudarStartrailFlowers-net\" crop=\"\" width=\"300\" height=\"200\" src=\"https:\/\/fotografiaportugal.pt\/site\/wp-content\/uploads\/2021\/08\/42-NoudarStartrailFlowers-net-300x200.jpg\" data-src=\"https:\/\/fotografiaportugal.pt\/site\/wp-content\/uploads\/2021\/08\/42-NoudarStartrailFlowers-net-300x200.jpg\" data-caption=\"\" srcset=\"https:\/\/fotografiaportugal.pt\/site\/wp-content\/uploads\/2021\/08\/42-NoudarStartrailFlowers-net.jpg 891w, https:\/\/fotografiaportugal.pt\/site\/wp-content\/uploads\/2021\/08\/42-NoudarStartrailFlowers-net-300x200.jpg 300w\" sizes=\"auto, (max-width: 300px) 100vw, 300px\" \/>\n\t\t<div class=\"figc no-description\">\n\t\t\t<div class=\"figc-inner\">\n\t\t\t\t\t\t\t\t\t\t\t\t\t\t\t<\/div>\n\t\t<\/div>\n\n\t<\/div>\n\n<\/div><div class=\"modula-item effect-pufrobo jtg-filter-all jtg-filter-\" >\n\t<div class=\"modula-item-overlay\"><\/div>\n\n\t<div class=\"modula-item-content\">\n\n\t\t<a data-image-id=\"9873\" role=\"button\" tabindex=\"0\" rel=\"jtg-9515\" data-caption=\"&lt;span class=&quot;modula-caption-description&quot;&gt;&lt;\/span&gt;\" aria-label=\"Open image in lightbox\" data-thumb=\"https:\/\/fotografiaportugal.pt\/site\/wp-content\/uploads\/2021\/08\/43-1-MonsarazConvento-TheMoonMilkyWay-net-300x124.jpg\" class=\"tile-inner modula-item-link\"><\/a><img loading=\"lazy\" decoding=\"async\" class=\"pic wp-image-9873\"  data-valign=\"middle\" data-halign=\"center\" alt=\"\" data-full=\"https:\/\/fotografiaportugal.pt\/site\/wp-content\/uploads\/2021\/08\/43-1-MonsarazConvento-TheMoonMilkyWay-net.jpg\" title=\"43 1 MonsarazConvento-TheMoonMilkyWay-net\" crop=\"\" width=\"300\" height=\"124\" src=\"https:\/\/fotografiaportugal.pt\/site\/wp-content\/uploads\/2021\/08\/43-1-MonsarazConvento-TheMoonMilkyWay-net-300x124.jpg\" data-src=\"https:\/\/fotografiaportugal.pt\/site\/wp-content\/uploads\/2021\/08\/43-1-MonsarazConvento-TheMoonMilkyWay-net-300x124.jpg\" data-caption=\"\" srcset=\"https:\/\/fotografiaportugal.pt\/site\/wp-content\/uploads\/2021\/08\/43-1-MonsarazConvento-TheMoonMilkyWay-net.jpg 1375w, https:\/\/fotografiaportugal.pt\/site\/wp-content\/uploads\/2021\/08\/43-1-MonsarazConvento-TheMoonMilkyWay-net-300x124.jpg 300w, https:\/\/fotografiaportugal.pt\/site\/wp-content\/uploads\/2021\/08\/43-1-MonsarazConvento-TheMoonMilkyWay-net-1024x423.jpg 1024w\" sizes=\"auto, (max-width: 300px) 100vw, 300px\" \/>\n\t\t<div class=\"figc no-description\">\n\t\t\t<div class=\"figc-inner\">\n\t\t\t\t\t\t\t\t\t\t\t\t\t\t\t<\/div>\n\t\t<\/div>\n\n\t<\/div>\n\n<\/div><div class=\"modula-item effect-pufrobo jtg-filter-all jtg-filter-\" >\n\t<div class=\"modula-item-overlay\"><\/div>\n\n\t<div class=\"modula-item-content\">\n\n\t\t<a data-image-id=\"9874\" role=\"button\" tabindex=\"0\" rel=\"jtg-9515\" data-caption=\"&lt;span class=&quot;modula-caption-description&quot;&gt;&lt;\/span&gt;\" aria-label=\"Open image in lightbox\" data-thumb=\"https:\/\/fotografiaportugal.pt\/site\/wp-content\/uploads\/2021\/08\/43-2-MonsarazConvento-TheMoonMilkyWay-Label-net-300x124.jpg\" class=\"tile-inner modula-item-link\"><\/a><img loading=\"lazy\" decoding=\"async\" class=\"pic wp-image-9874\"  data-valign=\"middle\" data-halign=\"center\" alt=\"\" data-full=\"https:\/\/fotografiaportugal.pt\/site\/wp-content\/uploads\/2021\/08\/43-2-MonsarazConvento-TheMoonMilkyWay-Label-net.jpg\" title=\"43 2 MonsarazConvento-TheMoonMilkyWay-Label-net\" crop=\"\" width=\"300\" height=\"124\" src=\"https:\/\/fotografiaportugal.pt\/site\/wp-content\/uploads\/2021\/08\/43-2-MonsarazConvento-TheMoonMilkyWay-Label-net-300x124.jpg\" data-src=\"https:\/\/fotografiaportugal.pt\/site\/wp-content\/uploads\/2021\/08\/43-2-MonsarazConvento-TheMoonMilkyWay-Label-net-300x124.jpg\" data-caption=\"\" srcset=\"https:\/\/fotografiaportugal.pt\/site\/wp-content\/uploads\/2021\/08\/43-2-MonsarazConvento-TheMoonMilkyWay-Label-net.jpg 1375w, https:\/\/fotografiaportugal.pt\/site\/wp-content\/uploads\/2021\/08\/43-2-MonsarazConvento-TheMoonMilkyWay-Label-net-300x124.jpg 300w, https:\/\/fotografiaportugal.pt\/site\/wp-content\/uploads\/2021\/08\/43-2-MonsarazConvento-TheMoonMilkyWay-Label-net-1024x423.jpg 1024w\" sizes=\"auto, (max-width: 300px) 100vw, 300px\" \/>\n\t\t<div class=\"figc no-description\">\n\t\t\t<div class=\"figc-inner\">\n\t\t\t\t\t\t\t\t\t\t\t\t\t\t\t<\/div>\n\t\t<\/div>\n\n\t<\/div>\n\n<\/div><div class=\"modula-item effect-pufrobo jtg-filter-all jtg-filter-\" >\n\t<div class=\"modula-item-overlay\"><\/div>\n\n\t<div class=\"modula-item-content\">\n\n\t\t<a data-image-id=\"9877\" role=\"button\" tabindex=\"0\" rel=\"jtg-9515\" data-caption=\"&lt;span class=&quot;modula-caption-description&quot;&gt;&lt;\/span&gt;\" aria-label=\"Open image in lightbox\" data-thumb=\"https:\/\/fotografiaportugal.pt\/site\/wp-content\/uploads\/2021\/08\/44-1-IMG_0721-OrionConstellation-Polarie-net-200x300.jpg\" class=\"tile-inner modula-item-link\"><\/a><img loading=\"lazy\" decoding=\"async\" class=\"pic wp-image-9877\"  data-valign=\"middle\" data-halign=\"center\" alt=\"\" data-full=\"https:\/\/fotografiaportugal.pt\/site\/wp-content\/uploads\/2021\/08\/44-1-IMG_0721-OrionConstellation-Polarie-net.jpg\" title=\"44 1 IMG_0721-OrionConstellation-Polarie-net\" crop=\"\" width=\"200\" height=\"300\" src=\"https:\/\/fotografiaportugal.pt\/site\/wp-content\/uploads\/2021\/08\/44-1-IMG_0721-OrionConstellation-Polarie-net-200x300.jpg\" data-src=\"https:\/\/fotografiaportugal.pt\/site\/wp-content\/uploads\/2021\/08\/44-1-IMG_0721-OrionConstellation-Polarie-net-200x300.jpg\" data-caption=\"\" srcset=\"https:\/\/fotografiaportugal.pt\/site\/wp-content\/uploads\/2021\/08\/44-1-IMG_0721-OrionConstellation-Polarie-net.jpg 486w, https:\/\/fotografiaportugal.pt\/site\/wp-content\/uploads\/2021\/08\/44-1-IMG_0721-OrionConstellation-Polarie-net-200x300.jpg 200w\" sizes=\"auto, (max-width: 200px) 100vw, 200px\" \/>\n\t\t<div class=\"figc no-description\">\n\t\t\t<div class=\"figc-inner\">\n\t\t\t\t\t\t\t\t\t\t\t\t\t\t\t<\/div>\n\t\t<\/div>\n\n\t<\/div>\n\n<\/div><div class=\"modula-item effect-pufrobo jtg-filter-all jtg-filter-\" >\n\t<div class=\"modula-item-overlay\"><\/div>\n\n\t<div class=\"modula-item-content\">\n\n\t\t<a data-image-id=\"9878\" role=\"button\" tabindex=\"0\" rel=\"jtg-9515\" data-caption=\"&lt;span class=&quot;modula-caption-description&quot;&gt;&lt;\/span&gt;\" aria-label=\"Open image in lightbox\" data-thumb=\"https:\/\/fotografiaportugal.pt\/site\/wp-content\/uploads\/2021\/08\/44-2-IMG_0721-OrionConstellation-Polarie-V-net-LABEL-200x300.jpg\" class=\"tile-inner modula-item-link\"><\/a><img loading=\"lazy\" decoding=\"async\" class=\"pic wp-image-9878\"  data-valign=\"middle\" data-halign=\"center\" alt=\"\" data-full=\"https:\/\/fotografiaportugal.pt\/site\/wp-content\/uploads\/2021\/08\/44-2-IMG_0721-OrionConstellation-Polarie-V-net-LABEL.jpg\" title=\"44 2 IMG_0721-OrionConstellation-Polarie-V-net-LABEL\" crop=\"\" width=\"200\" height=\"300\" src=\"https:\/\/fotografiaportugal.pt\/site\/wp-content\/uploads\/2021\/08\/44-2-IMG_0721-OrionConstellation-Polarie-V-net-LABEL-200x300.jpg\" data-src=\"https:\/\/fotografiaportugal.pt\/site\/wp-content\/uploads\/2021\/08\/44-2-IMG_0721-OrionConstellation-Polarie-V-net-LABEL-200x300.jpg\" data-caption=\"\" srcset=\"https:\/\/fotografiaportugal.pt\/site\/wp-content\/uploads\/2021\/08\/44-2-IMG_0721-OrionConstellation-Polarie-V-net-LABEL.jpg 486w, https:\/\/fotografiaportugal.pt\/site\/wp-content\/uploads\/2021\/08\/44-2-IMG_0721-OrionConstellation-Polarie-V-net-LABEL-200x300.jpg 200w\" sizes=\"auto, (max-width: 200px) 100vw, 200px\" \/>\n\t\t<div class=\"figc no-description\">\n\t\t\t<div class=\"figc-inner\">\n\t\t\t\t\t\t\t\t\t\t\t\t\t\t\t<\/div>\n\t\t<\/div>\n\n\t<\/div>\n\n<\/div><div class=\"modula-item effect-pufrobo jtg-filter-all jtg-filter-\" >\n\t<div class=\"modula-item-overlay\"><\/div>\n\n\t<div class=\"modula-item-content\">\n\n\t\t<a data-image-id=\"9879\" role=\"button\" tabindex=\"0\" rel=\"jtg-9515\" data-caption=\"&lt;span class=&quot;modula-caption-description&quot;&gt;Sunrise from Monsaraz Village, Portugal.&lt;\/span&gt;\" aria-label=\"Open image in lightbox\" data-thumb=\"https:\/\/fotografiaportugal.pt\/site\/wp-content\/uploads\/2021\/08\/45-Sunrise-Fog-Monsaraz-net-300x197.jpg\" class=\"tile-inner modula-item-link\"><\/a><img loading=\"lazy\" decoding=\"async\" class=\"pic wp-image-9879\"  data-valign=\"middle\" data-halign=\"center\" alt=\"\" data-full=\"https:\/\/fotografiaportugal.pt\/site\/wp-content\/uploads\/2021\/08\/45-Sunrise-Fog-Monsaraz-net.jpg\" title=\"Sunrise from Monsaraz Village, Portugal.\" crop=\"\" width=\"300\" height=\"197\" src=\"https:\/\/fotografiaportugal.pt\/site\/wp-content\/uploads\/2021\/08\/45-Sunrise-Fog-Monsaraz-net-300x197.jpg\" data-src=\"https:\/\/fotografiaportugal.pt\/site\/wp-content\/uploads\/2021\/08\/45-Sunrise-Fog-Monsaraz-net-300x197.jpg\" data-caption=\"Sunrise from Monsaraz Village, Portugal.\" srcset=\"https:\/\/fotografiaportugal.pt\/site\/wp-content\/uploads\/2021\/08\/45-Sunrise-Fog-Monsaraz-net.jpg 882w, https:\/\/fotografiaportugal.pt\/site\/wp-content\/uploads\/2021\/08\/45-Sunrise-Fog-Monsaraz-net-300x197.jpg 300w\" sizes=\"auto, (max-width: 300px) 100vw, 300px\" \/>\n\t\t<div class=\"figc\">\n\t\t\t<div class=\"figc-inner\">\n\t\t\t\t\t\t\t\t\t\t\t\t\t\t\t<\/div>\n\t\t<\/div>\n\n\t<\/div>\n\n<\/div><div class=\"modula-item effect-pufrobo jtg-filter-all jtg-filter-\" >\n\t<div class=\"modula-item-overlay\"><\/div>\n\n\t<div class=\"modula-item-content\">\n\n\t\t<a data-image-id=\"9883\" role=\"button\" tabindex=\"0\" rel=\"jtg-9515\" data-caption=\"&lt;span class=&quot;modula-caption-description&quot;&gt;The Moonset and startrails in the Alqueva lake, in Monsaraz. A region of the Alqueva Dark Sky Reserve.&lt;\/span&gt;\" aria-label=\"Open image in lightbox\" data-thumb=\"https:\/\/fotografiaportugal.pt\/site\/wp-content\/uploads\/2021\/08\/46-1-TreeLakeMoonTrails-Monsaraz-net-300x200.jpg\" class=\"tile-inner modula-item-link\"><\/a><img loading=\"lazy\" decoding=\"async\" class=\"pic wp-image-9883\"  data-valign=\"middle\" data-halign=\"center\" alt=\"\" data-full=\"https:\/\/fotografiaportugal.pt\/site\/wp-content\/uploads\/2021\/08\/46-1-TreeLakeMoonTrails-Monsaraz-net.jpg\" title=\"46 1 TreeLakeMoonTrails-Monsaraz-net\" crop=\"\" width=\"300\" height=\"200\" src=\"https:\/\/fotografiaportugal.pt\/site\/wp-content\/uploads\/2021\/08\/46-1-TreeLakeMoonTrails-Monsaraz-net-300x200.jpg\" data-src=\"https:\/\/fotografiaportugal.pt\/site\/wp-content\/uploads\/2021\/08\/46-1-TreeLakeMoonTrails-Monsaraz-net-300x200.jpg\" data-caption=\"The Moonset and startrails in the Alqueva lake, in Monsaraz. A region of the Alqueva Dark Sky Reserve.\" srcset=\"https:\/\/fotografiaportugal.pt\/site\/wp-content\/uploads\/2021\/08\/46-1-TreeLakeMoonTrails-Monsaraz-net.jpg 891w, https:\/\/fotografiaportugal.pt\/site\/wp-content\/uploads\/2021\/08\/46-1-TreeLakeMoonTrails-Monsaraz-net-300x200.jpg 300w\" sizes=\"auto, (max-width: 300px) 100vw, 300px\" \/>\n\t\t<div class=\"figc\">\n\t\t\t<div class=\"figc-inner\">\n\t\t\t\t\t\t\t\t\t\t\t\t\t\t\t<\/div>\n\t\t<\/div>\n\n\t<\/div>\n\n<\/div><div class=\"modula-item effect-pufrobo jtg-filter-all jtg-filter-\" >\n\t<div class=\"modula-item-overlay\"><\/div>\n\n\t<div class=\"modula-item-content\">\n\n\t\t<a data-image-id=\"9884\" role=\"button\" tabindex=\"0\" rel=\"jtg-9515\" data-caption=\"&lt;span class=&quot;modula-caption-description&quot;&gt;The Moonset in the Alqueva lake, in Monsaraz. A region of the Alqueva Dark Sky Reserve.&lt;\/span&gt;\" aria-label=\"Open image in lightbox\" data-thumb=\"https:\/\/fotografiaportugal.pt\/site\/wp-content\/uploads\/2021\/08\/46-2-TreeLakeMoon-Monsaraz-net-300x200.jpg\" class=\"tile-inner modula-item-link\"><\/a><img loading=\"lazy\" decoding=\"async\" class=\"pic wp-image-9884\"  data-valign=\"middle\" data-halign=\"center\" alt=\"\" data-full=\"https:\/\/fotografiaportugal.pt\/site\/wp-content\/uploads\/2021\/08\/46-2-TreeLakeMoon-Monsaraz-net.jpg\" title=\"46 2 TreeLakeMoon-Monsaraz-net\" crop=\"\" width=\"300\" height=\"200\" src=\"https:\/\/fotografiaportugal.pt\/site\/wp-content\/uploads\/2021\/08\/46-2-TreeLakeMoon-Monsaraz-net-300x200.jpg\" data-src=\"https:\/\/fotografiaportugal.pt\/site\/wp-content\/uploads\/2021\/08\/46-2-TreeLakeMoon-Monsaraz-net-300x200.jpg\" data-caption=\"The Moonset in the Alqueva lake, in Monsaraz. A region of the Alqueva Dark Sky Reserve.\" srcset=\"https:\/\/fotografiaportugal.pt\/site\/wp-content\/uploads\/2021\/08\/46-2-TreeLakeMoon-Monsaraz-net.jpg 891w, https:\/\/fotografiaportugal.pt\/site\/wp-content\/uploads\/2021\/08\/46-2-TreeLakeMoon-Monsaraz-net-300x200.jpg 300w\" sizes=\"auto, (max-width: 300px) 100vw, 300px\" \/>\n\t\t<div class=\"figc\">\n\t\t\t<div class=\"figc-inner\">\n\t\t\t\t\t\t\t\t\t\t\t\t\t\t\t<\/div>\n\t\t<\/div>\n\n\t<\/div>\n\n<\/div><div class=\"modula-item effect-pufrobo jtg-filter-all jtg-filter-\" >\n\t<div class=\"modula-item-overlay\"><\/div>\n\n\t<div class=\"modula-item-content\">\n\n\t\t<a data-image-id=\"9885\" role=\"button\" tabindex=\"0\" rel=\"jtg-9515\" data-caption=\"&lt;span class=&quot;modula-caption-description&quot;&gt;A dreamy panoramic view of the early morning with fog, on the big lake Alqueva, in Monsaraz.&lt;\/span&gt;\" aria-label=\"Open image in lightbox\" data-thumb=\"https:\/\/fotografiaportugal.pt\/site\/wp-content\/uploads\/2021\/08\/47-PAN-NascerSolMonsaraz-net-300x62.jpg\" class=\"tile-inner modula-item-link\"><\/a><img loading=\"lazy\" decoding=\"async\" class=\"pic wp-image-9885\"  data-valign=\"middle\" data-halign=\"center\" alt=\"\" data-full=\"https:\/\/fotografiaportugal.pt\/site\/wp-content\/uploads\/2021\/08\/47-PAN-NascerSolMonsaraz-net.jpg\" title=\"47 PAN-NascerSolMonsaraz-net\" crop=\"\" width=\"300\" height=\"62\" src=\"https:\/\/fotografiaportugal.pt\/site\/wp-content\/uploads\/2021\/08\/47-PAN-NascerSolMonsaraz-net-300x62.jpg\" data-src=\"https:\/\/fotografiaportugal.pt\/site\/wp-content\/uploads\/2021\/08\/47-PAN-NascerSolMonsaraz-net-300x62.jpg\" data-caption=\"A dreamy panoramic view of the early morning with fog, on the big lake Alqueva, in Monsaraz.\" srcset=\"https:\/\/fotografiaportugal.pt\/site\/wp-content\/uploads\/2021\/08\/47-PAN-NascerSolMonsaraz-net.jpg 1599w, https:\/\/fotografiaportugal.pt\/site\/wp-content\/uploads\/2021\/08\/47-PAN-NascerSolMonsaraz-net-300x62.jpg 300w, https:\/\/fotografiaportugal.pt\/site\/wp-content\/uploads\/2021\/08\/47-PAN-NascerSolMonsaraz-net-1024x211.jpg 1024w\" sizes=\"auto, (max-width: 300px) 100vw, 300px\" \/>\n\t\t<div class=\"figc\">\n\t\t\t<div class=\"figc-inner\">\n\t\t\t\t\t\t\t\t\t\t\t\t\t\t\t<\/div>\n\t\t<\/div>\n\n\t<\/div>\n\n<\/div><div class=\"modula-item effect-pufrobo jtg-filter-all jtg-filter-\" >\n\t<div class=\"modula-item-overlay\"><\/div>\n\n\t<div class=\"modula-item-content\">\n\n\t\t<a data-image-id=\"9887\" role=\"button\" tabindex=\"0\" rel=\"jtg-9515\" data-caption=\"&lt;span class=&quot;modula-caption-description&quot;&gt;&lt;\/span&gt;\" aria-label=\"Open image in lightbox\" data-thumb=\"https:\/\/fotografiaportugal.pt\/site\/wp-content\/uploads\/2021\/08\/48-Adraga-TrailsAtSunset-net1-300x200.jpg\" class=\"tile-inner modula-item-link\"><\/a><img loading=\"lazy\" decoding=\"async\" class=\"pic wp-image-9887\"  data-valign=\"middle\" data-halign=\"center\" alt=\"\" data-full=\"https:\/\/fotografiaportugal.pt\/site\/wp-content\/uploads\/2021\/08\/48-Adraga-TrailsAtSunset-net1.jpg\" title=\"48 Adraga-TrailsAtSunset-net1\" crop=\"\" width=\"300\" height=\"200\" src=\"https:\/\/fotografiaportugal.pt\/site\/wp-content\/uploads\/2021\/08\/48-Adraga-TrailsAtSunset-net1-300x200.jpg\" data-src=\"https:\/\/fotografiaportugal.pt\/site\/wp-content\/uploads\/2021\/08\/48-Adraga-TrailsAtSunset-net1-300x200.jpg\" data-caption=\"\" srcset=\"https:\/\/fotografiaportugal.pt\/site\/wp-content\/uploads\/2021\/08\/48-Adraga-TrailsAtSunset-net1.jpg 891w, https:\/\/fotografiaportugal.pt\/site\/wp-content\/uploads\/2021\/08\/48-Adraga-TrailsAtSunset-net1-300x200.jpg 300w\" sizes=\"auto, (max-width: 300px) 100vw, 300px\" \/>\n\t\t<div class=\"figc no-description\">\n\t\t\t<div class=\"figc-inner\">\n\t\t\t\t\t\t\t\t\t\t\t\t\t\t\t<\/div>\n\t\t<\/div>\n\n\t<\/div>\n\n<\/div><div class=\"modula-item effect-pufrobo jtg-filter-all jtg-filter-\" >\n\t<div class=\"modula-item-overlay\"><\/div>\n\n\t<div class=\"modula-item-content\">\n\n\t\t<a data-image-id=\"9891\" role=\"button\" tabindex=\"0\" rel=\"jtg-9515\" data-caption=\"&lt;span class=&quot;modula-caption-description&quot;&gt;&lt;\/span&gt;\" aria-label=\"Open image in lightbox\" data-thumb=\"https:\/\/fotografiaportugal.pt\/site\/wp-content\/uploads\/2021\/08\/49-EspelhodeAgua-LuaeJupiter-net-300x200.jpg\" class=\"tile-inner modula-item-link\"><\/a><img loading=\"lazy\" decoding=\"async\" class=\"pic wp-image-9891\"  data-valign=\"middle\" data-halign=\"center\" alt=\"\" data-full=\"https:\/\/fotografiaportugal.pt\/site\/wp-content\/uploads\/2021\/08\/49-EspelhodeAgua-LuaeJupiter-net.jpg\" title=\"49 EspelhodeAgua-LuaeJupiter-net\" crop=\"\" width=\"300\" height=\"200\" src=\"https:\/\/fotografiaportugal.pt\/site\/wp-content\/uploads\/2021\/08\/49-EspelhodeAgua-LuaeJupiter-net-300x200.jpg\" data-src=\"https:\/\/fotografiaportugal.pt\/site\/wp-content\/uploads\/2021\/08\/49-EspelhodeAgua-LuaeJupiter-net-300x200.jpg\" data-caption=\"\" srcset=\"https:\/\/fotografiaportugal.pt\/site\/wp-content\/uploads\/2021\/08\/49-EspelhodeAgua-LuaeJupiter-net.jpg 891w, https:\/\/fotografiaportugal.pt\/site\/wp-content\/uploads\/2021\/08\/49-EspelhodeAgua-LuaeJupiter-net-300x200.jpg 300w\" sizes=\"auto, (max-width: 300px) 100vw, 300px\" \/>\n\t\t<div class=\"figc no-description\">\n\t\t\t<div class=\"figc-inner\">\n\t\t\t\t\t\t\t\t\t\t\t\t\t\t\t<\/div>\n\t\t<\/div>\n\n\t<\/div>\n\n<\/div><div class=\"modula-item effect-pufrobo jtg-filter-all jtg-filter-\" >\n\t<div class=\"modula-item-overlay\"><\/div>\n\n\t<div class=\"modula-item-content\">\n\n\t\t<a data-image-id=\"9892\" role=\"button\" tabindex=\"0\" rel=\"jtg-9515\" data-caption=\"&lt;span class=&quot;modula-caption-description&quot;&gt;&lt;\/span&gt;\" aria-label=\"Open image in lightbox\" data-thumb=\"https:\/\/fotografiaportugal.pt\/site\/wp-content\/uploads\/2021\/08\/50-1-TheTreeVLactea-Alandroal-net-300x227.jpg\" class=\"tile-inner modula-item-link\"><\/a><img loading=\"lazy\" decoding=\"async\" class=\"pic wp-image-9892\"  data-valign=\"middle\" data-halign=\"center\" alt=\"\" data-full=\"https:\/\/fotografiaportugal.pt\/site\/wp-content\/uploads\/2021\/08\/50-1-TheTreeVLactea-Alandroal-net.jpg\" title=\"50 1 TheTreeVLactea-Alandroal-net\" crop=\"\" width=\"300\" height=\"227\" src=\"https:\/\/fotografiaportugal.pt\/site\/wp-content\/uploads\/2021\/08\/50-1-TheTreeVLactea-Alandroal-net-300x227.jpg\" data-src=\"https:\/\/fotografiaportugal.pt\/site\/wp-content\/uploads\/2021\/08\/50-1-TheTreeVLactea-Alandroal-net-300x227.jpg\" data-caption=\"\" srcset=\"https:\/\/fotografiaportugal.pt\/site\/wp-content\/uploads\/2021\/08\/50-1-TheTreeVLactea-Alandroal-net.jpg 879w, https:\/\/fotografiaportugal.pt\/site\/wp-content\/uploads\/2021\/08\/50-1-TheTreeVLactea-Alandroal-net-300x227.jpg 300w\" sizes=\"auto, (max-width: 300px) 100vw, 300px\" \/>\n\t\t<div class=\"figc no-description\">\n\t\t\t<div class=\"figc-inner\">\n\t\t\t\t\t\t\t\t\t\t\t\t\t\t\t<\/div>\n\t\t<\/div>\n\n\t<\/div>\n\n<\/div><div class=\"modula-item effect-pufrobo jtg-filter-all jtg-filter-\" >\n\t<div class=\"modula-item-overlay\"><\/div>\n\n\t<div class=\"modula-item-content\">\n\n\t\t<a data-image-id=\"9895\" role=\"button\" tabindex=\"0\" rel=\"jtg-9515\" data-caption=\"&lt;span class=&quot;modula-caption-description&quot;&gt;&lt;\/span&gt;\" aria-label=\"Open image in lightbox\" data-thumb=\"https:\/\/fotografiaportugal.pt\/site\/wp-content\/uploads\/2021\/08\/50-2-TheTreeVLactea-Alandroal-net-Label-300x227.jpg\" class=\"tile-inner modula-item-link\"><\/a><img loading=\"lazy\" decoding=\"async\" class=\"pic wp-image-9895\"  data-valign=\"middle\" data-halign=\"center\" alt=\"\" data-full=\"https:\/\/fotografiaportugal.pt\/site\/wp-content\/uploads\/2021\/08\/50-2-TheTreeVLactea-Alandroal-net-Label.jpg\" title=\"50 2 TheTreeVLactea-Alandroal-net-Label\" crop=\"\" width=\"300\" height=\"227\" src=\"https:\/\/fotografiaportugal.pt\/site\/wp-content\/uploads\/2021\/08\/50-2-TheTreeVLactea-Alandroal-net-Label-300x227.jpg\" data-src=\"https:\/\/fotografiaportugal.pt\/site\/wp-content\/uploads\/2021\/08\/50-2-TheTreeVLactea-Alandroal-net-Label-300x227.jpg\" data-caption=\"\" srcset=\"https:\/\/fotografiaportugal.pt\/site\/wp-content\/uploads\/2021\/08\/50-2-TheTreeVLactea-Alandroal-net-Label.jpg 879w, https:\/\/fotografiaportugal.pt\/site\/wp-content\/uploads\/2021\/08\/50-2-TheTreeVLactea-Alandroal-net-Label-300x227.jpg 300w\" sizes=\"auto, (max-width: 300px) 100vw, 300px\" \/>\n\t\t<div class=\"figc no-description\">\n\t\t\t<div class=\"figc-inner\">\n\t\t\t\t\t\t\t\t\t\t\t\t\t\t\t<\/div>\n\t\t<\/div>\n\n\t<\/div>\n\n<\/div><div class=\"modula-item effect-pufrobo jtg-filter-all jtg-filter-\" >\n\t<div class=\"modula-item-overlay\"><\/div>\n\n\t<div class=\"modula-item-content\">\n\n\t\t<a data-image-id=\"9896\" role=\"button\" tabindex=\"0\" rel=\"jtg-9515\" data-caption=\"&lt;span class=&quot;modula-caption-description&quot;&gt;&lt;\/span&gt;\" aria-label=\"Open image in lightbox\" data-thumb=\"https:\/\/fotografiaportugal.pt\/site\/wp-content\/uploads\/2021\/08\/51-PeopleStargazing34-net-300x200.jpg\" class=\"tile-inner modula-item-link\"><\/a><img loading=\"lazy\" decoding=\"async\" class=\"pic wp-image-9896\"  data-valign=\"middle\" data-halign=\"center\" alt=\"\" data-full=\"https:\/\/fotografiaportugal.pt\/site\/wp-content\/uploads\/2021\/08\/51-PeopleStargazing34-net.jpg\" title=\"51 PeopleStargazing34-net\" crop=\"\" width=\"300\" height=\"200\" src=\"https:\/\/fotografiaportugal.pt\/site\/wp-content\/uploads\/2021\/08\/51-PeopleStargazing34-net-300x200.jpg\" data-src=\"https:\/\/fotografiaportugal.pt\/site\/wp-content\/uploads\/2021\/08\/51-PeopleStargazing34-net-300x200.jpg\" data-caption=\"\" srcset=\"https:\/\/fotografiaportugal.pt\/site\/wp-content\/uploads\/2021\/08\/51-PeopleStargazing34-net.jpg 891w, https:\/\/fotografiaportugal.pt\/site\/wp-content\/uploads\/2021\/08\/51-PeopleStargazing34-net-300x200.jpg 300w\" sizes=\"auto, (max-width: 300px) 100vw, 300px\" \/>\n\t\t<div class=\"figc no-description\">\n\t\t\t<div class=\"figc-inner\">\n\t\t\t\t\t\t\t\t\t\t\t\t\t\t\t<\/div>\n\t\t<\/div>\n\n\t<\/div>\n\n<\/div><div class=\"modula-item effect-pufrobo jtg-filter-all jtg-filter-\" >\n\t<div class=\"modula-item-overlay\"><\/div>\n\n\t<div class=\"modula-item-content\">\n\n\t\t<a data-image-id=\"9899\" role=\"button\" tabindex=\"0\" rel=\"jtg-9515\" data-caption=\"&lt;span class=&quot;modula-caption-description&quot;&gt;&lt;\/span&gt;\" aria-label=\"Open image in lightbox\" data-thumb=\"https:\/\/fotografiaportugal.pt\/site\/wp-content\/uploads\/2021\/08\/52-CavaloBrancoLuarHoriz-net-300x200.jpg\" class=\"tile-inner modula-item-link\"><\/a><img loading=\"lazy\" decoding=\"async\" class=\"pic wp-image-9899\"  data-valign=\"middle\" data-halign=\"center\" alt=\"\" data-full=\"https:\/\/fotografiaportugal.pt\/site\/wp-content\/uploads\/2021\/08\/52-CavaloBrancoLuarHoriz-net.jpg\" title=\"52 CavaloBrancoLuarHoriz-net\" crop=\"\" width=\"300\" height=\"200\" src=\"https:\/\/fotografiaportugal.pt\/site\/wp-content\/uploads\/2021\/08\/52-CavaloBrancoLuarHoriz-net-300x200.jpg\" data-src=\"https:\/\/fotografiaportugal.pt\/site\/wp-content\/uploads\/2021\/08\/52-CavaloBrancoLuarHoriz-net-300x200.jpg\" data-caption=\"\" srcset=\"https:\/\/fotografiaportugal.pt\/site\/wp-content\/uploads\/2021\/08\/52-CavaloBrancoLuarHoriz-net.jpg 891w, https:\/\/fotografiaportugal.pt\/site\/wp-content\/uploads\/2021\/08\/52-CavaloBrancoLuarHoriz-net-300x200.jpg 300w\" sizes=\"auto, (max-width: 300px) 100vw, 300px\" \/>\n\t\t<div class=\"figc no-description\">\n\t\t\t<div class=\"figc-inner\">\n\t\t\t\t\t\t\t\t\t\t\t\t\t\t\t<\/div>\n\t\t<\/div>\n\n\t<\/div>\n\n<\/div><div class=\"modula-item effect-pufrobo jtg-filter-all jtg-filter-\" >\n\t<div class=\"modula-item-overlay\"><\/div>\n\n\t<div class=\"modula-item-content\">\n\n\t\t<a data-image-id=\"9900\" role=\"button\" tabindex=\"0\" rel=\"jtg-9515\" data-caption=\"&lt;span class=&quot;modula-caption-description&quot;&gt;&lt;\/span&gt;\" aria-label=\"Open image in lightbox\" data-thumb=\"https:\/\/fotografiaportugal.pt\/site\/wp-content\/uploads\/2021\/08\/53-VenusJupiterPleiadesStarF_2426-net-200x300.jpg\" class=\"tile-inner modula-item-link\"><\/a><img loading=\"lazy\" decoding=\"async\" class=\"pic wp-image-9900\"  data-valign=\"middle\" data-halign=\"center\" alt=\"\" data-full=\"https:\/\/fotografiaportugal.pt\/site\/wp-content\/uploads\/2021\/08\/53-VenusJupiterPleiadesStarF_2426-net.jpg\" title=\"53 VenusJupiterPleiadesStarF_2426-net\" crop=\"\" width=\"200\" height=\"300\" src=\"https:\/\/fotografiaportugal.pt\/site\/wp-content\/uploads\/2021\/08\/53-VenusJupiterPleiadesStarF_2426-net-200x300.jpg\" data-src=\"https:\/\/fotografiaportugal.pt\/site\/wp-content\/uploads\/2021\/08\/53-VenusJupiterPleiadesStarF_2426-net-200x300.jpg\" data-caption=\"\" srcset=\"https:\/\/fotografiaportugal.pt\/site\/wp-content\/uploads\/2021\/08\/53-VenusJupiterPleiadesStarF_2426-net.jpg 594w, https:\/\/fotografiaportugal.pt\/site\/wp-content\/uploads\/2021\/08\/53-VenusJupiterPleiadesStarF_2426-net-200x300.jpg 200w\" sizes=\"auto, (max-width: 200px) 100vw, 200px\" \/>\n\t\t<div class=\"figc no-description\">\n\t\t\t<div class=\"figc-inner\">\n\t\t\t\t\t\t\t\t\t\t\t\t\t\t\t<\/div>\n\t\t<\/div>\n\n\t<\/div>\n\n<\/div><div class=\"modula-item effect-pufrobo jtg-filter-all jtg-filter-\" >\n\t<div class=\"modula-item-overlay\"><\/div>\n\n\t<div class=\"modula-item-content\">\n\n\t\t<a data-image-id=\"9901\" role=\"button\" tabindex=\"0\" rel=\"jtg-9515\" data-caption=\"&lt;span class=&quot;modula-caption-description&quot;&gt;&lt;\/span&gt;\" aria-label=\"Open image in lightbox\" data-thumb=\"https:\/\/fotografiaportugal.pt\/site\/wp-content\/uploads\/2021\/08\/54-CavaleiroDnunoAlvaresAlinhamento-net-156x300.jpg\" class=\"tile-inner modula-item-link\"><\/a><img loading=\"lazy\" decoding=\"async\" class=\"pic wp-image-9901\"  data-valign=\"middle\" data-halign=\"center\" alt=\"\" data-full=\"https:\/\/fotografiaportugal.pt\/site\/wp-content\/uploads\/2021\/08\/54-CavaleiroDnunoAlvaresAlinhamento-net.jpg\" title=\"54 CavaleiroDnunoAlvaresAlinhamento-net\" crop=\"\" width=\"156\" height=\"300\" src=\"https:\/\/fotografiaportugal.pt\/site\/wp-content\/uploads\/2021\/08\/54-CavaleiroDnunoAlvaresAlinhamento-net-156x300.jpg\" data-src=\"https:\/\/fotografiaportugal.pt\/site\/wp-content\/uploads\/2021\/08\/54-CavaleiroDnunoAlvaresAlinhamento-net-156x300.jpg\" data-caption=\"\" srcset=\"https:\/\/fotografiaportugal.pt\/site\/wp-content\/uploads\/2021\/08\/54-CavaleiroDnunoAlvaresAlinhamento-net.jpg 413w, https:\/\/fotografiaportugal.pt\/site\/wp-content\/uploads\/2021\/08\/54-CavaleiroDnunoAlvaresAlinhamento-net-156x300.jpg 156w\" sizes=\"auto, (max-width: 156px) 100vw, 156px\" \/>\n\t\t<div class=\"figc no-description\">\n\t\t\t<div class=\"figc-inner\">\n\t\t\t\t\t\t\t\t\t\t\t\t\t\t\t<\/div>\n\t\t<\/div>\n\n\t<\/div>\n\n<\/div><div class=\"modula-item effect-pufrobo jtg-filter-all jtg-filter-\" >\n\t<div class=\"modula-item-overlay\"><\/div>\n\n\t<div class=\"modula-item-content\">\n\n\t\t<a data-image-id=\"9904\" role=\"button\" tabindex=\"0\" rel=\"jtg-9515\" data-caption=\"&lt;span class=&quot;modula-caption-description&quot;&gt;&lt;\/span&gt;\" aria-label=\"Open image in lightbox\" data-thumb=\"https:\/\/fotografiaportugal.pt\/site\/wp-content\/uploads\/2021\/08\/55-IgrejaVeraCruz-SantoLanho-Silhueta-Final-net-197x300.jpg\" class=\"tile-inner modula-item-link\"><\/a><img loading=\"lazy\" decoding=\"async\" class=\"pic wp-image-9904\"  data-valign=\"middle\" data-halign=\"center\" alt=\"\" data-full=\"https:\/\/fotografiaportugal.pt\/site\/wp-content\/uploads\/2021\/08\/55-IgrejaVeraCruz-SantoLanho-Silhueta-Final-net.jpg\" title=\"55 IgrejaVeraCruz-SantoLanho-Silhueta-Final-net\" crop=\"\" width=\"197\" height=\"300\" src=\"https:\/\/fotografiaportugal.pt\/site\/wp-content\/uploads\/2021\/08\/55-IgrejaVeraCruz-SantoLanho-Silhueta-Final-net-197x300.jpg\" data-src=\"https:\/\/fotografiaportugal.pt\/site\/wp-content\/uploads\/2021\/08\/55-IgrejaVeraCruz-SantoLanho-Silhueta-Final-net-197x300.jpg\" data-caption=\"\" srcset=\"https:\/\/fotografiaportugal.pt\/site\/wp-content\/uploads\/2021\/08\/55-IgrejaVeraCruz-SantoLanho-Silhueta-Final-net.jpg 585w, https:\/\/fotografiaportugal.pt\/site\/wp-content\/uploads\/2021\/08\/55-IgrejaVeraCruz-SantoLanho-Silhueta-Final-net-197x300.jpg 197w\" sizes=\"auto, (max-width: 197px) 100vw, 197px\" \/>\n\t\t<div class=\"figc no-description\">\n\t\t\t<div class=\"figc-inner\">\n\t\t\t\t\t\t\t\t\t\t\t\t\t\t\t<\/div>\n\t\t<\/div>\n\n\t<\/div>\n\n<\/div><div class=\"modula-item effect-pufrobo jtg-filter-all jtg-filter-\" >\n\t<div class=\"modula-item-overlay\"><\/div>\n\n\t<div class=\"modula-item-content\">\n\n\t\t<a data-image-id=\"9905\" role=\"button\" tabindex=\"0\" rel=\"jtg-9515\" data-caption=\"&lt;span class=&quot;modula-caption-description&quot;&gt;&lt;\/span&gt;\" aria-label=\"Open image in lightbox\" data-thumb=\"https:\/\/fotografiaportugal.pt\/site\/wp-content\/uploads\/2021\/08\/56-Silhuetas-PaiMiguel-FTelha-net-300x200.jpg\" class=\"tile-inner modula-item-link\"><\/a><img loading=\"lazy\" decoding=\"async\" class=\"pic wp-image-9905\"  data-valign=\"middle\" data-halign=\"center\" alt=\"\" data-full=\"https:\/\/fotografiaportugal.pt\/site\/wp-content\/uploads\/2021\/08\/56-Silhuetas-PaiMiguel-FTelha-net.jpg\" title=\"56 Silhuetas-PaiMiguel-FTelha-net\" crop=\"\" width=\"300\" height=\"200\" src=\"https:\/\/fotografiaportugal.pt\/site\/wp-content\/uploads\/2021\/08\/56-Silhuetas-PaiMiguel-FTelha-net-300x200.jpg\" data-src=\"https:\/\/fotografiaportugal.pt\/site\/wp-content\/uploads\/2021\/08\/56-Silhuetas-PaiMiguel-FTelha-net-300x200.jpg\" data-caption=\"\" srcset=\"https:\/\/fotografiaportugal.pt\/site\/wp-content\/uploads\/2021\/08\/56-Silhuetas-PaiMiguel-FTelha-net.jpg 669w, https:\/\/fotografiaportugal.pt\/site\/wp-content\/uploads\/2021\/08\/56-Silhuetas-PaiMiguel-FTelha-net-300x200.jpg 300w\" sizes=\"auto, (max-width: 300px) 100vw, 300px\" \/>\n\t\t<div class=\"figc no-description\">\n\t\t\t<div class=\"figc-inner\">\n\t\t\t\t\t\t\t\t\t\t\t\t\t\t\t<\/div>\n\t\t<\/div>\n\n\t<\/div>\n\n<\/div><div class=\"modula-item effect-pufrobo jtg-filter-all jtg-filter-\" >\n\t<div class=\"modula-item-overlay\"><\/div>\n\n\t<div class=\"modula-item-content\">\n\n\t\t<a data-image-id=\"9909\" role=\"button\" tabindex=\"0\" rel=\"jtg-9515\" data-caption=\"&lt;span class=&quot;modula-caption-description&quot;&gt;&lt;\/span&gt;\" aria-label=\"Open image in lightbox\" data-thumb=\"https:\/\/fotografiaportugal.pt\/site\/wp-content\/uploads\/2021\/08\/57-SuperFullMoon-May2012-net-300x200.jpg\" class=\"tile-inner modula-item-link\"><\/a><img loading=\"lazy\" decoding=\"async\" class=\"pic wp-image-9909\"  data-valign=\"middle\" data-halign=\"center\" alt=\"\" data-full=\"https:\/\/fotografiaportugal.pt\/site\/wp-content\/uploads\/2021\/08\/57-SuperFullMoon-May2012-net.jpg\" title=\"57 SuperFullMoon-May2012-net\" crop=\"\" width=\"300\" height=\"200\" src=\"https:\/\/fotografiaportugal.pt\/site\/wp-content\/uploads\/2021\/08\/57-SuperFullMoon-May2012-net-300x200.jpg\" data-src=\"https:\/\/fotografiaportugal.pt\/site\/wp-content\/uploads\/2021\/08\/57-SuperFullMoon-May2012-net-300x200.jpg\" data-caption=\"\" srcset=\"https:\/\/fotografiaportugal.pt\/site\/wp-content\/uploads\/2021\/08\/57-SuperFullMoon-May2012-net.jpg 891w, https:\/\/fotografiaportugal.pt\/site\/wp-content\/uploads\/2021\/08\/57-SuperFullMoon-May2012-net-300x200.jpg 300w\" sizes=\"auto, (max-width: 300px) 100vw, 300px\" \/>\n\t\t<div class=\"figc no-description\">\n\t\t\t<div class=\"figc-inner\">\n\t\t\t\t\t\t\t\t\t\t\t\t\t\t\t<\/div>\n\t\t<\/div>\n\n\t<\/div>\n\n<\/div><div class=\"modula-item effect-pufrobo jtg-filter-all jtg-filter-\" >\n\t<div class=\"modula-item-overlay\"><\/div>\n\n\t<div class=\"modula-item-content\">\n\n\t\t<a data-image-id=\"9910\" role=\"button\" tabindex=\"0\" rel=\"jtg-9515\" data-caption=\"&lt;span class=&quot;modula-caption-description&quot;&gt;&lt;\/span&gt;\" aria-label=\"Open image in lightbox\" data-thumb=\"https:\/\/fotografiaportugal.pt\/site\/wp-content\/uploads\/2021\/08\/58-CasteloAlmourol-LandscapeMoon-BW-net-300x200.jpg\" class=\"tile-inner modula-item-link\"><\/a><img loading=\"lazy\" decoding=\"async\" class=\"pic wp-image-9910\"  data-valign=\"middle\" data-halign=\"center\" alt=\"\" data-full=\"https:\/\/fotografiaportugal.pt\/site\/wp-content\/uploads\/2021\/08\/58-CasteloAlmourol-LandscapeMoon-BW-net.jpg\" title=\"58 CasteloAlmourol-LandscapeMoon-BW-net\" crop=\"\" width=\"300\" height=\"200\" src=\"https:\/\/fotografiaportugal.pt\/site\/wp-content\/uploads\/2021\/08\/58-CasteloAlmourol-LandscapeMoon-BW-net-300x200.jpg\" data-src=\"https:\/\/fotografiaportugal.pt\/site\/wp-content\/uploads\/2021\/08\/58-CasteloAlmourol-LandscapeMoon-BW-net-300x200.jpg\" data-caption=\"\" srcset=\"https:\/\/fotografiaportugal.pt\/site\/wp-content\/uploads\/2021\/08\/58-CasteloAlmourol-LandscapeMoon-BW-net.jpg 891w, https:\/\/fotografiaportugal.pt\/site\/wp-content\/uploads\/2021\/08\/58-CasteloAlmourol-LandscapeMoon-BW-net-300x200.jpg 300w\" sizes=\"auto, (max-width: 300px) 100vw, 300px\" \/>\n\t\t<div class=\"figc no-description\">\n\t\t\t<div class=\"figc-inner\">\n\t\t\t\t\t\t\t\t\t\t\t\t\t\t\t<\/div>\n\t\t<\/div>\n\n\t<\/div>\n\n<\/div><div class=\"modula-item effect-pufrobo jtg-filter-all jtg-filter-\" >\n\t<div class=\"modula-item-overlay\"><\/div>\n\n\t<div class=\"modula-item-content\">\n\n\t\t<a data-image-id=\"9913\" role=\"button\" tabindex=\"0\" rel=\"jtg-9515\" data-caption=\"&lt;span class=&quot;modula-caption-description&quot;&gt;&lt;\/span&gt;\" aria-label=\"Open image in lightbox\" data-thumb=\"https:\/\/fotografiaportugal.pt\/site\/wp-content\/uploads\/2021\/08\/59-1-CasteloAlmourol-Trails-Landscape-net-300x200.jpg\" class=\"tile-inner modula-item-link\"><\/a><img loading=\"lazy\" decoding=\"async\" class=\"pic wp-image-9913\"  data-valign=\"middle\" data-halign=\"center\" alt=\"\" data-full=\"https:\/\/fotografiaportugal.pt\/site\/wp-content\/uploads\/2021\/08\/59-1-CasteloAlmourol-Trails-Landscape-net.jpg\" title=\"59 1 CasteloAlmourol-Trails-Landscape-net\" crop=\"\" width=\"300\" height=\"200\" src=\"https:\/\/fotografiaportugal.pt\/site\/wp-content\/uploads\/2021\/08\/59-1-CasteloAlmourol-Trails-Landscape-net-300x200.jpg\" data-src=\"https:\/\/fotografiaportugal.pt\/site\/wp-content\/uploads\/2021\/08\/59-1-CasteloAlmourol-Trails-Landscape-net-300x200.jpg\" data-caption=\"\" srcset=\"https:\/\/fotografiaportugal.pt\/site\/wp-content\/uploads\/2021\/08\/59-1-CasteloAlmourol-Trails-Landscape-net.jpg 891w, https:\/\/fotografiaportugal.pt\/site\/wp-content\/uploads\/2021\/08\/59-1-CasteloAlmourol-Trails-Landscape-net-300x200.jpg 300w\" sizes=\"auto, (max-width: 300px) 100vw, 300px\" \/>\n\t\t<div class=\"figc no-description\">\n\t\t\t<div class=\"figc-inner\">\n\t\t\t\t\t\t\t\t\t\t\t\t\t\t\t<\/div>\n\t\t<\/div>\n\n\t<\/div>\n\n<\/div><div class=\"modula-item effect-pufrobo jtg-filter-all jtg-filter-\" >\n\t<div class=\"modula-item-overlay\"><\/div>\n\n\t<div class=\"modula-item-content\">\n\n\t\t<a data-image-id=\"9914\" role=\"button\" tabindex=\"0\" rel=\"jtg-9515\" data-caption=\"&lt;span class=&quot;modula-caption-description&quot;&gt;&lt;\/span&gt;\" aria-label=\"Open image in lightbox\" data-thumb=\"https:\/\/fotografiaportugal.pt\/site\/wp-content\/uploads\/2021\/08\/59-2-CasteloAlmourol-SingleLandscape-net-300x200.jpg\" class=\"tile-inner modula-item-link\"><\/a><img loading=\"lazy\" decoding=\"async\" class=\"pic wp-image-9914\"  data-valign=\"middle\" data-halign=\"center\" alt=\"\" data-full=\"https:\/\/fotografiaportugal.pt\/site\/wp-content\/uploads\/2021\/08\/59-2-CasteloAlmourol-SingleLandscape-net.jpg\" title=\"59 2 CasteloAlmourol-SingleLandscape-net\" crop=\"\" width=\"300\" height=\"200\" src=\"https:\/\/fotografiaportugal.pt\/site\/wp-content\/uploads\/2021\/08\/59-2-CasteloAlmourol-SingleLandscape-net-300x200.jpg\" data-src=\"https:\/\/fotografiaportugal.pt\/site\/wp-content\/uploads\/2021\/08\/59-2-CasteloAlmourol-SingleLandscape-net-300x200.jpg\" data-caption=\"\" srcset=\"https:\/\/fotografiaportugal.pt\/site\/wp-content\/uploads\/2021\/08\/59-2-CasteloAlmourol-SingleLandscape-net.jpg 891w, https:\/\/fotografiaportugal.pt\/site\/wp-content\/uploads\/2021\/08\/59-2-CasteloAlmourol-SingleLandscape-net-300x200.jpg 300w\" sizes=\"auto, (max-width: 300px) 100vw, 300px\" \/>\n\t\t<div class=\"figc no-description\">\n\t\t\t<div class=\"figc-inner\">\n\t\t\t\t\t\t\t\t\t\t\t\t\t\t\t<\/div>\n\t\t<\/div>\n\n\t<\/div>\n\n<\/div><div class=\"modula-item effect-pufrobo jtg-filter-all jtg-filter-\" >\n\t<div class=\"modula-item-overlay\"><\/div>\n\n\t<div class=\"modula-item-content\">\n\n\t\t<a data-image-id=\"9916\" role=\"button\" tabindex=\"0\" rel=\"jtg-9515\" data-caption=\"&lt;span class=&quot;modula-caption-description&quot;&gt;&lt;\/span&gt;\" aria-label=\"Open image in lightbox\" data-thumb=\"https:\/\/fotografiaportugal.pt\/site\/wp-content\/uploads\/2021\/08\/60-SpringFullMoon2012-Final-net-300x200.jpg\" class=\"tile-inner modula-item-link\"><\/a><img loading=\"lazy\" decoding=\"async\" class=\"pic wp-image-9916\"  data-valign=\"middle\" data-halign=\"center\" alt=\"\" data-full=\"https:\/\/fotografiaportugal.pt\/site\/wp-content\/uploads\/2021\/08\/60-SpringFullMoon2012-Final-net.jpg\" title=\"60 SpringFullMoon2012-Final-net\" crop=\"\" width=\"300\" height=\"200\" src=\"https:\/\/fotografiaportugal.pt\/site\/wp-content\/uploads\/2021\/08\/60-SpringFullMoon2012-Final-net-300x200.jpg\" data-src=\"https:\/\/fotografiaportugal.pt\/site\/wp-content\/uploads\/2021\/08\/60-SpringFullMoon2012-Final-net-300x200.jpg\" data-caption=\"\" srcset=\"https:\/\/fotografiaportugal.pt\/site\/wp-content\/uploads\/2021\/08\/60-SpringFullMoon2012-Final-net.jpg 891w, https:\/\/fotografiaportugal.pt\/site\/wp-content\/uploads\/2021\/08\/60-SpringFullMoon2012-Final-net-300x200.jpg 300w\" sizes=\"auto, (max-width: 300px) 100vw, 300px\" \/>\n\t\t<div class=\"figc no-description\">\n\t\t\t<div class=\"figc-inner\">\n\t\t\t\t\t\t\t\t\t\t\t\t\t\t\t<\/div>\n\t\t<\/div>\n\n\t<\/div>\n\n<\/div><div class=\"modula-item effect-pufrobo jtg-filter-all jtg-filter-\" >\n\t<div class=\"modula-item-overlay\"><\/div>\n\n\t<div class=\"modula-item-content\">\n\n\t\t<a data-image-id=\"9917\" role=\"button\" tabindex=\"0\" rel=\"jtg-9515\" data-caption=\"&lt;span class=&quot;modula-caption-description&quot;&gt;&lt;\/span&gt;\" aria-label=\"Open image in lightbox\" data-thumb=\"https:\/\/fotografiaportugal.pt\/site\/wp-content\/uploads\/2021\/08\/61-1-DianaTemple-Evora-MoonTraill-net-300x207.jpg\" class=\"tile-inner modula-item-link\"><\/a><img loading=\"lazy\" decoding=\"async\" class=\"pic wp-image-9917\"  data-valign=\"middle\" data-halign=\"center\" alt=\"\" data-full=\"https:\/\/fotografiaportugal.pt\/site\/wp-content\/uploads\/2021\/08\/61-1-DianaTemple-Evora-MoonTraill-net.jpg\" title=\"61 1 DianaTemple-Evora-MoonTraill-net\" crop=\"\" width=\"300\" height=\"207\" src=\"https:\/\/fotografiaportugal.pt\/site\/wp-content\/uploads\/2021\/08\/61-1-DianaTemple-Evora-MoonTraill-net-300x207.jpg\" data-src=\"https:\/\/fotografiaportugal.pt\/site\/wp-content\/uploads\/2021\/08\/61-1-DianaTemple-Evora-MoonTraill-net-300x207.jpg\" data-caption=\"\" srcset=\"https:\/\/fotografiaportugal.pt\/site\/wp-content\/uploads\/2021\/08\/61-1-DianaTemple-Evora-MoonTraill-net.jpg 860w, https:\/\/fotografiaportugal.pt\/site\/wp-content\/uploads\/2021\/08\/61-1-DianaTemple-Evora-MoonTraill-net-300x207.jpg 300w\" sizes=\"auto, (max-width: 300px) 100vw, 300px\" \/>\n\t\t<div class=\"figc no-description\">\n\t\t\t<div class=\"figc-inner\">\n\t\t\t\t\t\t\t\t\t\t\t\t\t\t\t<\/div>\n\t\t<\/div>\n\n\t<\/div>\n\n<\/div><div class=\"modula-item effect-pufrobo jtg-filter-all jtg-filter-\" >\n\t<div class=\"modula-item-overlay\"><\/div>\n\n\t<div class=\"modula-item-content\">\n\n\t\t<a data-image-id=\"9920\" role=\"button\" tabindex=\"0\" rel=\"jtg-9515\" data-caption=\"&lt;span class=&quot;modula-caption-description&quot;&gt;&lt;\/span&gt;\" aria-label=\"Open image in lightbox\" data-thumb=\"https:\/\/fotografiaportugal.pt\/site\/wp-content\/uploads\/2021\/08\/61-2-DianaTemple-PilarMoonEclipsed-net-1-300x200.jpg\" class=\"tile-inner modula-item-link\"><\/a><img loading=\"lazy\" decoding=\"async\" class=\"pic wp-image-9920\"  data-valign=\"middle\" data-halign=\"center\" alt=\"\" data-full=\"https:\/\/fotografiaportugal.pt\/site\/wp-content\/uploads\/2021\/08\/61-2-DianaTemple-PilarMoonEclipsed-net-1.jpg\" title=\"61 2 DianaTemple-PilarMoonEclipsed-net-1\" crop=\"\" width=\"300\" height=\"200\" src=\"https:\/\/fotografiaportugal.pt\/site\/wp-content\/uploads\/2021\/08\/61-2-DianaTemple-PilarMoonEclipsed-net-1-300x200.jpg\" data-src=\"https:\/\/fotografiaportugal.pt\/site\/wp-content\/uploads\/2021\/08\/61-2-DianaTemple-PilarMoonEclipsed-net-1-300x200.jpg\" data-caption=\"\" srcset=\"https:\/\/fotografiaportugal.pt\/site\/wp-content\/uploads\/2021\/08\/61-2-DianaTemple-PilarMoonEclipsed-net-1.jpg 669w, https:\/\/fotografiaportugal.pt\/site\/wp-content\/uploads\/2021\/08\/61-2-DianaTemple-PilarMoonEclipsed-net-1-300x200.jpg 300w\" sizes=\"auto, (max-width: 300px) 100vw, 300px\" \/>\n\t\t<div class=\"figc no-description\">\n\t\t\t<div class=\"figc-inner\">\n\t\t\t\t\t\t\t\t\t\t\t\t\t\t\t<\/div>\n\t\t<\/div>\n\n\t<\/div>\n\n<\/div><div class=\"modula-item effect-pufrobo jtg-filter-all jtg-filter-\" >\n\t<div class=\"modula-item-overlay\"><\/div>\n\n\t<div class=\"modula-item-content\">\n\n\t\t<a data-image-id=\"9921\" role=\"button\" tabindex=\"0\" rel=\"jtg-9515\" data-caption=\"&lt;span class=&quot;modula-caption-description&quot;&gt;&lt;\/span&gt;\" aria-label=\"Open image in lightbox\" data-thumb=\"https:\/\/fotografiaportugal.pt\/site\/wp-content\/uploads\/2021\/08\/62-SuperFullMoon-Final-net-300x225.jpg\" class=\"tile-inner modula-item-link\"><\/a><img loading=\"lazy\" decoding=\"async\" class=\"pic wp-image-9921\"  data-valign=\"middle\" data-halign=\"center\" alt=\"\" data-full=\"https:\/\/fotografiaportugal.pt\/site\/wp-content\/uploads\/2021\/08\/62-SuperFullMoon-Final-net.jpg\" title=\"62 SuperFullMoon-Final-net\" crop=\"\" width=\"300\" height=\"225\" src=\"https:\/\/fotografiaportugal.pt\/site\/wp-content\/uploads\/2021\/08\/62-SuperFullMoon-Final-net-300x225.jpg\" data-src=\"https:\/\/fotografiaportugal.pt\/site\/wp-content\/uploads\/2021\/08\/62-SuperFullMoon-Final-net-300x225.jpg\" data-caption=\"\" srcset=\"https:\/\/fotografiaportugal.pt\/site\/wp-content\/uploads\/2021\/08\/62-SuperFullMoon-Final-net.jpg 750w, https:\/\/fotografiaportugal.pt\/site\/wp-content\/uploads\/2021\/08\/62-SuperFullMoon-Final-net-300x225.jpg 300w\" sizes=\"auto, (max-width: 300px) 100vw, 300px\" \/>\n\t\t<div class=\"figc no-description\">\n\t\t\t<div class=\"figc-inner\">\n\t\t\t\t\t\t\t\t\t\t\t\t\t\t\t<\/div>\n\t\t<\/div>\n\n\t<\/div>\n\n<\/div><div class=\"modula-item effect-pufrobo jtg-filter-all jtg-filter-\" >\n\t<div class=\"modula-item-overlay\"><\/div>\n\n\t<div class=\"modula-item-content\">\n\n\t\t<a data-image-id=\"9924\" role=\"button\" tabindex=\"0\" rel=\"jtg-9515\" data-caption=\"&lt;span class=&quot;modula-caption-description&quot;&gt;&lt;\/span&gt;\" aria-label=\"Open image in lightbox\" data-thumb=\"https:\/\/fotografiaportugal.pt\/site\/wp-content\/uploads\/2021\/08\/63-MonteAlerta-House-VFinal-net-300x200.jpg\" class=\"tile-inner modula-item-link\"><\/a><img loading=\"lazy\" decoding=\"async\" class=\"pic wp-image-9924\"  data-valign=\"middle\" data-halign=\"center\" alt=\"\" data-full=\"https:\/\/fotografiaportugal.pt\/site\/wp-content\/uploads\/2021\/08\/63-MonteAlerta-House-VFinal-net.jpg\" title=\"63 MonteAlerta-House-VFinal-net\" crop=\"\" width=\"300\" height=\"200\" src=\"https:\/\/fotografiaportugal.pt\/site\/wp-content\/uploads\/2021\/08\/63-MonteAlerta-House-VFinal-net-300x200.jpg\" data-src=\"https:\/\/fotografiaportugal.pt\/site\/wp-content\/uploads\/2021\/08\/63-MonteAlerta-House-VFinal-net-300x200.jpg\" data-caption=\"\" srcset=\"https:\/\/fotografiaportugal.pt\/site\/wp-content\/uploads\/2021\/08\/63-MonteAlerta-House-VFinal-net.jpg 891w, https:\/\/fotografiaportugal.pt\/site\/wp-content\/uploads\/2021\/08\/63-MonteAlerta-House-VFinal-net-300x200.jpg 300w\" sizes=\"auto, (max-width: 300px) 100vw, 300px\" \/>\n\t\t<div class=\"figc no-description\">\n\t\t\t<div class=\"figc-inner\">\n\t\t\t\t\t\t\t\t\t\t\t\t\t\t\t<\/div>\n\t\t<\/div>\n\n\t<\/div>\n\n<\/div><div class=\"modula-item effect-pufrobo jtg-filter-all jtg-filter-\" >\n\t<div class=\"modula-item-overlay\"><\/div>\n\n\t<div class=\"modula-item-content\">\n\n\t\t<a data-image-id=\"9925\" role=\"button\" tabindex=\"0\" rel=\"jtg-9515\" data-caption=\"&lt;span class=&quot;modula-caption-description&quot;&gt;&lt;\/span&gt;\" aria-label=\"Open image in lightbox\" data-thumb=\"https:\/\/fotografiaportugal.pt\/site\/wp-content\/uploads\/2021\/08\/64-LuaVenus-ChristmasConjunction-net-300x200.jpg\" class=\"tile-inner modula-item-link\"><\/a><img loading=\"lazy\" decoding=\"async\" class=\"pic wp-image-9925\"  data-valign=\"middle\" data-halign=\"center\" alt=\"\" data-full=\"https:\/\/fotografiaportugal.pt\/site\/wp-content\/uploads\/2021\/08\/64-LuaVenus-ChristmasConjunction-net.jpg\" title=\"64 LuaVenus-ChristmasConjunction-net\" crop=\"\" width=\"300\" height=\"200\" src=\"https:\/\/fotografiaportugal.pt\/site\/wp-content\/uploads\/2021\/08\/64-LuaVenus-ChristmasConjunction-net-300x200.jpg\" data-src=\"https:\/\/fotografiaportugal.pt\/site\/wp-content\/uploads\/2021\/08\/64-LuaVenus-ChristmasConjunction-net-300x200.jpg\" data-caption=\"\" srcset=\"https:\/\/fotografiaportugal.pt\/site\/wp-content\/uploads\/2021\/08\/64-LuaVenus-ChristmasConjunction-net.jpg 1337w, https:\/\/fotografiaportugal.pt\/site\/wp-content\/uploads\/2021\/08\/64-LuaVenus-ChristmasConjunction-net-300x200.jpg 300w, https:\/\/fotografiaportugal.pt\/site\/wp-content\/uploads\/2021\/08\/64-LuaVenus-ChristmasConjunction-net-1024x682.jpg 1024w\" sizes=\"auto, (max-width: 300px) 100vw, 300px\" \/>\n\t\t<div class=\"figc no-description\">\n\t\t\t<div class=\"figc-inner\">\n\t\t\t\t\t\t\t\t\t\t\t\t\t\t\t<\/div>\n\t\t<\/div>\n\n\t<\/div>\n\n<\/div><div class=\"modula-item effect-pufrobo jtg-filter-all jtg-filter-\" >\n\t<div class=\"modula-item-overlay\"><\/div>\n\n\t<div class=\"modula-item-content\">\n\n\t\t<a data-image-id=\"9928\" role=\"button\" tabindex=\"0\" rel=\"jtg-9515\" data-caption=\"&lt;span class=&quot;modula-caption-description&quot;&gt;&lt;\/span&gt;\" aria-label=\"Open image in lightbox\" data-thumb=\"https:\/\/fotografiaportugal.pt\/site\/wp-content\/uploads\/2021\/08\/65-Lagoa7CidadesAtNight-net-300x84.jpg\" class=\"tile-inner modula-item-link\"><\/a><img loading=\"lazy\" decoding=\"async\" class=\"pic wp-image-9928\"  data-valign=\"middle\" data-halign=\"center\" alt=\"\" data-full=\"https:\/\/fotografiaportugal.pt\/site\/wp-content\/uploads\/2021\/08\/65-Lagoa7CidadesAtNight-net.jpg\" title=\"65 Lagoa7CidadesAtNight-net\" crop=\"\" width=\"300\" height=\"84\" src=\"https:\/\/fotografiaportugal.pt\/site\/wp-content\/uploads\/2021\/08\/65-Lagoa7CidadesAtNight-net-300x84.jpg\" data-src=\"https:\/\/fotografiaportugal.pt\/site\/wp-content\/uploads\/2021\/08\/65-Lagoa7CidadesAtNight-net-300x84.jpg\" data-caption=\"\" srcset=\"https:\/\/fotografiaportugal.pt\/site\/wp-content\/uploads\/2021\/08\/65-Lagoa7CidadesAtNight-net.jpg 1250w, https:\/\/fotografiaportugal.pt\/site\/wp-content\/uploads\/2021\/08\/65-Lagoa7CidadesAtNight-net-300x84.jpg 300w, https:\/\/fotografiaportugal.pt\/site\/wp-content\/uploads\/2021\/08\/65-Lagoa7CidadesAtNight-net-1024x288.jpg 1024w\" sizes=\"auto, (max-width: 300px) 100vw, 300px\" \/>\n\t\t<div class=\"figc no-description\">\n\t\t\t<div class=\"figc-inner\">\n\t\t\t\t\t\t\t\t\t\t\t\t\t\t\t<\/div>\n\t\t<\/div>\n\n\t<\/div>\n\n<\/div><div class=\"modula-item effect-pufrobo jtg-filter-all jtg-filter-\" >\n\t<div class=\"modula-item-overlay\"><\/div>\n\n\t<div class=\"modula-item-content\">\n\n\t\t<a data-image-id=\"9929\" role=\"button\" tabindex=\"0\" rel=\"jtg-9515\" data-caption=\"&lt;span class=&quot;modula-caption-description&quot;&gt;&lt;\/span&gt;\" aria-label=\"Open image in lightbox\" data-thumb=\"https:\/\/fotografiaportugal.pt\/site\/wp-content\/uploads\/2021\/08\/66-CrescentMoonVenus_Ocean-net-198x300.jpg\" class=\"tile-inner modula-item-link\"><\/a><img loading=\"lazy\" decoding=\"async\" class=\"pic wp-image-9929\"  data-valign=\"middle\" data-halign=\"center\" alt=\"\" data-full=\"https:\/\/fotografiaportugal.pt\/site\/wp-content\/uploads\/2021\/08\/66-CrescentMoonVenus_Ocean-net.jpg\" title=\"66 CrescentMoonVenus_Ocean-net\" crop=\"\" width=\"198\" height=\"300\" src=\"https:\/\/fotografiaportugal.pt\/site\/wp-content\/uploads\/2021\/08\/66-CrescentMoonVenus_Ocean-net-198x300.jpg\" data-src=\"https:\/\/fotografiaportugal.pt\/site\/wp-content\/uploads\/2021\/08\/66-CrescentMoonVenus_Ocean-net-198x300.jpg\" data-caption=\"\" srcset=\"https:\/\/fotografiaportugal.pt\/site\/wp-content\/uploads\/2021\/08\/66-CrescentMoonVenus_Ocean-net.jpg 782w, https:\/\/fotografiaportugal.pt\/site\/wp-content\/uploads\/2021\/08\/66-CrescentMoonVenus_Ocean-net-198x300.jpg 198w, https:\/\/fotografiaportugal.pt\/site\/wp-content\/uploads\/2021\/08\/66-CrescentMoonVenus_Ocean-net-677x1024.jpg 677w\" sizes=\"auto, (max-width: 198px) 100vw, 198px\" \/>\n\t\t<div class=\"figc no-description\">\n\t\t\t<div class=\"figc-inner\">\n\t\t\t\t\t\t\t\t\t\t\t\t\t\t\t<\/div>\n\t\t<\/div>\n\n\t<\/div>\n\n<\/div><div class=\"modula-item effect-pufrobo jtg-filter-all jtg-filter-\" >\n\t<div class=\"modula-item-overlay\"><\/div>\n\n\t<div class=\"modula-item-content\">\n\n\t\t<a data-image-id=\"9930\" role=\"button\" tabindex=\"0\" rel=\"jtg-9515\" data-caption=\"&lt;span class=&quot;modula-caption-description&quot;&gt;&lt;\/span&gt;\" aria-label=\"Open image in lightbox\" data-thumb=\"https:\/\/fotografiaportugal.pt\/site\/wp-content\/uploads\/2021\/08\/67-MoonPathAlentejoStars-Final-net-300x200.jpg\" class=\"tile-inner modula-item-link\"><\/a><img loading=\"lazy\" decoding=\"async\" class=\"pic wp-image-9930\"  data-valign=\"middle\" data-halign=\"center\" alt=\"\" data-full=\"https:\/\/fotografiaportugal.pt\/site\/wp-content\/uploads\/2021\/08\/67-MoonPathAlentejoStars-Final-net.jpg\" title=\"67 MoonPathAlentejoStars-Final-net\" crop=\"\" width=\"300\" height=\"200\" src=\"https:\/\/fotografiaportugal.pt\/site\/wp-content\/uploads\/2021\/08\/67-MoonPathAlentejoStars-Final-net-300x200.jpg\" data-src=\"https:\/\/fotografiaportugal.pt\/site\/wp-content\/uploads\/2021\/08\/67-MoonPathAlentejoStars-Final-net-300x200.jpg\" data-caption=\"\" srcset=\"https:\/\/fotografiaportugal.pt\/site\/wp-content\/uploads\/2021\/08\/67-MoonPathAlentejoStars-Final-net.jpg 891w, https:\/\/fotografiaportugal.pt\/site\/wp-content\/uploads\/2021\/08\/67-MoonPathAlentejoStars-Final-net-300x200.jpg 300w\" sizes=\"auto, (max-width: 300px) 100vw, 300px\" \/>\n\t\t<div class=\"figc no-description\">\n\t\t\t<div class=\"figc-inner\">\n\t\t\t\t\t\t\t\t\t\t\t\t\t\t\t<\/div>\n\t\t<\/div>\n\n\t<\/div>\n\n<\/div><div class=\"modula-item effect-pufrobo jtg-filter-all jtg-filter-\" >\n\t<div class=\"modula-item-overlay\"><\/div>\n\n\t<div class=\"modula-item-content\">\n\n\t\t<a data-image-id=\"9935\" role=\"button\" tabindex=\"0\" rel=\"jtg-9515\" data-caption=\"&lt;span class=&quot;modula-caption-description&quot;&gt;&lt;\/span&gt;\" aria-label=\"Open image in lightbox\" data-thumb=\"https:\/\/fotografiaportugal.pt\/site\/wp-content\/uploads\/2021\/08\/68-1-TreeTrailsShowerFTelha-net-200x300.jpg\" class=\"tile-inner modula-item-link\"><\/a><img loading=\"lazy\" decoding=\"async\" class=\"pic wp-image-9935\"  data-valign=\"middle\" data-halign=\"center\" alt=\"\" data-full=\"https:\/\/fotografiaportugal.pt\/site\/wp-content\/uploads\/2021\/08\/68-1-TreeTrailsShowerFTelha-net.jpg\" title=\"68 1 TreeTrailsShowerFTelha-net\" crop=\"\" width=\"200\" height=\"300\" src=\"https:\/\/fotografiaportugal.pt\/site\/wp-content\/uploads\/2021\/08\/68-1-TreeTrailsShowerFTelha-net-200x300.jpg\" data-src=\"https:\/\/fotografiaportugal.pt\/site\/wp-content\/uploads\/2021\/08\/68-1-TreeTrailsShowerFTelha-net-200x300.jpg\" data-caption=\"\" srcset=\"https:\/\/fotografiaportugal.pt\/site\/wp-content\/uploads\/2021\/08\/68-1-TreeTrailsShowerFTelha-net.jpg 594w, https:\/\/fotografiaportugal.pt\/site\/wp-content\/uploads\/2021\/08\/68-1-TreeTrailsShowerFTelha-net-200x300.jpg 200w\" sizes=\"auto, (max-width: 200px) 100vw, 200px\" \/>\n\t\t<div class=\"figc no-description\">\n\t\t\t<div class=\"figc-inner\">\n\t\t\t\t\t\t\t\t\t\t\t\t\t\t\t<\/div>\n\t\t<\/div>\n\n\t<\/div>\n\n<\/div><div class=\"modula-item effect-pufrobo jtg-filter-all jtg-filter-\" >\n\t<div class=\"modula-item-overlay\"><\/div>\n\n\t<div class=\"modula-item-content\">\n\n\t\t<a data-image-id=\"9936\" role=\"button\" tabindex=\"0\" rel=\"jtg-9515\" data-caption=\"&lt;span class=&quot;modula-caption-description&quot;&gt;&lt;\/span&gt;\" aria-label=\"Open image in lightbox\" data-thumb=\"https:\/\/fotografiaportugal.pt\/site\/wp-content\/uploads\/2021\/08\/68-2-TreeTrailsShowerFTelhaLabel_net-200x300.jpg\" class=\"tile-inner modula-item-link\"><\/a><img loading=\"lazy\" decoding=\"async\" class=\"pic wp-image-9936\"  data-valign=\"middle\" data-halign=\"center\" alt=\"\" data-full=\"https:\/\/fotografiaportugal.pt\/site\/wp-content\/uploads\/2021\/08\/68-2-TreeTrailsShowerFTelhaLabel_net.jpg\" title=\"68 2 TreeTrailsShowerFTelhaLabel_net\" crop=\"\" width=\"200\" height=\"300\" src=\"https:\/\/fotografiaportugal.pt\/site\/wp-content\/uploads\/2021\/08\/68-2-TreeTrailsShowerFTelhaLabel_net-200x300.jpg\" data-src=\"https:\/\/fotografiaportugal.pt\/site\/wp-content\/uploads\/2021\/08\/68-2-TreeTrailsShowerFTelhaLabel_net-200x300.jpg\" data-caption=\"\" srcset=\"https:\/\/fotografiaportugal.pt\/site\/wp-content\/uploads\/2021\/08\/68-2-TreeTrailsShowerFTelhaLabel_net.jpg 594w, https:\/\/fotografiaportugal.pt\/site\/wp-content\/uploads\/2021\/08\/68-2-TreeTrailsShowerFTelhaLabel_net-200x300.jpg 200w\" sizes=\"auto, (max-width: 200px) 100vw, 200px\" \/>\n\t\t<div class=\"figc no-description\">\n\t\t\t<div class=\"figc-inner\">\n\t\t\t\t\t\t\t\t\t\t\t\t\t\t\t<\/div>\n\t\t<\/div>\n\n\t<\/div>\n\n<\/div><div class=\"modula-item effect-pufrobo jtg-filter-all jtg-filter-\" >\n\t<div class=\"modula-item-overlay\"><\/div>\n\n\t<div class=\"modula-item-content\">\n\n\t\t<a data-image-id=\"9939\" role=\"button\" tabindex=\"0\" rel=\"jtg-9515\" data-caption=\"&lt;span class=&quot;modula-caption-description&quot;&gt;&lt;\/span&gt;\" aria-label=\"Open image in lightbox\" data-thumb=\"https:\/\/fotografiaportugal.pt\/site\/wp-content\/uploads\/2021\/08\/69-1-VilaBoimLandScaPolartrails-net-300x200.jpg\" class=\"tile-inner modula-item-link\"><\/a><img loading=\"lazy\" decoding=\"async\" class=\"pic wp-image-9939\"  data-valign=\"middle\" data-halign=\"center\" alt=\"\" data-full=\"https:\/\/fotografiaportugal.pt\/site\/wp-content\/uploads\/2021\/08\/69-1-VilaBoimLandScaPolartrails-net.jpg\" title=\"69 1 VilaBoimLandScaPolartrails-net\" crop=\"\" width=\"300\" height=\"200\" src=\"https:\/\/fotografiaportugal.pt\/site\/wp-content\/uploads\/2021\/08\/69-1-VilaBoimLandScaPolartrails-net-300x200.jpg\" data-src=\"https:\/\/fotografiaportugal.pt\/site\/wp-content\/uploads\/2021\/08\/69-1-VilaBoimLandScaPolartrails-net-300x200.jpg\" data-caption=\"\" srcset=\"https:\/\/fotografiaportugal.pt\/site\/wp-content\/uploads\/2021\/08\/69-1-VilaBoimLandScaPolartrails-net.jpg 891w, https:\/\/fotografiaportugal.pt\/site\/wp-content\/uploads\/2021\/08\/69-1-VilaBoimLandScaPolartrails-net-300x200.jpg 300w\" sizes=\"auto, (max-width: 300px) 100vw, 300px\" \/>\n\t\t<div class=\"figc no-description\">\n\t\t\t<div class=\"figc-inner\">\n\t\t\t\t\t\t\t\t\t\t\t\t\t\t\t<\/div>\n\t\t<\/div>\n\n\t<\/div>\n\n<\/div><div class=\"modula-item effect-pufrobo jtg-filter-all jtg-filter-\" >\n\t<div class=\"modula-item-overlay\"><\/div>\n\n\t<div class=\"modula-item-content\">\n\n\t\t<a data-image-id=\"9940\" role=\"button\" tabindex=\"0\" rel=\"jtg-9515\" data-caption=\"&lt;span class=&quot;modula-caption-description&quot;&gt;&lt;\/span&gt;\" aria-label=\"Open image in lightbox\" data-thumb=\"https:\/\/fotografiaportugal.pt\/site\/wp-content\/uploads\/2021\/08\/69-2-VilaBoimLandScaPolartrails-Label-net-300x200.jpg\" class=\"tile-inner modula-item-link\"><\/a><img loading=\"lazy\" decoding=\"async\" class=\"pic wp-image-9940\"  data-valign=\"middle\" data-halign=\"center\" alt=\"\" data-full=\"https:\/\/fotografiaportugal.pt\/site\/wp-content\/uploads\/2021\/08\/69-2-VilaBoimLandScaPolartrails-Label-net.jpg\" title=\"69 2 VilaBoimLandScaPolartrails-Label-net\" crop=\"\" width=\"300\" height=\"200\" src=\"https:\/\/fotografiaportugal.pt\/site\/wp-content\/uploads\/2021\/08\/69-2-VilaBoimLandScaPolartrails-Label-net-300x200.jpg\" data-src=\"https:\/\/fotografiaportugal.pt\/site\/wp-content\/uploads\/2021\/08\/69-2-VilaBoimLandScaPolartrails-Label-net-300x200.jpg\" data-caption=\"\" srcset=\"https:\/\/fotografiaportugal.pt\/site\/wp-content\/uploads\/2021\/08\/69-2-VilaBoimLandScaPolartrails-Label-net.jpg 891w, https:\/\/fotografiaportugal.pt\/site\/wp-content\/uploads\/2021\/08\/69-2-VilaBoimLandScaPolartrails-Label-net-300x200.jpg 300w\" sizes=\"auto, (max-width: 300px) 100vw, 300px\" \/>\n\t\t<div class=\"figc no-description\">\n\t\t\t<div class=\"figc-inner\">\n\t\t\t\t\t\t\t\t\t\t\t\t\t\t\t<\/div>\n\t\t<\/div>\n\n\t<\/div>\n\n<\/div>\t\t\n\t<\/div>\n\n\t\n\t\n\t<script type=\"application\/ld+json\">\n\t{\n\t\t\"@context\": \"http:\/\/schema.org\",\n\t\t\"@type\"   : \"ImageGallery\",\n\t\t\"id\"      : \"https:\/\/fotografiaportugal.pt\/site\/exposicoes\/the-best-of-celestial-scenes\/\",\n\t\t\"url\"     : \"https:\/\/fotografiaportugal.pt\/site\/exposicoes\/the-best-of-celestial-scenes\/\"\n\t}\n\n\t<\/script>\n\n\t\n<\/div>\n\n<p><strong>Books \/ Livros<\/strong><\/p>\n<table>\n<tbody>\n<tr>\n<td width=\"471\"><a href=\"https:\/\/fotografiaportugal.pt\/site\/shop\/livros\/dark-sky-alqueva-o-destino-das-estrelas-a-star-destination\/\"><img loading=\"lazy\" decoding=\"async\" class=\"alignnone size-medium wp-image-875\" src=\"https:\/\/fotografiaportugal.pt\/site\/wp-content\/uploads\/2015\/07\/capa-livro-ca-darksky_1000px-226x300.jpg\" alt=\"capa-livro-ca-darksky_1000px\" width=\"226\" height=\"300\" srcset=\"https:\/\/fotografiaportugal.pt\/site\/wp-content\/uploads\/2015\/07\/capa-livro-ca-darksky_1000px-226x300.jpg 226w, https:\/\/fotografiaportugal.pt\/site\/wp-content\/uploads\/2015\/07\/capa-livro-ca-darksky_1000px-770x1024.jpg 770w, https:\/\/fotografiaportugal.pt\/site\/wp-content\/uploads\/2015\/07\/capa-livro-ca-darksky_1000px-140x186.jpg 140w, https:\/\/fotografiaportugal.pt\/site\/wp-content\/uploads\/2015\/07\/capa-livro-ca-darksky_1000px.jpg 1000w\" sizes=\"auto, (max-width: 226px) 100vw, 226px\" \/><\/a><\/td>\n<td width=\"471\"><a href=\"https:\/\/fotografiaportugal.pt\/site\/shop\/livros\/astrofotografia-imagens-a-luz-das-estrelas\/\"><img loading=\"lazy\" decoding=\"async\" class=\"alignnone size-medium wp-image-159\" src=\"https:\/\/fotografiaportugal.pt\/site\/wp-content\/uploads\/2015\/04\/astroFotografia190.gif\" alt=\"astroFotografia190\" width=\"190\" height=\"190\" \/><\/a><\/td>\n<\/tr>\n<tr>\n<td width=\"471\"><strong><a href=\"https:\/\/fotografiaportugal.pt\/site\/shop\/livros\/dark-sky-alqueva-o-destino-das-estrelas-a-star-destination\/\">Dark Sky Alqueva<\/a>\u00a0(ESGOTADO)<\/strong><\/p>\n<p><strong>O Destino das Estrelas \/ A Star Destination<\/strong><\/p>\n<p>Autor: Miguel Claro<\/p>\n<p>ISBN: 978-989-615-204-8<\/p>\n<p>P\u00e1gs: 160 (a cores, em edi\u00e7\u00e3o de luxo: capa dura com sobrecapa)<\/td>\n<td width=\"471\"><strong><a href=\"https:\/\/fotografiaportugal.pt\/site\/shop\/livros\/astrofotografia-imagens-a-luz-das-estrelas\/\">astroFotografia<\/a><\/strong><\/p>\n<p><strong>Imagens \u00e0 luz das estrelas<\/strong><\/p>\n<p>Autor: Miguel Claro<\/p>\n<p>ISBN: 978-989-615-178-2<\/p>\n<p>P\u00e1gs: 192 (a cores)<\/td>\n<\/tr>\n<tr>\n<td width=\"471\">A Terra est\u00e1 na zona habit\u00e1vel do Sol. Gerou vida inteligente e curiosa, deliciada com o mundo, mas a sua pr\u00f3pria evolu\u00e7\u00e3o retirou-lhe o c\u00e9u estrelado que a envolveu at\u00e9 h\u00e1 poucas centenas de anos.<\/p>\n<p>Este parapeito fabuloso est\u00e1 repleto de luz e movimento, mas o que o rodeia ficou ofuscado pelo seu pr\u00f3prio brilho: nos nossos dias a maioria das pessoas nunca viu a Via L\u00e1ctea.<\/p>\n<p>Para combater a polui\u00e7\u00e3o luminosa, culpada por este apag\u00e3o do c\u00e9u, foi criada a Reserva\u00a0<strong>Dark Sky<sup>\u00ae<\/sup><\/strong><strong>\u00a0<\/strong><strong>Alqueva<\/strong>, no Alentejo, o primeiro destino do mundo certificado como \u201cDestino Tur\u00edstico Starlight\u201d por parte da Funda\u00e7\u00e3o Starlight, apoiada pela UNESCO e pela Organiza\u00e7\u00e3o Mundial de Turismo das Na\u00e7\u00f5es Unidas. Nesta zona \u00e9 poss\u00edvel observar o c\u00e9u dos nossos antepassados e a din\u00e2mica celeste que ocorre ao longo de uma noite num registo astro fotogr\u00e1fico. \u00c9 uma das formas de mostrar e comunicar ao mundo a import\u00e2ncia da astronomia, enfatizando a grandiosidade do patrim\u00f3nio arquitect\u00f3nico, cultural e paisag\u00edstico, numa uni\u00e3o entre o c\u00e9u e a terra, uma simbiose perfeita em que atrav\u00e9s da express\u00e3o fotogr\u00e1fica \u201cbeleza, ci\u00eancia e arte\u201d, caminharam lado-a-lado, permitindo registar imagens desde fen\u00f3menos celestes como o Airglow e a Luz Zodiacal, \u00e0 deslumbrante presen\u00e7a da Via L\u00e1ctea, que repleta de enxames de estrelas, nebulosas e poeira interestelar, se vai tornar inesquec\u00edvel. Fotografar o c\u00e9u, escrever com luz, \u00e9 uma das formas mais eficazes de comunicar ci\u00eancia.<\/p>\n<p>Venha ver por si.<\/p>\n<p>Earth is in the Sun&#8217;s habitable zone. It has generated life that is both intelligent and curious, delighted with the world. But the very evolution of life has stripped it of the star-filled sky which covered it until a few centuries ago. This fabulous &#8220;parapet&#8221; is full of light and movement, but what surrounds it is hidden by its own brilliance. Today, most people have never seen the Milky Way. In order to combat this light pollution, which is responsible for extinguishing the sky, the Alqueva Dark Sky\u00ae Reserve was created in the Alentejo, the first destination in the world to be designated as a Starlight Tourist Destination by the Starlight Foundation, supported by UNESCO and the United Nations World Tourism Organization (UNWTO). Here, in this astro photographic record, it is possible to observe the sky of our ancestors and the celestial dynamics that occur throughout one night. It is one of the ways to demonstrate and to communicate to the world the importance of Astronomy, and at the same time highlight a heritage of architecture, culture and landscape in a union of earth and sky. It is a perfect symbiosis where, through photographic expression, beauty, science and art walk side by side, allowing the recording of images ranging from celestial phenomena such as Airglow and Zodiacal Light to the wonderful presence of the Milky Way, full of star clusters, Nebulae and interstellar dust, making it all so unforgettable. Photographing the sky, writing with light, is one of the most efficient ways of communicating science. Come and see for yourself.<\/td>\n<td width=\"471\">N\u00c3O SERIA INCR\u00cdVEL FOTOGRAFAR A VIA L\u00c1CTEA NUM C\u00c9U ESCURO E AFASTADO DA POLUI\u00c7\u00c3O LUMINOSA DAS GRANDES CIDADES?<\/p>\n<p>N\u00e3o seria fascinante registar o movimento da esfera celeste e o rasto das estrelas em torno da Estrela Polar? E obter uma imagem detalhada da Lua perto do horizonte num jogo criativo de escalas e ilus\u00f5es de \u00f3ptica? E a dan\u00e7a din\u00e2mica entre o Sol, a Lua e a Terra, da qual resultam os eclipses? E ser capaz de localizar os astros para fotografar um alinhamento planet\u00e1rio ao crep\u00fasculo, num cen\u00e1rio de praia, luz e cor?<\/p>\n<p>Aprender a localizar as principais constela\u00e7\u00f5es \u00e9 muito mais simples do que imagina. A partir da\u00ed, poder\u00e1 navegar pelo c\u00e9u e fotografar a sua espantosa beleza.<\/p>\n<p>Surpreenda-se, talvez at\u00e9 seja poss\u00edvel come\u00e7ar a fotografar com a c\u00e2mara que j\u00e1 tem em casa.<\/p>\n<p>O C\u00c9U ESTRELADO \u00c9 UMA DAS MAIORES MARAVILHAS DA NATUREZA. \u00c9 UM ESPECT\u00c1CULO ASSOMBROSO AO QUAL NINGU\u00c9M FICA INDIFERENTE.<\/p>\n<p>Nos nossos dias \u00e9 uma vis\u00e3o rara e singular. O progresso impar\u00e1vel, que nos permite condi\u00e7\u00f5es de conforto e seguran\u00e7a impens\u00e1veis h\u00e1 umas d\u00e9cadas, foi retirando paulatinamente estrelas aos nossos c\u00e9us.<\/p>\n<p>Este progresso, contudo, pode estar em vias de nos devolver uma parte do c\u00e9u roubado \u00e0 antiguidade. O desenvolvimento da t\u00e9cnica talvez permita uma maior efic\u00e1cia na distribui\u00e7\u00e3o de energia, luz e calor. Tudo indica que sim, mas de qualquer forma, o c\u00e9u da Terra primitiva desapareceu para sempre. Ou quase&#8230; em algumas regi\u00f5es ainda podemos desfrutar deste espect\u00e1culo magn\u00edfico. E talvez n\u00e3o seja preciso ir t\u00e3o longe como imagina.<\/p>\n<p>Este livro \u00e9 dedicado \u00e0 contempla\u00e7\u00e3o e \u00e0 fotografia do c\u00e9u. Por vezes queremos explicar a emo\u00e7\u00e3o que sentimos e n\u00e3o encontramos as palavras adequadas. A astrofotografia permite uma s\u00edntese admir\u00e1vel: se virmos um espect\u00e1culo celestial maravilhoso, que melhor forma de demonstrar o nosso deslumbramento?<\/p>\n<p>Nestas p\u00e1ginas ir\u00e1 encontrar tudo o que necessita para entender os conceitos de astronomia que lhe dar\u00e3o os conhecimentos necess\u00e1rios para fotografar os astros. Venha aprender as t\u00e9cnicas, dicas e segredos que o ajudar\u00e3o a obter as melhores imagens num cen\u00e1rio nocturno sob a luz das estrelas, companheiras indispens\u00e1veis na aventura maravilhosa da vida.<\/p>\n<p>Aprenda a traduzir os seus sentimentos em imagens. Contemple, fotografe e partilhe as suas emo\u00e7\u00f5es. S\u00e3o uma parte essencial de si.<\/td>\n<\/tr>\n<tr>\n<td width=\"471\"><iframe loading=\"lazy\" src=\"https:\/\/player.vimeo.com\/video\/120676893\" width=\"500\" height=\"281\" frameborder=\"0\" allowfullscreen=\"allowfullscreen\"><\/iframe><strong>Dark Sky Alqueva Time Lapse<\/strong><\/p>\n<p>The First Starlight Tourism Destination in the World<\/td>\n<td width=\"471\"><iframe loading=\"lazy\" src=\"https:\/\/www.youtube.com\/embed\/aniUSMYF3BE\" width=\"560\" height=\"315\" frameborder=\"0\" allowfullscreen=\"allowfullscreen\"><\/iframe><\/p>\n<p><strong>AstroFotografia<\/strong><\/p>\n<p>Time Lapse Movie<\/td>\n<\/tr>\n<\/tbody>\n<\/table>\n<p>Ver tamb\u00e9m outras <strong><a href=\"https:\/\/fotografiaportugal.pt\/site\/exposicoes\/\">EXPOSI\u00c7\u00d5ES DE FOTOGRAFIA<\/a><\/strong>\u00a0e<strong> <a href=\"https:\/\/fotografiaportugal.pt\/site\/categoria-produto\/livros-tecnicos-fotografia\/\">LIVROS\u00a0DE FOTOGRAFIA<\/a><\/strong><\/p>\n<h1>V\u00cdDEOS<\/h1>\n<p><iframe loading=\"lazy\" title=\"Dark Sky Alqueva - The First Starlight Tourism Destination in the World\" width=\"980\" height=\"551\" src=\"https:\/\/www.youtube.com\/embed\/d4PDxl-_jO4?feature=oembed\" frameborder=\"0\" allow=\"accelerometer; autoplay; clipboard-write; encrypted-media; gyroscope; picture-in-picture\" allowfullscreen><\/iframe><\/p>\n<p>Dark Sky Alqueva &#8211; The First Starlight Tourism Destination in the World<\/p>\n<p><iframe loading=\"lazy\" title=\"Almourol Castle Timelapse Photography\" width=\"980\" height=\"735\" src=\"https:\/\/www.youtube.com\/embed\/FsH1HUrlV3Q?feature=oembed\" frameborder=\"0\" allow=\"accelerometer; autoplay; clipboard-write; encrypted-media; gyroscope; picture-in-picture\" allowfullscreen><\/iframe><\/p>\n<p>Almourol Castle Timelapse Photography<\/p>\n<p><iframe loading=\"lazy\" title=\"Diana&amp;acute;s Temple Moon - &amp;Eacute;vora\" src=\"https:\/\/player.vimeo.com\/video\/38335451?dnt=1&amp;app_id=122963&amp;h=0df56cf0df\" width=\"980\" height=\"655\" frameborder=\"0\" allow=\"autoplay; fullscreen; picture-in-picture\" allowfullscreen><\/iframe><\/p>\n<p>Diana\u00b4s Temple Moon \u2013 \u00c9vora<\/p>\n<p><iframe loading=\"lazy\" title=\"The Night, Sky lights and Motion - Time Lapse Photography by Miguel Claro\" src=\"https:\/\/player.vimeo.com\/video\/21100445?dnt=1&amp;app_id=122963&amp;h=b7d1ea8f22\" width=\"640\" height=\"424\" frameborder=\"0\" allow=\"autoplay; fullscreen; picture-in-picture\" allowfullscreen><\/iframe><\/p>\n<p>The Night, Sky lights and Motion &#8211; Time Lapse Photography by Miguel Claro<\/p>\n<h1>PALESTRAS<\/h1>\n<p><iframe loading=\"lazy\" title=\"Novas formas de ver o C\u00e9u e o Mundo | Miguel Claro | TEDxCaldasdaRainha\" width=\"980\" height=\"551\" src=\"https:\/\/www.youtube.com\/embed\/R0DfwJpWHRQ?feature=oembed\" frameborder=\"0\" allow=\"accelerometer; autoplay; clipboard-write; encrypted-media; gyroscope; picture-in-picture\" allowfullscreen><\/iframe><\/p>\n<p>Novas formas de ver o C\u00e9u e o Mundo | Miguel Claro | TEDxCaldasdaRainha<\/p>\n<p><iframe loading=\"lazy\" title=\"O c\u00e9u visto da terra | Miguel Claro | TEDxKids@CentralTejo\" width=\"980\" height=\"551\" src=\"https:\/\/www.youtube.com\/embed\/P_dOhDnWOVw?feature=oembed\" frameborder=\"0\" allow=\"accelerometer; autoplay; clipboard-write; encrypted-media; gyroscope; picture-in-picture\" allowfullscreen><\/iframe><\/p>\n<p>O c\u00e9u visto da terra | Miguel Claro | TEDxKids@CentralTejo<\/p>\n<h1>COMENT\u00c1RIOS\/ NOT\u00cdCIAS<\/h1>\n<p><iframe loading=\"lazy\" src=\"https:\/\/www.youtube.com\/embed\/2cV8w0oI1zI\" width=\"560\" height=\"315\" frameborder=\"0\" allowfullscreen=\"allowfullscreen\"><\/iframe><\/p>\n<p>Miguel Claro, autor do livro <a href=\"https:\/\/fotografiaportugal.pt\/site\/shop\/livros\/dark-sky-alqueva-o-destino-das-estrelas-a-star-destination\/\" target=\"_blank\" rel=\"noopener noreferrer\">Dark Sky Alqueva<\/a>, foi o convidado da jornalista Paula Magalh\u00e3es para o programa em directo da TVI24 &#8211; &#8220;Discurso Directo&#8221; das 10h \u00e0s 11h &#8211; Edi\u00e7\u00e3o da manh\u00e3 de 12 de Agosto de 2015, onde esteve tamb\u00e9m o comentador desportivo Fernando Correia.<\/p>\n<p><iframe loading=\"lazy\" src=\"https:\/\/www.youtube.com\/embed\/IOVe-wA34q8\" width=\"560\" height=\"315\" frameborder=\"0\" allowfullscreen=\"allowfullscreen\"><\/iframe><\/p>\n<p><b>Miguel Claro faz o c\u00e9u de Portugal brilhar na NASA<\/b><\/p>\n<p>O astrofot\u00f3grafo portugu\u00eas continua a somar distin\u00e7\u00f5es no site da NASA dedicado \u00e0 fotografia que entra no \u00e2mbito das ci\u00eancias da Terra. A \u00faltima imagem destacada foi captada no Alentejo mas o autor j\u00e1 soma mais de tr\u00eas dezenas de refer\u00eancias no site.<\/p>\n<p style=\"text-align: left;\" align=\"right\"><i><b>P\u00fablico, Fugas,<\/b> 19 de Agosto de 2013<\/i><\/p>\n<p><iframe loading=\"lazy\" src=\"https:\/\/www.youtube.com\/embed\/k7T-DDbop1U\" width=\"560\" height=\"315\" frameborder=\"0\" allowfullscreen=\"allowfullscreen\"><\/iframe><\/p>\n<p style=\"text-align: left;\" align=\"right\"><i><b>SIC, Primeiro Jornal<\/b>, 9 de Agosto de 2013<\/i><\/p>\n<p><iframe loading=\"lazy\" src=\"https:\/\/www.youtube.com\/embed\/Kbb0DRD2JQk\" width=\"560\" height=\"315\" frameborder=\"0\" allowfullscreen=\"allowfullscreen\"><\/iframe><\/p>\n<p style=\"text-align: left;\" align=\"right\"><i><b>TVI24, 25\u00aa Hora<\/b>, 25 de Junho de 201<\/i>3<\/p>\n<p><iframe loading=\"lazy\" src=\"https:\/\/www.youtube.com\/embed\/PM6X5Ew2KJ8\" width=\"560\" height=\"315\" frameborder=\"0\" allowfullscreen=\"allowfullscreen\"><\/iframe><\/p>\n<p style=\"text-align: left;\" align=\"right\"><i><b>RTP1, Bom Dia Portugal, <\/b>22 de Junho de 2013<\/i><\/p>\n<p>Even though I cannot speak or read Portuguese, I purchased your excellent book. I am Canadian and my hobby is astrophotgraphy.<br \/>\nWell done on a fantastic book!<br \/>\nRegards<\/p>\n<p style=\"text-align: left;\" align=\"right\"><i>Adrien Richardson, 1 de Junho de 2013<br \/>\n<\/i><\/p>\n<p><b>Beleza astron\u00f3mica de Portugal<br \/>\nUm &#8220;astrofot\u00f3grafo amador&#8221; entre os melhores do mundo<\/b><\/p>\n<p>Miguel Claro quer ajudar-nos a admirar (e a fotografar) paisagens verdadeiramente astron\u00f3micas. Enquanto continua a somar distin\u00e7\u00f5es para as suas imagens. Claro, que se dedica a conjugar as paisagens portuguesas com os sinais do c\u00e9u, lan\u00e7a agora um guia para permitir a toda a gente viajar pela arte da astrofotografia.<br \/>\nDuas estrelas, Altair e Vega, brilham sobre um monte e \u00e1rvores do Alentejo com a Via L\u00e1ctea como fundo. A lua cheia recorta na luz o Templo de Diana.<br \/>\nRastos de luz da estrela Sirius e constela\u00e7\u00e3o de Orionte cruzam os c\u00e9us sobre a Torre de Bel\u00e9m&#8230; &#8220;H\u00e1 muitas coisas que vemos durante o dia cuja beleza s\u00f3 se revela \u00e0 noite&#8221;, diz-nos Miguel Claro, 35 anos, para quem essa beleza, &#8220;em uni\u00e3o com a ci\u00eancia e arte&#8221;, \u00e9 ainda mais manifesta. H\u00e1 d\u00e9cada e meia que se dedica \u00e0 astrofotografia, o registo fotogr\u00e1fico dos astros, no seu caso com uma especializa\u00e7\u00e3o em paisagens astron\u00f3micas, percorrendo o pa\u00eds atr\u00e1s da conjuga\u00e7\u00e3o &#8220;entre os elementos do c\u00e9u e da Terra&#8221;, &#8220;valorizando o patrim\u00f3nio arquitect\u00f3nico, cultural e paisag\u00edstico&#8221;.<\/p>\n<p style=\"text-align: left;\" align=\"right\"><i><b>Fugas, P\u00fablico<\/b>, 13 de Novembro de 2012<\/i><\/p>\n<p style=\"text-align: left;\" align=\"right\"><iframe loading=\"lazy\" src=\"https:\/\/www.youtube.com\/embed\/YCgJJQqd3JI\" width=\"420\" height=\"315\" frameborder=\"0\" allowfullscreen=\"allowfullscreen\"><\/iframe><\/p>\n<p style=\"text-align: left;\" align=\"right\"><i><b>Curto Circuito, SIC<\/b>, 11 de Setembro de 2012<\/i><\/p>\n<p><b>Timelapse: Star Trails in Portugal<br \/>\n<\/b><br \/>\nAstrophotographer Miguel Claro has compiled dozens of hours of timelapse photography \u2013 all taken in Portugal \u2013 creating one of the most amazing and idyllic night sky views, including several magical star trail observations.<br \/>\nIncluded in the foreground are some historical features, such as Diana\u2019s Temple in \u00c9vora, the 25th of April Bridge in Lisbon and scenes from the Dark\u00a0 Sky Alqueva, one of the first dark sky reserves in the world to be certified<br \/>\nas \u201cStar Light Tourism Destination.\u201d<br \/>\n\u201cIt is the perfect place to find the Milky Way as well providing an incredible and overwhelming vision,\u201d Claro wrote to UT, \u201cwhere the depth of the sky has no limit. The light pollution effect existing in large cities, earned their magic through the peculiar form as it was captured in each image revealed in this video.\u201d<br \/>\nSit back, put the video in HD and large screen, turn on your speakers and enjoy! This is perfect if you need a short \u201cget away from it all\u201d during your day!<\/p>\n<p style=\"text-align: left;\" align=\"right\"><i><b>UniverseToday.com<\/b>, 21 de Agosto de 2012<br \/>\n<\/i><\/p>\n<p><b>Imagem distinguida pela NASA \u00e9 destaque em livro de astrofot\u00f3grafo portugu\u00eas<\/b><\/p>\n<p><a href=\"https:\/\/fotografiaportugal.pt\/site\/wp-content\/uploads\/2015\/04\/noticia-astrofotografia-sicnoticias-11ago2012.jpg\"><img loading=\"lazy\" decoding=\"async\" class=\"alignnone size-medium wp-image-354\" src=\"https:\/\/fotografiaportugal.pt\/site\/wp-content\/uploads\/2015\/04\/noticia-astrofotografia-sicnoticias-11ago2012-256x300.jpg\" alt=\"noticia-astrofotografia-sicnoticias-11ago2012\" width=\"256\" height=\"300\" srcset=\"https:\/\/fotografiaportugal.pt\/site\/wp-content\/uploads\/2015\/04\/noticia-astrofotografia-sicnoticias-11ago2012-256x300.jpg 256w, https:\/\/fotografiaportugal.pt\/site\/wp-content\/uploads\/2015\/04\/noticia-astrofotografia-sicnoticias-11ago2012-159x186.jpg 159w, https:\/\/fotografiaportugal.pt\/site\/wp-content\/uploads\/2015\/04\/noticia-astrofotografia-sicnoticias-11ago2012.jpg 500w\" sizes=\"auto, (max-width: 256px) 100vw, 256px\" \/><\/a><\/p>\n<p style=\"text-align: left;\" align=\"right\"><i><b>SIC not\u00edcias<\/b>, 11 de Agosto de 2012<br \/>\n<\/i><\/p>\n<p><b>Imagens \u00e0 luz das estrelas, o c\u00e9u de Alqueva em livro<br \/>\nAs estrelas tamb\u00e9m fazem um destino tur\u00edstico<\/b><\/p>\n<p><a href=\"https:\/\/fotografiaportugal.pt\/site\/wp-content\/uploads\/2015\/04\/noticia-astrofotografia-exameexpresso-10ago2012.jpg\"><img loading=\"lazy\" decoding=\"async\" class=\"alignnone size-medium wp-image-355\" src=\"https:\/\/fotografiaportugal.pt\/site\/wp-content\/uploads\/2015\/04\/noticia-astrofotografia-exameexpresso-10ago2012-230x300.jpg\" alt=\"noticia-astrofotografia-exameexpresso-10ago2012\" width=\"230\" height=\"300\" srcset=\"https:\/\/fotografiaportugal.pt\/site\/wp-content\/uploads\/2015\/04\/noticia-astrofotografia-exameexpresso-10ago2012-230x300.jpg 230w, https:\/\/fotografiaportugal.pt\/site\/wp-content\/uploads\/2015\/04\/noticia-astrofotografia-exameexpresso-10ago2012-143x186.jpg 143w, https:\/\/fotografiaportugal.pt\/site\/wp-content\/uploads\/2015\/04\/noticia-astrofotografia-exameexpresso-10ago2012.jpg 500w\" sizes=\"auto, (max-width: 230px) 100vw, 230px\" \/><\/a><\/p>\n<p style=\"text-align: left;\"><i><b>ExameExpresso<\/b>, 10 de Agosto de 2012<\/i><\/p>\n","protected":false},"excerpt":{"rendered":"<p>The Best of Celestial Scenes &#8211; Imaging to touch your soul O melhor de cen\u00e1rios celestes &#8211; Imagens para tocar a sua alma by\/de Miguel Claro Miguel Claro\u00a0is a professional photographer, author and science communicator in Astronomy. He is also the official astrophotographer of the Dark Sky\u00ae Alqueva Reserve and is a member of the [&hellip;]<\/p>\n","protected":false},"author":2629,"featured_media":0,"parent":63,"menu_order":0,"comment_status":"closed","ping_status":"closed","template":"","meta":{"footnotes":""},"class_list":["post-1386","page","type-page","status-publish","hentry"],"_links":{"self":[{"href":"https:\/\/fotografiaportugal.pt\/site\/wp-json\/wp\/v2\/pages\/1386","targetHints":{"allow":["GET"]}}],"collection":[{"href":"https:\/\/fotografiaportugal.pt\/site\/wp-json\/wp\/v2\/pages"}],"about":[{"href":"https:\/\/fotografiaportugal.pt\/site\/wp-json\/wp\/v2\/types\/page"}],"author":[{"embeddable":true,"href":"https:\/\/fotografiaportugal.pt\/site\/wp-json\/wp\/v2\/users\/2629"}],"replies":[{"embeddable":true,"href":"https:\/\/fotografiaportugal.pt\/site\/wp-json\/wp\/v2\/comments?post=1386"}],"version-history":[{"count":10,"href":"https:\/\/fotografiaportugal.pt\/site\/wp-json\/wp\/v2\/pages\/1386\/revisions"}],"predecessor-version":[{"id":9948,"href":"https:\/\/fotografiaportugal.pt\/site\/wp-json\/wp\/v2\/pages\/1386\/revisions\/9948"}],"up":[{"embeddable":true,"href":"https:\/\/fotografiaportugal.pt\/site\/wp-json\/wp\/v2\/pages\/63"}],"wp:attachment":[{"href":"https:\/\/fotografiaportugal.pt\/site\/wp-json\/wp\/v2\/media?parent=1386"}],"curies":[{"name":"wp","href":"https:\/\/api.w.org\/{rel}","templated":true}]}}