{"id":2219,"date":"2016-02-10T10:55:21","date_gmt":"2016-02-10T10:55:21","guid":{"rendered":"http:\/\/fotografiaportugal.pt\/site\/?page_id=2219"},"modified":"2021-08-11T20:30:05","modified_gmt":"2021-08-11T20:30:05","slug":"widevisions","status":"publish","type":"page","link":"https:\/\/fotografiaportugal.pt\/site\/exposicoes\/widevisions\/","title":{"rendered":"Wide Visions"},"content":{"rendered":"<p><strong>Patroc\u00ednio \/ Sponsorship:<\/strong><\/p>\n<p><\/p>\n\n\n<figure class=\"wp-block-image size-large\"><a href=\"https:\/\/www.facebook.com\/devesaescoladeconducao\/\" target=\"_blank\" rel=\"noopener\"><img loading=\"lazy\" decoding=\"async\" width=\"1024\" height=\"335\" src=\"https:\/\/fotografiaportugal.pt\/site\/wp-content\/uploads\/2021\/08\/Logo-Devesa-Escola-de-Conducao-1024x335.jpg\" alt=\"\" class=\"wp-image-9099\" srcset=\"https:\/\/fotografiaportugal.pt\/site\/wp-content\/uploads\/2021\/08\/Logo-Devesa-Escola-de-Conducao-1024x335.jpg 1024w, https:\/\/fotografiaportugal.pt\/site\/wp-content\/uploads\/2021\/08\/Logo-Devesa-Escola-de-Conducao-300x98.jpg 300w, https:\/\/fotografiaportugal.pt\/site\/wp-content\/uploads\/2021\/08\/Logo-Devesa-Escola-de-Conducao-1536x503.jpg 1536w, https:\/\/fotografiaportugal.pt\/site\/wp-content\/uploads\/2021\/08\/Logo-Devesa-Escola-de-Conducao-2048x670.jpg 2048w, https:\/\/fotografiaportugal.pt\/site\/wp-content\/uploads\/2021\/08\/Logo-Devesa-Escola-de-Conducao-672x220.jpg 672w\" sizes=\"auto, (max-width: 1024px) 100vw, 1024px\" \/><\/a><\/figure>\n\n\n\n<p><strong>Wide Visions<\/strong><\/p>\n\n\n\n<figure class=\"wp-block-image size-large is-resized\"><img loading=\"lazy\" decoding=\"async\" src=\"https:\/\/fotografiaportugal.pt\/site\/wp-content\/uploads\/2021\/08\/Mario_Monteiro-foto.jpg\" alt=\"\" class=\"wp-image-9173\" width=\"250\" height=\"396\" srcset=\"https:\/\/fotografiaportugal.pt\/site\/wp-content\/uploads\/2021\/08\/Mario_Monteiro-foto.jpg 506w, https:\/\/fotografiaportugal.pt\/site\/wp-content\/uploads\/2021\/08\/Mario_Monteiro-foto-190x300.jpg 190w, https:\/\/fotografiaportugal.pt\/site\/wp-content\/uploads\/2021\/08\/Mario_Monteiro-foto-416x658.jpg 416w\" sizes=\"auto, (max-width: 250px) 100vw, 250px\" \/><figcaption>M\u00e1rio Monteiro<\/figcaption><\/figure>\n\n\n\n<p>de\/by: M\u00e1rio Monteiro<\/p>\n\n\n\n<figure class=\"wp-block-image size-large\"><img loading=\"lazy\" decoding=\"async\" width=\"57\" height=\"38\" src=\"https:\/\/fotografiaportugal.pt\/site\/wp-content\/uploads\/2021\/08\/bandeiraPT-small.jpg\" alt=\"\" class=\"wp-image-9175\"\/><\/figure>\n\n\n\n<p>Wide Visions \u00e9 um projeto fotogr\u00e1fico que, como o nome indica, procura oferecer uma vis\u00e3o alargada de locais, monumentos ou momentos marcantes.<\/p>\n\n\n\n<p>\u00c9 um projeto de fotografia panor\u00e2mica de grande formato, que tem por objetivo imagens que se utilizem, mais do que uma recorda\u00e7\u00e3o de uma viagem ou f\u00e9rias, procura que as pessoas coloquem em casa as fotografias como elemento decorativo.<\/p>\n\n\n\n<p>Wide Visons \u00e9 um projeto din\u00e2mico, em constante evolu\u00e7\u00e3o e que a cada momento pode oferecer novas imagens.<\/p>\n\n\n\n<p>Todas as imagens patentes na exposi\u00e7\u00e3o&nbsp;<strong>Wide Visions<\/strong>&nbsp;est\u00e3o dispon\u00edveis para encomenda em grandes formatos de impress\u00e3o, com comprimentos de&nbsp;<strong>100<\/strong>cm (um metro),&nbsp;<strong>150<\/strong>cm e, em algumas imagens, tamanhos superiores, que poder\u00e3o ultrapassar os dois metros.<\/p>\n\n\n\n<p>Todas as fotografias \u00e0 venda incorporam direitos de autor para o fot\u00f3grafo (<strong>M\u00e1rio Monteiro<\/strong>) e s\u00e3o impressas em laborat\u00f3rio fotogr\u00e1fico com papel fotogr\u00e1fico Fuji Professional Paper, mate, sendo posteriormente embaladas em rolo de cart\u00e3o r\u00edgido, para entrega aos clientes, com portes gratuitos no envio para qualquer morada a n\u00edvel nacional ou internacional.<\/p>\n\n\n\n<p>Para encomendas ou mais informa\u00e7\u00f5es \u00e9 favor contactar via e-mail:&nbsp;<a href=\"mailto:info@fotografiaportugal.pt\" target=\"_blank\" rel=\"noreferrer noopener\">info@fotografiaportugal.pt<\/a><\/p>\n\n\n\n<figure class=\"wp-block-image size-large\"><img loading=\"lazy\" decoding=\"async\" width=\"57\" height=\"38\" src=\"https:\/\/fotografiaportugal.pt\/site\/wp-content\/uploads\/2021\/08\/bandeiraEN-small.jpg\" alt=\"\" class=\"wp-image-9177\"\/><\/figure>\n\n\n\n<p>Wide Visions is a photographic project that, as the name implies, aims to provide a broad overview of sites, monuments or important moments.<\/p>\n\n\n\n<p>It is a panoramic photo project in large format, which intends to show images that are used more than a memory of a trip or vacation, aiming for making people put &nbsp;the photographs at&nbsp;home&nbsp;as a decorative element.<\/p>\n\n\n\n<p>Wide Visions is a dynamic project in constant evolution which can offer new images at every moment.<\/p>\n\n\n\n<p>All of the images in the&nbsp;<strong>Wide Visions<\/strong>&nbsp;exhibition are available for ordering in large print sizes, with lengths of 100 cm (one meter), 150 cm and, in some images, larger sizes, which can exceed two meters.<\/p>\n\n\n\n<p>All photographs for sale incorporate copyrights for the photographer (<strong>M\u00e1rio Monteiro<\/strong>) and are printed in a photo lab with Fuji Professional Paper, matt paper, and then packed in a rigid carton roll for delivery to customers, with free shipping to any address in Portugal or anywhere in the world.<\/p>\n\n\n\n<p>For orders or more information please contact via e-mail:\u00a0<a href=\"mailto:info@fotografiaportugal.pt\" target=\"_blank\" rel=\"noreferrer noopener\">info@fotografiaportugal.pt<\/a><\/p>\n\n\n\n<p><strong>Clique numa imagem<\/strong> para a ver em tamanho grande e aceder \u00e0 Exposi\u00e7\u00e3o.<\/p>\n\n\n<div  id=\"jtg-9141\" class=\"modula modula-gallery modula-creative-gallery\" data-config=\"{&quot;height&quot;:1024,&quot;tabletHeight&quot;:1024,&quot;mobileHeight&quot;:1024,&quot;desktopHeight&quot;:1024,&quot;enableTwitter&quot;:false,&quot;enableWhatsapp&quot;:false,&quot;enableFacebook&quot;:false,&quot;enablePinterest&quot;:false,&quot;enableLinkedin&quot;:false,&quot;enableEmail&quot;:false,&quot;randomFactor&quot;:0.5,&quot;type&quot;:&quot;creative-gallery&quot;,&quot;columns&quot;:12,&quot;gutter&quot;:10,&quot;mobileGutter&quot;:10,&quot;tabletGutter&quot;:10,&quot;desktopGutter&quot;:10,&quot;enableResponsive&quot;:&quot;0&quot;,&quot;tabletColumns&quot;:&quot;2&quot;,&quot;mobileColumns&quot;:&quot;1&quot;,&quot;lazyLoad&quot;:0,&quot;lightboxOpts&quot;:{&quot;animated&quot;:true,&quot;Thumbs&quot;:{&quot;type&quot;:&quot;modern&quot;,&quot;showOnStart&quot;:false},&quot;Toolbar&quot;:{&quot;display&quot;:{&quot;right&quot;:[&quot;slideshow&quot;,&quot;zoomIn&quot;,&quot;zoomOut&quot;,&quot;close&quot;],&quot;left&quot;:[&quot;infobar&quot;]},&quot;enabled&quot;:true},&quot;Carousel&quot;:{&quot;Panzoom&quot;:{&quot;touch&quot;:false},&quot;infinite&quot;:true,&quot;transition&quot;:&quot;fade&quot;},&quot;keyboard&quot;:{&quot;Escape&quot;:&quot;close&quot;,&quot;Delete&quot;:&quot;close&quot;,&quot;Backspace&quot;:&quot;close&quot;,&quot;PageUp&quot;:&quot;next&quot;,&quot;PageDown&quot;:&quot;prev&quot;,&quot;ArrowUp&quot;:&quot;prev&quot;,&quot;ArrowDown&quot;:&quot;next&quot;,&quot;ArrowRight&quot;:&quot;next&quot;,&quot;ArrowLeft&quot;:&quot;prev&quot;},&quot;touch&quot;:false,&quot;backdropClick&quot;:false,&quot;l10n&quot;:{&quot;CLOSE&quot;:&quot;Close&quot;,&quot;NEXT&quot;:&quot;Next&quot;,&quot;PREV&quot;:&quot;Previous&quot;,&quot;Error&quot;:&quot;The requested content cannot be loaded. Please try again later.&quot;,&quot;PLAY_START&quot;:&quot;Start slideshow&quot;,&quot;PLAY_STOP&quot;:&quot;Pause slideshow&quot;,&quot;FULL_SCREEN&quot;:&quot;Full screen&quot;,&quot;THUMBS&quot;:&quot;Thumbnails&quot;,&quot;DOWNLOAD&quot;:&quot;Download&quot;,&quot;SHARE&quot;:&quot;Share&quot;,&quot;ZOOM&quot;:&quot;Zoom&quot;,&quot;EMAIL&quot;:&quot;Here is the link to the image : %%image_link%% and this is the link to the gallery : %%gallery_link%%&quot;,&quot;MODAL&quot;:&quot;You can close this modal content with the ESC key&quot;,&quot;ERROR&quot;:&quot;Something Went Wrong, Please Try Again Later&quot;,&quot;IMAGE_ERROR&quot;:&quot;Image Not Found&quot;,&quot;ELEMENT_NOT_FOUND&quot;:&quot;HTML Element Not Found&quot;,&quot;AJAX_NOT_FOUND&quot;:&quot;Error Loading AJAX : Not Found&quot;,&quot;AJAX_FORBIDDEN&quot;:&quot;Error Loading AJAX : Forbidden&quot;,&quot;IFRAME_ERROR&quot;:&quot;Error Loading Page&quot;,&quot;TOGGLE_ZOOM&quot;:&quot;Toggle zoom level&quot;,&quot;TOGGLE_THUMBS&quot;:&quot;Toggle thumbnails&quot;,&quot;TOGGLE_SLIDESHOW&quot;:&quot;Toggle slideshow&quot;,&quot;TOGGLE_FULLSCREEN&quot;:&quot;Toggle full-screen mode&quot;},&quot;Images&quot;:{&quot;Panzoom&quot;:{&quot;maxScale&quot;:2}},&quot;toolbar&quot;:true,&quot;wheel&quot;:false,&quot;animationEffect&quot;:&quot;false&quot;,&quot;animationDuration&quot;:366,&quot;transitionEffect&quot;:&quot;false&quot;,&quot;Html&quot;:{&quot;videoAutoplay&quot;:0,&quot;videoTpl&quot;:&quot;&lt;video class=\\&quot;fancybox__html5video modula_html5_video\\&quot; controls playsinline controlsList controlsList=\\&quot;nodownload\\&quot; poster=\\&quot;{{poster}}\\&quot; src=\\&quot;{{src}}\\&quot; type=\\&quot;{{format}}\\&quot; &gt;  Sorry, your browser doesn&#039;t support embedded videos, &lt;a href=\\&quot;{{src}}\\&quot;&gt; download &lt;\\\/a&gt; and watch with your favorite video player! &lt;\\\/video&gt;&quot;,&quot;vimeo&quot;:{&quot;autopause&quot;:0}},&quot;Slideshow&quot;:{&quot;playOnStart&quot;:true,&quot;pauseOnHover&quot;:false,&quot;timeout&quot;:3000},&quot;mainClass&quot;:&quot;modula-fancybox-container modula-lightbox-jtg-9141&quot;},&quot;inView&quot;:false,&quot;email_subject&quot;:&quot;Check out this awesome image !!&quot;,&quot;email_message&quot;:&quot;Here is the link to the image : %%image_link%% and this is the link to the gallery : %%gallery_link%%&quot;,&quot;lightbox&quot;:&quot;fancybox&quot;,&quot;filterClick&quot;:&quot;0&quot;,&quot;dropdownFilters&quot;:&quot;0&quot;,&quot;defaultActiveFilter&quot;:&quot;all&quot;,&quot;initLightbox&quot;:&quot;modula_pro_init_lightbox&quot;,&quot;haveFilters&quot;:0,&quot;lightbox_devices&quot;:&quot;both&quot;,&quot;options&quot;:{&quot;lightbox&quot;:&quot;fancybox&quot;},&quot;enableSlideshow&quot;:&quot;1&quot;,&quot;enableAutoplay&quot;:&quot;1&quot;,&quot;slideshowSpeed&quot;:&quot;3000&quot;,&quot;pauseOnHover&quot;:&quot;0&quot;}\">\n\n\t\n\t<div  class=\"modula-items\">\n\t\t<div class=\"modula-item effect-pufrobo jtg-filter-all jtg-filter-\" >\n\t<div class=\"modula-item-overlay\"><\/div>\n\n\t<div class=\"modula-item-content\">\n\n\t\t<a data-image-id=\"9163\" role=\"button\" tabindex=\"0\" rel=\"jtg-9141\" data-caption=\"&lt;span class=&quot;modula-caption-description&quot;&gt;&lt;\/span&gt;\" aria-label=\"Open image in lightbox\" data-thumb=\"https:\/\/fotografiaportugal.pt\/site\/wp-content\/uploads\/2021\/08\/WV22-Pano-devesa-1200_resize-1024x369.jpg\" class=\"tile-inner modula-item-link\"><\/a><img loading=\"lazy\" decoding=\"async\" class=\"pic wp-image-9163\"  data-valign=\"middle\" data-halign=\"center\" alt=\"\" data-full=\"https:\/\/fotografiaportugal.pt\/site\/wp-content\/uploads\/2021\/08\/WV22-Pano-devesa-1200_resize.jpg\" title=\"WV22 - Pano devesa 1200_resize\" crop=\"\" width=\"1024\" height=\"369\" src=\"https:\/\/fotografiaportugal.pt\/site\/wp-content\/uploads\/2021\/08\/WV22-Pano-devesa-1200_resize-1024x369.jpg\" data-src=\"https:\/\/fotografiaportugal.pt\/site\/wp-content\/uploads\/2021\/08\/WV22-Pano-devesa-1200_resize-1024x369.jpg\" data-caption=\"\" srcset=\"https:\/\/fotografiaportugal.pt\/site\/wp-content\/uploads\/2021\/08\/WV22-Pano-devesa-1200_resize.jpg 1200w, https:\/\/fotografiaportugal.pt\/site\/wp-content\/uploads\/2021\/08\/WV22-Pano-devesa-1200_resize-300x108.jpg 300w, https:\/\/fotografiaportugal.pt\/site\/wp-content\/uploads\/2021\/08\/WV22-Pano-devesa-1200_resize-1024x369.jpg 1024w\" sizes=\"auto, (max-width: 1024px) 100vw, 1024px\" \/>\n\t\t<div class=\"figc no-description\">\n\t\t\t<div class=\"figc-inner\">\n\t\t\t\t\t\t\t\t\t\t\t\t\t\t\t<\/div>\n\t\t<\/div>\n\n\t<\/div>\n\n<\/div><div class=\"modula-item effect-pufrobo jtg-filter-all jtg-filter-\" >\n\t<div class=\"modula-item-overlay\"><\/div>\n\n\t<div class=\"modula-item-content\">\n\n\t\t<a data-image-id=\"9147\" role=\"button\" tabindex=\"0\" rel=\"jtg-9141\" data-caption=\"&lt;span class=&quot;modula-caption-description&quot;&gt;&lt;\/span&gt;\" aria-label=\"Open image in lightbox\" data-thumb=\"https:\/\/fotografiaportugal.pt\/site\/wp-content\/uploads\/2021\/08\/WV06-Pano-casa-camilo_resize-1024x379.jpg\" class=\"tile-inner modula-item-link\"><\/a><img loading=\"lazy\" decoding=\"async\" class=\"pic wp-image-9147\"  data-valign=\"middle\" data-halign=\"center\" alt=\"\" data-full=\"https:\/\/fotografiaportugal.pt\/site\/wp-content\/uploads\/2021\/08\/WV06-Pano-casa-camilo_resize.jpg\" title=\"WV06 - Pano casa camilo_resize\" crop=\"\" width=\"1024\" height=\"379\" src=\"https:\/\/fotografiaportugal.pt\/site\/wp-content\/uploads\/2021\/08\/WV06-Pano-casa-camilo_resize-1024x379.jpg\" data-src=\"https:\/\/fotografiaportugal.pt\/site\/wp-content\/uploads\/2021\/08\/WV06-Pano-casa-camilo_resize-1024x379.jpg\" data-caption=\"\" srcset=\"https:\/\/fotografiaportugal.pt\/site\/wp-content\/uploads\/2021\/08\/WV06-Pano-casa-camilo_resize.jpg 1200w, https:\/\/fotografiaportugal.pt\/site\/wp-content\/uploads\/2021\/08\/WV06-Pano-casa-camilo_resize-300x111.jpg 300w, https:\/\/fotografiaportugal.pt\/site\/wp-content\/uploads\/2021\/08\/WV06-Pano-casa-camilo_resize-1024x379.jpg 1024w\" sizes=\"auto, (max-width: 1024px) 100vw, 1024px\" \/>\n\t\t<div class=\"figc no-description\">\n\t\t\t<div class=\"figc-inner\">\n\t\t\t\t\t\t\t\t\t\t\t\t\t\t\t<\/div>\n\t\t<\/div>\n\n\t<\/div>\n\n<\/div><div class=\"modula-item effect-pufrobo jtg-filter-all jtg-filter-\" >\n\t<div class=\"modula-item-overlay\"><\/div>\n\n\t<div class=\"modula-item-content\">\n\n\t\t<a data-image-id=\"9145\" role=\"button\" tabindex=\"0\" rel=\"jtg-9141\" data-caption=\"&lt;span class=&quot;modula-caption-description&quot;&gt;&lt;\/span&gt;\" aria-label=\"Open image in lightbox\" data-thumb=\"https:\/\/fotografiaportugal.pt\/site\/wp-content\/uploads\/2021\/08\/WV04-Famalicao-devesa-Noite_resize-1024x303.jpg\" class=\"tile-inner modula-item-link\"><\/a><img loading=\"lazy\" decoding=\"async\" class=\"pic wp-image-9145\"  data-valign=\"middle\" data-halign=\"center\" alt=\"\" data-full=\"https:\/\/fotografiaportugal.pt\/site\/wp-content\/uploads\/2021\/08\/WV04-Famalicao-devesa-Noite_resize.jpg\" title=\"WV04 - Famalic\u00e3o devesa Noite_resize\" crop=\"\" width=\"1024\" height=\"303\" src=\"https:\/\/fotografiaportugal.pt\/site\/wp-content\/uploads\/2021\/08\/WV04-Famalicao-devesa-Noite_resize-1024x303.jpg\" data-src=\"https:\/\/fotografiaportugal.pt\/site\/wp-content\/uploads\/2021\/08\/WV04-Famalicao-devesa-Noite_resize-1024x303.jpg\" data-caption=\"\" srcset=\"https:\/\/fotografiaportugal.pt\/site\/wp-content\/uploads\/2021\/08\/WV04-Famalicao-devesa-Noite_resize.jpg 1200w, https:\/\/fotografiaportugal.pt\/site\/wp-content\/uploads\/2021\/08\/WV04-Famalicao-devesa-Noite_resize-300x89.jpg 300w, https:\/\/fotografiaportugal.pt\/site\/wp-content\/uploads\/2021\/08\/WV04-Famalicao-devesa-Noite_resize-1024x303.jpg 1024w\" sizes=\"auto, (max-width: 1024px) 100vw, 1024px\" \/>\n\t\t<div class=\"figc no-description\">\n\t\t\t<div class=\"figc-inner\">\n\t\t\t\t\t\t\t\t\t\t\t\t\t\t\t<\/div>\n\t\t<\/div>\n\n\t<\/div>\n\n<\/div><div class=\"modula-item effect-pufrobo jtg-filter-all jtg-filter-\" >\n\t<div class=\"modula-item-overlay\"><\/div>\n\n\t<div class=\"modula-item-content\">\n\n\t\t<a data-image-id=\"9150\" role=\"button\" tabindex=\"0\" rel=\"jtg-9141\" data-caption=\"&lt;span class=&quot;modula-caption-description&quot;&gt;&lt;\/span&gt;\" aria-label=\"Open image in lightbox\" data-thumb=\"https:\/\/fotografiaportugal.pt\/site\/wp-content\/uploads\/2021\/08\/WV09-Panorama-Comboios_resize-1024x329.jpg\" class=\"tile-inner modula-item-link\"><\/a><img loading=\"lazy\" decoding=\"async\" class=\"pic wp-image-9150\"  data-valign=\"middle\" data-halign=\"center\" alt=\"\" data-full=\"https:\/\/fotografiaportugal.pt\/site\/wp-content\/uploads\/2021\/08\/WV09-Panorama-Comboios_resize.jpg\" title=\"WV09 - Panorama Comboios_resize\" crop=\"\" width=\"1024\" height=\"329\" src=\"https:\/\/fotografiaportugal.pt\/site\/wp-content\/uploads\/2021\/08\/WV09-Panorama-Comboios_resize-1024x329.jpg\" data-src=\"https:\/\/fotografiaportugal.pt\/site\/wp-content\/uploads\/2021\/08\/WV09-Panorama-Comboios_resize-1024x329.jpg\" data-caption=\"\" srcset=\"https:\/\/fotografiaportugal.pt\/site\/wp-content\/uploads\/2021\/08\/WV09-Panorama-Comboios_resize.jpg 1200w, https:\/\/fotografiaportugal.pt\/site\/wp-content\/uploads\/2021\/08\/WV09-Panorama-Comboios_resize-300x97.jpg 300w, https:\/\/fotografiaportugal.pt\/site\/wp-content\/uploads\/2021\/08\/WV09-Panorama-Comboios_resize-1024x329.jpg 1024w\" sizes=\"auto, (max-width: 1024px) 100vw, 1024px\" \/>\n\t\t<div class=\"figc no-description\">\n\t\t\t<div class=\"figc-inner\">\n\t\t\t\t\t\t\t\t\t\t\t\t\t\t\t<\/div>\n\t\t<\/div>\n\n\t<\/div>\n\n<\/div><div class=\"modula-item effect-pufrobo jtg-filter-all jtg-filter-\" >\n\t<div class=\"modula-item-overlay\"><\/div>\n\n\t<div class=\"modula-item-content\">\n\n\t\t<a data-image-id=\"9143\" role=\"button\" tabindex=\"0\" rel=\"jtg-9141\" data-caption=\"&lt;span class=&quot;modula-caption-description&quot;&gt;&lt;\/span&gt;\" aria-label=\"Open image in lightbox\" data-thumb=\"https:\/\/fotografiaportugal.pt\/site\/wp-content\/uploads\/2021\/08\/WV02-Clerigos_resize-1024x380.jpg\" class=\"tile-inner modula-item-link\"><\/a><img loading=\"lazy\" decoding=\"async\" class=\"pic wp-image-9143\"  data-valign=\"middle\" data-halign=\"center\" alt=\"\" data-full=\"https:\/\/fotografiaportugal.pt\/site\/wp-content\/uploads\/2021\/08\/WV02-Clerigos_resize.jpg\" title=\"WV02 - Cl\u00e9rigos_resize\" crop=\"\" width=\"1024\" height=\"380\" src=\"https:\/\/fotografiaportugal.pt\/site\/wp-content\/uploads\/2021\/08\/WV02-Clerigos_resize-1024x380.jpg\" data-src=\"https:\/\/fotografiaportugal.pt\/site\/wp-content\/uploads\/2021\/08\/WV02-Clerigos_resize-1024x380.jpg\" data-caption=\"\" srcset=\"https:\/\/fotografiaportugal.pt\/site\/wp-content\/uploads\/2021\/08\/WV02-Clerigos_resize.jpg 1200w, https:\/\/fotografiaportugal.pt\/site\/wp-content\/uploads\/2021\/08\/WV02-Clerigos_resize-300x111.jpg 300w, https:\/\/fotografiaportugal.pt\/site\/wp-content\/uploads\/2021\/08\/WV02-Clerigos_resize-1024x380.jpg 1024w\" sizes=\"auto, (max-width: 1024px) 100vw, 1024px\" \/>\n\t\t<div class=\"figc no-description\">\n\t\t\t<div class=\"figc-inner\">\n\t\t\t\t\t\t\t\t\t\t\t\t\t\t\t<\/div>\n\t\t<\/div>\n\n\t<\/div>\n\n<\/div><div class=\"modula-item effect-pufrobo jtg-filter-all jtg-filter-\" >\n\t<div class=\"modula-item-overlay\"><\/div>\n\n\t<div class=\"modula-item-content\">\n\n\t\t<a data-image-id=\"9157\" role=\"button\" tabindex=\"0\" rel=\"jtg-9141\" data-caption=\"&lt;span class=&quot;modula-caption-description&quot;&gt;&lt;\/span&gt;\" aria-label=\"Open image in lightbox\" data-thumb=\"https:\/\/fotografiaportugal.pt\/site\/wp-content\/uploads\/2021\/08\/WV16-Torre-dos-Clerigos_resize-303x1024.jpg\" class=\"tile-inner modula-item-link\"><\/a><img loading=\"lazy\" decoding=\"async\" class=\"pic wp-image-9157\"  data-valign=\"middle\" data-halign=\"center\" alt=\"\" data-full=\"https:\/\/fotografiaportugal.pt\/site\/wp-content\/uploads\/2021\/08\/WV16-Torre-dos-Clerigos_resize.jpg\" title=\"WV16 - Torre dos Cl\u00e9rigos_resize\" crop=\"\" width=\"303\" height=\"1024\" src=\"https:\/\/fotografiaportugal.pt\/site\/wp-content\/uploads\/2021\/08\/WV16-Torre-dos-Clerigos_resize-303x1024.jpg\" data-src=\"https:\/\/fotografiaportugal.pt\/site\/wp-content\/uploads\/2021\/08\/WV16-Torre-dos-Clerigos_resize-303x1024.jpg\" data-caption=\"\" srcset=\"https:\/\/fotografiaportugal.pt\/site\/wp-content\/uploads\/2021\/08\/WV16-Torre-dos-Clerigos_resize.jpg 355w, https:\/\/fotografiaportugal.pt\/site\/wp-content\/uploads\/2021\/08\/WV16-Torre-dos-Clerigos_resize-89x300.jpg 89w, https:\/\/fotografiaportugal.pt\/site\/wp-content\/uploads\/2021\/08\/WV16-Torre-dos-Clerigos_resize-303x1024.jpg 303w\" sizes=\"auto, (max-width: 303px) 100vw, 303px\" \/>\n\t\t<div class=\"figc no-description\">\n\t\t\t<div class=\"figc-inner\">\n\t\t\t\t\t\t\t\t\t\t\t\t\t\t\t<\/div>\n\t\t<\/div>\n\n\t<\/div>\n\n<\/div><div class=\"modula-item effect-pufrobo jtg-filter-all jtg-filter-\" >\n\t<div class=\"modula-item-overlay\"><\/div>\n\n\t<div class=\"modula-item-content\">\n\n\t\t<a data-image-id=\"9142\" role=\"button\" tabindex=\"0\" rel=\"jtg-9141\" data-caption=\"&lt;span class=&quot;modula-caption-description&quot;&gt;&lt;\/span&gt;\" aria-label=\"Open image in lightbox\" data-thumb=\"https:\/\/fotografiaportugal.pt\/site\/wp-content\/uploads\/2021\/08\/WV01-Castelo-do-Queijo_resize-1024x329.jpg\" class=\"tile-inner modula-item-link\"><\/a><img loading=\"lazy\" decoding=\"async\" class=\"pic wp-image-9142\"  data-valign=\"middle\" data-halign=\"center\" alt=\"\" data-full=\"https:\/\/fotografiaportugal.pt\/site\/wp-content\/uploads\/2021\/08\/WV01-Castelo-do-Queijo_resize.jpg\" title=\"WV01 - Castelo do Queijo_resize\" crop=\"\" width=\"1024\" height=\"329\" src=\"https:\/\/fotografiaportugal.pt\/site\/wp-content\/uploads\/2021\/08\/WV01-Castelo-do-Queijo_resize-1024x329.jpg\" data-src=\"https:\/\/fotografiaportugal.pt\/site\/wp-content\/uploads\/2021\/08\/WV01-Castelo-do-Queijo_resize-1024x329.jpg\" data-caption=\"\" srcset=\"https:\/\/fotografiaportugal.pt\/site\/wp-content\/uploads\/2021\/08\/WV01-Castelo-do-Queijo_resize.jpg 1200w, https:\/\/fotografiaportugal.pt\/site\/wp-content\/uploads\/2021\/08\/WV01-Castelo-do-Queijo_resize-300x97.jpg 300w, https:\/\/fotografiaportugal.pt\/site\/wp-content\/uploads\/2021\/08\/WV01-Castelo-do-Queijo_resize-1024x329.jpg 1024w\" sizes=\"auto, (max-width: 1024px) 100vw, 1024px\" \/>\n\t\t<div class=\"figc no-description\">\n\t\t\t<div class=\"figc-inner\">\n\t\t\t\t\t\t\t\t\t\t\t\t\t\t\t<\/div>\n\t\t<\/div>\n\n\t<\/div>\n\n<\/div><div class=\"modula-item effect-pufrobo jtg-filter-all jtg-filter-\" >\n\t<div class=\"modula-item-overlay\"><\/div>\n\n\t<div class=\"modula-item-content\">\n\n\t\t<a data-image-id=\"9144\" role=\"button\" tabindex=\"0\" rel=\"jtg-9141\" data-caption=\"&lt;span class=&quot;modula-caption-description&quot;&gt;&lt;\/span&gt;\" aria-label=\"Open image in lightbox\" data-thumb=\"https:\/\/fotografiaportugal.pt\/site\/wp-content\/uploads\/2021\/08\/WV03-Dragao-Interior_resize-1024x345.jpg\" class=\"tile-inner modula-item-link\"><\/a><img loading=\"lazy\" decoding=\"async\" class=\"pic wp-image-9144\"  data-valign=\"middle\" data-halign=\"center\" alt=\"\" data-full=\"https:\/\/fotografiaportugal.pt\/site\/wp-content\/uploads\/2021\/08\/WV03-Dragao-Interior_resize.jpg\" title=\"WV03 - Drag\u00e3o Interior_resize\" crop=\"\" width=\"1024\" height=\"345\" src=\"https:\/\/fotografiaportugal.pt\/site\/wp-content\/uploads\/2021\/08\/WV03-Dragao-Interior_resize-1024x345.jpg\" data-src=\"https:\/\/fotografiaportugal.pt\/site\/wp-content\/uploads\/2021\/08\/WV03-Dragao-Interior_resize-1024x345.jpg\" data-caption=\"\" srcset=\"https:\/\/fotografiaportugal.pt\/site\/wp-content\/uploads\/2021\/08\/WV03-Dragao-Interior_resize.jpg 1200w, https:\/\/fotografiaportugal.pt\/site\/wp-content\/uploads\/2021\/08\/WV03-Dragao-Interior_resize-300x101.jpg 300w, https:\/\/fotografiaportugal.pt\/site\/wp-content\/uploads\/2021\/08\/WV03-Dragao-Interior_resize-1024x345.jpg 1024w\" sizes=\"auto, (max-width: 1024px) 100vw, 1024px\" \/>\n\t\t<div class=\"figc no-description\">\n\t\t\t<div class=\"figc-inner\">\n\t\t\t\t\t\t\t\t\t\t\t\t\t\t\t<\/div>\n\t\t<\/div>\n\n\t<\/div>\n\n<\/div><div class=\"modula-item effect-pufrobo jtg-filter-all jtg-filter-\" >\n\t<div class=\"modula-item-overlay\"><\/div>\n\n\t<div class=\"modula-item-content\">\n\n\t\t<a data-image-id=\"9146\" role=\"button\" tabindex=\"0\" rel=\"jtg-9141\" data-caption=\"&lt;span class=&quot;modula-caption-description&quot;&gt;&lt;\/span&gt;\" aria-label=\"Open image in lightbox\" data-thumb=\"https:\/\/fotografiaportugal.pt\/site\/wp-content\/uploads\/2021\/08\/WV05-Paco-dos-duques_resize-1024x346.jpg\" class=\"tile-inner modula-item-link\"><\/a><img loading=\"lazy\" decoding=\"async\" class=\"pic wp-image-9146\"  data-valign=\"middle\" data-halign=\"center\" alt=\"\" data-full=\"https:\/\/fotografiaportugal.pt\/site\/wp-content\/uploads\/2021\/08\/WV05-Paco-dos-duques_resize.jpg\" title=\"WV05 - Pa\u00e7o dos duques_resize\" crop=\"\" width=\"1024\" height=\"346\" src=\"https:\/\/fotografiaportugal.pt\/site\/wp-content\/uploads\/2021\/08\/WV05-Paco-dos-duques_resize-1024x346.jpg\" data-src=\"https:\/\/fotografiaportugal.pt\/site\/wp-content\/uploads\/2021\/08\/WV05-Paco-dos-duques_resize-1024x346.jpg\" data-caption=\"\" srcset=\"https:\/\/fotografiaportugal.pt\/site\/wp-content\/uploads\/2021\/08\/WV05-Paco-dos-duques_resize.jpg 1200w, https:\/\/fotografiaportugal.pt\/site\/wp-content\/uploads\/2021\/08\/WV05-Paco-dos-duques_resize-300x101.jpg 300w, https:\/\/fotografiaportugal.pt\/site\/wp-content\/uploads\/2021\/08\/WV05-Paco-dos-duques_resize-1024x346.jpg 1024w\" sizes=\"auto, (max-width: 1024px) 100vw, 1024px\" \/>\n\t\t<div class=\"figc no-description\">\n\t\t\t<div class=\"figc-inner\">\n\t\t\t\t\t\t\t\t\t\t\t\t\t\t\t<\/div>\n\t\t<\/div>\n\n\t<\/div>\n\n<\/div><div class=\"modula-item effect-pufrobo jtg-filter-all jtg-filter-\" >\n\t<div class=\"modula-item-overlay\"><\/div>\n\n\t<div class=\"modula-item-content\">\n\n\t\t<a data-image-id=\"9148\" role=\"button\" tabindex=\"0\" rel=\"jtg-9141\" data-caption=\"&lt;span class=&quot;modula-caption-description&quot;&gt;&lt;\/span&gt;\" aria-label=\"Open image in lightbox\" data-thumb=\"https:\/\/fotografiaportugal.pt\/site\/wp-content\/uploads\/2021\/08\/WV07-Pano-DouroPorto-BW_resize-1024x360.jpg\" class=\"tile-inner modula-item-link\"><\/a><img loading=\"lazy\" decoding=\"async\" class=\"pic wp-image-9148\"  data-valign=\"middle\" data-halign=\"center\" alt=\"\" data-full=\"https:\/\/fotografiaportugal.pt\/site\/wp-content\/uploads\/2021\/08\/WV07-Pano-DouroPorto-BW_resize.jpg\" title=\"WV07 - Pano DouroPorto BW_resize\" crop=\"\" width=\"1024\" height=\"360\" src=\"https:\/\/fotografiaportugal.pt\/site\/wp-content\/uploads\/2021\/08\/WV07-Pano-DouroPorto-BW_resize-1024x360.jpg\" data-src=\"https:\/\/fotografiaportugal.pt\/site\/wp-content\/uploads\/2021\/08\/WV07-Pano-DouroPorto-BW_resize-1024x360.jpg\" data-caption=\"\" srcset=\"https:\/\/fotografiaportugal.pt\/site\/wp-content\/uploads\/2021\/08\/WV07-Pano-DouroPorto-BW_resize.jpg 1200w, https:\/\/fotografiaportugal.pt\/site\/wp-content\/uploads\/2021\/08\/WV07-Pano-DouroPorto-BW_resize-300x106.jpg 300w, https:\/\/fotografiaportugal.pt\/site\/wp-content\/uploads\/2021\/08\/WV07-Pano-DouroPorto-BW_resize-1024x360.jpg 1024w\" sizes=\"auto, (max-width: 1024px) 100vw, 1024px\" \/>\n\t\t<div class=\"figc no-description\">\n\t\t\t<div class=\"figc-inner\">\n\t\t\t\t\t\t\t\t\t\t\t\t\t\t\t<\/div>\n\t\t<\/div>\n\n\t<\/div>\n\n<\/div><div class=\"modula-item effect-pufrobo jtg-filter-all jtg-filter-\" >\n\t<div class=\"modula-item-overlay\"><\/div>\n\n\t<div class=\"modula-item-content\">\n\n\t\t<a data-image-id=\"9149\" role=\"button\" tabindex=\"0\" rel=\"jtg-9141\" data-caption=\"&lt;span class=&quot;modula-caption-description&quot;&gt;&lt;\/span&gt;\" aria-label=\"Open image in lightbox\" data-thumb=\"https:\/\/fotografiaportugal.pt\/site\/wp-content\/uploads\/2021\/08\/WV08-Pano-DouroPorto_resize-1024x360.jpg\" class=\"tile-inner modula-item-link\"><\/a><img loading=\"lazy\" decoding=\"async\" class=\"pic wp-image-9149\"  data-valign=\"middle\" data-halign=\"center\" alt=\"\" data-full=\"https:\/\/fotografiaportugal.pt\/site\/wp-content\/uploads\/2021\/08\/WV08-Pano-DouroPorto_resize.jpg\" title=\"WV08 - Pano DouroPorto_resize\" crop=\"\" width=\"1024\" height=\"360\" src=\"https:\/\/fotografiaportugal.pt\/site\/wp-content\/uploads\/2021\/08\/WV08-Pano-DouroPorto_resize-1024x360.jpg\" data-src=\"https:\/\/fotografiaportugal.pt\/site\/wp-content\/uploads\/2021\/08\/WV08-Pano-DouroPorto_resize-1024x360.jpg\" data-caption=\"\" srcset=\"https:\/\/fotografiaportugal.pt\/site\/wp-content\/uploads\/2021\/08\/WV08-Pano-DouroPorto_resize.jpg 1200w, https:\/\/fotografiaportugal.pt\/site\/wp-content\/uploads\/2021\/08\/WV08-Pano-DouroPorto_resize-300x106.jpg 300w, https:\/\/fotografiaportugal.pt\/site\/wp-content\/uploads\/2021\/08\/WV08-Pano-DouroPorto_resize-1024x360.jpg 1024w\" sizes=\"auto, (max-width: 1024px) 100vw, 1024px\" \/>\n\t\t<div class=\"figc no-description\">\n\t\t\t<div class=\"figc-inner\">\n\t\t\t\t\t\t\t\t\t\t\t\t\t\t\t<\/div>\n\t\t<\/div>\n\n\t<\/div>\n\n<\/div><div class=\"modula-item effect-pufrobo jtg-filter-all jtg-filter-\" >\n\t<div class=\"modula-item-overlay\"><\/div>\n\n\t<div class=\"modula-item-content\">\n\n\t\t<a data-image-id=\"9151\" role=\"button\" tabindex=\"0\" rel=\"jtg-9141\" data-caption=\"&lt;span class=&quot;modula-caption-description&quot;&gt;&lt;\/span&gt;\" aria-label=\"Open image in lightbox\" data-thumb=\"https:\/\/fotografiaportugal.pt\/site\/wp-content\/uploads\/2021\/08\/WV10-Panoramica-Castelo-Guimaraes_resize-1024x375.jpg\" class=\"tile-inner modula-item-link\"><\/a><img loading=\"lazy\" decoding=\"async\" class=\"pic wp-image-9151\"  data-valign=\"middle\" data-halign=\"center\" alt=\"\" data-full=\"https:\/\/fotografiaportugal.pt\/site\/wp-content\/uploads\/2021\/08\/WV10-Panoramica-Castelo-Guimaraes_resize.jpg\" title=\"WV10 - Panor\u00e2mica Castelo Guimar\u00e3es_resize\" crop=\"\" width=\"1024\" height=\"375\" src=\"https:\/\/fotografiaportugal.pt\/site\/wp-content\/uploads\/2021\/08\/WV10-Panoramica-Castelo-Guimaraes_resize-1024x375.jpg\" data-src=\"https:\/\/fotografiaportugal.pt\/site\/wp-content\/uploads\/2021\/08\/WV10-Panoramica-Castelo-Guimaraes_resize-1024x375.jpg\" data-caption=\"\" srcset=\"https:\/\/fotografiaportugal.pt\/site\/wp-content\/uploads\/2021\/08\/WV10-Panoramica-Castelo-Guimaraes_resize.jpg 1200w, https:\/\/fotografiaportugal.pt\/site\/wp-content\/uploads\/2021\/08\/WV10-Panoramica-Castelo-Guimaraes_resize-300x110.jpg 300w, https:\/\/fotografiaportugal.pt\/site\/wp-content\/uploads\/2021\/08\/WV10-Panoramica-Castelo-Guimaraes_resize-1024x375.jpg 1024w\" sizes=\"auto, (max-width: 1024px) 100vw, 1024px\" \/>\n\t\t<div class=\"figc no-description\">\n\t\t\t<div class=\"figc-inner\">\n\t\t\t\t\t\t\t\t\t\t\t\t\t\t\t<\/div>\n\t\t<\/div>\n\n\t<\/div>\n\n<\/div><div class=\"modula-item effect-pufrobo jtg-filter-all jtg-filter-\" >\n\t<div class=\"modula-item-overlay\"><\/div>\n\n\t<div class=\"modula-item-content\">\n\n\t\t<a data-image-id=\"9152\" role=\"button\" tabindex=\"0\" rel=\"jtg-9141\" data-caption=\"&lt;span class=&quot;modula-caption-description&quot;&gt;&lt;\/span&gt;\" aria-label=\"Open image in lightbox\" data-thumb=\"https:\/\/fotografiaportugal.pt\/site\/wp-content\/uploads\/2021\/08\/WV11-Panoramica-DouroPorto-Noite_resize-1024x358.jpg\" class=\"tile-inner modula-item-link\"><\/a><img loading=\"lazy\" decoding=\"async\" class=\"pic wp-image-9152\"  data-valign=\"middle\" data-halign=\"center\" alt=\"\" data-full=\"https:\/\/fotografiaportugal.pt\/site\/wp-content\/uploads\/2021\/08\/WV11-Panoramica-DouroPorto-Noite_resize.jpg\" title=\"WV11 - Panoramica DouroPorto Noite_resize\" crop=\"\" width=\"1024\" height=\"358\" src=\"https:\/\/fotografiaportugal.pt\/site\/wp-content\/uploads\/2021\/08\/WV11-Panoramica-DouroPorto-Noite_resize-1024x358.jpg\" data-src=\"https:\/\/fotografiaportugal.pt\/site\/wp-content\/uploads\/2021\/08\/WV11-Panoramica-DouroPorto-Noite_resize-1024x358.jpg\" data-caption=\"\" srcset=\"https:\/\/fotografiaportugal.pt\/site\/wp-content\/uploads\/2021\/08\/WV11-Panoramica-DouroPorto-Noite_resize.jpg 1200w, https:\/\/fotografiaportugal.pt\/site\/wp-content\/uploads\/2021\/08\/WV11-Panoramica-DouroPorto-Noite_resize-300x105.jpg 300w, https:\/\/fotografiaportugal.pt\/site\/wp-content\/uploads\/2021\/08\/WV11-Panoramica-DouroPorto-Noite_resize-1024x358.jpg 1024w\" sizes=\"auto, (max-width: 1024px) 100vw, 1024px\" \/>\n\t\t<div class=\"figc no-description\">\n\t\t\t<div class=\"figc-inner\">\n\t\t\t\t\t\t\t\t\t\t\t\t\t\t\t<\/div>\n\t\t<\/div>\n\n\t<\/div>\n\n<\/div><div class=\"modula-item effect-pufrobo jtg-filter-all jtg-filter-\" >\n\t<div class=\"modula-item-overlay\"><\/div>\n\n\t<div class=\"modula-item-content\">\n\n\t\t<a data-image-id=\"9153\" role=\"button\" tabindex=\"0\" rel=\"jtg-9141\" data-caption=\"&lt;span class=&quot;modula-caption-description&quot;&gt;&lt;\/span&gt;\" aria-label=\"Open image in lightbox\" data-thumb=\"https:\/\/fotografiaportugal.pt\/site\/wp-content\/uploads\/2021\/08\/WV12-Panoramica-Estadio-Dragao-Ext_resize-1024x375.jpg\" class=\"tile-inner modula-item-link\"><\/a><img loading=\"lazy\" decoding=\"async\" class=\"pic wp-image-9153\"  data-valign=\"middle\" data-halign=\"center\" alt=\"\" data-full=\"https:\/\/fotografiaportugal.pt\/site\/wp-content\/uploads\/2021\/08\/WV12-Panoramica-Estadio-Dragao-Ext_resize.jpg\" title=\"WV12 - Panor\u00e2mica Est\u00e1dio Drag\u00e3o Ext_resize\" crop=\"\" width=\"1024\" height=\"375\" src=\"https:\/\/fotografiaportugal.pt\/site\/wp-content\/uploads\/2021\/08\/WV12-Panoramica-Estadio-Dragao-Ext_resize-1024x375.jpg\" data-src=\"https:\/\/fotografiaportugal.pt\/site\/wp-content\/uploads\/2021\/08\/WV12-Panoramica-Estadio-Dragao-Ext_resize-1024x375.jpg\" data-caption=\"\" srcset=\"https:\/\/fotografiaportugal.pt\/site\/wp-content\/uploads\/2021\/08\/WV12-Panoramica-Estadio-Dragao-Ext_resize.jpg 1200w, https:\/\/fotografiaportugal.pt\/site\/wp-content\/uploads\/2021\/08\/WV12-Panoramica-Estadio-Dragao-Ext_resize-300x110.jpg 300w, https:\/\/fotografiaportugal.pt\/site\/wp-content\/uploads\/2021\/08\/WV12-Panoramica-Estadio-Dragao-Ext_resize-1024x375.jpg 1024w\" sizes=\"auto, (max-width: 1024px) 100vw, 1024px\" \/>\n\t\t<div class=\"figc no-description\">\n\t\t\t<div class=\"figc-inner\">\n\t\t\t\t\t\t\t\t\t\t\t\t\t\t\t<\/div>\n\t\t<\/div>\n\n\t<\/div>\n\n<\/div><div class=\"modula-item effect-pufrobo jtg-filter-all jtg-filter-\" >\n\t<div class=\"modula-item-overlay\"><\/div>\n\n\t<div class=\"modula-item-content\">\n\n\t\t<a data-image-id=\"9154\" role=\"button\" tabindex=\"0\" rel=\"jtg-9141\" data-caption=\"&lt;span class=&quot;modula-caption-description&quot;&gt;&lt;\/span&gt;\" aria-label=\"Open image in lightbox\" data-thumb=\"https:\/\/fotografiaportugal.pt\/site\/wp-content\/uploads\/2021\/08\/WV13-Panoramica-Palacio-Cristal_resize-1024x402.jpg\" class=\"tile-inner modula-item-link\"><\/a><img loading=\"lazy\" decoding=\"async\" class=\"pic wp-image-9154\"  data-valign=\"middle\" data-halign=\"center\" alt=\"\" data-full=\"https:\/\/fotografiaportugal.pt\/site\/wp-content\/uploads\/2021\/08\/WV13-Panoramica-Palacio-Cristal_resize.jpg\" title=\"WV13 - Panor\u00e2mica Pal\u00e1cio Cristal_resize\" crop=\"\" width=\"1024\" height=\"402\" src=\"https:\/\/fotografiaportugal.pt\/site\/wp-content\/uploads\/2021\/08\/WV13-Panoramica-Palacio-Cristal_resize-1024x402.jpg\" data-src=\"https:\/\/fotografiaportugal.pt\/site\/wp-content\/uploads\/2021\/08\/WV13-Panoramica-Palacio-Cristal_resize-1024x402.jpg\" data-caption=\"\" srcset=\"https:\/\/fotografiaportugal.pt\/site\/wp-content\/uploads\/2021\/08\/WV13-Panoramica-Palacio-Cristal_resize.jpg 1200w, https:\/\/fotografiaportugal.pt\/site\/wp-content\/uploads\/2021\/08\/WV13-Panoramica-Palacio-Cristal_resize-300x118.jpg 300w, https:\/\/fotografiaportugal.pt\/site\/wp-content\/uploads\/2021\/08\/WV13-Panoramica-Palacio-Cristal_resize-1024x402.jpg 1024w\" sizes=\"auto, (max-width: 1024px) 100vw, 1024px\" \/>\n\t\t<div class=\"figc no-description\">\n\t\t\t<div class=\"figc-inner\">\n\t\t\t\t\t\t\t\t\t\t\t\t\t\t\t<\/div>\n\t\t<\/div>\n\n\t<\/div>\n\n<\/div><div class=\"modula-item effect-pufrobo jtg-filter-all jtg-filter-\" >\n\t<div class=\"modula-item-overlay\"><\/div>\n\n\t<div class=\"modula-item-content\">\n\n\t\t<a data-image-id=\"9155\" role=\"button\" tabindex=\"0\" rel=\"jtg-9141\" data-caption=\"&lt;span class=&quot;modula-caption-description&quot;&gt;&lt;\/span&gt;\" aria-label=\"Open image in lightbox\" data-thumb=\"https:\/\/fotografiaportugal.pt\/site\/wp-content\/uploads\/2021\/08\/WV14-Panoramica-Sintra_resize-1024x374.jpg\" class=\"tile-inner modula-item-link\"><\/a><img loading=\"lazy\" decoding=\"async\" class=\"pic wp-image-9155\"  data-valign=\"middle\" data-halign=\"center\" alt=\"\" data-full=\"https:\/\/fotografiaportugal.pt\/site\/wp-content\/uploads\/2021\/08\/WV14-Panoramica-Sintra_resize.jpg\" title=\"WV14 - Panoramica Sintra_resize\" crop=\"\" width=\"1024\" height=\"374\" src=\"https:\/\/fotografiaportugal.pt\/site\/wp-content\/uploads\/2021\/08\/WV14-Panoramica-Sintra_resize-1024x374.jpg\" data-src=\"https:\/\/fotografiaportugal.pt\/site\/wp-content\/uploads\/2021\/08\/WV14-Panoramica-Sintra_resize-1024x374.jpg\" data-caption=\"\" srcset=\"https:\/\/fotografiaportugal.pt\/site\/wp-content\/uploads\/2021\/08\/WV14-Panoramica-Sintra_resize.jpg 1200w, https:\/\/fotografiaportugal.pt\/site\/wp-content\/uploads\/2021\/08\/WV14-Panoramica-Sintra_resize-300x110.jpg 300w, https:\/\/fotografiaportugal.pt\/site\/wp-content\/uploads\/2021\/08\/WV14-Panoramica-Sintra_resize-1024x374.jpg 1024w\" sizes=\"auto, (max-width: 1024px) 100vw, 1024px\" \/>\n\t\t<div class=\"figc no-description\">\n\t\t\t<div class=\"figc-inner\">\n\t\t\t\t\t\t\t\t\t\t\t\t\t\t\t<\/div>\n\t\t<\/div>\n\n\t<\/div>\n\n<\/div><div class=\"modula-item effect-pufrobo jtg-filter-all jtg-filter-\" >\n\t<div class=\"modula-item-overlay\"><\/div>\n\n\t<div class=\"modula-item-content\">\n\n\t\t<a data-image-id=\"9156\" role=\"button\" tabindex=\"0\" rel=\"jtg-9141\" data-caption=\"&lt;span class=&quot;modula-caption-description&quot;&gt;&lt;\/span&gt;\" aria-label=\"Open image in lightbox\" data-thumb=\"https:\/\/fotografiaportugal.pt\/site\/wp-content\/uploads\/2021\/08\/WV15-Ribeira-250_resize-1024x355.jpg\" class=\"tile-inner modula-item-link\"><\/a><img loading=\"lazy\" decoding=\"async\" class=\"pic wp-image-9156\"  data-valign=\"middle\" data-halign=\"center\" alt=\"\" data-full=\"https:\/\/fotografiaportugal.pt\/site\/wp-content\/uploads\/2021\/08\/WV15-Ribeira-250_resize.jpg\" title=\"WV15 - Ribeira 250_resize\" crop=\"\" width=\"1024\" height=\"355\" src=\"https:\/\/fotografiaportugal.pt\/site\/wp-content\/uploads\/2021\/08\/WV15-Ribeira-250_resize-1024x355.jpg\" data-src=\"https:\/\/fotografiaportugal.pt\/site\/wp-content\/uploads\/2021\/08\/WV15-Ribeira-250_resize-1024x355.jpg\" data-caption=\"\" srcset=\"https:\/\/fotografiaportugal.pt\/site\/wp-content\/uploads\/2021\/08\/WV15-Ribeira-250_resize.jpg 1200w, https:\/\/fotografiaportugal.pt\/site\/wp-content\/uploads\/2021\/08\/WV15-Ribeira-250_resize-300x104.jpg 300w, https:\/\/fotografiaportugal.pt\/site\/wp-content\/uploads\/2021\/08\/WV15-Ribeira-250_resize-1024x355.jpg 1024w\" sizes=\"auto, (max-width: 1024px) 100vw, 1024px\" \/>\n\t\t<div class=\"figc no-description\">\n\t\t\t<div class=\"figc-inner\">\n\t\t\t\t\t\t\t\t\t\t\t\t\t\t\t<\/div>\n\t\t<\/div>\n\n\t<\/div>\n\n<\/div><div class=\"modula-item effect-pufrobo jtg-filter-all jtg-filter-\" >\n\t<div class=\"modula-item-overlay\"><\/div>\n\n\t<div class=\"modula-item-content\">\n\n\t\t<a data-image-id=\"9158\" role=\"button\" tabindex=\"0\" rel=\"jtg-9141\" data-caption=\"&lt;span class=&quot;modula-caption-description&quot;&gt;&lt;\/span&gt;\" aria-label=\"Open image in lightbox\" data-thumb=\"https:\/\/fotografiaportugal.pt\/site\/wp-content\/uploads\/2021\/08\/WV17-Panorama-Bom-Jesus-do-Monte_resize-1024x379.jpg\" class=\"tile-inner modula-item-link\"><\/a><img loading=\"lazy\" decoding=\"async\" class=\"pic wp-image-9158\"  data-valign=\"middle\" data-halign=\"center\" alt=\"\" data-full=\"https:\/\/fotografiaportugal.pt\/site\/wp-content\/uploads\/2021\/08\/WV17-Panorama-Bom-Jesus-do-Monte_resize.jpg\" title=\"WV17 - Panorama Bom Jesus do Monte_resize\" crop=\"\" width=\"1024\" height=\"379\" src=\"https:\/\/fotografiaportugal.pt\/site\/wp-content\/uploads\/2021\/08\/WV17-Panorama-Bom-Jesus-do-Monte_resize-1024x379.jpg\" data-src=\"https:\/\/fotografiaportugal.pt\/site\/wp-content\/uploads\/2021\/08\/WV17-Panorama-Bom-Jesus-do-Monte_resize-1024x379.jpg\" data-caption=\"\" srcset=\"https:\/\/fotografiaportugal.pt\/site\/wp-content\/uploads\/2021\/08\/WV17-Panorama-Bom-Jesus-do-Monte_resize.jpg 1200w, https:\/\/fotografiaportugal.pt\/site\/wp-content\/uploads\/2021\/08\/WV17-Panorama-Bom-Jesus-do-Monte_resize-300x111.jpg 300w, https:\/\/fotografiaportugal.pt\/site\/wp-content\/uploads\/2021\/08\/WV17-Panorama-Bom-Jesus-do-Monte_resize-1024x379.jpg 1024w\" sizes=\"auto, (max-width: 1024px) 100vw, 1024px\" \/>\n\t\t<div class=\"figc no-description\">\n\t\t\t<div class=\"figc-inner\">\n\t\t\t\t\t\t\t\t\t\t\t\t\t\t\t<\/div>\n\t\t<\/div>\n\n\t<\/div>\n\n<\/div><div class=\"modula-item effect-pufrobo jtg-filter-all jtg-filter-\" >\n\t<div class=\"modula-item-overlay\"><\/div>\n\n\t<div class=\"modula-item-content\">\n\n\t\t<a data-image-id=\"9159\" role=\"button\" tabindex=\"0\" rel=\"jtg-9141\" data-caption=\"&lt;span class=&quot;modula-caption-description&quot;&gt;&lt;\/span&gt;\" aria-label=\"Open image in lightbox\" data-thumb=\"https:\/\/fotografiaportugal.pt\/site\/wp-content\/uploads\/2021\/08\/WV18-Panorama-Lagoa-Azul_resize-1024x407.jpg\" class=\"tile-inner modula-item-link\"><\/a><img loading=\"lazy\" decoding=\"async\" class=\"pic wp-image-9159\"  data-valign=\"middle\" data-halign=\"center\" alt=\"\" data-full=\"https:\/\/fotografiaportugal.pt\/site\/wp-content\/uploads\/2021\/08\/WV18-Panorama-Lagoa-Azul_resize.jpg\" title=\"WV18 - Panorama Lagoa Azul_resize\" crop=\"\" width=\"1024\" height=\"407\" src=\"https:\/\/fotografiaportugal.pt\/site\/wp-content\/uploads\/2021\/08\/WV18-Panorama-Lagoa-Azul_resize-1024x407.jpg\" data-src=\"https:\/\/fotografiaportugal.pt\/site\/wp-content\/uploads\/2021\/08\/WV18-Panorama-Lagoa-Azul_resize-1024x407.jpg\" data-caption=\"\" srcset=\"https:\/\/fotografiaportugal.pt\/site\/wp-content\/uploads\/2021\/08\/WV18-Panorama-Lagoa-Azul_resize.jpg 1200w, https:\/\/fotografiaportugal.pt\/site\/wp-content\/uploads\/2021\/08\/WV18-Panorama-Lagoa-Azul_resize-300x119.jpg 300w, https:\/\/fotografiaportugal.pt\/site\/wp-content\/uploads\/2021\/08\/WV18-Panorama-Lagoa-Azul_resize-1024x407.jpg 1024w\" sizes=\"auto, (max-width: 1024px) 100vw, 1024px\" \/>\n\t\t<div class=\"figc no-description\">\n\t\t\t<div class=\"figc-inner\">\n\t\t\t\t\t\t\t\t\t\t\t\t\t\t\t<\/div>\n\t\t<\/div>\n\n\t<\/div>\n\n<\/div><div class=\"modula-item effect-pufrobo jtg-filter-all jtg-filter-\" >\n\t<div class=\"modula-item-overlay\"><\/div>\n\n\t<div class=\"modula-item-content\">\n\n\t\t<a data-image-id=\"9160\" role=\"button\" tabindex=\"0\" rel=\"jtg-9141\" data-caption=\"&lt;span class=&quot;modula-caption-description&quot;&gt;&lt;\/span&gt;\" aria-label=\"Open image in lightbox\" data-thumb=\"https:\/\/fotografiaportugal.pt\/site\/wp-content\/uploads\/2021\/08\/WV19-Panorama-Itacoatira_resize-1024x324.jpg\" class=\"tile-inner modula-item-link\"><\/a><img loading=\"lazy\" decoding=\"async\" class=\"pic wp-image-9160\"  data-valign=\"middle\" data-halign=\"center\" alt=\"\" data-full=\"https:\/\/fotografiaportugal.pt\/site\/wp-content\/uploads\/2021\/08\/WV19-Panorama-Itacoatira_resize.jpg\" title=\"WV19 - Panorama Itacoatira_resize\" crop=\"\" width=\"1024\" height=\"324\" src=\"https:\/\/fotografiaportugal.pt\/site\/wp-content\/uploads\/2021\/08\/WV19-Panorama-Itacoatira_resize-1024x324.jpg\" data-src=\"https:\/\/fotografiaportugal.pt\/site\/wp-content\/uploads\/2021\/08\/WV19-Panorama-Itacoatira_resize-1024x324.jpg\" data-caption=\"\" srcset=\"https:\/\/fotografiaportugal.pt\/site\/wp-content\/uploads\/2021\/08\/WV19-Panorama-Itacoatira_resize.jpg 1200w, https:\/\/fotografiaportugal.pt\/site\/wp-content\/uploads\/2021\/08\/WV19-Panorama-Itacoatira_resize-300x95.jpg 300w, https:\/\/fotografiaportugal.pt\/site\/wp-content\/uploads\/2021\/08\/WV19-Panorama-Itacoatira_resize-1024x324.jpg 1024w\" sizes=\"auto, (max-width: 1024px) 100vw, 1024px\" \/>\n\t\t<div class=\"figc no-description\">\n\t\t\t<div class=\"figc-inner\">\n\t\t\t\t\t\t\t\t\t\t\t\t\t\t\t<\/div>\n\t\t<\/div>\n\n\t<\/div>\n\n<\/div><div class=\"modula-item effect-pufrobo jtg-filter-all jtg-filter-\" >\n\t<div class=\"modula-item-overlay\"><\/div>\n\n\t<div class=\"modula-item-content\">\n\n\t\t<a data-image-id=\"9161\" role=\"button\" tabindex=\"0\" rel=\"jtg-9141\" data-caption=\"&lt;span class=&quot;modula-caption-description&quot;&gt;&lt;\/span&gt;\" aria-label=\"Open image in lightbox\" data-thumb=\"https:\/\/fotografiaportugal.pt\/site\/wp-content\/uploads\/2021\/08\/WV20-Panorama-Lopes-Mendes_resize-1024x329.jpg\" class=\"tile-inner modula-item-link\"><\/a><img loading=\"lazy\" decoding=\"async\" class=\"pic wp-image-9161\"  data-valign=\"middle\" data-halign=\"center\" alt=\"\" data-full=\"https:\/\/fotografiaportugal.pt\/site\/wp-content\/uploads\/2021\/08\/WV20-Panorama-Lopes-Mendes_resize.jpg\" title=\"WV20 - Panorama Lopes Mendes_resize\" crop=\"\" width=\"1024\" height=\"329\" src=\"https:\/\/fotografiaportugal.pt\/site\/wp-content\/uploads\/2021\/08\/WV20-Panorama-Lopes-Mendes_resize-1024x329.jpg\" data-src=\"https:\/\/fotografiaportugal.pt\/site\/wp-content\/uploads\/2021\/08\/WV20-Panorama-Lopes-Mendes_resize-1024x329.jpg\" data-caption=\"\" srcset=\"https:\/\/fotografiaportugal.pt\/site\/wp-content\/uploads\/2021\/08\/WV20-Panorama-Lopes-Mendes_resize.jpg 1200w, https:\/\/fotografiaportugal.pt\/site\/wp-content\/uploads\/2021\/08\/WV20-Panorama-Lopes-Mendes_resize-300x97.jpg 300w, https:\/\/fotografiaportugal.pt\/site\/wp-content\/uploads\/2021\/08\/WV20-Panorama-Lopes-Mendes_resize-1024x329.jpg 1024w\" sizes=\"auto, (max-width: 1024px) 100vw, 1024px\" \/>\n\t\t<div class=\"figc no-description\">\n\t\t\t<div class=\"figc-inner\">\n\t\t\t\t\t\t\t\t\t\t\t\t\t\t\t<\/div>\n\t\t<\/div>\n\n\t<\/div>\n\n<\/div><div class=\"modula-item effect-pufrobo jtg-filter-all jtg-filter-\" >\n\t<div class=\"modula-item-overlay\"><\/div>\n\n\t<div class=\"modula-item-content\">\n\n\t\t<a data-image-id=\"9162\" role=\"button\" tabindex=\"0\" rel=\"jtg-9141\" data-caption=\"&lt;span class=&quot;modula-caption-description&quot;&gt;&lt;\/span&gt;\" aria-label=\"Open image in lightbox\" data-thumb=\"https:\/\/fotografiaportugal.pt\/site\/wp-content\/uploads\/2021\/08\/WV21-Panorama-Rio-de-Janeiro-Cristo_resize-1024x358.jpg\" class=\"tile-inner modula-item-link\"><\/a><img loading=\"lazy\" decoding=\"async\" class=\"pic wp-image-9162\"  data-valign=\"middle\" data-halign=\"center\" alt=\"\" data-full=\"https:\/\/fotografiaportugal.pt\/site\/wp-content\/uploads\/2021\/08\/WV21-Panorama-Rio-de-Janeiro-Cristo_resize.jpg\" title=\"WV21 - Panorama Rio de Janeiro Cristo_resize\" crop=\"\" width=\"1024\" height=\"358\" src=\"https:\/\/fotografiaportugal.pt\/site\/wp-content\/uploads\/2021\/08\/WV21-Panorama-Rio-de-Janeiro-Cristo_resize-1024x358.jpg\" data-src=\"https:\/\/fotografiaportugal.pt\/site\/wp-content\/uploads\/2021\/08\/WV21-Panorama-Rio-de-Janeiro-Cristo_resize-1024x358.jpg\" data-caption=\"\" srcset=\"https:\/\/fotografiaportugal.pt\/site\/wp-content\/uploads\/2021\/08\/WV21-Panorama-Rio-de-Janeiro-Cristo_resize.jpg 1200w, https:\/\/fotografiaportugal.pt\/site\/wp-content\/uploads\/2021\/08\/WV21-Panorama-Rio-de-Janeiro-Cristo_resize-300x105.jpg 300w, https:\/\/fotografiaportugal.pt\/site\/wp-content\/uploads\/2021\/08\/WV21-Panorama-Rio-de-Janeiro-Cristo_resize-1024x358.jpg 1024w\" sizes=\"auto, (max-width: 1024px) 100vw, 1024px\" \/>\n\t\t<div class=\"figc no-description\">\n\t\t\t<div class=\"figc-inner\">\n\t\t\t\t\t\t\t\t\t\t\t\t\t\t\t<\/div>\n\t\t<\/div>\n\n\t<\/div>\n\n<\/div><div class=\"modula-item effect-pufrobo jtg-filter-all jtg-filter-\" >\n\t<div class=\"modula-item-overlay\"><\/div>\n\n\t<div class=\"modula-item-content\">\n\n\t\t<a data-image-id=\"9164\" role=\"button\" tabindex=\"0\" rel=\"jtg-9141\" data-caption=\"&lt;span class=&quot;modula-caption-description&quot;&gt;&lt;\/span&gt;\" aria-label=\"Open image in lightbox\" data-thumb=\"https:\/\/fotografiaportugal.pt\/site\/wp-content\/uploads\/2021\/08\/WV23-Lagoa-sete-Cidades-wide-visions_resize-1024x379.jpg\" class=\"tile-inner modula-item-link\"><\/a><img loading=\"lazy\" decoding=\"async\" class=\"pic wp-image-9164\"  data-valign=\"middle\" data-halign=\"center\" alt=\"\" data-full=\"https:\/\/fotografiaportugal.pt\/site\/wp-content\/uploads\/2021\/08\/WV23-Lagoa-sete-Cidades-wide-visions_resize.jpg\" title=\"WV23 - Lagoa sete Cidades wide visions_resize\" crop=\"\" width=\"1024\" height=\"379\" src=\"https:\/\/fotografiaportugal.pt\/site\/wp-content\/uploads\/2021\/08\/WV23-Lagoa-sete-Cidades-wide-visions_resize-1024x379.jpg\" data-src=\"https:\/\/fotografiaportugal.pt\/site\/wp-content\/uploads\/2021\/08\/WV23-Lagoa-sete-Cidades-wide-visions_resize-1024x379.jpg\" data-caption=\"\" srcset=\"https:\/\/fotografiaportugal.pt\/site\/wp-content\/uploads\/2021\/08\/WV23-Lagoa-sete-Cidades-wide-visions_resize.jpg 1200w, https:\/\/fotografiaportugal.pt\/site\/wp-content\/uploads\/2021\/08\/WV23-Lagoa-sete-Cidades-wide-visions_resize-300x111.jpg 300w, https:\/\/fotografiaportugal.pt\/site\/wp-content\/uploads\/2021\/08\/WV23-Lagoa-sete-Cidades-wide-visions_resize-1024x379.jpg 1024w\" sizes=\"auto, (max-width: 1024px) 100vw, 1024px\" \/>\n\t\t<div class=\"figc no-description\">\n\t\t\t<div class=\"figc-inner\">\n\t\t\t\t\t\t\t\t\t\t\t\t\t\t\t<\/div>\n\t\t<\/div>\n\n\t<\/div>\n\n<\/div><div class=\"modula-item effect-pufrobo jtg-filter-all jtg-filter-\" >\n\t<div class=\"modula-item-overlay\"><\/div>\n\n\t<div class=\"modula-item-content\">\n\n\t\t<a data-image-id=\"9165\" role=\"button\" tabindex=\"0\" rel=\"jtg-9141\" data-caption=\"&lt;span class=&quot;modula-caption-description&quot;&gt;&lt;\/span&gt;\" aria-label=\"Open image in lightbox\" data-thumb=\"https:\/\/fotografiaportugal.pt\/site\/wp-content\/uploads\/2021\/08\/WV24-Panorama-Mirante-do-Espia-Wide-Visions_resize-1024x364.jpg\" class=\"tile-inner modula-item-link\"><\/a><img loading=\"lazy\" decoding=\"async\" class=\"pic wp-image-9165\"  data-valign=\"middle\" data-halign=\"center\" alt=\"\" data-full=\"https:\/\/fotografiaportugal.pt\/site\/wp-content\/uploads\/2021\/08\/WV24-Panorama-Mirante-do-Espia-Wide-Visions_resize.jpg\" title=\"WV24 - Panorama Mirante do Espia Wide Visions_resize\" crop=\"\" width=\"1024\" height=\"364\" src=\"https:\/\/fotografiaportugal.pt\/site\/wp-content\/uploads\/2021\/08\/WV24-Panorama-Mirante-do-Espia-Wide-Visions_resize-1024x364.jpg\" data-src=\"https:\/\/fotografiaportugal.pt\/site\/wp-content\/uploads\/2021\/08\/WV24-Panorama-Mirante-do-Espia-Wide-Visions_resize-1024x364.jpg\" data-caption=\"\" srcset=\"https:\/\/fotografiaportugal.pt\/site\/wp-content\/uploads\/2021\/08\/WV24-Panorama-Mirante-do-Espia-Wide-Visions_resize.jpg 1200w, https:\/\/fotografiaportugal.pt\/site\/wp-content\/uploads\/2021\/08\/WV24-Panorama-Mirante-do-Espia-Wide-Visions_resize-300x107.jpg 300w, https:\/\/fotografiaportugal.pt\/site\/wp-content\/uploads\/2021\/08\/WV24-Panorama-Mirante-do-Espia-Wide-Visions_resize-1024x364.jpg 1024w\" sizes=\"auto, (max-width: 1024px) 100vw, 1024px\" \/>\n\t\t<div class=\"figc no-description\">\n\t\t\t<div class=\"figc-inner\">\n\t\t\t\t\t\t\t\t\t\t\t\t\t\t\t<\/div>\n\t\t<\/div>\n\n\t<\/div>\n\n<\/div><div class=\"modula-item effect-pufrobo jtg-filter-all jtg-filter-\" >\n\t<div class=\"modula-item-overlay\"><\/div>\n\n\t<div class=\"modula-item-content\">\n\n\t\t<a data-image-id=\"9166\" role=\"button\" tabindex=\"0\" rel=\"jtg-9141\" data-caption=\"&lt;span class=&quot;modula-caption-description&quot;&gt;&lt;\/span&gt;\" aria-label=\"Open image in lightbox\" data-thumb=\"https:\/\/fotografiaportugal.pt\/site\/wp-content\/uploads\/2021\/08\/WV25-Panoramica-leblon-Wide-Visions_resize-1024x253.jpg\" class=\"tile-inner modula-item-link\"><\/a><img loading=\"lazy\" decoding=\"async\" class=\"pic wp-image-9166\"  data-valign=\"middle\" data-halign=\"center\" alt=\"\" data-full=\"https:\/\/fotografiaportugal.pt\/site\/wp-content\/uploads\/2021\/08\/WV25-Panoramica-leblon-Wide-Visions_resize.jpg\" title=\"WV25 - Panoramica leblon Wide Visions_resize\" crop=\"\" width=\"1024\" height=\"253\" src=\"https:\/\/fotografiaportugal.pt\/site\/wp-content\/uploads\/2021\/08\/WV25-Panoramica-leblon-Wide-Visions_resize-1024x253.jpg\" data-src=\"https:\/\/fotografiaportugal.pt\/site\/wp-content\/uploads\/2021\/08\/WV25-Panoramica-leblon-Wide-Visions_resize-1024x253.jpg\" data-caption=\"\" srcset=\"https:\/\/fotografiaportugal.pt\/site\/wp-content\/uploads\/2021\/08\/WV25-Panoramica-leblon-Wide-Visions_resize.jpg 1200w, https:\/\/fotografiaportugal.pt\/site\/wp-content\/uploads\/2021\/08\/WV25-Panoramica-leblon-Wide-Visions_resize-300x74.jpg 300w, https:\/\/fotografiaportugal.pt\/site\/wp-content\/uploads\/2021\/08\/WV25-Panoramica-leblon-Wide-Visions_resize-1024x253.jpg 1024w\" sizes=\"auto, (max-width: 1024px) 100vw, 1024px\" \/>\n\t\t<div class=\"figc no-description\">\n\t\t\t<div class=\"figc-inner\">\n\t\t\t\t\t\t\t\t\t\t\t\t\t\t\t<\/div>\n\t\t<\/div>\n\n\t<\/div>\n\n<\/div><div class=\"modula-item effect-pufrobo jtg-filter-all jtg-filter-\" >\n\t<div class=\"modula-item-overlay\"><\/div>\n\n\t<div class=\"modula-item-content\">\n\n\t\t<a data-image-id=\"9167\" role=\"button\" tabindex=\"0\" rel=\"jtg-9141\" data-caption=\"&lt;span class=&quot;modula-caption-description&quot;&gt;&lt;\/span&gt;\" aria-label=\"Open image in lightbox\" data-thumb=\"https:\/\/fotografiaportugal.pt\/site\/wp-content\/uploads\/2021\/08\/WV26-Panorama-Favela-Vidigal-V1-Original-Ceu-escuro-115x37_resize-1024x329.jpg\" class=\"tile-inner modula-item-link\"><\/a><img loading=\"lazy\" decoding=\"async\" class=\"pic wp-image-9167\"  data-valign=\"middle\" data-halign=\"center\" alt=\"\" data-full=\"https:\/\/fotografiaportugal.pt\/site\/wp-content\/uploads\/2021\/08\/WV26-Panorama-Favela-Vidigal-V1-Original-Ceu-escuro-115x37_resize.jpg\" title=\"WV26 - Panorama Favela Vidigal V1 Original Ceu escuro 115x37_resize\" crop=\"\" width=\"1024\" height=\"329\" src=\"https:\/\/fotografiaportugal.pt\/site\/wp-content\/uploads\/2021\/08\/WV26-Panorama-Favela-Vidigal-V1-Original-Ceu-escuro-115x37_resize-1024x329.jpg\" data-src=\"https:\/\/fotografiaportugal.pt\/site\/wp-content\/uploads\/2021\/08\/WV26-Panorama-Favela-Vidigal-V1-Original-Ceu-escuro-115x37_resize-1024x329.jpg\" data-caption=\"\" srcset=\"https:\/\/fotografiaportugal.pt\/site\/wp-content\/uploads\/2021\/08\/WV26-Panorama-Favela-Vidigal-V1-Original-Ceu-escuro-115x37_resize.jpg 1200w, https:\/\/fotografiaportugal.pt\/site\/wp-content\/uploads\/2021\/08\/WV26-Panorama-Favela-Vidigal-V1-Original-Ceu-escuro-115x37_resize-300x97.jpg 300w, https:\/\/fotografiaportugal.pt\/site\/wp-content\/uploads\/2021\/08\/WV26-Panorama-Favela-Vidigal-V1-Original-Ceu-escuro-115x37_resize-1024x329.jpg 1024w\" sizes=\"auto, (max-width: 1024px) 100vw, 1024px\" \/>\n\t\t<div class=\"figc no-description\">\n\t\t\t<div class=\"figc-inner\">\n\t\t\t\t\t\t\t\t\t\t\t\t\t\t\t<\/div>\n\t\t<\/div>\n\n\t<\/div>\n\n<\/div><div class=\"modula-item effect-pufrobo jtg-filter-all jtg-filter-\" >\n\t<div class=\"modula-item-overlay\"><\/div>\n\n\t<div class=\"modula-item-content\">\n\n\t\t<a data-image-id=\"9168\" role=\"button\" tabindex=\"0\" rel=\"jtg-9141\" data-caption=\"&lt;span class=&quot;modula-caption-description&quot;&gt;&lt;\/span&gt;\" aria-label=\"Open image in lightbox\" data-thumb=\"https:\/\/fotografiaportugal.pt\/site\/wp-content\/uploads\/2021\/08\/WV27-Panorama-Santa-Luzia-V1-80x90_resize-911x1024.jpg\" class=\"tile-inner modula-item-link\"><\/a><img loading=\"lazy\" decoding=\"async\" class=\"pic wp-image-9168\"  data-valign=\"middle\" data-halign=\"center\" alt=\"\" data-full=\"https:\/\/fotografiaportugal.pt\/site\/wp-content\/uploads\/2021\/08\/WV27-Panorama-Santa-Luzia-V1-80x90_resize.jpg\" title=\"WV27 - Panorama Santa Luzia V1 80x90_resize\" crop=\"\" width=\"911\" height=\"1024\" src=\"https:\/\/fotografiaportugal.pt\/site\/wp-content\/uploads\/2021\/08\/WV27-Panorama-Santa-Luzia-V1-80x90_resize-911x1024.jpg\" data-src=\"https:\/\/fotografiaportugal.pt\/site\/wp-content\/uploads\/2021\/08\/WV27-Panorama-Santa-Luzia-V1-80x90_resize-911x1024.jpg\" data-caption=\"\" srcset=\"https:\/\/fotografiaportugal.pt\/site\/wp-content\/uploads\/2021\/08\/WV27-Panorama-Santa-Luzia-V1-80x90_resize.jpg 1067w, https:\/\/fotografiaportugal.pt\/site\/wp-content\/uploads\/2021\/08\/WV27-Panorama-Santa-Luzia-V1-80x90_resize-267x300.jpg 267w, https:\/\/fotografiaportugal.pt\/site\/wp-content\/uploads\/2021\/08\/WV27-Panorama-Santa-Luzia-V1-80x90_resize-911x1024.jpg 911w\" sizes=\"auto, (max-width: 911px) 100vw, 911px\" \/>\n\t\t<div class=\"figc no-description\">\n\t\t\t<div class=\"figc-inner\">\n\t\t\t\t\t\t\t\t\t\t\t\t\t\t\t<\/div>\n\t\t<\/div>\n\n\t<\/div>\n\n<\/div><div class=\"modula-item effect-pufrobo jtg-filter-all jtg-filter-\" >\n\t<div class=\"modula-item-overlay\"><\/div>\n\n\t<div class=\"modula-item-content\">\n\n\t\t<a data-image-id=\"9169\" role=\"button\" tabindex=\"0\" rel=\"jtg-9141\" data-caption=\"&lt;span class=&quot;modula-caption-description&quot;&gt;&lt;\/span&gt;\" aria-label=\"Open image in lightbox\" data-thumb=\"https:\/\/fotografiaportugal.pt\/site\/wp-content\/uploads\/2021\/08\/WV28-Castelo-Marvao-V1-150x60_resize-1024x410.jpg\" class=\"tile-inner modula-item-link\"><\/a><img loading=\"lazy\" decoding=\"async\" class=\"pic wp-image-9169\"  data-valign=\"middle\" data-halign=\"center\" alt=\"\" data-full=\"https:\/\/fotografiaportugal.pt\/site\/wp-content\/uploads\/2021\/08\/WV28-Castelo-Marvao-V1-150x60_resize.jpg\" title=\"WV28 - Castelo Marv\u00e3o V1 150x60_resize\" crop=\"\" width=\"1024\" height=\"410\" src=\"https:\/\/fotografiaportugal.pt\/site\/wp-content\/uploads\/2021\/08\/WV28-Castelo-Marvao-V1-150x60_resize-1024x410.jpg\" data-src=\"https:\/\/fotografiaportugal.pt\/site\/wp-content\/uploads\/2021\/08\/WV28-Castelo-Marvao-V1-150x60_resize-1024x410.jpg\" data-caption=\"\" srcset=\"https:\/\/fotografiaportugal.pt\/site\/wp-content\/uploads\/2021\/08\/WV28-Castelo-Marvao-V1-150x60_resize.jpg 1200w, https:\/\/fotografiaportugal.pt\/site\/wp-content\/uploads\/2021\/08\/WV28-Castelo-Marvao-V1-150x60_resize-300x120.jpg 300w, https:\/\/fotografiaportugal.pt\/site\/wp-content\/uploads\/2021\/08\/WV28-Castelo-Marvao-V1-150x60_resize-1024x410.jpg 1024w\" sizes=\"auto, (max-width: 1024px) 100vw, 1024px\" \/>\n\t\t<div class=\"figc no-description\">\n\t\t\t<div class=\"figc-inner\">\n\t\t\t\t\t\t\t\t\t\t\t\t\t\t\t<\/div>\n\t\t<\/div>\n\n\t<\/div>\n\n<\/div><div class=\"modula-item effect-pufrobo jtg-filter-all jtg-filter-\" >\n\t<div class=\"modula-item-overlay\"><\/div>\n\n\t<div class=\"modula-item-content\">\n\n\t\t<a data-image-id=\"9170\" role=\"button\" tabindex=\"0\" rel=\"jtg-9141\" data-caption=\"&lt;span class=&quot;modula-caption-description&quot;&gt;&lt;\/span&gt;\" aria-label=\"Open image in lightbox\" data-thumb=\"https:\/\/fotografiaportugal.pt\/site\/wp-content\/uploads\/2021\/08\/WV29-Panorama-Alentejo-Verti-1-70x40-EXPO_resize-585x1024.jpg\" class=\"tile-inner modula-item-link\"><\/a><img loading=\"lazy\" decoding=\"async\" class=\"pic wp-image-9170\"  data-valign=\"middle\" data-halign=\"center\" alt=\"\" data-full=\"https:\/\/fotografiaportugal.pt\/site\/wp-content\/uploads\/2021\/08\/WV29-Panorama-Alentejo-Verti-1-70x40-EXPO_resize.jpg\" title=\"WV29 - Panorama Alentejo Verti 1 70x40 EXPO_resize\" crop=\"\" width=\"585\" height=\"1024\" src=\"https:\/\/fotografiaportugal.pt\/site\/wp-content\/uploads\/2021\/08\/WV29-Panorama-Alentejo-Verti-1-70x40-EXPO_resize-585x1024.jpg\" data-src=\"https:\/\/fotografiaportugal.pt\/site\/wp-content\/uploads\/2021\/08\/WV29-Panorama-Alentejo-Verti-1-70x40-EXPO_resize-585x1024.jpg\" data-caption=\"\" srcset=\"https:\/\/fotografiaportugal.pt\/site\/wp-content\/uploads\/2021\/08\/WV29-Panorama-Alentejo-Verti-1-70x40-EXPO_resize.jpg 686w, https:\/\/fotografiaportugal.pt\/site\/wp-content\/uploads\/2021\/08\/WV29-Panorama-Alentejo-Verti-1-70x40-EXPO_resize-172x300.jpg 172w, https:\/\/fotografiaportugal.pt\/site\/wp-content\/uploads\/2021\/08\/WV29-Panorama-Alentejo-Verti-1-70x40-EXPO_resize-585x1024.jpg 585w\" sizes=\"auto, (max-width: 585px) 100vw, 585px\" \/>\n\t\t<div class=\"figc no-description\">\n\t\t\t<div class=\"figc-inner\">\n\t\t\t\t\t\t\t\t\t\t\t\t\t\t\t<\/div>\n\t\t<\/div>\n\n\t<\/div>\n\n<\/div><div class=\"modula-item effect-pufrobo jtg-filter-all jtg-filter-\" >\n\t<div class=\"modula-item-overlay\"><\/div>\n\n\t<div class=\"modula-item-content\">\n\n\t\t<a data-image-id=\"9171\" role=\"button\" tabindex=\"0\" rel=\"jtg-9141\" data-caption=\"&lt;span class=&quot;modula-caption-description&quot;&gt;&lt;\/span&gt;\" aria-label=\"Open image in lightbox\" data-thumb=\"https:\/\/fotografiaportugal.pt\/site\/wp-content\/uploads\/2021\/08\/WV30-Piodao-V1-100x41_resize-1024x420.jpg\" class=\"tile-inner modula-item-link\"><\/a><img loading=\"lazy\" decoding=\"async\" class=\"pic wp-image-9171\"  data-valign=\"middle\" data-halign=\"center\" alt=\"\" data-full=\"https:\/\/fotografiaportugal.pt\/site\/wp-content\/uploads\/2021\/08\/WV30-Piodao-V1-100x41_resize.jpg\" title=\"WV30 - Piod\u00e3o V1 100x41_resize\" crop=\"\" width=\"1024\" height=\"420\" src=\"https:\/\/fotografiaportugal.pt\/site\/wp-content\/uploads\/2021\/08\/WV30-Piodao-V1-100x41_resize-1024x420.jpg\" data-src=\"https:\/\/fotografiaportugal.pt\/site\/wp-content\/uploads\/2021\/08\/WV30-Piodao-V1-100x41_resize-1024x420.jpg\" data-caption=\"\" srcset=\"https:\/\/fotografiaportugal.pt\/site\/wp-content\/uploads\/2021\/08\/WV30-Piodao-V1-100x41_resize.jpg 1200w, https:\/\/fotografiaportugal.pt\/site\/wp-content\/uploads\/2021\/08\/WV30-Piodao-V1-100x41_resize-300x123.jpg 300w, https:\/\/fotografiaportugal.pt\/site\/wp-content\/uploads\/2021\/08\/WV30-Piodao-V1-100x41_resize-1024x420.jpg 1024w\" sizes=\"auto, (max-width: 1024px) 100vw, 1024px\" \/>\n\t\t<div class=\"figc no-description\">\n\t\t\t<div class=\"figc-inner\">\n\t\t\t\t\t\t\t\t\t\t\t\t\t\t\t<\/div>\n\t\t<\/div>\n\n\t<\/div>\n\n<\/div>\t\t\n\t<\/div>\n\n\t\n\t\n\t<script type=\"application\/ld+json\">\n\t{\n\t\t\"@context\": \"http:\/\/schema.org\",\n\t\t\"@type\"   : \"ImageGallery\",\n\t\t\"id\"      : \"https:\/\/fotografiaportugal.pt\/site\/exposicoes\/widevisions\/\",\n\t\t\"url\"     : \"https:\/\/fotografiaportugal.pt\/site\/exposicoes\/widevisions\/\"\n\t}\n\n\t<\/script>\n\n\t\n<\/div>\n","protected":false},"excerpt":{"rendered":"<p>Patroc\u00ednio \/ Sponsorship: Wide Visions de\/by: M\u00e1rio Monteiro Wide Visions \u00e9 um projeto fotogr\u00e1fico que, como o nome indica, procura oferecer uma vis\u00e3o alargada de locais, monumentos ou momentos marcantes. \u00c9 um projeto de fotografia panor\u00e2mica de grande formato, que tem por objetivo imagens que se utilizem, mais do que uma recorda\u00e7\u00e3o de uma viagem [&hellip;]<\/p>\n","protected":false},"author":2629,"featured_media":9098,"parent":63,"menu_order":0,"comment_status":"closed","ping_status":"closed","template":"","meta":{"footnotes":""},"class_list":["post-2219","page","type-page","status-publish","has-post-thumbnail","hentry"],"_links":{"self":[{"href":"https:\/\/fotografiaportugal.pt\/site\/wp-json\/wp\/v2\/pages\/2219","targetHints":{"allow":["GET"]}}],"collection":[{"href":"https:\/\/fotografiaportugal.pt\/site\/wp-json\/wp\/v2\/pages"}],"about":[{"href":"https:\/\/fotografiaportugal.pt\/site\/wp-json\/wp\/v2\/types\/page"}],"author":[{"embeddable":true,"href":"https:\/\/fotografiaportugal.pt\/site\/wp-json\/wp\/v2\/users\/2629"}],"replies":[{"embeddable":true,"href":"https:\/\/fotografiaportugal.pt\/site\/wp-json\/wp\/v2\/comments?post=2219"}],"version-history":[{"count":50,"href":"https:\/\/fotografiaportugal.pt\/site\/wp-json\/wp\/v2\/pages\/2219\/revisions"}],"predecessor-version":[{"id":9188,"href":"https:\/\/fotografiaportugal.pt\/site\/wp-json\/wp\/v2\/pages\/2219\/revisions\/9188"}],"up":[{"embeddable":true,"href":"https:\/\/fotografiaportugal.pt\/site\/wp-json\/wp\/v2\/pages\/63"}],"wp:featuredmedia":[{"embeddable":true,"href":"https:\/\/fotografiaportugal.pt\/site\/wp-json\/wp\/v2\/media\/9098"}],"wp:attachment":[{"href":"https:\/\/fotografiaportugal.pt\/site\/wp-json\/wp\/v2\/media?parent=2219"}],"curies":[{"name":"wp","href":"https:\/\/api.w.org\/{rel}","templated":true}]}}