{"id":2921,"date":"2016-05-02T13:14:47","date_gmt":"2016-05-02T13:14:47","guid":{"rendered":"http:\/\/fotografiaportugal.pt\/site\/?page_id=2921"},"modified":"2016-05-02T13:14:47","modified_gmt":"2016-05-02T13:14:47","slug":"teste-ring-portraits-4-imagens","status":"publish","type":"page","link":"https:\/\/fotografiaportugal.pt\/site\/exposicoes\/teste-ring-portraits-4-imagens\/","title":{"rendered":"Teste Ring Portraits com 4 imagens"},"content":{"rendered":"<p><strong>Ring Portraits Project<\/strong><\/p>\n<p>de\/by:\u00a0Carla Brito<\/p>\n<p><img loading=\"lazy\" decoding=\"async\" class=\"alignnone size-medium wp-image-2720\" src=\"https:\/\/fotografiaportugal.pt\/site\/wp-content\/uploads\/2016\/02\/bandeiraPT-small-57x38.jpg\" alt=\"bandeiraPT small\" width=\"57\" height=\"38\" \/><\/p>\n<p>Ring Portraits Project (descri\u00e7\u00e3o em portugu\u00eas)<\/p>\n<p><img loading=\"lazy\" decoding=\"async\" class=\"alignnone size-medium wp-image-2721\" src=\"https:\/\/fotografiaportugal.pt\/site\/wp-content\/uploads\/2016\/02\/bandeiraEN-small-57x38.jpg\" alt=\"bandeiraEN small\" width=\"57\" height=\"38\" \/><\/p>\n<p>Ring Portraits Project\u00a0(descri\u00e7\u00e3o em portugu\u00eas)<\/p>\n<p>&#8230;\u00a0(descri\u00e7\u00e3o noutras l\u00ednguas, tais como: franc\u00eas, alem\u00e3o, etc.)<\/p>\n<p>Teste 1: <strong>Thumbnail<\/strong><\/p>\n<p>[gallery_bank type=&#8221;images&#8221; format=&#8221;thumbnail&#8221; title=&#8221;true&#8221; desc=&#8221;true&#8221; responsive=&#8221;true&#8221; animation_effect=&#8221;bounce&#8221; album_title=&#8221;true&#8221; album_id=&#8221;30&#8243;]<\/p>\n<p>Teste 2: <strong>Masonry<\/strong><\/p>\n<p>[gallery_bank type=&#8221;images&#8221; format=&#8221;masonry&#8221; title=&#8221;true&#8221; desc=&#8221;true&#8221; responsive=&#8221;true&#8221; animation_effect=&#8221;bounce&#8221; album_title=&#8221;true&#8221; album_id=&#8221;30&#8243;]<\/p>\n<p>Teste 3: <strong>Filmstrip<\/strong><\/p>\n<p>[gallery_bank type=&#8221;images&#8221; format=&#8221;filmstrip&#8221; title=&#8221;true&#8221; desc=&#8221;true&#8221; img_in_row=&#8221;3&#8243; animation_effect=&#8221;bounce&#8221; image_width=&#8221;600&#8243; album_title=&#8221;true&#8221; album_id=&#8221;30&#8243;]<\/p>\n<p>Teste 4: <strong>Blogstyle<\/strong><\/p>\n<p>[gallery_bank type=&#8221;images&#8221; format=&#8221;blog&#8221; title=&#8221;true&#8221; desc=&#8221;true&#8221; special_effect=&#8221;none&#8221; animation_effect=&#8221;bounce&#8221; album_title=&#8221;true&#8221; album_id=&#8221;30&#8243;]<\/p>\n<p><strong>Fot\u00f3grafa \/ Photographer<\/strong><\/p>\n<p>Foto de Carla Brito<\/p>\n<p>Carla Brito<\/p>\n<p><img loading=\"lazy\" decoding=\"async\" class=\"alignnone size-medium wp-image-2720\" src=\"https:\/\/fotografiaportugal.pt\/site\/wp-content\/uploads\/2016\/02\/bandeiraPT-small-57x38.jpg\" alt=\"bandeiraPT small\" width=\"57\" height=\"38\" \/><\/p>\n<p><strong>PERFIL<\/strong>:<\/p>\n<p><span style=\"line-height: 1.5;\">Carla Brito&#8230; (descrever CV&#8230;)<\/span><\/p>\n<p><img loading=\"lazy\" decoding=\"async\" class=\"alignnone size-medium wp-image-2721\" src=\"https:\/\/fotografiaportugal.pt\/site\/wp-content\/uploads\/2016\/02\/bandeiraEN-small-57x38.jpg\" alt=\"bandeiraEN small\" width=\"57\" height=\"38\" \/><\/p>\n<p><strong>PROFILE:<\/strong><\/p>\n<p><span style=\"line-height: 1.5;\">Carla Brito&#8230;\u00a0(descrever CV&#8230; em ingl\u00eas&#8230;)<\/span><\/p>\n<p><strong>Patroc\u00ednios \/ Sponsorships:<\/strong><\/p>\n<table>\n<tbody>\n<tr>\n<td width=\"423\">Log\u00f3tipo de Patrocinador 1 com Link para site<\/td>\n<td width=\"416\">Log\u00f3tipo de Patrocinador 2 com Link para site<\/td>\n<\/tr>\n<\/tbody>\n<\/table>\n<table>\n<tbody>\n<tr>\n<td width=\"423\"><strong>Nome\u00a0de Patrocinador 1<\/strong><\/p>\n<p>Site: endere\u00e7o de site com link<\/p>\n<p>Morada<\/p>\n<p>C\u00f3digo postal e Localidade Postal<\/p>\n<p>Pa\u00eds<\/p>\n<p>GPS:<\/p>\n<p>Telefone:<\/p>\n<p>Fax:<\/p>\n<p>Tlm:<\/p>\n<p>E-mail:<\/td>\n<td width=\"416\"><strong>Nome\u00a0de Patrocinador 2<\/strong><\/p>\n<p>Site: endere\u00e7o de site com link<\/p>\n<p>Morada<\/p>\n<p>C\u00f3digo postal e Localidade Postal<\/p>\n<p>Pa\u00eds<\/p>\n<p>GPS:<\/p>\n<p>Telefone:<\/p>\n<p>Fax:<\/p>\n<p>Tlm:<\/p>\n<p>E-mail:<\/td>\n<\/tr>\n<\/tbody>\n<\/table>\n<p><strong>Apoio:<\/strong><\/p>\n<p>Log\u00f3tipo de entidade(s) de apoio com link<\/p>\n<p>Nome de entidade(s) de apoio<\/p>\n<p>Site\u00a0de entidade(s) de apoio com link<\/p>\n<p><strong>Quer PATROCINAR esta exposi\u00e7\u00e3o?<\/strong><\/p>\n<p>Imagem da exposi\u00e7\u00e3o<\/p>\n<p>Coloque aqui o log\u00f3tipo da sua empresa com link para o seu site (ou p\u00e1gina na Internet).<\/p>\n<p>Pe\u00e7a-nos uma proposta!<\/p>\n<p>E-mail:\u00a0<a href=\"info@fotografiaportugal.pt\">info@fotografiaportugal.pt<\/a><\/p>\n<p><strong>Parceiro:<\/strong><\/p>\n<p><a href=\"https:\/\/fotografiaportugal.pt\/site\/\" target=\"_blank\"><img loading=\"lazy\" decoding=\"async\" class=\"alignnone size-medium wp-image-2574\" src=\"https:\/\/fotografiaportugal.pt\/site\/wp-content\/uploads\/2016\/03\/LOGO_FP_SIMPLES_REGISTADO-BR-230x89.jpg\" alt=\"LOGO_FP_SIMPLES_REGISTADO - BR\" width=\"230\" height=\"89\" srcset=\"https:\/\/fotografiaportugal.pt\/site\/wp-content\/uploads\/2016\/03\/LOGO_FP_SIMPLES_REGISTADO-BR.jpg 230w, https:\/\/fotografiaportugal.pt\/site\/wp-content\/uploads\/2016\/03\/LOGO_FP_SIMPLES_REGISTADO-BR-100x39.jpg 100w\" sizes=\"auto, (max-width: 230px) 100vw, 230px\" \/><\/a><\/p>\n<p>FOTOGRAFIA Portugal\u00a0\u00ae<\/p>\n<p>As melhores fotos de Portugal e de portugueses \u00e0 volta do mundo<\/p>\n<p>Partilha de t\u00e9cnicas e par\u00e2metros fotogr\u00e1ficos<\/p>\n<p>Exposi\u00e7\u00f5es on-line de Fotografia<\/p>\n<p>Condi\u00e7\u00f5es especiais na aquisi\u00e7\u00e3o de livros de FOTOGRAFIA<\/p>\n<p>Loja (shop):\u00a0<a title=\"Loja (shop)\" href=\"https:\/\/fotografiaportugal.pt\/site\/shop\/\" target=\"_blank\">https:\/\/fotografiaportugal.pt\/site\/shop\/<\/a><\/p>\n<p>E-mail: <a href=\"mailto:info@fotografiaportugal.pt\">info@fotografiaportugal.pt<\/a><\/p>\n<p>Site: <a href=\"https:\/\/fotografiaportugal.pt\/site\/\" target=\"_blank\">https:\/\/fotografiaportugal.pt\/site\/<\/a><\/p>\n<p>P\u00e1gina:\u00a0<a title=\"http:\/\/www.fotografiaportugal.pt\/\" href=\"http:\/\/www.fotografiaportugal.pt\" target=\"_blank\">www.fotografiaportugal.pt<\/a><\/p>\n<p><strong>Parceiro:<\/strong><\/p>\n<p><a title=\"Oceano de Ideias\" href=\"http:\/\/oceanoideias.com\/\" target=\"_blank\"><img loading=\"lazy\" decoding=\"async\" class=\"alignnone size-medium wp-image-90\" src=\"https:\/\/fotografiaportugal.pt\/site\/wp-content\/uploads\/2015\/03\/20140050-LOGO-Oceano-Ideias-NOVO-300x246.jpg\" alt=\"20140050 LOGO Oceano Ideias NOVO\" width=\"300\" height=\"246\" srcset=\"https:\/\/fotografiaportugal.pt\/site\/wp-content\/uploads\/2015\/03\/20140050-LOGO-Oceano-Ideias-NOVO-300x246.jpg 300w, https:\/\/fotografiaportugal.pt\/site\/wp-content\/uploads\/2015\/03\/20140050-LOGO-Oceano-Ideias-NOVO-226x186.jpg 226w, https:\/\/fotografiaportugal.pt\/site\/wp-content\/uploads\/2015\/03\/20140050-LOGO-Oceano-Ideias-NOVO.jpg 862w\" sizes=\"auto, (max-width: 300px) 100vw, 300px\" \/><\/a><\/p>\n<p>A empresa Oceano de Ideias-Consultoria e Servi\u00e7os Lda tem por objecto a presta\u00e7\u00e3o de servi\u00e7os de consultoria com car\u00e1cter estrat\u00e9gico em \u00e1reas relacionadas com neg\u00f3cios e gest\u00e3o, cultura e arte, marketing, engenharia e tecnologias de informa\u00e7\u00e3o e comunica\u00e7\u00e3o bem como forma\u00e7\u00e3o nas \u00e1reas descritas, e gest\u00e3o de concep\u00e7\u00e3o e comercializa\u00e7\u00e3o de obras de arte e ainda organiza\u00e7\u00e3o de simp\u00f3sios e eventos.<\/p>\n<p><strong>OCEANO DE IDEIAS<\/strong><\/p>\n<p>Consultoria e Servi\u00e7os<\/p>\n<p><a href=\"http:\/\/oceanoideias.com\/\" target=\"_blank\">www.oceanoideias.com<\/a><\/p>\n<p>E-mail:\u00a0<a href=\"mailto:oceanoideias@oceanoideias.com\">oceanoideias@oceanoideias.com<\/a><\/p>\n<p>Apartado 310<\/p>\n<p>4764-978 Vila Nova de Famalic\u00e3o<\/p>\n","protected":false},"excerpt":{"rendered":"<p>Ring Portraits Project de\/by:\u00a0Carla Brito Ring Portraits Project (descri\u00e7\u00e3o em portugu\u00eas) Ring Portraits Project\u00a0(descri\u00e7\u00e3o em portugu\u00eas) &#8230;\u00a0(descri\u00e7\u00e3o noutras l\u00ednguas, tais como: franc\u00eas, alem\u00e3o, etc.) Teste 1: Thumbnail [gallery_bank type=&#8221;images&#8221; format=&#8221;thumbnail&#8221; title=&#8221;true&#8221; desc=&#8221;true&#8221; responsive=&#8221;true&#8221; animation_effect=&#8221;bounce&#8221; album_title=&#8221;true&#8221; album_id=&#8221;30&#8243;] Teste 2: Masonry [gallery_bank type=&#8221;images&#8221; format=&#8221;masonry&#8221; title=&#8221;true&#8221; desc=&#8221;true&#8221; responsive=&#8221;true&#8221; animation_effect=&#8221;bounce&#8221; album_title=&#8221;true&#8221; album_id=&#8221;30&#8243;] Teste 3: Filmstrip [gallery_bank type=&#8221;images&#8221; format=&#8221;filmstrip&#8221; title=&#8221;true&#8221; [&hellip;]<\/p>\n","protected":false},"author":2629,"featured_media":0,"parent":63,"menu_order":0,"comment_status":"closed","ping_status":"closed","template":"","meta":{"footnotes":""},"class_list":["post-2921","page","type-page","status-publish","hentry"],"_links":{"self":[{"href":"https:\/\/fotografiaportugal.pt\/site\/wp-json\/wp\/v2\/pages\/2921","targetHints":{"allow":["GET"]}}],"collection":[{"href":"https:\/\/fotografiaportugal.pt\/site\/wp-json\/wp\/v2\/pages"}],"about":[{"href":"https:\/\/fotografiaportugal.pt\/site\/wp-json\/wp\/v2\/types\/page"}],"author":[{"embeddable":true,"href":"https:\/\/fotografiaportugal.pt\/site\/wp-json\/wp\/v2\/users\/2629"}],"replies":[{"embeddable":true,"href":"https:\/\/fotografiaportugal.pt\/site\/wp-json\/wp\/v2\/comments?post=2921"}],"version-history":[{"count":1,"href":"https:\/\/fotografiaportugal.pt\/site\/wp-json\/wp\/v2\/pages\/2921\/revisions"}],"predecessor-version":[{"id":2922,"href":"https:\/\/fotografiaportugal.pt\/site\/wp-json\/wp\/v2\/pages\/2921\/revisions\/2922"}],"up":[{"embeddable":true,"href":"https:\/\/fotografiaportugal.pt\/site\/wp-json\/wp\/v2\/pages\/63"}],"wp:attachment":[{"href":"https:\/\/fotografiaportugal.pt\/site\/wp-json\/wp\/v2\/media?parent=2921"}],"curies":[{"name":"wp","href":"https:\/\/api.w.org\/{rel}","templated":true}]}}