{"id":3022,"date":"2016-06-03T15:51:39","date_gmt":"2016-06-03T15:51:39","guid":{"rendered":"http:\/\/fotografiaportugal.pt\/site\/?page_id=3022"},"modified":"2021-08-16T17:42:47","modified_gmt":"2021-08-16T17:42:47","slug":"encontros-da-imagem","status":"publish","type":"page","link":"https:\/\/fotografiaportugal.pt\/site\/exposicoes\/encontros-da-imagem\/","title":{"rendered":"Encontros da Imagem"},"content":{"rendered":"<p><strong>ENCONTROS DA IMAGEM \/\/ HAPPINESS, A PLACE IN THE SUN<\/strong><\/p>\n<p>No ciclo da mutabilidade e visualidade, os\u00a0<strong>ENCONTROS DA IMAGEM<\/strong>\u00a0regressam\u00a0para contaminar a cidade de Braga e exaltar o campo da afetividade, num ano tremendo\u00a0de mudan\u00e7as e significados. Neste momento admiravelmente instigante para a\u00a0exist\u00eancia humana, povoada por um turbilh\u00e3o de imagens, onde prolifera o sentimento\u00a0que o mundo se encontra em profunda mudan\u00e7a e transforma\u00e7\u00e3o, o Festival regressa \u00e0\u00a0cidade de Braga com a sua 26\u00aa edi\u00e7\u00e3o, que se distingue pelo lado sentimental do seu\u00a0tema: \u00a0a procura da\u00a0<strong>Felicidade<\/strong>.<\/p>\n<p>Depois da efervescente celebra\u00e7\u00e3o da sua XXV edi\u00e7\u00e3o, o festival\u00a0<strong>ENCONTROS\u00a0DA IMAGEM<\/strong>\u00a0regressa com um intenso e caleidosc\u00f3pio programa, este ano, propondo\u00a0uma reflex\u00e3o sobre a felicidade, nas sociedades atuais.\u00a0<strong>Mem\u00f3ria, Mudan\u00e7a e\u00a0Revela\u00e7\u00f5es<\/strong>, est\u00e3o entre os temas desta edi\u00e7\u00e3o, que nos ajudam a conhecer os m\u00faltiplos\u00a0caminhos da felicidade.<\/p>\n<p>Ao lado da atual f\u00faria tecnol\u00f3gica que nos faz questionar os limites do vis\u00edvel, em\u00a0que a imagem nos projeta para lugares cada vez mais long\u00ednquos \u00a0e \u00a0o mundo nos \u00e9\u00a0revelado atrav\u00e9s dos seus mais rec\u00f4nditos e inesperados aspetos, pareceu-nos\u00a0oportuno promover uma edi\u00e7\u00e3o dedicada \u00e0 descoberta do outro, apelando \u00e0 viragem\u00a0sentimental e \u00e0 procura simples e s\u00f3bria da\u00a0<strong>Felicidade<\/strong>, do seu<strong>\u00a0\u201cLugar ao Sol\u201d<\/strong>.<\/p>\n<p>Objeto de conhecimento e de saber, de interroga\u00e7\u00e3o ou de experimenta\u00e7\u00e3o, a\u00a0fotografia \u00e9 na sua ess\u00eancia um reflexo vital do mundo atual e por isso \u00e9, inegavelmente\u00a0um meio de, espantosamente captar a pulsa\u00e7\u00e3o de uma \u00e9poca. A complexa realidade de\u00a0um mundo tecnol\u00f3gico, ao mesmo tempo arcaicamente b\u00e1rbaro e intensamente\u00a0humano, oferece valores e dimens\u00f5es que ousamos explorar\/ descobrir nesta edi\u00e7\u00e3o, na\u00a0almejada busca do ser humano pela felicidade.<\/p>\n<p>Por outro lado, o sentimento do mundo e\u0301 uma tomada de conscie\u0302ncia do nosso\u00a0universo histo\u0301rico, pelo que esta edi\u00e7\u00e3o tra\u00e7a a conscie\u0302ncia afetiva, sensibilizada pelas\u00a0tenso\u0303es e conflitos, diante do aguc\u0327amento geral das contradic\u0327o\u0303es sociais. Procura-se\u00a0aqui gerar um campo de cria\u00e7\u00e3o din\u00e2mica e social em que artistas, curadores, cr\u00edticos e\u00a0estudiosos s\u00e3o convidados a explorar o tema da viragem sentimental, nas suas m\u00faltiplas\u00a0leituras, sob o lema \u00a0<strong>\u201cA PLACE IN THE SUN\u201d<\/strong>.<\/p>\n<p>Direc\u00e7\u00e3o Art\u00edstica<\/p>\n<p>\u00c2ngela Ferreira<\/p>\n<table style=\"height: 423px;\" width=\"1183\">\n<tbody>\n<tr>\n<td width=\"288\"><a href=\"http:\/\/encontrosdaimagem.com\/pt\/news\/2016\/open-call-2016\/\" target=\"_blank\" rel=\"noopener noreferrer\"><img loading=\"lazy\" decoding=\"async\" class=\"size-medium wp-image-3024 aligncenter\" src=\"https:\/\/fotografiaportugal.pt\/site\/wp-content\/uploads\/2016\/06\/gif_opencall-300x169.gif\" alt=\"gif_opencall\" width=\"300\" height=\"169\" srcset=\"https:\/\/fotografiaportugal.pt\/site\/wp-content\/uploads\/2016\/06\/gif_opencall-300x169.gif 300w, https:\/\/fotografiaportugal.pt\/site\/wp-content\/uploads\/2016\/06\/gif_opencall-1024x576.gif 1024w\" sizes=\"auto, (max-width: 300px) 100vw, 300px\" \/><\/a><\/td>\n<td width=\"288\"><a href=\"http:\/\/encontrosdaimagem.com\/pt\/2016\/award\/\" target=\"_blank\" rel=\"noopener noreferrer\"><img loading=\"lazy\" decoding=\"async\" class=\"size-medium wp-image-3025 aligncenter\" src=\"https:\/\/fotografiaportugal.pt\/site\/wp-content\/uploads\/2016\/06\/gif_emergentes-300x169.gif\" alt=\"gif_emergentes\" width=\"300\" height=\"169\" srcset=\"https:\/\/fotografiaportugal.pt\/site\/wp-content\/uploads\/2016\/06\/gif_emergentes-300x169.gif 300w, https:\/\/fotografiaportugal.pt\/site\/wp-content\/uploads\/2016\/06\/gif_emergentes-1024x576.gif 1024w\" sizes=\"auto, (max-width: 300px) 100vw, 300px\" \/><\/a><\/td>\n<\/tr>\n<tr>\n<td width=\"288\">\n<p style=\"text-align: center;\"><a href=\"http:\/\/encontrosdaimagem.com\/pt\/news\/2016\/open-call-2016\/\" target=\"_blank\" rel=\"noopener noreferrer\"><strong>Open Call \/\/ Candidaturas at\u00e9 dia 10 de Junho<\/strong><\/a><\/p>\n<\/td>\n<td width=\"288\">\n<p style=\"text-align: center;\"><a href=\"http:\/\/encontrosdaimagem.com\/pt\/2016\/award\/\" target=\"_blank\" rel=\"noopener noreferrer\"><strong>Grande Pr\u00e9mio de Fotografia &#8220;Emergentes dst&#8221;<\/strong><\/a><\/p>\n<\/td>\n<\/tr>\n<tr>\n<td width=\"288\"><a href=\"http:\/\/encontrosdaimagem.com\/en\/news\/2016\/open-call-para-livros-de-autor\/\" target=\"_blank\" rel=\"noopener noreferrer\"><img loading=\"lazy\" decoding=\"async\" class=\"size-medium wp-image-3026 aligncenter\" src=\"https:\/\/fotografiaportugal.pt\/site\/wp-content\/uploads\/2016\/06\/gif_callforbooks-300x169.gif\" alt=\"gif_callforbooks\" width=\"300\" height=\"169\" srcset=\"https:\/\/fotografiaportugal.pt\/site\/wp-content\/uploads\/2016\/06\/gif_callforbooks-300x169.gif 300w, https:\/\/fotografiaportugal.pt\/site\/wp-content\/uploads\/2016\/06\/gif_callforbooks-1024x576.gif 1024w\" sizes=\"auto, (max-width: 300px) 100vw, 300px\" \/><\/a><\/td>\n<td width=\"288\">\n<p style=\"text-align: center;\"><a href=\"http:\/\/encontrosdaimagem.com\/pt\/news\/2016\/call-for-future-memories-postcards-from-portugal\/\" target=\"_blank\" rel=\"noopener noreferrer\"><img loading=\"lazy\" decoding=\"async\" class=\"alignnone size-medium wp-image-3062\" src=\"https:\/\/fotografiaportugal.pt\/site\/wp-content\/uploads\/2016\/06\/Martin-Parr-300x109.jpg\" alt=\"Martin Parr\" width=\"300\" height=\"109\" srcset=\"https:\/\/fotografiaportugal.pt\/site\/wp-content\/uploads\/2016\/06\/Martin-Parr-300x109.jpg 300w, https:\/\/fotografiaportugal.pt\/site\/wp-content\/uploads\/2016\/06\/Martin-Parr-416x150.jpg 416w, https:\/\/fotografiaportugal.pt\/site\/wp-content\/uploads\/2016\/06\/Martin-Parr.jpg 940w\" sizes=\"auto, (max-width: 300px) 100vw, 300px\" \/><\/a><\/p>\n<p style=\"text-align: center;\">\u00a9\u00a0Martin Parr<\/p>\n<p style=\"text-align: center;\">Projeto Mem\u00f3rias da Cidade e Acervo dos Encontros da Imagem<\/p>\n<\/td>\n<\/tr>\n<tr>\n<td width=\"288\">\n<p style=\"text-align: center;\"><a href=\"http:\/\/encontrosdaimagem.com\/en\/news\/2016\/open-call-para-livros-de-autor\/\" target=\"_blank\" rel=\"noopener noreferrer\"><strong>Call for Books para o Photobook Market 2016<\/strong><\/a><\/p>\n<\/td>\n<td style=\"text-align: center;\" width=\"288\"><a href=\"http:\/\/encontrosdaimagem.com\/pt\/news\/2016\/call-for-future-memories-postcards-from-portugal\/\" target=\"_blank\" rel=\"noopener noreferrer\"><strong>Call for Future Memories \/ Postcards from Portugal\u00a0<\/strong><\/a><\/td>\n<\/tr>\n<\/tbody>\n<\/table>\n<p style=\"text-align: left;\"><div  id=\"jtg-10302\" class=\"modula modula-gallery modula-creative-gallery\" data-config=\"{&quot;height&quot;:800,&quot;tabletHeight&quot;:800,&quot;mobileHeight&quot;:800,&quot;desktopHeight&quot;:800,&quot;enableTwitter&quot;:false,&quot;enableWhatsapp&quot;:false,&quot;enableFacebook&quot;:false,&quot;enablePinterest&quot;:false,&quot;enableLinkedin&quot;:false,&quot;enableEmail&quot;:false,&quot;randomFactor&quot;:0.5,&quot;type&quot;:&quot;creative-gallery&quot;,&quot;columns&quot;:12,&quot;gutter&quot;:10,&quot;mobileGutter&quot;:10,&quot;tabletGutter&quot;:10,&quot;desktopGutter&quot;:10,&quot;enableResponsive&quot;:&quot;0&quot;,&quot;tabletColumns&quot;:&quot;2&quot;,&quot;mobileColumns&quot;:&quot;1&quot;,&quot;lazyLoad&quot;:0,&quot;lightboxOpts&quot;:{&quot;animated&quot;:true,&quot;Thumbs&quot;:{&quot;type&quot;:&quot;modern&quot;,&quot;showOnStart&quot;:false},&quot;Toolbar&quot;:{&quot;display&quot;:{&quot;right&quot;:[&quot;slideshow&quot;,&quot;close&quot;],&quot;left&quot;:[&quot;infobar&quot;]},&quot;enabled&quot;:true},&quot;Carousel&quot;:{&quot;Panzoom&quot;:{&quot;touch&quot;:false},&quot;infinite&quot;:true,&quot;transition&quot;:&quot;fade&quot;},&quot;keyboard&quot;:{&quot;Escape&quot;:&quot;close&quot;,&quot;Delete&quot;:&quot;close&quot;,&quot;Backspace&quot;:&quot;close&quot;,&quot;PageUp&quot;:&quot;next&quot;,&quot;PageDown&quot;:&quot;prev&quot;,&quot;ArrowUp&quot;:&quot;prev&quot;,&quot;ArrowDown&quot;:&quot;next&quot;,&quot;ArrowRight&quot;:&quot;next&quot;,&quot;ArrowLeft&quot;:&quot;prev&quot;},&quot;touch&quot;:false,&quot;backdropClick&quot;:false,&quot;l10n&quot;:{&quot;CLOSE&quot;:&quot;Close&quot;,&quot;NEXT&quot;:&quot;Next&quot;,&quot;PREV&quot;:&quot;Previous&quot;,&quot;Error&quot;:&quot;The requested content cannot be loaded. Please try again later.&quot;,&quot;PLAY_START&quot;:&quot;Start slideshow&quot;,&quot;PLAY_STOP&quot;:&quot;Pause slideshow&quot;,&quot;FULL_SCREEN&quot;:&quot;Full screen&quot;,&quot;THUMBS&quot;:&quot;Thumbnails&quot;,&quot;DOWNLOAD&quot;:&quot;Download&quot;,&quot;SHARE&quot;:&quot;Share&quot;,&quot;ZOOM&quot;:&quot;Zoom&quot;,&quot;EMAIL&quot;:&quot;Here is the link to the image : %%image_link%% and this is the link to the gallery : %%gallery_link%%&quot;,&quot;MODAL&quot;:&quot;You can close this modal content with the ESC key&quot;,&quot;ERROR&quot;:&quot;Something Went Wrong, Please Try Again Later&quot;,&quot;IMAGE_ERROR&quot;:&quot;Image Not Found&quot;,&quot;ELEMENT_NOT_FOUND&quot;:&quot;HTML Element Not Found&quot;,&quot;AJAX_NOT_FOUND&quot;:&quot;Error Loading AJAX : Not Found&quot;,&quot;AJAX_FORBIDDEN&quot;:&quot;Error Loading AJAX : Forbidden&quot;,&quot;IFRAME_ERROR&quot;:&quot;Error Loading Page&quot;,&quot;TOGGLE_ZOOM&quot;:&quot;Toggle zoom level&quot;,&quot;TOGGLE_THUMBS&quot;:&quot;Toggle thumbnails&quot;,&quot;TOGGLE_SLIDESHOW&quot;:&quot;Toggle slideshow&quot;,&quot;TOGGLE_FULLSCREEN&quot;:&quot;Toggle full-screen mode&quot;},&quot;Images&quot;:{&quot;Panzoom&quot;:{&quot;maxScale&quot;:2}},&quot;toolbar&quot;:true,&quot;wheel&quot;:false,&quot;animationEffect&quot;:&quot;false&quot;,&quot;animationDuration&quot;:366,&quot;transitionEffect&quot;:&quot;false&quot;,&quot;Html&quot;:{&quot;videoAutoplay&quot;:0,&quot;videoTpl&quot;:&quot;&lt;video class=\\&quot;fancybox__html5video modula_html5_video\\&quot; controls playsinline controlsList controlsList=\\&quot;nodownload\\&quot; poster=\\&quot;{{poster}}\\&quot; src=\\&quot;{{src}}\\&quot; type=\\&quot;{{format}}\\&quot; &gt;  Sorry, your browser doesn&#039;t support embedded videos, &lt;a href=\\&quot;{{src}}\\&quot;&gt; download &lt;\\\/a&gt; and watch with your favorite video player! &lt;\\\/video&gt;&quot;,&quot;vimeo&quot;:{&quot;autopause&quot;:0}},&quot;Slideshow&quot;:{&quot;playOnStart&quot;:true,&quot;pauseOnHover&quot;:false,&quot;timeout&quot;:3000},&quot;mainClass&quot;:&quot;modula-fancybox-container modula-lightbox-jtg-10302&quot;},&quot;inView&quot;:false,&quot;email_subject&quot;:&quot;Check out this awesome image !!&quot;,&quot;email_message&quot;:&quot;Here is the link to the image : %%image_link%% and this is the link to the gallery : %%gallery_link%%&quot;,&quot;lightbox&quot;:&quot;fancybox&quot;,&quot;filterClick&quot;:&quot;0&quot;,&quot;dropdownFilters&quot;:&quot;0&quot;,&quot;defaultActiveFilter&quot;:&quot;all&quot;,&quot;initLightbox&quot;:&quot;modula_pro_init_lightbox&quot;,&quot;haveFilters&quot;:0,&quot;lightbox_devices&quot;:&quot;both&quot;,&quot;options&quot;:{&quot;lightbox&quot;:&quot;fancybox&quot;},&quot;enableSlideshow&quot;:&quot;1&quot;,&quot;enableAutoplay&quot;:&quot;1&quot;,&quot;slideshowSpeed&quot;:&quot;3000&quot;,&quot;pauseOnHover&quot;:&quot;0&quot;}\">\n\n\t\n\t<div  class=\"modula-items\">\n\t\t<div class=\"modula-item effect-pufrobo jtg-filter-all jtg-filter-\" >\n\t<div class=\"modula-item-overlay\"><\/div>\n\n\t<div class=\"modula-item-content\">\n\n\t\t<a data-image-id=\"10303\" role=\"button\" tabindex=\"0\" rel=\"jtg-10302\" data-caption=\"&lt;span class=&quot;modula-caption-description&quot;&gt;&lt;\/span&gt;\" aria-label=\"Open image in lightbox\" data-thumb=\"https:\/\/fotografiaportugal.pt\/site\/wp-content\/uploads\/2021\/08\/01-Malick-Sidibe\u0301-300x298.jpg\" class=\"tile-inner modula-item-link\"><\/a><img loading=\"lazy\" decoding=\"async\" class=\"pic wp-image-10303\"  data-valign=\"middle\" data-halign=\"center\" alt=\"\" data-full=\"https:\/\/fotografiaportugal.pt\/site\/wp-content\/uploads\/2021\/08\/01-Malick-Sidibe\u0301.jpg\" title=\"01 Malick Sidibe\u0301\" crop=\"\" width=\"300\" height=\"298\" src=\"https:\/\/fotografiaportugal.pt\/site\/wp-content\/uploads\/2021\/08\/01-Malick-Sidibe\u0301-300x298.jpg\" data-src=\"https:\/\/fotografiaportugal.pt\/site\/wp-content\/uploads\/2021\/08\/01-Malick-Sidibe\u0301-300x298.jpg\" data-caption=\"\" srcset=\"https:\/\/fotografiaportugal.pt\/site\/wp-content\/uploads\/2021\/08\/01-Malick-Sidibe\u0301.jpg 2000w, https:\/\/fotografiaportugal.pt\/site\/wp-content\/uploads\/2021\/08\/01-Malick-Sidibe\u0301-150x150.jpg 150w, https:\/\/fotografiaportugal.pt\/site\/wp-content\/uploads\/2021\/08\/01-Malick-Sidibe\u0301-300x298.jpg 300w, https:\/\/fotografiaportugal.pt\/site\/wp-content\/uploads\/2021\/08\/01-Malick-Sidibe\u0301-1024x1017.jpg 1024w\" sizes=\"auto, (max-width: 300px) 100vw, 300px\" \/>\n\t\t<div class=\"figc no-description\">\n\t\t\t<div class=\"figc-inner\">\n\t\t\t\t\t\t\t\t\t\t\t\t\t\t\t<\/div>\n\t\t<\/div>\n\n\t<\/div>\n\n<\/div><div class=\"modula-item effect-pufrobo jtg-filter-all jtg-filter-\" >\n\t<div class=\"modula-item-overlay\"><\/div>\n\n\t<div class=\"modula-item-content\">\n\n\t\t<a data-image-id=\"10304\" role=\"button\" tabindex=\"0\" rel=\"jtg-10302\" data-caption=\"&lt;span class=&quot;modula-caption-description&quot;&gt;&lt;\/span&gt;\" aria-label=\"Open image in lightbox\" data-thumb=\"https:\/\/fotografiaportugal.pt\/site\/wp-content\/uploads\/2021\/08\/02-Viviane-Sassen-300x242.jpg\" class=\"tile-inner modula-item-link\"><\/a><img loading=\"lazy\" decoding=\"async\" class=\"pic wp-image-10304\"  data-valign=\"middle\" data-halign=\"center\" alt=\"\" data-full=\"https:\/\/fotografiaportugal.pt\/site\/wp-content\/uploads\/2021\/08\/02-Viviane-Sassen.jpg\" title=\"02 Viviane-Sassen\" crop=\"\" width=\"300\" height=\"242\" src=\"https:\/\/fotografiaportugal.pt\/site\/wp-content\/uploads\/2021\/08\/02-Viviane-Sassen-300x242.jpg\" data-src=\"https:\/\/fotografiaportugal.pt\/site\/wp-content\/uploads\/2021\/08\/02-Viviane-Sassen-300x242.jpg\" data-caption=\"\" srcset=\"https:\/\/fotografiaportugal.pt\/site\/wp-content\/uploads\/2021\/08\/02-Viviane-Sassen.jpg 2000w, https:\/\/fotografiaportugal.pt\/site\/wp-content\/uploads\/2021\/08\/02-Viviane-Sassen-300x242.jpg 300w, https:\/\/fotografiaportugal.pt\/site\/wp-content\/uploads\/2021\/08\/02-Viviane-Sassen-1024x825.jpg 1024w\" sizes=\"auto, (max-width: 300px) 100vw, 300px\" \/>\n\t\t<div class=\"figc no-description\">\n\t\t\t<div class=\"figc-inner\">\n\t\t\t\t\t\t\t\t\t\t\t\t\t\t\t<\/div>\n\t\t<\/div>\n\n\t<\/div>\n\n<\/div><div class=\"modula-item effect-pufrobo jtg-filter-all jtg-filter-\" >\n\t<div class=\"modula-item-overlay\"><\/div>\n\n\t<div class=\"modula-item-content\">\n\n\t\t<a data-image-id=\"10305\" role=\"button\" tabindex=\"0\" rel=\"jtg-10302\" data-caption=\"&lt;span class=&quot;modula-caption-description&quot;&gt;Pamela is lying in the caravan at the backroads, County Carlow, Ireland&lt;\/span&gt;\" aria-label=\"Open image in lightbox\" data-thumb=\"https:\/\/fotografiaportugal.pt\/site\/wp-content\/uploads\/2021\/08\/03-Sentimental-Ballads-Birte-Kauffman-300x200.jpg\" class=\"tile-inner modula-item-link\"><\/a><img loading=\"lazy\" decoding=\"async\" class=\"pic wp-image-10305\"  data-valign=\"middle\" data-halign=\"center\" alt=\"\" data-full=\"https:\/\/fotografiaportugal.pt\/site\/wp-content\/uploads\/2021\/08\/03-Sentimental-Ballads-Birte-Kauffman.jpg\" title=\"The Travellers\" crop=\"\" width=\"300\" height=\"200\" src=\"https:\/\/fotografiaportugal.pt\/site\/wp-content\/uploads\/2021\/08\/03-Sentimental-Ballads-Birte-Kauffman-300x200.jpg\" data-src=\"https:\/\/fotografiaportugal.pt\/site\/wp-content\/uploads\/2021\/08\/03-Sentimental-Ballads-Birte-Kauffman-300x200.jpg\" data-caption=\"Pamela is lying in the caravan at the backroads, County Carlow, Ireland\" srcset=\"https:\/\/fotografiaportugal.pt\/site\/wp-content\/uploads\/2021\/08\/03-Sentimental-Ballads-Birte-Kauffman.jpg 1000w, https:\/\/fotografiaportugal.pt\/site\/wp-content\/uploads\/2021\/08\/03-Sentimental-Ballads-Birte-Kauffman-300x200.jpg 300w\" sizes=\"auto, (max-width: 300px) 100vw, 300px\" \/>\n\t\t<div class=\"figc\">\n\t\t\t<div class=\"figc-inner\">\n\t\t\t\t\t\t\t\t\t\t\t\t\t\t\t<\/div>\n\t\t<\/div>\n\n\t<\/div>\n\n<\/div><div class=\"modula-item effect-pufrobo jtg-filter-all jtg-filter-\" >\n\t<div class=\"modula-item-overlay\"><\/div>\n\n\t<div class=\"modula-item-content\">\n\n\t\t<a data-image-id=\"10306\" role=\"button\" tabindex=\"0\" rel=\"jtg-10302\" data-caption=\"&lt;span class=&quot;modula-caption-description&quot;&gt;&lt;\/span&gt;\" aria-label=\"Open image in lightbox\" data-thumb=\"https:\/\/fotografiaportugal.pt\/site\/wp-content\/uploads\/2021\/08\/04-Projec\u0327o\u0303es-em-Loop-Anna-Fox-300x300.jpg\" class=\"tile-inner modula-item-link\"><\/a><img loading=\"lazy\" decoding=\"async\" class=\"pic wp-image-10306\"  data-valign=\"middle\" data-halign=\"center\" alt=\"\" data-full=\"https:\/\/fotografiaportugal.pt\/site\/wp-content\/uploads\/2021\/08\/04-Projec\u0327o\u0303es-em-Loop-Anna-Fox.jpg\" title=\"04 Projec\u0327o\u0303es em Loop (Anna Fox)\" crop=\"\" width=\"300\" height=\"300\" src=\"https:\/\/fotografiaportugal.pt\/site\/wp-content\/uploads\/2021\/08\/04-Projec\u0327o\u0303es-em-Loop-Anna-Fox-300x300.jpg\" data-src=\"https:\/\/fotografiaportugal.pt\/site\/wp-content\/uploads\/2021\/08\/04-Projec\u0327o\u0303es-em-Loop-Anna-Fox-300x300.jpg\" data-caption=\"\" srcset=\"https:\/\/fotografiaportugal.pt\/site\/wp-content\/uploads\/2021\/08\/04-Projec\u0327o\u0303es-em-Loop-Anna-Fox.jpg 2000w, https:\/\/fotografiaportugal.pt\/site\/wp-content\/uploads\/2021\/08\/04-Projec\u0327o\u0303es-em-Loop-Anna-Fox-150x150.jpg 150w, https:\/\/fotografiaportugal.pt\/site\/wp-content\/uploads\/2021\/08\/04-Projec\u0327o\u0303es-em-Loop-Anna-Fox-300x300.jpg 300w, https:\/\/fotografiaportugal.pt\/site\/wp-content\/uploads\/2021\/08\/04-Projec\u0327o\u0303es-em-Loop-Anna-Fox-1024x1024.jpg 1024w\" sizes=\"auto, (max-width: 300px) 100vw, 300px\" \/>\n\t\t<div class=\"figc no-description\">\n\t\t\t<div class=\"figc-inner\">\n\t\t\t\t\t\t\t\t\t\t\t\t\t\t\t<\/div>\n\t\t<\/div>\n\n\t<\/div>\n\n<\/div><div class=\"modula-item effect-pufrobo jtg-filter-all jtg-filter-\" >\n\t<div class=\"modula-item-overlay\"><\/div>\n\n\t<div class=\"modula-item-content\">\n\n\t\t<a data-image-id=\"10307\" role=\"button\" tabindex=\"0\" rel=\"jtg-10302\" data-caption=\"&lt;span class=&quot;modula-caption-description&quot;&gt;&lt;\/span&gt;\" aria-label=\"Open image in lightbox\" data-thumb=\"https:\/\/fotografiaportugal.pt\/site\/wp-content\/uploads\/2021\/08\/05-Memory-Lab-of-Happiness-Alexandra-Polina-300x300.jpg\" class=\"tile-inner modula-item-link\"><\/a><img loading=\"lazy\" decoding=\"async\" class=\"pic wp-image-10307\"  data-valign=\"middle\" data-halign=\"center\" alt=\"\" data-full=\"https:\/\/fotografiaportugal.pt\/site\/wp-content\/uploads\/2021\/08\/05-Memory-Lab-of-Happiness-Alexandra-Polina.jpg\" title=\"05 Memory Lab of Happiness (Alexandra Polina)\" crop=\"\" width=\"300\" height=\"300\" src=\"https:\/\/fotografiaportugal.pt\/site\/wp-content\/uploads\/2021\/08\/05-Memory-Lab-of-Happiness-Alexandra-Polina-300x300.jpg\" data-src=\"https:\/\/fotografiaportugal.pt\/site\/wp-content\/uploads\/2021\/08\/05-Memory-Lab-of-Happiness-Alexandra-Polina-300x300.jpg\" data-caption=\"\" srcset=\"https:\/\/fotografiaportugal.pt\/site\/wp-content\/uploads\/2021\/08\/05-Memory-Lab-of-Happiness-Alexandra-Polina.jpg 2000w, https:\/\/fotografiaportugal.pt\/site\/wp-content\/uploads\/2021\/08\/05-Memory-Lab-of-Happiness-Alexandra-Polina-150x150.jpg 150w, https:\/\/fotografiaportugal.pt\/site\/wp-content\/uploads\/2021\/08\/05-Memory-Lab-of-Happiness-Alexandra-Polina-300x300.jpg 300w, https:\/\/fotografiaportugal.pt\/site\/wp-content\/uploads\/2021\/08\/05-Memory-Lab-of-Happiness-Alexandra-Polina-1024x1024.jpg 1024w\" sizes=\"auto, (max-width: 300px) 100vw, 300px\" \/>\n\t\t<div class=\"figc no-description\">\n\t\t\t<div class=\"figc-inner\">\n\t\t\t\t\t\t\t\t\t\t\t\t\t\t\t<\/div>\n\t\t<\/div>\n\n\t<\/div>\n\n<\/div><div class=\"modula-item effect-pufrobo jtg-filter-all jtg-filter-\" >\n\t<div class=\"modula-item-overlay\"><\/div>\n\n\t<div class=\"modula-item-content\">\n\n\t\t<a data-image-id=\"10308\" role=\"button\" tabindex=\"0\" rel=\"jtg-10302\" data-caption=\"&lt;span class=&quot;modula-caption-description&quot;&gt;&lt;\/span&gt;\" aria-label=\"Open image in lightbox\" data-thumb=\"https:\/\/fotografiaportugal.pt\/site\/wp-content\/uploads\/2021\/08\/06-Songs-From-the-Heart-Brian-Griffin-296x300.jpg\" class=\"tile-inner modula-item-link\"><\/a><img loading=\"lazy\" decoding=\"async\" class=\"pic wp-image-10308\"  data-valign=\"middle\" data-halign=\"center\" alt=\"\" data-full=\"https:\/\/fotografiaportugal.pt\/site\/wp-content\/uploads\/2021\/08\/06-Songs-From-the-Heart-Brian-Griffin.jpg\" title=\"06 Songs From the Heart (Brian Griffin)\" crop=\"\" width=\"296\" height=\"300\" src=\"https:\/\/fotografiaportugal.pt\/site\/wp-content\/uploads\/2021\/08\/06-Songs-From-the-Heart-Brian-Griffin-296x300.jpg\" data-src=\"https:\/\/fotografiaportugal.pt\/site\/wp-content\/uploads\/2021\/08\/06-Songs-From-the-Heart-Brian-Griffin-296x300.jpg\" data-caption=\"\" srcset=\"https:\/\/fotografiaportugal.pt\/site\/wp-content\/uploads\/2021\/08\/06-Songs-From-the-Heart-Brian-Griffin.jpg 2000w, https:\/\/fotografiaportugal.pt\/site\/wp-content\/uploads\/2021\/08\/06-Songs-From-the-Heart-Brian-Griffin-296x300.jpg 296w, https:\/\/fotografiaportugal.pt\/site\/wp-content\/uploads\/2021\/08\/06-Songs-From-the-Heart-Brian-Griffin-1010x1024.jpg 1010w\" sizes=\"auto, (max-width: 296px) 100vw, 296px\" \/>\n\t\t<div class=\"figc no-description\">\n\t\t\t<div class=\"figc-inner\">\n\t\t\t\t\t\t\t\t\t\t\t\t\t\t\t<\/div>\n\t\t<\/div>\n\n\t<\/div>\n\n<\/div><div class=\"modula-item effect-pufrobo jtg-filter-all jtg-filter-\" >\n\t<div class=\"modula-item-overlay\"><\/div>\n\n\t<div class=\"modula-item-content\">\n\n\t\t<a data-image-id=\"10309\" role=\"button\" tabindex=\"0\" rel=\"jtg-10302\" data-caption=\"&lt;span class=&quot;modula-caption-description&quot;&gt;&lt;\/span&gt;\" aria-label=\"Open image in lightbox\" data-thumb=\"https:\/\/fotografiaportugal.pt\/site\/wp-content\/uploads\/2021\/08\/07-The-Irrepressibles-300x111.jpg\" class=\"tile-inner modula-item-link\"><\/a><img loading=\"lazy\" decoding=\"async\" class=\"pic wp-image-10309\"  data-valign=\"middle\" data-halign=\"center\" alt=\"\" data-full=\"https:\/\/fotografiaportugal.pt\/site\/wp-content\/uploads\/2021\/08\/07-The-Irrepressibles.jpg\" title=\"Facebook banner_ Gala Emergentes dst_EA_2016_V01\" crop=\"\" width=\"300\" height=\"111\" src=\"https:\/\/fotografiaportugal.pt\/site\/wp-content\/uploads\/2021\/08\/07-The-Irrepressibles-300x111.jpg\" data-src=\"https:\/\/fotografiaportugal.pt\/site\/wp-content\/uploads\/2021\/08\/07-The-Irrepressibles-300x111.jpg\" data-caption=\"\" srcset=\"https:\/\/fotografiaportugal.pt\/site\/wp-content\/uploads\/2021\/08\/07-The-Irrepressibles.jpg 1773w, https:\/\/fotografiaportugal.pt\/site\/wp-content\/uploads\/2021\/08\/07-The-Irrepressibles-300x111.jpg 300w, https:\/\/fotografiaportugal.pt\/site\/wp-content\/uploads\/2021\/08\/07-The-Irrepressibles-1024x379.jpg 1024w\" sizes=\"auto, (max-width: 300px) 100vw, 300px\" \/>\n\t\t<div class=\"figc no-description\">\n\t\t\t<div class=\"figc-inner\">\n\t\t\t\t\t\t\t\t\t\t\t\t\t\t\t<\/div>\n\t\t<\/div>\n\n\t<\/div>\n\n<\/div><div class=\"modula-item effect-pufrobo jtg-filter-all jtg-filter-\" >\n\t<div class=\"modula-item-overlay\"><\/div>\n\n\t<div class=\"modula-item-content\">\n\n\t\t<a data-image-id=\"10310\" role=\"button\" tabindex=\"0\" rel=\"jtg-10302\" data-caption=\"&lt;span class=&quot;modula-caption-description&quot;&gt;&lt;\/span&gt;\" aria-label=\"Open image in lightbox\" data-thumb=\"https:\/\/fotografiaportugal.pt\/site\/wp-content\/uploads\/2021\/08\/08-Neal-Slavin-300x206.jpg\" class=\"tile-inner modula-item-link\"><\/a><img loading=\"lazy\" decoding=\"async\" class=\"pic wp-image-10310\"  data-valign=\"middle\" data-halign=\"center\" alt=\"\" data-full=\"https:\/\/fotografiaportugal.pt\/site\/wp-content\/uploads\/2021\/08\/08-Neal-Slavin.jpg\" title=\"08 Neal Slavin\" crop=\"\" width=\"300\" height=\"206\" src=\"https:\/\/fotografiaportugal.pt\/site\/wp-content\/uploads\/2021\/08\/08-Neal-Slavin-300x206.jpg\" data-src=\"https:\/\/fotografiaportugal.pt\/site\/wp-content\/uploads\/2021\/08\/08-Neal-Slavin-300x206.jpg\" data-caption=\"\" srcset=\"https:\/\/fotografiaportugal.pt\/site\/wp-content\/uploads\/2021\/08\/08-Neal-Slavin.jpg 945w, https:\/\/fotografiaportugal.pt\/site\/wp-content\/uploads\/2021\/08\/08-Neal-Slavin-300x206.jpg 300w\" sizes=\"auto, (max-width: 300px) 100vw, 300px\" \/>\n\t\t<div class=\"figc no-description\">\n\t\t\t<div class=\"figc-inner\">\n\t\t\t\t\t\t\t\t\t\t\t\t\t\t\t<\/div>\n\t\t<\/div>\n\n\t<\/div>\n\n<\/div>\t\t\n\t<\/div>\n\n\t\n\t\n\t<script type=\"application\/ld+json\">\n\t{\n\t\t\"@context\": \"http:\/\/schema.org\",\n\t\t\"@type\"   : \"ImageGallery\",\n\t\t\"id\"      : \"https:\/\/fotografiaportugal.pt\/site\/exposicoes\/encontros-da-imagem\/\",\n\t\t\"url\"     : \"https:\/\/fotografiaportugal.pt\/site\/exposicoes\/encontros-da-imagem\/\"\n\t}\n\n\t<\/script>\n\n\t\n<\/div>\n<\/p>\n<p style=\"text-align: left;\">Ver Programa completo <strong>ENCONTROS DA IMAGEM 2016<\/strong> aqui:\u00a0<a href=\"https:\/\/fotografiaportugal.pt\/site\/wp-content\/uploads\/2016\/06\/PROGRAMA-EI-2016-PT.pdf\" target=\"_blank\" rel=\"noopener noreferrer\">PROGRAMA EI 2016 PT<\/a><\/p>\n<p style=\"text-align: left;\">\n<p>Ver tamb\u00e9m outras <strong><a href=\"https:\/\/fotografiaportugal.pt\/site\/exposicoes\/\">EXPOSI\u00c7\u00d5ES DE FOTOGRAFIA<\/a><\/strong>\u00a0e<strong> <a href=\"https:\/\/fotografiaportugal.pt\/site\/categoria-produto\/livros-tecnicos-fotografia\/\">LIVROS\u00a0DE FOTOGRAFIA<\/a><\/strong><\/p>\n","protected":false},"excerpt":{"rendered":"<p>ENCONTROS DA IMAGEM \/\/ HAPPINESS, A PLACE IN THE SUN No ciclo da mutabilidade e visualidade, os\u00a0ENCONTROS DA IMAGEM\u00a0regressam\u00a0para contaminar a cidade de Braga e exaltar o campo da afetividade, num ano tremendo\u00a0de mudan\u00e7as e significados. Neste momento admiravelmente instigante para a\u00a0exist\u00eancia humana, povoada por um turbilh\u00e3o de imagens, onde prolifera o sentimento\u00a0que o mundo [&hellip;]<\/p>\n","protected":false},"author":2629,"featured_media":3023,"parent":63,"menu_order":0,"comment_status":"closed","ping_status":"closed","template":"","meta":{"footnotes":""},"class_list":["post-3022","page","type-page","status-publish","has-post-thumbnail","hentry"],"_links":{"self":[{"href":"https:\/\/fotografiaportugal.pt\/site\/wp-json\/wp\/v2\/pages\/3022","targetHints":{"allow":["GET"]}}],"collection":[{"href":"https:\/\/fotografiaportugal.pt\/site\/wp-json\/wp\/v2\/pages"}],"about":[{"href":"https:\/\/fotografiaportugal.pt\/site\/wp-json\/wp\/v2\/types\/page"}],"author":[{"embeddable":true,"href":"https:\/\/fotografiaportugal.pt\/site\/wp-json\/wp\/v2\/users\/2629"}],"replies":[{"embeddable":true,"href":"https:\/\/fotografiaportugal.pt\/site\/wp-json\/wp\/v2\/comments?post=3022"}],"version-history":[{"count":10,"href":"https:\/\/fotografiaportugal.pt\/site\/wp-json\/wp\/v2\/pages\/3022\/revisions"}],"predecessor-version":[{"id":10311,"href":"https:\/\/fotografiaportugal.pt\/site\/wp-json\/wp\/v2\/pages\/3022\/revisions\/10311"}],"up":[{"embeddable":true,"href":"https:\/\/fotografiaportugal.pt\/site\/wp-json\/wp\/v2\/pages\/63"}],"wp:featuredmedia":[{"embeddable":true,"href":"https:\/\/fotografiaportugal.pt\/site\/wp-json\/wp\/v2\/media\/3023"}],"wp:attachment":[{"href":"https:\/\/fotografiaportugal.pt\/site\/wp-json\/wp\/v2\/media?parent=3022"}],"curies":[{"name":"wp","href":"https:\/\/api.w.org\/{rel}","templated":true}]}}