{"id":3581,"date":"2016-10-23T17:43:52","date_gmt":"2016-10-23T17:43:52","guid":{"rendered":"http:\/\/fotografiaportugal.pt\/site\/?page_id=3581"},"modified":"2021-08-15T17:27:54","modified_gmt":"2021-08-15T17:27:54","slug":"pequenos-outonos","status":"publish","type":"page","link":"https:\/\/fotografiaportugal.pt\/site\/exposicoes\/pequenos-outonos\/","title":{"rendered":"Pequenos Outonos"},"content":{"rendered":"<p><strong>Patroc\u00ednio \/ Sponsorship:<\/strong><\/p>\n<p><a href=\"http:\/\/oceanoideias.com\/consultoria-e-formacao\/ideachef\/\"><img loading=\"lazy\" decoding=\"async\" class=\"alignnone size-medium wp-image-4823\" src=\"https:\/\/fotografiaportugal.pt\/site\/wp-content\/uploads\/2017\/11\/box_front-300x283.png\" alt=\"\" width=\"300\" height=\"283\" srcset=\"https:\/\/fotografiaportugal.pt\/site\/wp-content\/uploads\/2017\/11\/box_front-300x283.png 300w, https:\/\/fotografiaportugal.pt\/site\/wp-content\/uploads\/2017\/11\/box_front.png 500w\" sizes=\"auto, (max-width: 300px) 100vw, 300px\" \/><\/a><a href=\"http:\/\/oceanoideias.com\/consultoria-e-formacao\/ideachef\/\"><strong>ideaChef\u00ae<\/strong><\/a><\/p>\n<p><img loading=\"lazy\" decoding=\"async\" class=\"alignnone size-medium wp-image-2720\" src=\"https:\/\/fotografiaportugal.pt\/site\/wp-content\/uploads\/2016\/02\/bandeiraPT-small-57x38.jpg\" alt=\"bandeiraPT small\" width=\"57\" height=\"38\" \/><\/p>\n<p><strong>Exposi\u00e7\u00e3o de Fotografia &#8220;Pequenos Outonos&#8221;<\/strong><\/p>\n<p>&#8220;Pequenos Outonos&#8221; \u00e9 uma exposi\u00e7\u00e3o sobre o Outono e as mudan\u00e7as que ocorrem na natureza nesta esta\u00e7\u00e3o que, apesar do frio que se come\u00e7a a sentir, se pinta de cores quentes e transforma as nossas paisagens. A maior parte das fotografias s\u00e3o feitas numa grande cidade de forma a mostrarem aquilo que, na din\u00e2mica da vida urbana nos passa despercebido, mas, no entanto, est\u00e1 ao nosso lado. Um mundo diferente, cheio de pormenores, de transforma\u00e7\u00f5es e de coisas a acontecer, mas longe de estradas movimentadas, de shoppings, de transportes apinhados, de pessoas apressadas&#8230;mas igualmente cheio de vida!<\/p>\n<p>Este conjunto de imagens representa um lado quase escondido de algu\u00e9m apaixonado pela urbanidade mas com um profundo amor pela natureza. Parece algo contradit\u00f3rio mas, na verdade, s\u00e3o dois mundos que se complementam.<\/p>\n<p>Todas as imagens patentes na exposi\u00e7\u00e3o\u00a0<strong>Pequenos Outonos<\/strong>\u00a0est\u00e3o dispon\u00edveis para encomenda.<\/p>\n<p>Todas as fotografias \u00e0 venda incorporam direitos de autor para a fot\u00f3grafa (<strong>Ana Manuel Mestre<\/strong>) e s\u00e3o impressas em laborat\u00f3rio fotogr\u00e1fico com papel fotogr\u00e1fico Fuji Professional Paper, mate, sendo posteriormente embaladas em rolo de cart\u00e3o r\u00edgido, para entrega aos clientes, com portes gratuitos no envio para qualquer morada a n\u00edvel nacional.<\/p>\n<p>Para encomendas ou mais informa\u00e7\u00f5es \u00e9 favor contactar via e-mail:\u00a0<a href=\"mailto:info@fotografiaportugal.pt\">info@fotografiaportugal.pt<\/a><\/p>\n<p><img loading=\"lazy\" decoding=\"async\" class=\"alignnone size-medium wp-image-2721\" src=\"https:\/\/fotografiaportugal.pt\/site\/wp-content\/uploads\/2016\/02\/bandeiraEN-small-57x38.jpg\" alt=\"bandeiraEN small\" width=\"57\" height=\"38\" \/><\/p>\n<p><strong>Photography Exhibition &#8220;Little Autumns&#8221;<\/strong><\/p>\n<p>&#8220;Little Autumns&#8221; is an exhibition about the autumn and the changes that occur in nature in this season. Despite the cold that one starts feel, this season is painted in warm colors and transforms our landscapes. Most of the photographs are made in a large city in order to show what, in the dynamics of urban life, we overlook, though it is right beside us. A different world, full of details, transformations and things to happen, but away from busy roads, shopping malls, crowded transports, hurried people &#8230; but equally full of life!<\/p>\n<p>This set of images represents an almost hidden side of someone in love with urbanity but with a deep love for nature. It seems somehow contradictory but, in fact, these are two worlds that complement each other.<\/p>\n<p>All of the images in the\u00a0<strong>Little Autumns<\/strong>\u00a0exhibition are available for ordering.<\/p>\n<p>All photographs for sale incorporate copyrights for the photographer (<strong>Ana Manuel Mestre<\/strong>) and are printed in a photo lab with Fuji Professional Paper, matt paper, and then packed in a rigid carton roll for delivery to customers, with free shipping to any address in Portugal.<\/p>\n<p>For orders or more information please contact via e-mail:\u00a0<a href=\"mailto:info@fotografiaportugal.pt\">info@fotografiaportugal.pt<\/a><\/p>\n<div  id=\"jtg-10088\" class=\"modula modula-gallery modula-creative-gallery\" data-config=\"{&quot;height&quot;:800,&quot;tabletHeight&quot;:800,&quot;mobileHeight&quot;:800,&quot;desktopHeight&quot;:800,&quot;enableTwitter&quot;:false,&quot;enableWhatsapp&quot;:false,&quot;enableFacebook&quot;:false,&quot;enablePinterest&quot;:false,&quot;enableLinkedin&quot;:false,&quot;enableEmail&quot;:false,&quot;randomFactor&quot;:0.5,&quot;type&quot;:&quot;creative-gallery&quot;,&quot;columns&quot;:12,&quot;gutter&quot;:10,&quot;mobileGutter&quot;:10,&quot;tabletGutter&quot;:10,&quot;desktopGutter&quot;:10,&quot;enableResponsive&quot;:&quot;0&quot;,&quot;tabletColumns&quot;:&quot;2&quot;,&quot;mobileColumns&quot;:&quot;1&quot;,&quot;lazyLoad&quot;:0,&quot;lightboxOpts&quot;:{&quot;animated&quot;:true,&quot;Thumbs&quot;:{&quot;type&quot;:&quot;modern&quot;,&quot;showOnStart&quot;:false},&quot;Toolbar&quot;:{&quot;display&quot;:{&quot;right&quot;:[&quot;slideshow&quot;,&quot;close&quot;],&quot;left&quot;:[&quot;infobar&quot;]},&quot;enabled&quot;:true},&quot;Carousel&quot;:{&quot;Panzoom&quot;:{&quot;touch&quot;:false},&quot;infinite&quot;:true,&quot;transition&quot;:&quot;fade&quot;},&quot;keyboard&quot;:{&quot;Escape&quot;:&quot;close&quot;,&quot;Delete&quot;:&quot;close&quot;,&quot;Backspace&quot;:&quot;close&quot;,&quot;PageUp&quot;:&quot;next&quot;,&quot;PageDown&quot;:&quot;prev&quot;,&quot;ArrowUp&quot;:&quot;prev&quot;,&quot;ArrowDown&quot;:&quot;next&quot;,&quot;ArrowRight&quot;:&quot;next&quot;,&quot;ArrowLeft&quot;:&quot;prev&quot;},&quot;touch&quot;:false,&quot;backdropClick&quot;:false,&quot;l10n&quot;:{&quot;CLOSE&quot;:&quot;Close&quot;,&quot;NEXT&quot;:&quot;Next&quot;,&quot;PREV&quot;:&quot;Previous&quot;,&quot;Error&quot;:&quot;The requested content cannot be loaded. Please try again later.&quot;,&quot;PLAY_START&quot;:&quot;Start slideshow&quot;,&quot;PLAY_STOP&quot;:&quot;Pause slideshow&quot;,&quot;FULL_SCREEN&quot;:&quot;Full screen&quot;,&quot;THUMBS&quot;:&quot;Thumbnails&quot;,&quot;DOWNLOAD&quot;:&quot;Download&quot;,&quot;SHARE&quot;:&quot;Share&quot;,&quot;ZOOM&quot;:&quot;Zoom&quot;,&quot;EMAIL&quot;:&quot;Here is the link to the image : %%image_link%% and this is the link to the gallery : %%gallery_link%%&quot;,&quot;MODAL&quot;:&quot;You can close this modal content with the ESC key&quot;,&quot;ERROR&quot;:&quot;Something Went Wrong, Please Try Again Later&quot;,&quot;IMAGE_ERROR&quot;:&quot;Image Not Found&quot;,&quot;ELEMENT_NOT_FOUND&quot;:&quot;HTML Element Not Found&quot;,&quot;AJAX_NOT_FOUND&quot;:&quot;Error Loading AJAX : Not Found&quot;,&quot;AJAX_FORBIDDEN&quot;:&quot;Error Loading AJAX : Forbidden&quot;,&quot;IFRAME_ERROR&quot;:&quot;Error Loading Page&quot;,&quot;TOGGLE_ZOOM&quot;:&quot;Toggle zoom level&quot;,&quot;TOGGLE_THUMBS&quot;:&quot;Toggle thumbnails&quot;,&quot;TOGGLE_SLIDESHOW&quot;:&quot;Toggle slideshow&quot;,&quot;TOGGLE_FULLSCREEN&quot;:&quot;Toggle full-screen mode&quot;},&quot;Images&quot;:{&quot;Panzoom&quot;:{&quot;maxScale&quot;:2}},&quot;toolbar&quot;:true,&quot;wheel&quot;:false,&quot;animationEffect&quot;:&quot;false&quot;,&quot;animationDuration&quot;:366,&quot;transitionEffect&quot;:&quot;false&quot;,&quot;Html&quot;:{&quot;videoAutoplay&quot;:0,&quot;videoTpl&quot;:&quot;&lt;video class=\\&quot;fancybox__html5video modula_html5_video\\&quot; controls playsinline controlsList controlsList=\\&quot;nodownload\\&quot; poster=\\&quot;{{poster}}\\&quot; src=\\&quot;{{src}}\\&quot; type=\\&quot;{{format}}\\&quot; &gt;  Sorry, your browser doesn&#039;t support embedded videos, &lt;a href=\\&quot;{{src}}\\&quot;&gt; download &lt;\\\/a&gt; and watch with your favorite video player! &lt;\\\/video&gt;&quot;,&quot;vimeo&quot;:{&quot;autopause&quot;:0}},&quot;Slideshow&quot;:{&quot;playOnStart&quot;:true,&quot;pauseOnHover&quot;:false,&quot;timeout&quot;:3000},&quot;mainClass&quot;:&quot;modula-fancybox-container modula-lightbox-jtg-10088&quot;},&quot;inView&quot;:false,&quot;email_subject&quot;:&quot;Check out this awesome image !!&quot;,&quot;email_message&quot;:&quot;Here is the link to the image : %%image_link%% and this is the link to the gallery : %%gallery_link%%&quot;,&quot;lightbox&quot;:&quot;fancybox&quot;,&quot;filterClick&quot;:&quot;0&quot;,&quot;dropdownFilters&quot;:&quot;0&quot;,&quot;defaultActiveFilter&quot;:&quot;all&quot;,&quot;initLightbox&quot;:&quot;modula_pro_init_lightbox&quot;,&quot;haveFilters&quot;:0,&quot;lightbox_devices&quot;:&quot;both&quot;,&quot;options&quot;:{&quot;lightbox&quot;:&quot;fancybox&quot;},&quot;enableSlideshow&quot;:&quot;1&quot;,&quot;enableAutoplay&quot;:&quot;1&quot;,&quot;slideshowSpeed&quot;:&quot;3000&quot;,&quot;pauseOnHover&quot;:&quot;0&quot;}\">\n\n\t\n\t<div  class=\"modula-items\">\n\t\t<div class=\"modula-item effect-pufrobo jtg-filter-all jtg-filter-\" >\n\t<div class=\"modula-item-overlay\"><\/div>\n\n\t<div class=\"modula-item-content\">\n\n\t\t<a data-image-id=\"10099\" role=\"button\" tabindex=\"0\" rel=\"jtg-10088\" data-caption=\"&lt;span class=&quot;modula-caption-description&quot;&gt;&lt;\/span&gt;\" aria-label=\"Open image in lightbox\" data-thumb=\"https:\/\/fotografiaportugal.pt\/site\/wp-content\/uploads\/2021\/08\/PO_001_AMM20141108_2910_resize-300x199.jpg\" class=\"tile-inner modula-item-link\"><\/a><img loading=\"lazy\" decoding=\"async\" class=\"pic wp-image-10099\"  data-valign=\"middle\" data-halign=\"center\" alt=\"\" data-full=\"https:\/\/fotografiaportugal.pt\/site\/wp-content\/uploads\/2021\/08\/PO_001_AMM20141108_2910_resize.jpg\" title=\"PO_001_AMM20141108_2910_resize\" crop=\"\" width=\"300\" height=\"199\" src=\"https:\/\/fotografiaportugal.pt\/site\/wp-content\/uploads\/2021\/08\/PO_001_AMM20141108_2910_resize-300x199.jpg\" data-src=\"https:\/\/fotografiaportugal.pt\/site\/wp-content\/uploads\/2021\/08\/PO_001_AMM20141108_2910_resize-300x199.jpg\" data-caption=\"\" srcset=\"https:\/\/fotografiaportugal.pt\/site\/wp-content\/uploads\/2021\/08\/PO_001_AMM20141108_2910_resize.jpg 703w, https:\/\/fotografiaportugal.pt\/site\/wp-content\/uploads\/2021\/08\/PO_001_AMM20141108_2910_resize-300x199.jpg 300w\" sizes=\"auto, (max-width: 300px) 100vw, 300px\" \/>\n\t\t<div class=\"figc no-description\">\n\t\t\t<div class=\"figc-inner\">\n\t\t\t\t\t\t\t\t\t\t\t\t\t\t\t<\/div>\n\t\t<\/div>\n\n\t<\/div>\n\n<\/div><div class=\"modula-item effect-pufrobo jtg-filter-all jtg-filter-\" >\n\t<div class=\"modula-item-overlay\"><\/div>\n\n\t<div class=\"modula-item-content\">\n\n\t\t<a data-image-id=\"10100\" role=\"button\" tabindex=\"0\" rel=\"jtg-10088\" data-caption=\"&lt;span class=&quot;modula-caption-description&quot;&gt;&lt;\/span&gt;\" aria-label=\"Open image in lightbox\" data-thumb=\"https:\/\/fotografiaportugal.pt\/site\/wp-content\/uploads\/2021\/08\/PO_002_AMM20141109_2926-1_resize-199x300.jpg\" class=\"tile-inner modula-item-link\"><\/a><img loading=\"lazy\" decoding=\"async\" class=\"pic wp-image-10100\"  data-valign=\"middle\" data-halign=\"center\" alt=\"\" data-full=\"https:\/\/fotografiaportugal.pt\/site\/wp-content\/uploads\/2021\/08\/PO_002_AMM20141109_2926-1_resize.jpg\" title=\"PO_002_AMM20141109_2926-1_resize\" crop=\"\" width=\"199\" height=\"300\" src=\"https:\/\/fotografiaportugal.pt\/site\/wp-content\/uploads\/2021\/08\/PO_002_AMM20141109_2926-1_resize-199x300.jpg\" data-src=\"https:\/\/fotografiaportugal.pt\/site\/wp-content\/uploads\/2021\/08\/PO_002_AMM20141109_2926-1_resize-199x300.jpg\" data-caption=\"\" srcset=\"https:\/\/fotografiaportugal.pt\/site\/wp-content\/uploads\/2021\/08\/PO_002_AMM20141109_2926-1_resize.jpg 547w, https:\/\/fotografiaportugal.pt\/site\/wp-content\/uploads\/2021\/08\/PO_002_AMM20141109_2926-1_resize-199x300.jpg 199w\" sizes=\"auto, (max-width: 199px) 100vw, 199px\" \/>\n\t\t<div class=\"figc no-description\">\n\t\t\t<div class=\"figc-inner\">\n\t\t\t\t\t\t\t\t\t\t\t\t\t\t\t<\/div>\n\t\t<\/div>\n\n\t<\/div>\n\n<\/div><div class=\"modula-item effect-pufrobo jtg-filter-all jtg-filter-\" >\n\t<div class=\"modula-item-overlay\"><\/div>\n\n\t<div class=\"modula-item-content\">\n\n\t\t<a data-image-id=\"10101\" role=\"button\" tabindex=\"0\" rel=\"jtg-10088\" data-caption=\"&lt;span class=&quot;modula-caption-description&quot;&gt;&lt;\/span&gt;\" aria-label=\"Open image in lightbox\" data-thumb=\"https:\/\/fotografiaportugal.pt\/site\/wp-content\/uploads\/2021\/08\/PO_003_AMM20141109_2959_resize-200x300.jpg\" class=\"tile-inner modula-item-link\"><\/a><img loading=\"lazy\" decoding=\"async\" class=\"pic wp-image-10101\"  data-valign=\"middle\" data-halign=\"center\" alt=\"\" data-full=\"https:\/\/fotografiaportugal.pt\/site\/wp-content\/uploads\/2021\/08\/PO_003_AMM20141109_2959_resize.jpg\" title=\"PO_003_AMM20141109_2959_resize\" crop=\"\" width=\"200\" height=\"300\" src=\"https:\/\/fotografiaportugal.pt\/site\/wp-content\/uploads\/2021\/08\/PO_003_AMM20141109_2959_resize-200x300.jpg\" data-src=\"https:\/\/fotografiaportugal.pt\/site\/wp-content\/uploads\/2021\/08\/PO_003_AMM20141109_2959_resize-200x300.jpg\" data-caption=\"\" srcset=\"https:\/\/fotografiaportugal.pt\/site\/wp-content\/uploads\/2021\/08\/PO_003_AMM20141109_2959_resize.jpg 356w, https:\/\/fotografiaportugal.pt\/site\/wp-content\/uploads\/2021\/08\/PO_003_AMM20141109_2959_resize-200x300.jpg 200w\" sizes=\"auto, (max-width: 200px) 100vw, 200px\" \/>\n\t\t<div class=\"figc no-description\">\n\t\t\t<div class=\"figc-inner\">\n\t\t\t\t\t\t\t\t\t\t\t\t\t\t\t<\/div>\n\t\t<\/div>\n\n\t<\/div>\n\n<\/div><div class=\"modula-item effect-pufrobo jtg-filter-all jtg-filter-\" >\n\t<div class=\"modula-item-overlay\"><\/div>\n\n\t<div class=\"modula-item-content\">\n\n\t\t<a data-image-id=\"10102\" role=\"button\" tabindex=\"0\" rel=\"jtg-10088\" data-caption=\"&lt;span class=&quot;modula-caption-description&quot;&gt;&lt;\/span&gt;\" aria-label=\"Open image in lightbox\" data-thumb=\"https:\/\/fotografiaportugal.pt\/site\/wp-content\/uploads\/2021\/08\/PO_004_AMM20141115_3009_resize-199x300.jpg\" class=\"tile-inner modula-item-link\"><\/a><img loading=\"lazy\" decoding=\"async\" class=\"pic wp-image-10102\"  data-valign=\"middle\" data-halign=\"center\" alt=\"\" data-full=\"https:\/\/fotografiaportugal.pt\/site\/wp-content\/uploads\/2021\/08\/PO_004_AMM20141115_3009_resize.jpg\" title=\"PO_004_AMM20141115_3009_resize\" crop=\"\" width=\"199\" height=\"300\" src=\"https:\/\/fotografiaportugal.pt\/site\/wp-content\/uploads\/2021\/08\/PO_004_AMM20141115_3009_resize-199x300.jpg\" data-src=\"https:\/\/fotografiaportugal.pt\/site\/wp-content\/uploads\/2021\/08\/PO_004_AMM20141115_3009_resize-199x300.jpg\" data-caption=\"\" srcset=\"https:\/\/fotografiaportugal.pt\/site\/wp-content\/uploads\/2021\/08\/PO_004_AMM20141115_3009_resize.jpg 485w, https:\/\/fotografiaportugal.pt\/site\/wp-content\/uploads\/2021\/08\/PO_004_AMM20141115_3009_resize-199x300.jpg 199w\" sizes=\"auto, (max-width: 199px) 100vw, 199px\" \/>\n\t\t<div class=\"figc no-description\">\n\t\t\t<div class=\"figc-inner\">\n\t\t\t\t\t\t\t\t\t\t\t\t\t\t\t<\/div>\n\t\t<\/div>\n\n\t<\/div>\n\n<\/div><div class=\"modula-item effect-pufrobo jtg-filter-all jtg-filter-\" >\n\t<div class=\"modula-item-overlay\"><\/div>\n\n\t<div class=\"modula-item-content\">\n\n\t\t<a data-image-id=\"10103\" role=\"button\" tabindex=\"0\" rel=\"jtg-10088\" data-caption=\"&lt;span class=&quot;modula-caption-description&quot;&gt;&lt;\/span&gt;\" aria-label=\"Open image in lightbox\" data-thumb=\"https:\/\/fotografiaportugal.pt\/site\/wp-content\/uploads\/2021\/08\/PO_005_AMM20141115_3026_resize-300x199.jpg\" class=\"tile-inner modula-item-link\"><\/a><img loading=\"lazy\" decoding=\"async\" class=\"pic wp-image-10103\"  data-valign=\"middle\" data-halign=\"center\" alt=\"\" data-full=\"https:\/\/fotografiaportugal.pt\/site\/wp-content\/uploads\/2021\/08\/PO_005_AMM20141115_3026_resize.jpg\" title=\"PO_005_AMM20141115_3026_resize\" crop=\"\" width=\"300\" height=\"199\" src=\"https:\/\/fotografiaportugal.pt\/site\/wp-content\/uploads\/2021\/08\/PO_005_AMM20141115_3026_resize-300x199.jpg\" data-src=\"https:\/\/fotografiaportugal.pt\/site\/wp-content\/uploads\/2021\/08\/PO_005_AMM20141115_3026_resize-300x199.jpg\" data-caption=\"\" srcset=\"https:\/\/fotografiaportugal.pt\/site\/wp-content\/uploads\/2021\/08\/PO_005_AMM20141115_3026_resize.jpg 597w, https:\/\/fotografiaportugal.pt\/site\/wp-content\/uploads\/2021\/08\/PO_005_AMM20141115_3026_resize-300x199.jpg 300w\" sizes=\"auto, (max-width: 300px) 100vw, 300px\" \/>\n\t\t<div class=\"figc no-description\">\n\t\t\t<div class=\"figc-inner\">\n\t\t\t\t\t\t\t\t\t\t\t\t\t\t\t<\/div>\n\t\t<\/div>\n\n\t<\/div>\n\n<\/div><div class=\"modula-item effect-pufrobo jtg-filter-all jtg-filter-\" >\n\t<div class=\"modula-item-overlay\"><\/div>\n\n\t<div class=\"modula-item-content\">\n\n\t\t<a data-image-id=\"10104\" role=\"button\" tabindex=\"0\" rel=\"jtg-10088\" data-caption=\"&lt;span class=&quot;modula-caption-description&quot;&gt;&lt;\/span&gt;\" aria-label=\"Open image in lightbox\" data-thumb=\"https:\/\/fotografiaportugal.pt\/site\/wp-content\/uploads\/2021\/08\/PO_006_AMM20141115_3031_resize-300x199.jpg\" class=\"tile-inner modula-item-link\"><\/a><img loading=\"lazy\" decoding=\"async\" class=\"pic wp-image-10104\"  data-valign=\"middle\" data-halign=\"center\" alt=\"\" data-full=\"https:\/\/fotografiaportugal.pt\/site\/wp-content\/uploads\/2021\/08\/PO_006_AMM20141115_3031_resize.jpg\" title=\"PO_006_AMM20141115_3031_resize\" crop=\"\" width=\"300\" height=\"199\" src=\"https:\/\/fotografiaportugal.pt\/site\/wp-content\/uploads\/2021\/08\/PO_006_AMM20141115_3031_resize-300x199.jpg\" data-src=\"https:\/\/fotografiaportugal.pt\/site\/wp-content\/uploads\/2021\/08\/PO_006_AMM20141115_3031_resize-300x199.jpg\" data-caption=\"\" srcset=\"https:\/\/fotografiaportugal.pt\/site\/wp-content\/uploads\/2021\/08\/PO_006_AMM20141115_3031_resize.jpg 621w, https:\/\/fotografiaportugal.pt\/site\/wp-content\/uploads\/2021\/08\/PO_006_AMM20141115_3031_resize-300x199.jpg 300w\" sizes=\"auto, (max-width: 300px) 100vw, 300px\" \/>\n\t\t<div class=\"figc no-description\">\n\t\t\t<div class=\"figc-inner\">\n\t\t\t\t\t\t\t\t\t\t\t\t\t\t\t<\/div>\n\t\t<\/div>\n\n\t<\/div>\n\n<\/div><div class=\"modula-item effect-pufrobo jtg-filter-all jtg-filter-\" >\n\t<div class=\"modula-item-overlay\"><\/div>\n\n\t<div class=\"modula-item-content\">\n\n\t\t<a data-image-id=\"10105\" role=\"button\" tabindex=\"0\" rel=\"jtg-10088\" data-caption=\"&lt;span class=&quot;modula-caption-description&quot;&gt;&lt;\/span&gt;\" aria-label=\"Open image in lightbox\" data-thumb=\"https:\/\/fotografiaportugal.pt\/site\/wp-content\/uploads\/2021\/08\/PO_007_AMM20141115_3052_resize-300x199.jpg\" class=\"tile-inner modula-item-link\"><\/a><img loading=\"lazy\" decoding=\"async\" class=\"pic wp-image-10105\"  data-valign=\"middle\" data-halign=\"center\" alt=\"\" data-full=\"https:\/\/fotografiaportugal.pt\/site\/wp-content\/uploads\/2021\/08\/PO_007_AMM20141115_3052_resize.jpg\" title=\"PO_007_AMM20141115_3052_resize\" crop=\"\" width=\"300\" height=\"199\" src=\"https:\/\/fotografiaportugal.pt\/site\/wp-content\/uploads\/2021\/08\/PO_007_AMM20141115_3052_resize-300x199.jpg\" data-src=\"https:\/\/fotografiaportugal.pt\/site\/wp-content\/uploads\/2021\/08\/PO_007_AMM20141115_3052_resize-300x199.jpg\" data-caption=\"\" srcset=\"https:\/\/fotografiaportugal.pt\/site\/wp-content\/uploads\/2021\/08\/PO_007_AMM20141115_3052_resize.jpg 553w, https:\/\/fotografiaportugal.pt\/site\/wp-content\/uploads\/2021\/08\/PO_007_AMM20141115_3052_resize-300x199.jpg 300w\" sizes=\"auto, (max-width: 300px) 100vw, 300px\" \/>\n\t\t<div class=\"figc no-description\">\n\t\t\t<div class=\"figc-inner\">\n\t\t\t\t\t\t\t\t\t\t\t\t\t\t\t<\/div>\n\t\t<\/div>\n\n\t<\/div>\n\n<\/div><div class=\"modula-item effect-pufrobo jtg-filter-all jtg-filter-\" >\n\t<div class=\"modula-item-overlay\"><\/div>\n\n\t<div class=\"modula-item-content\">\n\n\t\t<a data-image-id=\"10106\" role=\"button\" tabindex=\"0\" rel=\"jtg-10088\" data-caption=\"&lt;span class=&quot;modula-caption-description&quot;&gt;&lt;\/span&gt;\" aria-label=\"Open image in lightbox\" data-thumb=\"https:\/\/fotografiaportugal.pt\/site\/wp-content\/uploads\/2021\/08\/PO_008_AMM20141115_3080_resize-300x199.jpg\" class=\"tile-inner modula-item-link\"><\/a><img loading=\"lazy\" decoding=\"async\" class=\"pic wp-image-10106\"  data-valign=\"middle\" data-halign=\"center\" alt=\"\" data-full=\"https:\/\/fotografiaportugal.pt\/site\/wp-content\/uploads\/2021\/08\/PO_008_AMM20141115_3080_resize.jpg\" title=\"PO_008_AMM20141115_3080_resize\" crop=\"\" width=\"300\" height=\"199\" src=\"https:\/\/fotografiaportugal.pt\/site\/wp-content\/uploads\/2021\/08\/PO_008_AMM20141115_3080_resize-300x199.jpg\" data-src=\"https:\/\/fotografiaportugal.pt\/site\/wp-content\/uploads\/2021\/08\/PO_008_AMM20141115_3080_resize-300x199.jpg\" data-caption=\"\" srcset=\"https:\/\/fotografiaportugal.pt\/site\/wp-content\/uploads\/2021\/08\/PO_008_AMM20141115_3080_resize.jpg 693w, https:\/\/fotografiaportugal.pt\/site\/wp-content\/uploads\/2021\/08\/PO_008_AMM20141115_3080_resize-300x199.jpg 300w\" sizes=\"auto, (max-width: 300px) 100vw, 300px\" \/>\n\t\t<div class=\"figc no-description\">\n\t\t\t<div class=\"figc-inner\">\n\t\t\t\t\t\t\t\t\t\t\t\t\t\t\t<\/div>\n\t\t<\/div>\n\n\t<\/div>\n\n<\/div><div class=\"modula-item effect-pufrobo jtg-filter-all jtg-filter-\" >\n\t<div class=\"modula-item-overlay\"><\/div>\n\n\t<div class=\"modula-item-content\">\n\n\t\t<a data-image-id=\"10107\" role=\"button\" tabindex=\"0\" rel=\"jtg-10088\" data-caption=\"&lt;span class=&quot;modula-caption-description&quot;&gt;&lt;\/span&gt;\" aria-label=\"Open image in lightbox\" data-thumb=\"https:\/\/fotografiaportugal.pt\/site\/wp-content\/uploads\/2021\/08\/PO_009_AMM20141115_3085_resize-300x199.jpg\" class=\"tile-inner modula-item-link\"><\/a><img loading=\"lazy\" decoding=\"async\" class=\"pic wp-image-10107\"  data-valign=\"middle\" data-halign=\"center\" alt=\"\" data-full=\"https:\/\/fotografiaportugal.pt\/site\/wp-content\/uploads\/2021\/08\/PO_009_AMM20141115_3085_resize.jpg\" title=\"PO_009_AMM20141115_3085_resize\" crop=\"\" width=\"300\" height=\"199\" src=\"https:\/\/fotografiaportugal.pt\/site\/wp-content\/uploads\/2021\/08\/PO_009_AMM20141115_3085_resize-300x199.jpg\" data-src=\"https:\/\/fotografiaportugal.pt\/site\/wp-content\/uploads\/2021\/08\/PO_009_AMM20141115_3085_resize-300x199.jpg\" data-caption=\"\" srcset=\"https:\/\/fotografiaportugal.pt\/site\/wp-content\/uploads\/2021\/08\/PO_009_AMM20141115_3085_resize.jpg 638w, https:\/\/fotografiaportugal.pt\/site\/wp-content\/uploads\/2021\/08\/PO_009_AMM20141115_3085_resize-300x199.jpg 300w\" sizes=\"auto, (max-width: 300px) 100vw, 300px\" \/>\n\t\t<div class=\"figc no-description\">\n\t\t\t<div class=\"figc-inner\">\n\t\t\t\t\t\t\t\t\t\t\t\t\t\t\t<\/div>\n\t\t<\/div>\n\n\t<\/div>\n\n<\/div><div class=\"modula-item effect-pufrobo jtg-filter-all jtg-filter-\" >\n\t<div class=\"modula-item-overlay\"><\/div>\n\n\t<div class=\"modula-item-content\">\n\n\t\t<a data-image-id=\"10108\" role=\"button\" tabindex=\"0\" rel=\"jtg-10088\" data-caption=\"&lt;span class=&quot;modula-caption-description&quot;&gt;&lt;\/span&gt;\" aria-label=\"Open image in lightbox\" data-thumb=\"https:\/\/fotografiaportugal.pt\/site\/wp-content\/uploads\/2021\/08\/PO_010_AMM20141115_3102_resize-300x199.jpg\" class=\"tile-inner modula-item-link\"><\/a><img loading=\"lazy\" decoding=\"async\" class=\"pic wp-image-10108\"  data-valign=\"middle\" data-halign=\"center\" alt=\"\" data-full=\"https:\/\/fotografiaportugal.pt\/site\/wp-content\/uploads\/2021\/08\/PO_010_AMM20141115_3102_resize.jpg\" title=\"PO_010_AMM20141115_3102_resize\" crop=\"\" width=\"300\" height=\"199\" src=\"https:\/\/fotografiaportugal.pt\/site\/wp-content\/uploads\/2021\/08\/PO_010_AMM20141115_3102_resize-300x199.jpg\" data-src=\"https:\/\/fotografiaportugal.pt\/site\/wp-content\/uploads\/2021\/08\/PO_010_AMM20141115_3102_resize-300x199.jpg\" data-caption=\"\" srcset=\"https:\/\/fotografiaportugal.pt\/site\/wp-content\/uploads\/2021\/08\/PO_010_AMM20141115_3102_resize.jpg 789w, https:\/\/fotografiaportugal.pt\/site\/wp-content\/uploads\/2021\/08\/PO_010_AMM20141115_3102_resize-300x199.jpg 300w\" sizes=\"auto, (max-width: 300px) 100vw, 300px\" \/>\n\t\t<div class=\"figc no-description\">\n\t\t\t<div class=\"figc-inner\">\n\t\t\t\t\t\t\t\t\t\t\t\t\t\t\t<\/div>\n\t\t<\/div>\n\n\t<\/div>\n\n<\/div><div class=\"modula-item effect-pufrobo jtg-filter-all jtg-filter-\" >\n\t<div class=\"modula-item-overlay\"><\/div>\n\n\t<div class=\"modula-item-content\">\n\n\t\t<a data-image-id=\"10109\" role=\"button\" tabindex=\"0\" rel=\"jtg-10088\" data-caption=\"&lt;span class=&quot;modula-caption-description&quot;&gt;&lt;\/span&gt;\" aria-label=\"Open image in lightbox\" data-thumb=\"https:\/\/fotografiaportugal.pt\/site\/wp-content\/uploads\/2021\/08\/PO_011_AMM20141115_3110_resize-199x300.jpg\" class=\"tile-inner modula-item-link\"><\/a><img loading=\"lazy\" decoding=\"async\" class=\"pic wp-image-10109\"  data-valign=\"middle\" data-halign=\"center\" alt=\"\" data-full=\"https:\/\/fotografiaportugal.pt\/site\/wp-content\/uploads\/2021\/08\/PO_011_AMM20141115_3110_resize.jpg\" title=\"PO_011_AMM20141115_3110_resize\" crop=\"\" width=\"199\" height=\"300\" src=\"https:\/\/fotografiaportugal.pt\/site\/wp-content\/uploads\/2021\/08\/PO_011_AMM20141115_3110_resize-199x300.jpg\" data-src=\"https:\/\/fotografiaportugal.pt\/site\/wp-content\/uploads\/2021\/08\/PO_011_AMM20141115_3110_resize-199x300.jpg\" data-caption=\"\" srcset=\"https:\/\/fotografiaportugal.pt\/site\/wp-content\/uploads\/2021\/08\/PO_011_AMM20141115_3110_resize.jpg 404w, https:\/\/fotografiaportugal.pt\/site\/wp-content\/uploads\/2021\/08\/PO_011_AMM20141115_3110_resize-199x300.jpg 199w\" sizes=\"auto, (max-width: 199px) 100vw, 199px\" \/>\n\t\t<div class=\"figc no-description\">\n\t\t\t<div class=\"figc-inner\">\n\t\t\t\t\t\t\t\t\t\t\t\t\t\t\t<\/div>\n\t\t<\/div>\n\n\t<\/div>\n\n<\/div><div class=\"modula-item effect-pufrobo jtg-filter-all jtg-filter-\" >\n\t<div class=\"modula-item-overlay\"><\/div>\n\n\t<div class=\"modula-item-content\">\n\n\t\t<a data-image-id=\"10111\" role=\"button\" tabindex=\"0\" rel=\"jtg-10088\" data-caption=\"&lt;span class=&quot;modula-caption-description&quot;&gt;&lt;\/span&gt;\" aria-label=\"Open image in lightbox\" data-thumb=\"https:\/\/fotografiaportugal.pt\/site\/wp-content\/uploads\/2021\/08\/PO_012_AMM20141115_3115_resize-199x300.jpg\" class=\"tile-inner modula-item-link\"><\/a><img loading=\"lazy\" decoding=\"async\" class=\"pic wp-image-10111\"  data-valign=\"middle\" data-halign=\"center\" alt=\"\" data-full=\"https:\/\/fotografiaportugal.pt\/site\/wp-content\/uploads\/2021\/08\/PO_012_AMM20141115_3115_resize.jpg\" title=\"PO_012_AMM20141115_3115_resize\" crop=\"\" width=\"199\" height=\"300\" src=\"https:\/\/fotografiaportugal.pt\/site\/wp-content\/uploads\/2021\/08\/PO_012_AMM20141115_3115_resize-199x300.jpg\" data-src=\"https:\/\/fotografiaportugal.pt\/site\/wp-content\/uploads\/2021\/08\/PO_012_AMM20141115_3115_resize-199x300.jpg\" data-caption=\"\" srcset=\"https:\/\/fotografiaportugal.pt\/site\/wp-content\/uploads\/2021\/08\/PO_012_AMM20141115_3115_resize.jpg 412w, https:\/\/fotografiaportugal.pt\/site\/wp-content\/uploads\/2021\/08\/PO_012_AMM20141115_3115_resize-199x300.jpg 199w\" sizes=\"auto, (max-width: 199px) 100vw, 199px\" \/>\n\t\t<div class=\"figc no-description\">\n\t\t\t<div class=\"figc-inner\">\n\t\t\t\t\t\t\t\t\t\t\t\t\t\t\t<\/div>\n\t\t<\/div>\n\n\t<\/div>\n\n<\/div><div class=\"modula-item effect-pufrobo jtg-filter-all jtg-filter-\" >\n\t<div class=\"modula-item-overlay\"><\/div>\n\n\t<div class=\"modula-item-content\">\n\n\t\t<a data-image-id=\"10112\" role=\"button\" tabindex=\"0\" rel=\"jtg-10088\" data-caption=\"&lt;span class=&quot;modula-caption-description&quot;&gt;&lt;\/span&gt;\" aria-label=\"Open image in lightbox\" data-thumb=\"https:\/\/fotografiaportugal.pt\/site\/wp-content\/uploads\/2021\/08\/PO_013_AMM20141115_3123_resize-300x199.jpg\" class=\"tile-inner modula-item-link\"><\/a><img loading=\"lazy\" decoding=\"async\" class=\"pic wp-image-10112\"  data-valign=\"middle\" data-halign=\"center\" alt=\"\" data-full=\"https:\/\/fotografiaportugal.pt\/site\/wp-content\/uploads\/2021\/08\/PO_013_AMM20141115_3123_resize.jpg\" title=\"PO_013_AMM20141115_3123_resize\" crop=\"\" width=\"300\" height=\"199\" src=\"https:\/\/fotografiaportugal.pt\/site\/wp-content\/uploads\/2021\/08\/PO_013_AMM20141115_3123_resize-300x199.jpg\" data-src=\"https:\/\/fotografiaportugal.pt\/site\/wp-content\/uploads\/2021\/08\/PO_013_AMM20141115_3123_resize-300x199.jpg\" data-caption=\"\" srcset=\"https:\/\/fotografiaportugal.pt\/site\/wp-content\/uploads\/2021\/08\/PO_013_AMM20141115_3123_resize.jpg 812w, https:\/\/fotografiaportugal.pt\/site\/wp-content\/uploads\/2021\/08\/PO_013_AMM20141115_3123_resize-300x199.jpg 300w\" sizes=\"auto, (max-width: 300px) 100vw, 300px\" \/>\n\t\t<div class=\"figc no-description\">\n\t\t\t<div class=\"figc-inner\">\n\t\t\t\t\t\t\t\t\t\t\t\t\t\t\t<\/div>\n\t\t<\/div>\n\n\t<\/div>\n\n<\/div><div class=\"modula-item effect-pufrobo jtg-filter-all jtg-filter-\" >\n\t<div class=\"modula-item-overlay\"><\/div>\n\n\t<div class=\"modula-item-content\">\n\n\t\t<a data-image-id=\"10113\" role=\"button\" tabindex=\"0\" rel=\"jtg-10088\" data-caption=\"&lt;span class=&quot;modula-caption-description&quot;&gt;&lt;\/span&gt;\" aria-label=\"Open image in lightbox\" data-thumb=\"https:\/\/fotografiaportugal.pt\/site\/wp-content\/uploads\/2021\/08\/PO_014_AMM20141129_3381_resize-300x199.jpg\" class=\"tile-inner modula-item-link\"><\/a><img loading=\"lazy\" decoding=\"async\" class=\"pic wp-image-10113\"  data-valign=\"middle\" data-halign=\"center\" alt=\"\" data-full=\"https:\/\/fotografiaportugal.pt\/site\/wp-content\/uploads\/2021\/08\/PO_014_AMM20141129_3381_resize.jpg\" title=\"PO_014_AMM20141129_3381_resize\" crop=\"\" width=\"300\" height=\"199\" src=\"https:\/\/fotografiaportugal.pt\/site\/wp-content\/uploads\/2021\/08\/PO_014_AMM20141129_3381_resize-300x199.jpg\" data-src=\"https:\/\/fotografiaportugal.pt\/site\/wp-content\/uploads\/2021\/08\/PO_014_AMM20141129_3381_resize-300x199.jpg\" data-caption=\"\" srcset=\"https:\/\/fotografiaportugal.pt\/site\/wp-content\/uploads\/2021\/08\/PO_014_AMM20141129_3381_resize.jpg 835w, https:\/\/fotografiaportugal.pt\/site\/wp-content\/uploads\/2021\/08\/PO_014_AMM20141129_3381_resize-300x199.jpg 300w\" sizes=\"auto, (max-width: 300px) 100vw, 300px\" \/>\n\t\t<div class=\"figc no-description\">\n\t\t\t<div class=\"figc-inner\">\n\t\t\t\t\t\t\t\t\t\t\t\t\t\t\t<\/div>\n\t\t<\/div>\n\n\t<\/div>\n\n<\/div><div class=\"modula-item effect-pufrobo jtg-filter-all jtg-filter-\" >\n\t<div class=\"modula-item-overlay\"><\/div>\n\n\t<div class=\"modula-item-content\">\n\n\t\t<a data-image-id=\"10114\" role=\"button\" tabindex=\"0\" rel=\"jtg-10088\" data-caption=\"&lt;span class=&quot;modula-caption-description&quot;&gt;&lt;\/span&gt;\" aria-label=\"Open image in lightbox\" data-thumb=\"https:\/\/fotografiaportugal.pt\/site\/wp-content\/uploads\/2021\/08\/PO_015_AMM20141129_3418_resize-199x300.jpg\" class=\"tile-inner modula-item-link\"><\/a><img loading=\"lazy\" decoding=\"async\" class=\"pic wp-image-10114\"  data-valign=\"middle\" data-halign=\"center\" alt=\"\" data-full=\"https:\/\/fotografiaportugal.pt\/site\/wp-content\/uploads\/2021\/08\/PO_015_AMM20141129_3418_resize.jpg\" title=\"PO_015_AMM20141129_3418_resize\" crop=\"\" width=\"199\" height=\"300\" src=\"https:\/\/fotografiaportugal.pt\/site\/wp-content\/uploads\/2021\/08\/PO_015_AMM20141129_3418_resize-199x300.jpg\" data-src=\"https:\/\/fotografiaportugal.pt\/site\/wp-content\/uploads\/2021\/08\/PO_015_AMM20141129_3418_resize-199x300.jpg\" data-caption=\"\" srcset=\"https:\/\/fotografiaportugal.pt\/site\/wp-content\/uploads\/2021\/08\/PO_015_AMM20141129_3418_resize.jpg 570w, https:\/\/fotografiaportugal.pt\/site\/wp-content\/uploads\/2021\/08\/PO_015_AMM20141129_3418_resize-199x300.jpg 199w\" sizes=\"auto, (max-width: 199px) 100vw, 199px\" \/>\n\t\t<div class=\"figc no-description\">\n\t\t\t<div class=\"figc-inner\">\n\t\t\t\t\t\t\t\t\t\t\t\t\t\t\t<\/div>\n\t\t<\/div>\n\n\t<\/div>\n\n<\/div><div class=\"modula-item effect-pufrobo jtg-filter-all jtg-filter-\" >\n\t<div class=\"modula-item-overlay\"><\/div>\n\n\t<div class=\"modula-item-content\">\n\n\t\t<a data-image-id=\"10115\" role=\"button\" tabindex=\"0\" rel=\"jtg-10088\" data-caption=\"&lt;span class=&quot;modula-caption-description&quot;&gt;&lt;\/span&gt;\" aria-label=\"Open image in lightbox\" data-thumb=\"https:\/\/fotografiaportugal.pt\/site\/wp-content\/uploads\/2021\/08\/PO_016_AMM20141130_3517_resize-199x300.jpg\" class=\"tile-inner modula-item-link\"><\/a><img loading=\"lazy\" decoding=\"async\" class=\"pic wp-image-10115\"  data-valign=\"middle\" data-halign=\"center\" alt=\"\" data-full=\"https:\/\/fotografiaportugal.pt\/site\/wp-content\/uploads\/2021\/08\/PO_016_AMM20141130_3517_resize.jpg\" title=\"PO_016_AMM20141130_3517_resize\" crop=\"\" width=\"199\" height=\"300\" src=\"https:\/\/fotografiaportugal.pt\/site\/wp-content\/uploads\/2021\/08\/PO_016_AMM20141130_3517_resize-199x300.jpg\" data-src=\"https:\/\/fotografiaportugal.pt\/site\/wp-content\/uploads\/2021\/08\/PO_016_AMM20141130_3517_resize-199x300.jpg\" data-caption=\"\" srcset=\"https:\/\/fotografiaportugal.pt\/site\/wp-content\/uploads\/2021\/08\/PO_016_AMM20141130_3517_resize.jpg 467w, https:\/\/fotografiaportugal.pt\/site\/wp-content\/uploads\/2021\/08\/PO_016_AMM20141130_3517_resize-199x300.jpg 199w\" sizes=\"auto, (max-width: 199px) 100vw, 199px\" \/>\n\t\t<div class=\"figc no-description\">\n\t\t\t<div class=\"figc-inner\">\n\t\t\t\t\t\t\t\t\t\t\t\t\t\t\t<\/div>\n\t\t<\/div>\n\n\t<\/div>\n\n<\/div><div class=\"modula-item effect-pufrobo jtg-filter-all jtg-filter-\" >\n\t<div class=\"modula-item-overlay\"><\/div>\n\n\t<div class=\"modula-item-content\">\n\n\t\t<a data-image-id=\"10116\" role=\"button\" tabindex=\"0\" rel=\"jtg-10088\" data-caption=\"&lt;span class=&quot;modula-caption-description&quot;&gt;&lt;\/span&gt;\" aria-label=\"Open image in lightbox\" data-thumb=\"https:\/\/fotografiaportugal.pt\/site\/wp-content\/uploads\/2021\/08\/PO_017_AMM20141130_3602_resize-300x199.jpg\" class=\"tile-inner modula-item-link\"><\/a><img loading=\"lazy\" decoding=\"async\" class=\"pic wp-image-10116\"  data-valign=\"middle\" data-halign=\"center\" alt=\"\" data-full=\"https:\/\/fotografiaportugal.pt\/site\/wp-content\/uploads\/2021\/08\/PO_017_AMM20141130_3602_resize.jpg\" title=\"PO_017_AMM20141130_3602_resize\" crop=\"\" width=\"300\" height=\"199\" src=\"https:\/\/fotografiaportugal.pt\/site\/wp-content\/uploads\/2021\/08\/PO_017_AMM20141130_3602_resize-300x199.jpg\" data-src=\"https:\/\/fotografiaportugal.pt\/site\/wp-content\/uploads\/2021\/08\/PO_017_AMM20141130_3602_resize-300x199.jpg\" data-caption=\"\" srcset=\"https:\/\/fotografiaportugal.pt\/site\/wp-content\/uploads\/2021\/08\/PO_017_AMM20141130_3602_resize.jpg 756w, https:\/\/fotografiaportugal.pt\/site\/wp-content\/uploads\/2021\/08\/PO_017_AMM20141130_3602_resize-300x199.jpg 300w\" sizes=\"auto, (max-width: 300px) 100vw, 300px\" \/>\n\t\t<div class=\"figc no-description\">\n\t\t\t<div class=\"figc-inner\">\n\t\t\t\t\t\t\t\t\t\t\t\t\t\t\t<\/div>\n\t\t<\/div>\n\n\t<\/div>\n\n<\/div><div class=\"modula-item effect-pufrobo jtg-filter-all jtg-filter-\" >\n\t<div class=\"modula-item-overlay\"><\/div>\n\n\t<div class=\"modula-item-content\">\n\n\t\t<a data-image-id=\"10117\" role=\"button\" tabindex=\"0\" rel=\"jtg-10088\" data-caption=\"&lt;span class=&quot;modula-caption-description&quot;&gt;&lt;\/span&gt;\" aria-label=\"Open image in lightbox\" data-thumb=\"https:\/\/fotografiaportugal.pt\/site\/wp-content\/uploads\/2021\/08\/PO_018_AMM20141130_3615_resize-199x300.jpg\" class=\"tile-inner modula-item-link\"><\/a><img loading=\"lazy\" decoding=\"async\" class=\"pic wp-image-10117\"  data-valign=\"middle\" data-halign=\"center\" alt=\"\" data-full=\"https:\/\/fotografiaportugal.pt\/site\/wp-content\/uploads\/2021\/08\/PO_018_AMM20141130_3615_resize.jpg\" title=\"PO_018_AMM20141130_3615_resize\" crop=\"\" width=\"199\" height=\"300\" src=\"https:\/\/fotografiaportugal.pt\/site\/wp-content\/uploads\/2021\/08\/PO_018_AMM20141130_3615_resize-199x300.jpg\" data-src=\"https:\/\/fotografiaportugal.pt\/site\/wp-content\/uploads\/2021\/08\/PO_018_AMM20141130_3615_resize-199x300.jpg\" data-caption=\"\" srcset=\"https:\/\/fotografiaportugal.pt\/site\/wp-content\/uploads\/2021\/08\/PO_018_AMM20141130_3615_resize.jpg 522w, https:\/\/fotografiaportugal.pt\/site\/wp-content\/uploads\/2021\/08\/PO_018_AMM20141130_3615_resize-199x300.jpg 199w\" sizes=\"auto, (max-width: 199px) 100vw, 199px\" \/>\n\t\t<div class=\"figc no-description\">\n\t\t\t<div class=\"figc-inner\">\n\t\t\t\t\t\t\t\t\t\t\t\t\t\t\t<\/div>\n\t\t<\/div>\n\n\t<\/div>\n\n<\/div><div class=\"modula-item effect-pufrobo jtg-filter-all jtg-filter-\" >\n\t<div class=\"modula-item-overlay\"><\/div>\n\n\t<div class=\"modula-item-content\">\n\n\t\t<a data-image-id=\"10118\" role=\"button\" tabindex=\"0\" rel=\"jtg-10088\" data-caption=\"&lt;span class=&quot;modula-caption-description&quot;&gt;&lt;\/span&gt;\" aria-label=\"Open image in lightbox\" data-thumb=\"https:\/\/fotografiaportugal.pt\/site\/wp-content\/uploads\/2021\/08\/PO_019_AMM20141130_3641_resize-199x300.jpg\" class=\"tile-inner modula-item-link\"><\/a><img loading=\"lazy\" decoding=\"async\" class=\"pic wp-image-10118\"  data-valign=\"middle\" data-halign=\"center\" alt=\"\" data-full=\"https:\/\/fotografiaportugal.pt\/site\/wp-content\/uploads\/2021\/08\/PO_019_AMM20141130_3641_resize.jpg\" title=\"PO_019_AMM20141130_3641_resize\" crop=\"\" width=\"199\" height=\"300\" src=\"https:\/\/fotografiaportugal.pt\/site\/wp-content\/uploads\/2021\/08\/PO_019_AMM20141130_3641_resize-199x300.jpg\" data-src=\"https:\/\/fotografiaportugal.pt\/site\/wp-content\/uploads\/2021\/08\/PO_019_AMM20141130_3641_resize-199x300.jpg\" data-caption=\"\" srcset=\"https:\/\/fotografiaportugal.pt\/site\/wp-content\/uploads\/2021\/08\/PO_019_AMM20141130_3641_resize.jpg 548w, https:\/\/fotografiaportugal.pt\/site\/wp-content\/uploads\/2021\/08\/PO_019_AMM20141130_3641_resize-199x300.jpg 199w\" sizes=\"auto, (max-width: 199px) 100vw, 199px\" \/>\n\t\t<div class=\"figc no-description\">\n\t\t\t<div class=\"figc-inner\">\n\t\t\t\t\t\t\t\t\t\t\t\t\t\t\t<\/div>\n\t\t<\/div>\n\n\t<\/div>\n\n<\/div><div class=\"modula-item effect-pufrobo jtg-filter-all jtg-filter-\" >\n\t<div class=\"modula-item-overlay\"><\/div>\n\n\t<div class=\"modula-item-content\">\n\n\t\t<a data-image-id=\"10119\" role=\"button\" tabindex=\"0\" rel=\"jtg-10088\" data-caption=\"&lt;span class=&quot;modula-caption-description&quot;&gt;&lt;\/span&gt;\" aria-label=\"Open image in lightbox\" data-thumb=\"https:\/\/fotografiaportugal.pt\/site\/wp-content\/uploads\/2021\/08\/PO_020_AMM20141130_3654_resize-300x199.jpg\" class=\"tile-inner modula-item-link\"><\/a><img loading=\"lazy\" decoding=\"async\" class=\"pic wp-image-10119\"  data-valign=\"middle\" data-halign=\"center\" alt=\"\" data-full=\"https:\/\/fotografiaportugal.pt\/site\/wp-content\/uploads\/2021\/08\/PO_020_AMM20141130_3654_resize.jpg\" title=\"PO_020_AMM20141130_3654_resize\" crop=\"\" width=\"300\" height=\"199\" src=\"https:\/\/fotografiaportugal.pt\/site\/wp-content\/uploads\/2021\/08\/PO_020_AMM20141130_3654_resize-300x199.jpg\" data-src=\"https:\/\/fotografiaportugal.pt\/site\/wp-content\/uploads\/2021\/08\/PO_020_AMM20141130_3654_resize-300x199.jpg\" data-caption=\"\" srcset=\"https:\/\/fotografiaportugal.pt\/site\/wp-content\/uploads\/2021\/08\/PO_020_AMM20141130_3654_resize.jpg 795w, https:\/\/fotografiaportugal.pt\/site\/wp-content\/uploads\/2021\/08\/PO_020_AMM20141130_3654_resize-300x199.jpg 300w\" sizes=\"auto, (max-width: 300px) 100vw, 300px\" \/>\n\t\t<div class=\"figc no-description\">\n\t\t\t<div class=\"figc-inner\">\n\t\t\t\t\t\t\t\t\t\t\t\t\t\t\t<\/div>\n\t\t<\/div>\n\n\t<\/div>\n\n<\/div><div class=\"modula-item effect-pufrobo jtg-filter-all jtg-filter-\" >\n\t<div class=\"modula-item-overlay\"><\/div>\n\n\t<div class=\"modula-item-content\">\n\n\t\t<a data-image-id=\"10120\" role=\"button\" tabindex=\"0\" rel=\"jtg-10088\" data-caption=\"&lt;span class=&quot;modula-caption-description&quot;&gt;&lt;\/span&gt;\" aria-label=\"Open image in lightbox\" data-thumb=\"https:\/\/fotografiaportugal.pt\/site\/wp-content\/uploads\/2021\/08\/PO_021_AMM20141206_3714_resize-199x300.jpg\" class=\"tile-inner modula-item-link\"><\/a><img loading=\"lazy\" decoding=\"async\" class=\"pic wp-image-10120\"  data-valign=\"middle\" data-halign=\"center\" alt=\"\" data-full=\"https:\/\/fotografiaportugal.pt\/site\/wp-content\/uploads\/2021\/08\/PO_021_AMM20141206_3714_resize.jpg\" title=\"PO_021_AMM20141206_3714_resize\" crop=\"\" width=\"199\" height=\"300\" src=\"https:\/\/fotografiaportugal.pt\/site\/wp-content\/uploads\/2021\/08\/PO_021_AMM20141206_3714_resize-199x300.jpg\" data-src=\"https:\/\/fotografiaportugal.pt\/site\/wp-content\/uploads\/2021\/08\/PO_021_AMM20141206_3714_resize-199x300.jpg\" data-caption=\"\" srcset=\"https:\/\/fotografiaportugal.pt\/site\/wp-content\/uploads\/2021\/08\/PO_021_AMM20141206_3714_resize.jpg 527w, https:\/\/fotografiaportugal.pt\/site\/wp-content\/uploads\/2021\/08\/PO_021_AMM20141206_3714_resize-199x300.jpg 199w\" sizes=\"auto, (max-width: 199px) 100vw, 199px\" \/>\n\t\t<div class=\"figc no-description\">\n\t\t\t<div class=\"figc-inner\">\n\t\t\t\t\t\t\t\t\t\t\t\t\t\t\t<\/div>\n\t\t<\/div>\n\n\t<\/div>\n\n<\/div><div class=\"modula-item effect-pufrobo jtg-filter-all jtg-filter-\" >\n\t<div class=\"modula-item-overlay\"><\/div>\n\n\t<div class=\"modula-item-content\">\n\n\t\t<a data-image-id=\"10121\" role=\"button\" tabindex=\"0\" rel=\"jtg-10088\" data-caption=\"&lt;span class=&quot;modula-caption-description&quot;&gt;&lt;\/span&gt;\" aria-label=\"Open image in lightbox\" data-thumb=\"https:\/\/fotografiaportugal.pt\/site\/wp-content\/uploads\/2021\/08\/PO_022_AMM20141214_4030_resize-199x300.jpg\" class=\"tile-inner modula-item-link\"><\/a><img loading=\"lazy\" decoding=\"async\" class=\"pic wp-image-10121\"  data-valign=\"middle\" data-halign=\"center\" alt=\"\" data-full=\"https:\/\/fotografiaportugal.pt\/site\/wp-content\/uploads\/2021\/08\/PO_022_AMM20141214_4030_resize.jpg\" title=\"PO_022_AMM20141214_4030_resize\" crop=\"\" width=\"199\" height=\"300\" src=\"https:\/\/fotografiaportugal.pt\/site\/wp-content\/uploads\/2021\/08\/PO_022_AMM20141214_4030_resize-199x300.jpg\" data-src=\"https:\/\/fotografiaportugal.pt\/site\/wp-content\/uploads\/2021\/08\/PO_022_AMM20141214_4030_resize-199x300.jpg\" data-caption=\"\" srcset=\"https:\/\/fotografiaportugal.pt\/site\/wp-content\/uploads\/2021\/08\/PO_022_AMM20141214_4030_resize.jpg 516w, https:\/\/fotografiaportugal.pt\/site\/wp-content\/uploads\/2021\/08\/PO_022_AMM20141214_4030_resize-199x300.jpg 199w\" sizes=\"auto, (max-width: 199px) 100vw, 199px\" \/>\n\t\t<div class=\"figc no-description\">\n\t\t\t<div class=\"figc-inner\">\n\t\t\t\t\t\t\t\t\t\t\t\t\t\t\t<\/div>\n\t\t<\/div>\n\n\t<\/div>\n\n<\/div><div class=\"modula-item effect-pufrobo jtg-filter-all jtg-filter-\" >\n\t<div class=\"modula-item-overlay\"><\/div>\n\n\t<div class=\"modula-item-content\">\n\n\t\t<a data-image-id=\"10122\" role=\"button\" tabindex=\"0\" rel=\"jtg-10088\" data-caption=\"&lt;span class=&quot;modula-caption-description&quot;&gt;&lt;\/span&gt;\" aria-label=\"Open image in lightbox\" data-thumb=\"https:\/\/fotografiaportugal.pt\/site\/wp-content\/uploads\/2021\/08\/PO_023_AMM20141221_4129_resize-199x300.jpg\" class=\"tile-inner modula-item-link\"><\/a><img loading=\"lazy\" decoding=\"async\" class=\"pic wp-image-10122\"  data-valign=\"middle\" data-halign=\"center\" alt=\"\" data-full=\"https:\/\/fotografiaportugal.pt\/site\/wp-content\/uploads\/2021\/08\/PO_023_AMM20141221_4129_resize.jpg\" title=\"PO_023_AMM20141221_4129_resize\" crop=\"\" width=\"199\" height=\"300\" src=\"https:\/\/fotografiaportugal.pt\/site\/wp-content\/uploads\/2021\/08\/PO_023_AMM20141221_4129_resize-199x300.jpg\" data-src=\"https:\/\/fotografiaportugal.pt\/site\/wp-content\/uploads\/2021\/08\/PO_023_AMM20141221_4129_resize-199x300.jpg\" data-caption=\"\" srcset=\"https:\/\/fotografiaportugal.pt\/site\/wp-content\/uploads\/2021\/08\/PO_023_AMM20141221_4129_resize.jpg 544w, https:\/\/fotografiaportugal.pt\/site\/wp-content\/uploads\/2021\/08\/PO_023_AMM20141221_4129_resize-199x300.jpg 199w\" sizes=\"auto, (max-width: 199px) 100vw, 199px\" \/>\n\t\t<div class=\"figc no-description\">\n\t\t\t<div class=\"figc-inner\">\n\t\t\t\t\t\t\t\t\t\t\t\t\t\t\t<\/div>\n\t\t<\/div>\n\n\t<\/div>\n\n<\/div><div class=\"modula-item effect-pufrobo jtg-filter-all jtg-filter-\" >\n\t<div class=\"modula-item-overlay\"><\/div>\n\n\t<div class=\"modula-item-content\">\n\n\t\t<a data-image-id=\"10123\" role=\"button\" tabindex=\"0\" rel=\"jtg-10088\" data-caption=\"&lt;span class=&quot;modula-caption-description&quot;&gt;&lt;\/span&gt;\" aria-label=\"Open image in lightbox\" data-thumb=\"https:\/\/fotografiaportugal.pt\/site\/wp-content\/uploads\/2021\/08\/PO_024_AMM20150101_4160_resize-199x300.jpg\" class=\"tile-inner modula-item-link\"><\/a><img loading=\"lazy\" decoding=\"async\" class=\"pic wp-image-10123\"  data-valign=\"middle\" data-halign=\"center\" alt=\"\" data-full=\"https:\/\/fotografiaportugal.pt\/site\/wp-content\/uploads\/2021\/08\/PO_024_AMM20150101_4160_resize.jpg\" title=\"PO_024_AMM20150101_4160_resize\" crop=\"\" width=\"199\" height=\"300\" src=\"https:\/\/fotografiaportugal.pt\/site\/wp-content\/uploads\/2021\/08\/PO_024_AMM20150101_4160_resize-199x300.jpg\" data-src=\"https:\/\/fotografiaportugal.pt\/site\/wp-content\/uploads\/2021\/08\/PO_024_AMM20150101_4160_resize-199x300.jpg\" data-caption=\"\" srcset=\"https:\/\/fotografiaportugal.pt\/site\/wp-content\/uploads\/2021\/08\/PO_024_AMM20150101_4160_resize.jpg 443w, https:\/\/fotografiaportugal.pt\/site\/wp-content\/uploads\/2021\/08\/PO_024_AMM20150101_4160_resize-199x300.jpg 199w\" sizes=\"auto, (max-width: 199px) 100vw, 199px\" \/>\n\t\t<div class=\"figc no-description\">\n\t\t\t<div class=\"figc-inner\">\n\t\t\t\t\t\t\t\t\t\t\t\t\t\t\t<\/div>\n\t\t<\/div>\n\n\t<\/div>\n\n<\/div><div class=\"modula-item effect-pufrobo jtg-filter-all jtg-filter-\" >\n\t<div class=\"modula-item-overlay\"><\/div>\n\n\t<div class=\"modula-item-content\">\n\n\t\t<a data-image-id=\"10124\" role=\"button\" tabindex=\"0\" rel=\"jtg-10088\" data-caption=\"&lt;span class=&quot;modula-caption-description&quot;&gt;&lt;\/span&gt;\" aria-label=\"Open image in lightbox\" data-thumb=\"https:\/\/fotografiaportugal.pt\/site\/wp-content\/uploads\/2021\/08\/PO_025_AMM20150109_35_resize-225x300.jpg\" class=\"tile-inner modula-item-link\"><\/a><img loading=\"lazy\" decoding=\"async\" class=\"pic wp-image-10124\"  data-valign=\"middle\" data-halign=\"center\" alt=\"\" data-full=\"https:\/\/fotografiaportugal.pt\/site\/wp-content\/uploads\/2021\/08\/PO_025_AMM20150109_35_resize.jpg\" title=\"PO_025_AMM20150109_35_resize\" crop=\"\" width=\"225\" height=\"300\" src=\"https:\/\/fotografiaportugal.pt\/site\/wp-content\/uploads\/2021\/08\/PO_025_AMM20150109_35_resize-225x300.jpg\" data-src=\"https:\/\/fotografiaportugal.pt\/site\/wp-content\/uploads\/2021\/08\/PO_025_AMM20150109_35_resize-225x300.jpg\" data-caption=\"\" srcset=\"https:\/\/fotografiaportugal.pt\/site\/wp-content\/uploads\/2021\/08\/PO_025_AMM20150109_35_resize.jpg 490w, https:\/\/fotografiaportugal.pt\/site\/wp-content\/uploads\/2021\/08\/PO_025_AMM20150109_35_resize-225x300.jpg 225w\" sizes=\"auto, (max-width: 225px) 100vw, 225px\" \/>\n\t\t<div class=\"figc no-description\">\n\t\t\t<div class=\"figc-inner\">\n\t\t\t\t\t\t\t\t\t\t\t\t\t\t\t<\/div>\n\t\t<\/div>\n\n\t<\/div>\n\n<\/div><div class=\"modula-item effect-pufrobo jtg-filter-all jtg-filter-\" >\n\t<div class=\"modula-item-overlay\"><\/div>\n\n\t<div class=\"modula-item-content\">\n\n\t\t<a data-image-id=\"10125\" role=\"button\" tabindex=\"0\" rel=\"jtg-10088\" data-caption=\"&lt;span class=&quot;modula-caption-description&quot;&gt;&lt;\/span&gt;\" aria-label=\"Open image in lightbox\" data-thumb=\"https:\/\/fotografiaportugal.pt\/site\/wp-content\/uploads\/2021\/08\/PO_026_AMM20150109_49_resize-300x225.jpg\" class=\"tile-inner modula-item-link\"><\/a><img loading=\"lazy\" decoding=\"async\" class=\"pic wp-image-10125\"  data-valign=\"middle\" data-halign=\"center\" alt=\"\" data-full=\"https:\/\/fotografiaportugal.pt\/site\/wp-content\/uploads\/2021\/08\/PO_026_AMM20150109_49_resize.jpg\" title=\"PO_026_AMM20150109_49_resize\" crop=\"\" width=\"300\" height=\"225\" src=\"https:\/\/fotografiaportugal.pt\/site\/wp-content\/uploads\/2021\/08\/PO_026_AMM20150109_49_resize-300x225.jpg\" data-src=\"https:\/\/fotografiaportugal.pt\/site\/wp-content\/uploads\/2021\/08\/PO_026_AMM20150109_49_resize-300x225.jpg\" data-caption=\"\" srcset=\"https:\/\/fotografiaportugal.pt\/site\/wp-content\/uploads\/2021\/08\/PO_026_AMM20150109_49_resize.jpg 653w, https:\/\/fotografiaportugal.pt\/site\/wp-content\/uploads\/2021\/08\/PO_026_AMM20150109_49_resize-300x225.jpg 300w\" sizes=\"auto, (max-width: 300px) 100vw, 300px\" \/>\n\t\t<div class=\"figc no-description\">\n\t\t\t<div class=\"figc-inner\">\n\t\t\t\t\t\t\t\t\t\t\t\t\t\t\t<\/div>\n\t\t<\/div>\n\n\t<\/div>\n\n<\/div><div class=\"modula-item effect-pufrobo jtg-filter-all jtg-filter-\" >\n\t<div class=\"modula-item-overlay\"><\/div>\n\n\t<div class=\"modula-item-content\">\n\n\t\t<a data-image-id=\"10128\" role=\"button\" tabindex=\"0\" rel=\"jtg-10088\" data-caption=\"&lt;span class=&quot;modula-caption-description&quot;&gt;&lt;\/span&gt;\" aria-label=\"Open image in lightbox\" data-thumb=\"https:\/\/fotografiaportugal.pt\/site\/wp-content\/uploads\/2021\/08\/PO_027_AMM20150109_51_resize-1-225x300.jpg\" class=\"tile-inner modula-item-link\"><\/a><img loading=\"lazy\" decoding=\"async\" class=\"pic wp-image-10128\"  data-valign=\"middle\" data-halign=\"center\" alt=\"\" data-full=\"https:\/\/fotografiaportugal.pt\/site\/wp-content\/uploads\/2021\/08\/PO_027_AMM20150109_51_resize-1.jpg\" title=\"PO_027_AMM20150109_51_resize\" crop=\"\" width=\"225\" height=\"300\" src=\"https:\/\/fotografiaportugal.pt\/site\/wp-content\/uploads\/2021\/08\/PO_027_AMM20150109_51_resize-1-225x300.jpg\" data-src=\"https:\/\/fotografiaportugal.pt\/site\/wp-content\/uploads\/2021\/08\/PO_027_AMM20150109_51_resize-1-225x300.jpg\" data-caption=\"\" srcset=\"https:\/\/fotografiaportugal.pt\/site\/wp-content\/uploads\/2021\/08\/PO_027_AMM20150109_51_resize-1.jpg 490w, https:\/\/fotografiaportugal.pt\/site\/wp-content\/uploads\/2021\/08\/PO_027_AMM20150109_51_resize-1-225x300.jpg 225w\" sizes=\"auto, (max-width: 225px) 100vw, 225px\" \/>\n\t\t<div class=\"figc no-description\">\n\t\t\t<div class=\"figc-inner\">\n\t\t\t\t\t\t\t\t\t\t\t\t\t\t\t<\/div>\n\t\t<\/div>\n\n\t<\/div>\n\n<\/div><div class=\"modula-item effect-pufrobo jtg-filter-all jtg-filter-\" >\n\t<div class=\"modula-item-overlay\"><\/div>\n\n\t<div class=\"modula-item-content\">\n\n\t\t<a data-image-id=\"10129\" role=\"button\" tabindex=\"0\" rel=\"jtg-10088\" data-caption=\"&lt;span class=&quot;modula-caption-description&quot;&gt;&lt;\/span&gt;\" aria-label=\"Open image in lightbox\" data-thumb=\"https:\/\/fotografiaportugal.pt\/site\/wp-content\/uploads\/2021\/08\/PO_028_AMM20150117_4351_resize-300x199.jpg\" class=\"tile-inner modula-item-link\"><\/a><img loading=\"lazy\" decoding=\"async\" class=\"pic wp-image-10129\"  data-valign=\"middle\" data-halign=\"center\" alt=\"\" data-full=\"https:\/\/fotografiaportugal.pt\/site\/wp-content\/uploads\/2021\/08\/PO_028_AMM20150117_4351_resize.jpg\" title=\"PO_028_AMM20150117_4351_resize\" crop=\"\" width=\"300\" height=\"199\" src=\"https:\/\/fotografiaportugal.pt\/site\/wp-content\/uploads\/2021\/08\/PO_028_AMM20150117_4351_resize-300x199.jpg\" data-src=\"https:\/\/fotografiaportugal.pt\/site\/wp-content\/uploads\/2021\/08\/PO_028_AMM20150117_4351_resize-300x199.jpg\" data-caption=\"\" srcset=\"https:\/\/fotografiaportugal.pt\/site\/wp-content\/uploads\/2021\/08\/PO_028_AMM20150117_4351_resize.jpg 768w, https:\/\/fotografiaportugal.pt\/site\/wp-content\/uploads\/2021\/08\/PO_028_AMM20150117_4351_resize-300x199.jpg 300w\" sizes=\"auto, (max-width: 300px) 100vw, 300px\" \/>\n\t\t<div class=\"figc no-description\">\n\t\t\t<div class=\"figc-inner\">\n\t\t\t\t\t\t\t\t\t\t\t\t\t\t\t<\/div>\n\t\t<\/div>\n\n\t<\/div>\n\n<\/div><div class=\"modula-item effect-pufrobo jtg-filter-all jtg-filter-\" >\n\t<div class=\"modula-item-overlay\"><\/div>\n\n\t<div class=\"modula-item-content\">\n\n\t\t<a data-image-id=\"10130\" role=\"button\" tabindex=\"0\" rel=\"jtg-10088\" data-caption=\"&lt;span class=&quot;modula-caption-description&quot;&gt;&lt;\/span&gt;\" aria-label=\"Open image in lightbox\" data-thumb=\"https:\/\/fotografiaportugal.pt\/site\/wp-content\/uploads\/2021\/08\/PO_029_AMM20150923_7187_resize-300x200.jpg\" class=\"tile-inner modula-item-link\"><\/a><img loading=\"lazy\" decoding=\"async\" class=\"pic wp-image-10130\"  data-valign=\"middle\" data-halign=\"center\" alt=\"\" data-full=\"https:\/\/fotografiaportugal.pt\/site\/wp-content\/uploads\/2021\/08\/PO_029_AMM20150923_7187_resize.jpg\" title=\"PO_029_AMM20150923_7187_resize\" crop=\"\" width=\"300\" height=\"200\" src=\"https:\/\/fotografiaportugal.pt\/site\/wp-content\/uploads\/2021\/08\/PO_029_AMM20150923_7187_resize-300x200.jpg\" data-src=\"https:\/\/fotografiaportugal.pt\/site\/wp-content\/uploads\/2021\/08\/PO_029_AMM20150923_7187_resize-300x200.jpg\" data-caption=\"\" srcset=\"https:\/\/fotografiaportugal.pt\/site\/wp-content\/uploads\/2021\/08\/PO_029_AMM20150923_7187_resize.jpg 1203w, https:\/\/fotografiaportugal.pt\/site\/wp-content\/uploads\/2021\/08\/PO_029_AMM20150923_7187_resize-300x200.jpg 300w, https:\/\/fotografiaportugal.pt\/site\/wp-content\/uploads\/2021\/08\/PO_029_AMM20150923_7187_resize-1024x684.jpg 1024w\" sizes=\"auto, (max-width: 300px) 100vw, 300px\" \/>\n\t\t<div class=\"figc no-description\">\n\t\t\t<div class=\"figc-inner\">\n\t\t\t\t\t\t\t\t\t\t\t\t\t\t\t<\/div>\n\t\t<\/div>\n\n\t<\/div>\n\n<\/div><div class=\"modula-item effect-pufrobo jtg-filter-all jtg-filter-\" >\n\t<div class=\"modula-item-overlay\"><\/div>\n\n\t<div class=\"modula-item-content\">\n\n\t\t<a data-image-id=\"10131\" role=\"button\" tabindex=\"0\" rel=\"jtg-10088\" data-caption=\"&lt;span class=&quot;modula-caption-description&quot;&gt;&lt;\/span&gt;\" aria-label=\"Open image in lightbox\" data-thumb=\"https:\/\/fotografiaportugal.pt\/site\/wp-content\/uploads\/2021\/08\/PO_030_AMM20151012_7379-2_resize-200x300.jpg\" class=\"tile-inner modula-item-link\"><\/a><img loading=\"lazy\" decoding=\"async\" class=\"pic wp-image-10131\"  data-valign=\"middle\" data-halign=\"center\" alt=\"\" data-full=\"https:\/\/fotografiaportugal.pt\/site\/wp-content\/uploads\/2021\/08\/PO_030_AMM20151012_7379-2_resize.jpg\" title=\"PO_030_AMM20151012_7379-2_resize\" crop=\"\" width=\"200\" height=\"300\" src=\"https:\/\/fotografiaportugal.pt\/site\/wp-content\/uploads\/2021\/08\/PO_030_AMM20151012_7379-2_resize-200x300.jpg\" data-src=\"https:\/\/fotografiaportugal.pt\/site\/wp-content\/uploads\/2021\/08\/PO_030_AMM20151012_7379-2_resize-200x300.jpg\" data-caption=\"\" srcset=\"https:\/\/fotografiaportugal.pt\/site\/wp-content\/uploads\/2021\/08\/PO_030_AMM20151012_7379-2_resize.jpg 555w, https:\/\/fotografiaportugal.pt\/site\/wp-content\/uploads\/2021\/08\/PO_030_AMM20151012_7379-2_resize-200x300.jpg 200w\" sizes=\"auto, (max-width: 200px) 100vw, 200px\" \/>\n\t\t<div class=\"figc no-description\">\n\t\t\t<div class=\"figc-inner\">\n\t\t\t\t\t\t\t\t\t\t\t\t\t\t\t<\/div>\n\t\t<\/div>\n\n\t<\/div>\n\n<\/div><div class=\"modula-item effect-pufrobo jtg-filter-all jtg-filter-\" >\n\t<div class=\"modula-item-overlay\"><\/div>\n\n\t<div class=\"modula-item-content\">\n\n\t\t<a data-image-id=\"10132\" role=\"button\" tabindex=\"0\" rel=\"jtg-10088\" data-caption=\"&lt;span class=&quot;modula-caption-description&quot;&gt;&lt;\/span&gt;\" aria-label=\"Open image in lightbox\" data-thumb=\"https:\/\/fotografiaportugal.pt\/site\/wp-content\/uploads\/2021\/08\/PO_031_AMM20151012_7392-2_resize-200x300.jpg\" class=\"tile-inner modula-item-link\"><\/a><img loading=\"lazy\" decoding=\"async\" class=\"pic wp-image-10132\"  data-valign=\"middle\" data-halign=\"center\" alt=\"\" data-full=\"https:\/\/fotografiaportugal.pt\/site\/wp-content\/uploads\/2021\/08\/PO_031_AMM20151012_7392-2_resize.jpg\" title=\"PO_031_AMM20151012_7392-2_resize\" crop=\"\" width=\"200\" height=\"300\" src=\"https:\/\/fotografiaportugal.pt\/site\/wp-content\/uploads\/2021\/08\/PO_031_AMM20151012_7392-2_resize-200x300.jpg\" data-src=\"https:\/\/fotografiaportugal.pt\/site\/wp-content\/uploads\/2021\/08\/PO_031_AMM20151012_7392-2_resize-200x300.jpg\" data-caption=\"\" srcset=\"https:\/\/fotografiaportugal.pt\/site\/wp-content\/uploads\/2021\/08\/PO_031_AMM20151012_7392-2_resize.jpg 648w, https:\/\/fotografiaportugal.pt\/site\/wp-content\/uploads\/2021\/08\/PO_031_AMM20151012_7392-2_resize-200x300.jpg 200w\" sizes=\"auto, (max-width: 200px) 100vw, 200px\" \/>\n\t\t<div class=\"figc no-description\">\n\t\t\t<div class=\"figc-inner\">\n\t\t\t\t\t\t\t\t\t\t\t\t\t\t\t<\/div>\n\t\t<\/div>\n\n\t<\/div>\n\n<\/div><div class=\"modula-item effect-pufrobo jtg-filter-all jtg-filter-\" >\n\t<div class=\"modula-item-overlay\"><\/div>\n\n\t<div class=\"modula-item-content\">\n\n\t\t<a data-image-id=\"10133\" role=\"button\" tabindex=\"0\" rel=\"jtg-10088\" data-caption=\"&lt;span class=&quot;modula-caption-description&quot;&gt;&lt;\/span&gt;\" aria-label=\"Open image in lightbox\" data-thumb=\"https:\/\/fotografiaportugal.pt\/site\/wp-content\/uploads\/2021\/08\/PO_032_AMM20151017_1696_resize-225x300.jpg\" class=\"tile-inner modula-item-link\"><\/a><img loading=\"lazy\" decoding=\"async\" class=\"pic wp-image-10133\"  data-valign=\"middle\" data-halign=\"center\" alt=\"\" data-full=\"https:\/\/fotografiaportugal.pt\/site\/wp-content\/uploads\/2021\/08\/PO_032_AMM20151017_1696_resize.jpg\" title=\"PO_032_AMM20151017_1696_resize\" crop=\"\" width=\"225\" height=\"300\" src=\"https:\/\/fotografiaportugal.pt\/site\/wp-content\/uploads\/2021\/08\/PO_032_AMM20151017_1696_resize-225x300.jpg\" data-src=\"https:\/\/fotografiaportugal.pt\/site\/wp-content\/uploads\/2021\/08\/PO_032_AMM20151017_1696_resize-225x300.jpg\" data-caption=\"\" srcset=\"https:\/\/fotografiaportugal.pt\/site\/wp-content\/uploads\/2021\/08\/PO_032_AMM20151017_1696_resize.jpg 560w, https:\/\/fotografiaportugal.pt\/site\/wp-content\/uploads\/2021\/08\/PO_032_AMM20151017_1696_resize-225x300.jpg 225w\" sizes=\"auto, (max-width: 225px) 100vw, 225px\" \/>\n\t\t<div class=\"figc no-description\">\n\t\t\t<div class=\"figc-inner\">\n\t\t\t\t\t\t\t\t\t\t\t\t\t\t\t<\/div>\n\t\t<\/div>\n\n\t<\/div>\n\n<\/div><div class=\"modula-item effect-pufrobo jtg-filter-all jtg-filter-\" >\n\t<div class=\"modula-item-overlay\"><\/div>\n\n\t<div class=\"modula-item-content\">\n\n\t\t<a data-image-id=\"10134\" role=\"button\" tabindex=\"0\" rel=\"jtg-10088\" data-caption=\"&lt;span class=&quot;modula-caption-description&quot;&gt;&lt;\/span&gt;\" aria-label=\"Open image in lightbox\" data-thumb=\"https:\/\/fotografiaportugal.pt\/site\/wp-content\/uploads\/2021\/08\/PO_033_AMM20151022_7436_resize-300x200.jpg\" class=\"tile-inner modula-item-link\"><\/a><img loading=\"lazy\" decoding=\"async\" class=\"pic wp-image-10134\"  data-valign=\"middle\" data-halign=\"center\" alt=\"\" data-full=\"https:\/\/fotografiaportugal.pt\/site\/wp-content\/uploads\/2021\/08\/PO_033_AMM20151022_7436_resize.jpg\" title=\"PO_033_AMM20151022_7436_resize\" crop=\"\" width=\"300\" height=\"200\" src=\"https:\/\/fotografiaportugal.pt\/site\/wp-content\/uploads\/2021\/08\/PO_033_AMM20151022_7436_resize-300x200.jpg\" data-src=\"https:\/\/fotografiaportugal.pt\/site\/wp-content\/uploads\/2021\/08\/PO_033_AMM20151022_7436_resize-300x200.jpg\" data-caption=\"\" srcset=\"https:\/\/fotografiaportugal.pt\/site\/wp-content\/uploads\/2021\/08\/PO_033_AMM20151022_7436_resize.jpg 1203w, https:\/\/fotografiaportugal.pt\/site\/wp-content\/uploads\/2021\/08\/PO_033_AMM20151022_7436_resize-300x200.jpg 300w, https:\/\/fotografiaportugal.pt\/site\/wp-content\/uploads\/2021\/08\/PO_033_AMM20151022_7436_resize-1024x684.jpg 1024w\" sizes=\"auto, (max-width: 300px) 100vw, 300px\" \/>\n\t\t<div class=\"figc no-description\">\n\t\t\t<div class=\"figc-inner\">\n\t\t\t\t\t\t\t\t\t\t\t\t\t\t\t<\/div>\n\t\t<\/div>\n\n\t<\/div>\n\n<\/div><div class=\"modula-item effect-pufrobo jtg-filter-all jtg-filter-\" >\n\t<div class=\"modula-item-overlay\"><\/div>\n\n\t<div class=\"modula-item-content\">\n\n\t\t<a data-image-id=\"10135\" role=\"button\" tabindex=\"0\" rel=\"jtg-10088\" data-caption=\"&lt;span class=&quot;modula-caption-description&quot;&gt;&lt;\/span&gt;\" aria-label=\"Open image in lightbox\" data-thumb=\"https:\/\/fotografiaportugal.pt\/site\/wp-content\/uploads\/2021\/08\/PO_034_AMM20151031_7595_resize-200x300.jpg\" class=\"tile-inner modula-item-link\"><\/a><img loading=\"lazy\" decoding=\"async\" class=\"pic wp-image-10135\"  data-valign=\"middle\" data-halign=\"center\" alt=\"\" data-full=\"https:\/\/fotografiaportugal.pt\/site\/wp-content\/uploads\/2021\/08\/PO_034_AMM20151031_7595_resize.jpg\" title=\"PO_034_AMM20151031_7595_resize\" crop=\"\" width=\"200\" height=\"300\" src=\"https:\/\/fotografiaportugal.pt\/site\/wp-content\/uploads\/2021\/08\/PO_034_AMM20151031_7595_resize-200x300.jpg\" data-src=\"https:\/\/fotografiaportugal.pt\/site\/wp-content\/uploads\/2021\/08\/PO_034_AMM20151031_7595_resize-200x300.jpg\" data-caption=\"\" srcset=\"https:\/\/fotografiaportugal.pt\/site\/wp-content\/uploads\/2021\/08\/PO_034_AMM20151031_7595_resize.jpg 803w, https:\/\/fotografiaportugal.pt\/site\/wp-content\/uploads\/2021\/08\/PO_034_AMM20151031_7595_resize-200x300.jpg 200w, https:\/\/fotografiaportugal.pt\/site\/wp-content\/uploads\/2021\/08\/PO_034_AMM20151031_7595_resize-684x1024.jpg 684w\" sizes=\"auto, (max-width: 200px) 100vw, 200px\" \/>\n\t\t<div class=\"figc no-description\">\n\t\t\t<div class=\"figc-inner\">\n\t\t\t\t\t\t\t\t\t\t\t\t\t\t\t<\/div>\n\t\t<\/div>\n\n\t<\/div>\n\n<\/div><div class=\"modula-item effect-pufrobo jtg-filter-all jtg-filter-\" >\n\t<div class=\"modula-item-overlay\"><\/div>\n\n\t<div class=\"modula-item-content\">\n\n\t\t<a data-image-id=\"10136\" role=\"button\" tabindex=\"0\" rel=\"jtg-10088\" data-caption=\"&lt;span class=&quot;modula-caption-description&quot;&gt;&lt;\/span&gt;\" aria-label=\"Open image in lightbox\" data-thumb=\"https:\/\/fotografiaportugal.pt\/site\/wp-content\/uploads\/2021\/08\/PO_035_AMM20151031_7600_resize-200x300.jpg\" class=\"tile-inner modula-item-link\"><\/a><img loading=\"lazy\" decoding=\"async\" class=\"pic wp-image-10136\"  data-valign=\"middle\" data-halign=\"center\" alt=\"\" data-full=\"https:\/\/fotografiaportugal.pt\/site\/wp-content\/uploads\/2021\/08\/PO_035_AMM20151031_7600_resize.jpg\" title=\"PO_035_AMM20151031_7600_resize\" crop=\"\" width=\"200\" height=\"300\" src=\"https:\/\/fotografiaportugal.pt\/site\/wp-content\/uploads\/2021\/08\/PO_035_AMM20151031_7600_resize-200x300.jpg\" data-src=\"https:\/\/fotografiaportugal.pt\/site\/wp-content\/uploads\/2021\/08\/PO_035_AMM20151031_7600_resize-200x300.jpg\" data-caption=\"\" srcset=\"https:\/\/fotografiaportugal.pt\/site\/wp-content\/uploads\/2021\/08\/PO_035_AMM20151031_7600_resize.jpg 719w, https:\/\/fotografiaportugal.pt\/site\/wp-content\/uploads\/2021\/08\/PO_035_AMM20151031_7600_resize-200x300.jpg 200w, https:\/\/fotografiaportugal.pt\/site\/wp-content\/uploads\/2021\/08\/PO_035_AMM20151031_7600_resize-683x1024.jpg 683w\" sizes=\"auto, (max-width: 200px) 100vw, 200px\" \/>\n\t\t<div class=\"figc no-description\">\n\t\t\t<div class=\"figc-inner\">\n\t\t\t\t\t\t\t\t\t\t\t\t\t\t\t<\/div>\n\t\t<\/div>\n\n\t<\/div>\n\n<\/div><div class=\"modula-item effect-pufrobo jtg-filter-all jtg-filter-\" >\n\t<div class=\"modula-item-overlay\"><\/div>\n\n\t<div class=\"modula-item-content\">\n\n\t\t<a data-image-id=\"10137\" role=\"button\" tabindex=\"0\" rel=\"jtg-10088\" data-caption=\"&lt;span class=&quot;modula-caption-description&quot;&gt;&lt;\/span&gt;\" aria-label=\"Open image in lightbox\" data-thumb=\"https:\/\/fotografiaportugal.pt\/site\/wp-content\/uploads\/2021\/08\/PO_036_AMM20151031_7640_resize-300x200.jpg\" class=\"tile-inner modula-item-link\"><\/a><img loading=\"lazy\" decoding=\"async\" class=\"pic wp-image-10137\"  data-valign=\"middle\" data-halign=\"center\" alt=\"\" data-full=\"https:\/\/fotografiaportugal.pt\/site\/wp-content\/uploads\/2021\/08\/PO_036_AMM20151031_7640_resize.jpg\" title=\"PO_036_AMM20151031_7640_resize\" crop=\"\" width=\"300\" height=\"200\" src=\"https:\/\/fotografiaportugal.pt\/site\/wp-content\/uploads\/2021\/08\/PO_036_AMM20151031_7640_resize-300x200.jpg\" data-src=\"https:\/\/fotografiaportugal.pt\/site\/wp-content\/uploads\/2021\/08\/PO_036_AMM20151031_7640_resize-300x200.jpg\" data-caption=\"\" srcset=\"https:\/\/fotografiaportugal.pt\/site\/wp-content\/uploads\/2021\/08\/PO_036_AMM20151031_7640_resize.jpg 1124w, https:\/\/fotografiaportugal.pt\/site\/wp-content\/uploads\/2021\/08\/PO_036_AMM20151031_7640_resize-300x200.jpg 300w, https:\/\/fotografiaportugal.pt\/site\/wp-content\/uploads\/2021\/08\/PO_036_AMM20151031_7640_resize-1024x684.jpg 1024w\" sizes=\"auto, (max-width: 300px) 100vw, 300px\" \/>\n\t\t<div class=\"figc no-description\">\n\t\t\t<div class=\"figc-inner\">\n\t\t\t\t\t\t\t\t\t\t\t\t\t\t\t<\/div>\n\t\t<\/div>\n\n\t<\/div>\n\n<\/div><div class=\"modula-item effect-pufrobo jtg-filter-all jtg-filter-\" >\n\t<div class=\"modula-item-overlay\"><\/div>\n\n\t<div class=\"modula-item-content\">\n\n\t\t<a data-image-id=\"10138\" role=\"button\" tabindex=\"0\" rel=\"jtg-10088\" data-caption=\"&lt;span class=&quot;modula-caption-description&quot;&gt;&lt;\/span&gt;\" aria-label=\"Open image in lightbox\" data-thumb=\"https:\/\/fotografiaportugal.pt\/site\/wp-content\/uploads\/2021\/08\/PO_037_AMM20151031_7687_resize-200x300.jpg\" class=\"tile-inner modula-item-link\"><\/a><img loading=\"lazy\" decoding=\"async\" class=\"pic wp-image-10138\"  data-valign=\"middle\" data-halign=\"center\" alt=\"\" data-full=\"https:\/\/fotografiaportugal.pt\/site\/wp-content\/uploads\/2021\/08\/PO_037_AMM20151031_7687_resize.jpg\" title=\"PO_037_AMM20151031_7687_resize\" crop=\"\" width=\"200\" height=\"300\" src=\"https:\/\/fotografiaportugal.pt\/site\/wp-content\/uploads\/2021\/08\/PO_037_AMM20151031_7687_resize-200x300.jpg\" data-src=\"https:\/\/fotografiaportugal.pt\/site\/wp-content\/uploads\/2021\/08\/PO_037_AMM20151031_7687_resize-200x300.jpg\" data-caption=\"\" srcset=\"https:\/\/fotografiaportugal.pt\/site\/wp-content\/uploads\/2021\/08\/PO_037_AMM20151031_7687_resize.jpg 520w, https:\/\/fotografiaportugal.pt\/site\/wp-content\/uploads\/2021\/08\/PO_037_AMM20151031_7687_resize-200x300.jpg 200w\" sizes=\"auto, (max-width: 200px) 100vw, 200px\" \/>\n\t\t<div class=\"figc no-description\">\n\t\t\t<div class=\"figc-inner\">\n\t\t\t\t\t\t\t\t\t\t\t\t\t\t\t<\/div>\n\t\t<\/div>\n\n\t<\/div>\n\n<\/div>\t\t\n\t<\/div>\n\n\t\n\t\n\t<script type=\"application\/ld+json\">\n\t{\n\t\t\"@context\": \"http:\/\/schema.org\",\n\t\t\"@type\"   : \"ImageGallery\",\n\t\t\"id\"      : \"https:\/\/fotografiaportugal.pt\/site\/exposicoes\/pequenos-outonos\/\",\n\t\t\"url\"     : \"https:\/\/fotografiaportugal.pt\/site\/exposicoes\/pequenos-outonos\/\"\n\t}\n\n\t<\/script>\n\n\t\n<\/div>\n\n<p><strong>Fot\u00f3grafa \/ Photographer<\/strong><\/p>\n<p><a href=\"https:\/\/www.facebook.com\/anamestrephotographia\/\" target=\"_blank\" rel=\"noopener noreferrer\"><img loading=\"lazy\" decoding=\"async\" class=\"alignnone size-full wp-image-1249\" src=\"https:\/\/fotografiaportugal.pt\/site\/wp-content\/uploads\/2015\/10\/Logo-AnaMestrePhotographia.png\" alt=\"Logo AnaMestrePhotographia\" width=\"200\" height=\"197\" srcset=\"https:\/\/fotografiaportugal.pt\/site\/wp-content\/uploads\/2015\/10\/Logo-AnaMestrePhotographia.png 200w, https:\/\/fotografiaportugal.pt\/site\/wp-content\/uploads\/2015\/10\/Logo-AnaMestrePhotographia-100x100.png 100w\" sizes=\"auto, (max-width: 200px) 100vw, 200px\" \/><\/a><\/p>\n<p><a href=\"https:\/\/www.facebook.com\/anamestrephotographia\/\" target=\"_blank\" rel=\"noopener noreferrer\">Ana Mestre<\/a> nasceu em \u00c9vora em Fevereiro de 1985. Foi desde sempre uma apaixonada pelas artes e pela natureza, tendo-se formado em Arquitectura Paisagista. A fotografia apareceu na sua vida muito cedo, mas apenas em 2006 resolveu investir mais nesta paix\u00e3o e come\u00e7ou a frequentar cursos de fotografia de est\u00fadio, paisagem, edi\u00e7\u00e3o de imagem e fotojornalismo. Hoje em dia desenvolve trabalhos em regime freelancer e \u00e9 formadora em workshops de inicia\u00e7\u00e3o \u00e0 fotografia. Venceu, em 2015 o 3\u00ba pr\u00e9mio da Maratona Fotogr\u00e1fica da FNAC Lisboa e, em 2014, o 2\u00ba pr\u00e9mio na Maratona Fotogr\u00e1fica FNAC\/Aeroporto, na mesma cidade. Venceu ainda, em 2010, o 1\u00ba pr\u00e9mio do concurso \u201cPikeo-Paix\u00e3o por Portugal\u201d.\u00a0<a href=\"https:\/\/www.facebook.com\/anamestrephotographia\/\" target=\"_blank\" rel=\"noopener noreferrer\">Ana Mestre<\/a>\u00a0\u00e9 ainda a autora das exposi\u00e7\u00f5es &#8220;<a href=\"https:\/\/fotografiaportugal.pt\/site\/exposicoes\/fotograficamente\/\">Fotografica<strong><em>mente<\/em><\/strong><\/a>&#8220;, uma exposi\u00e7\u00e3o de fotografia que ilustra muitos n\u00fameros estat\u00edsticos que nos v\u00e3o chegando sobre a situa\u00e7\u00e3o da sa\u00fade mental em Portugal&#8230; e de &#8220;<a href=\"https:\/\/fotografiaportugal.pt\/site\/exposicoes\/pequenos-outonos\/\">Pequenos Outonos<\/a>&#8220;, uma exposi\u00e7\u00e3o sobre o Outono e as mudan\u00e7as que ocorrem na natureza nesta esta\u00e7\u00e3o que, apesar do frio que se come\u00e7a a sentir, se pinta de cores quentes e transforma as nossas paisagens.\u00a0<a href=\"https:\/\/www.facebook.com\/anamestrephotographia\/\" target=\"_blank\" rel=\"noopener noreferrer\">Ana Mestre<\/a>\u00a0\u00e9 tamb\u00e9m colaboradora <a href=\"https:\/\/fotografiaportugal.pt\/site\/\">FOTOGRAFIA PORTUGAL<\/a> na rubrica <a href=\"https:\/\/fotografiaportugal.pt\/site\/dicas\/dicas-de-fotografia\/\">Dicas de Fotografia<\/a>.<\/p>\n<p>Ver tamb\u00e9m outras <strong><a href=\"https:\/\/fotografiaportugal.pt\/site\/exposicoes\/\">EXPOSI\u00c7\u00d5ES DE FOTOGRAFIA<\/a><\/strong>\u00a0e<strong> <a href=\"https:\/\/fotografiaportugal.pt\/site\/categoria-produto\/livros-tecnicos-fotografia\/\">LIVROS\u00a0DE FOTOGRAFIA<\/a><\/strong><\/p>\n<p><strong>Patroc\u00ednio \/ Sponsorship:<\/strong><\/p>\n<p><a href=\"http:\/\/oceanoideias.com\/consultoria-e-formacao\/ideachef\/\"><img loading=\"lazy\" decoding=\"async\" class=\"alignnone size-medium wp-image-4823\" src=\"https:\/\/fotografiaportugal.pt\/site\/wp-content\/uploads\/2017\/11\/box_front-300x283.png\" alt=\"\" width=\"300\" height=\"283\" srcset=\"https:\/\/fotografiaportugal.pt\/site\/wp-content\/uploads\/2017\/11\/box_front-300x283.png 300w, https:\/\/fotografiaportugal.pt\/site\/wp-content\/uploads\/2017\/11\/box_front.png 500w\" sizes=\"auto, (max-width: 300px) 100vw, 300px\" \/><\/a><a href=\"http:\/\/oceanoideias.com\/consultoria-e-formacao\/ideachef\/\"><strong>ideaChef\u00ae<\/strong><\/a><\/p>\n<p><strong>Parceiro:<\/strong><\/p>\n<p><a title=\"Oceano de Ideias\" href=\"http:\/\/oceanoideias.com\/\" target=\"_blank\" rel=\"noopener noreferrer\"><img loading=\"lazy\" decoding=\"async\" class=\"alignnone size-medium wp-image-90\" src=\"https:\/\/fotografiaportugal.pt\/site\/wp-content\/uploads\/2015\/03\/20140050-LOGO-Oceano-Ideias-NOVO-300x246.jpg\" alt=\"20140050 LOGO Oceano Ideias NOVO\" width=\"300\" height=\"246\" srcset=\"https:\/\/fotografiaportugal.pt\/site\/wp-content\/uploads\/2015\/03\/20140050-LOGO-Oceano-Ideias-NOVO-300x246.jpg 300w, https:\/\/fotografiaportugal.pt\/site\/wp-content\/uploads\/2015\/03\/20140050-LOGO-Oceano-Ideias-NOVO-226x186.jpg 226w, https:\/\/fotografiaportugal.pt\/site\/wp-content\/uploads\/2015\/03\/20140050-LOGO-Oceano-Ideias-NOVO.jpg 862w\" sizes=\"auto, (max-width: 300px) 100vw, 300px\" \/><\/a><\/p>\n<p>OCEANO DE IDEIAS<\/p>\n<p>A empresa Oceano de Ideias-Consultoria e Servi\u00e7os Lda tem por objecto a presta\u00e7\u00e3o de servi\u00e7os de consultoria com car\u00e1cter estrat\u00e9gico em \u00e1reas relacionadas com neg\u00f3cios e gest\u00e3o, cultura e arte, marketing, engenharia e tecnologias de informa\u00e7\u00e3o e comunica\u00e7\u00e3o bem como forma\u00e7\u00e3o nas \u00e1reas descritas, e gest\u00e3o de concep\u00e7\u00e3o e comercializa\u00e7\u00e3o de obras de arte e ainda organiza\u00e7\u00e3o de simp\u00f3sios e eventos.<\/p>\n<p><strong>OCEANO DE IDEIAS<\/strong><\/p>\n<p>Consultoria e Servi\u00e7os<\/p>\n<p><a href=\"http:\/\/oceanoideias.com\/\">www.oceanoideias.com<\/a><\/p>\n<p>E-mail:\u00a0<a href=\"mailto:oceanoideias@oceanoideias.com\">oceanoideias@oceanoideias.com<\/a><\/p>\n<p>Apartado 310<\/p>\n<p>4764-978 Vila Nova de Famalic\u00e3o<\/p>\n<p><strong>Parceiro:<\/strong><\/p>\n<p><a title=\"http:\/\/www.fotografiaportugal.pt\/\" href=\"http:\/\/www.fotografiaportugal.pt\/\" target=\"_blank\" rel=\"noopener noreferrer\"><img loading=\"lazy\" decoding=\"async\" class=\"alignnone size-medium wp-image-88\" src=\"https:\/\/fotografiaportugal.pt\/site\/wp-content\/uploads\/2015\/03\/20140030-LOGO_FP_Site_Email_QR-code-300x121.jpg\" alt=\"20140030 LOGO_FP_Site_Email_QR-code\" width=\"300\" height=\"121\" srcset=\"https:\/\/fotografiaportugal.pt\/site\/wp-content\/uploads\/2015\/03\/20140030-LOGO_FP_Site_Email_QR-code-300x121.jpg 300w, https:\/\/fotografiaportugal.pt\/site\/wp-content\/uploads\/2015\/03\/20140030-LOGO_FP_Site_Email_QR-code-372x150.jpg 372w, https:\/\/fotografiaportugal.pt\/site\/wp-content\/uploads\/2015\/03\/20140030-LOGO_FP_Site_Email_QR-code.jpg 873w\" sizes=\"auto, (max-width: 300px) 100vw, 300px\" \/><\/a><\/p>\n<p><strong>FOTOGRAFIA Portugal<\/strong><\/p>\n<p><a title=\"http:\/\/www.fotografiaportugal.pt\/\" href=\"http:\/\/www.fotografiaportugal.pt\/\" target=\"_blank\" rel=\"noopener noreferrer\">www.fotografiaportugal.pt<\/a><\/p>\n<p>As melhores fotos de Portugal e de portugueses \u00e0 volta do mundo<\/p>\n<p>Partilha de t\u00e9cnicas e par\u00e2metros fotogr\u00e1ficos<\/p>\n<p>Exposi\u00e7\u00f5es on-line de Fotografia<\/p>\n<p>Condi\u00e7\u00f5es especiais na aquisi\u00e7\u00e3o de livros de FOTOGRAFIA<\/p>\n<p>Site: <a href=\"https:\/\/fotografiaportugal.pt\/site\/\">https:\/\/fotografiaportugal.pt\/site\/<\/a><\/p>\n<p>Loja (shop): <a href=\"https:\/\/fotografiaportugal.pt\/site\/shop\/\">https:\/\/fotografiaportugal.pt\/site\/shop\/<\/a><\/p>\n<p>Exposi\u00e7\u00f5es: <a href=\"https:\/\/fotografiaportugal.pt\/site\/exposicoes\/\">https:\/\/fotografiaportugal.pt\/site\/exposicoes\/<\/a><\/p>\n<p>P\u00e1gina: <a href=\"http:\/\/www.fotografiaportugal.pt\/\" target=\"_blank\" rel=\"noopener noreferrer\">www.fotografiaportugal.pt<\/a> (no Facebook)<\/p>\n<p>E-mail: <a href=\"mailto:info@fotografiaportugal.pt\">info@fotografiaportugal.pt<\/a><\/p>\n","protected":false},"excerpt":{"rendered":"<p>Patroc\u00ednio \/ Sponsorship: ideaChef\u00ae Exposi\u00e7\u00e3o de Fotografia &#8220;Pequenos Outonos&#8221; &#8220;Pequenos Outonos&#8221; \u00e9 uma exposi\u00e7\u00e3o sobre o Outono e as mudan\u00e7as que ocorrem na natureza nesta esta\u00e7\u00e3o que, apesar do frio que se come\u00e7a a sentir, se pinta de cores quentes e transforma as nossas paisagens. A maior parte das fotografias s\u00e3o feitas numa grande cidade [&hellip;]<\/p>\n","protected":false},"author":2629,"featured_media":5120,"parent":63,"menu_order":0,"comment_status":"closed","ping_status":"closed","template":"","meta":{"footnotes":""},"class_list":["post-3581","page","type-page","status-publish","has-post-thumbnail","hentry"],"_links":{"self":[{"href":"https:\/\/fotografiaportugal.pt\/site\/wp-json\/wp\/v2\/pages\/3581","targetHints":{"allow":["GET"]}}],"collection":[{"href":"https:\/\/fotografiaportugal.pt\/site\/wp-json\/wp\/v2\/pages"}],"about":[{"href":"https:\/\/fotografiaportugal.pt\/site\/wp-json\/wp\/v2\/types\/page"}],"author":[{"embeddable":true,"href":"https:\/\/fotografiaportugal.pt\/site\/wp-json\/wp\/v2\/users\/2629"}],"replies":[{"embeddable":true,"href":"https:\/\/fotografiaportugal.pt\/site\/wp-json\/wp\/v2\/comments?post=3581"}],"version-history":[{"count":12,"href":"https:\/\/fotografiaportugal.pt\/site\/wp-json\/wp\/v2\/pages\/3581\/revisions"}],"predecessor-version":[{"id":10141,"href":"https:\/\/fotografiaportugal.pt\/site\/wp-json\/wp\/v2\/pages\/3581\/revisions\/10141"}],"up":[{"embeddable":true,"href":"https:\/\/fotografiaportugal.pt\/site\/wp-json\/wp\/v2\/pages\/63"}],"wp:featuredmedia":[{"embeddable":true,"href":"https:\/\/fotografiaportugal.pt\/site\/wp-json\/wp\/v2\/media\/5120"}],"wp:attachment":[{"href":"https:\/\/fotografiaportugal.pt\/site\/wp-json\/wp\/v2\/media?parent=3581"}],"curies":[{"name":"wp","href":"https:\/\/api.w.org\/{rel}","templated":true}]}}