{"id":5617,"date":"2019-10-18T16:34:18","date_gmt":"2019-10-18T16:34:18","guid":{"rendered":"http:\/\/fotografiaportugal.pt\/site\/?page_id=5617"},"modified":"2021-08-15T15:08:09","modified_gmt":"2021-08-15T15:08:09","slug":"fashion-on-movement","status":"publish","type":"page","link":"https:\/\/fotografiaportugal.pt\/site\/exposicoes\/fashion-on-movement\/","title":{"rendered":"Fashion on movement"},"content":{"rendered":"<p>It consists on making a relationship between high standing cars and great haute couture brands such as:<\/p>\n<p>Chanel\/Mercedes (two combinations: Coco and Karl with 540K and 300 SL \u201cGull wings\u201d model), Dior\/Ferrari, Givenchy \/Rolls Royce, Lanvin\/Bentley, Armani\/Lancia, Vuitton\/Minerva, YSL \/Jaguar, Valentino\/Maserati, Gucci \/Corvette, Prada\/Cadillac, Versace \/Excalibur, Dolce Gabanna\/Porshe, Mc Queen \/Aston Martin etc.<\/p>\n<p>There are a lot of works about cars and fashion but in separated ways. Why if they are two matching topics?<\/p>\n<p>Because nobody has this fantastic material under the same roof, only Maga Collection!<\/p>\n<p><strong>Fashion on movement<\/strong><\/p>\n<div  id=\"jtg-9261\" class=\"modula modula-gallery modula-creative-gallery\" data-config=\"{&quot;height&quot;:800,&quot;tabletHeight&quot;:800,&quot;mobileHeight&quot;:800,&quot;desktopHeight&quot;:800,&quot;enableTwitter&quot;:false,&quot;enableWhatsapp&quot;:false,&quot;enableFacebook&quot;:false,&quot;enablePinterest&quot;:false,&quot;enableLinkedin&quot;:false,&quot;enableEmail&quot;:false,&quot;randomFactor&quot;:0.5,&quot;type&quot;:&quot;creative-gallery&quot;,&quot;columns&quot;:12,&quot;gutter&quot;:10,&quot;mobileGutter&quot;:10,&quot;tabletGutter&quot;:10,&quot;desktopGutter&quot;:10,&quot;enableResponsive&quot;:&quot;0&quot;,&quot;tabletColumns&quot;:&quot;2&quot;,&quot;mobileColumns&quot;:&quot;1&quot;,&quot;lazyLoad&quot;:0,&quot;lightboxOpts&quot;:{&quot;animated&quot;:true,&quot;Thumbs&quot;:{&quot;type&quot;:&quot;modern&quot;,&quot;showOnStart&quot;:false},&quot;Toolbar&quot;:{&quot;display&quot;:{&quot;right&quot;:[&quot;slideshow&quot;,&quot;close&quot;],&quot;left&quot;:[&quot;infobar&quot;]},&quot;enabled&quot;:true},&quot;Carousel&quot;:{&quot;Panzoom&quot;:{&quot;touch&quot;:false},&quot;infinite&quot;:true,&quot;transition&quot;:&quot;fade&quot;},&quot;keyboard&quot;:{&quot;Escape&quot;:&quot;close&quot;,&quot;Delete&quot;:&quot;close&quot;,&quot;Backspace&quot;:&quot;close&quot;,&quot;PageUp&quot;:&quot;next&quot;,&quot;PageDown&quot;:&quot;prev&quot;,&quot;ArrowUp&quot;:&quot;prev&quot;,&quot;ArrowDown&quot;:&quot;next&quot;,&quot;ArrowRight&quot;:&quot;next&quot;,&quot;ArrowLeft&quot;:&quot;prev&quot;},&quot;touch&quot;:false,&quot;backdropClick&quot;:false,&quot;l10n&quot;:{&quot;CLOSE&quot;:&quot;Close&quot;,&quot;NEXT&quot;:&quot;Next&quot;,&quot;PREV&quot;:&quot;Previous&quot;,&quot;Error&quot;:&quot;The requested content cannot be loaded. Please try again later.&quot;,&quot;PLAY_START&quot;:&quot;Start slideshow&quot;,&quot;PLAY_STOP&quot;:&quot;Pause slideshow&quot;,&quot;FULL_SCREEN&quot;:&quot;Full screen&quot;,&quot;THUMBS&quot;:&quot;Thumbnails&quot;,&quot;DOWNLOAD&quot;:&quot;Download&quot;,&quot;SHARE&quot;:&quot;Share&quot;,&quot;ZOOM&quot;:&quot;Zoom&quot;,&quot;EMAIL&quot;:&quot;Here is the link to the image : %%image_link%% and this is the link to the gallery : %%gallery_link%%&quot;,&quot;MODAL&quot;:&quot;You can close this modal content with the ESC key&quot;,&quot;ERROR&quot;:&quot;Something Went Wrong, Please Try Again Later&quot;,&quot;IMAGE_ERROR&quot;:&quot;Image Not Found&quot;,&quot;ELEMENT_NOT_FOUND&quot;:&quot;HTML Element Not Found&quot;,&quot;AJAX_NOT_FOUND&quot;:&quot;Error Loading AJAX : Not Found&quot;,&quot;AJAX_FORBIDDEN&quot;:&quot;Error Loading AJAX : Forbidden&quot;,&quot;IFRAME_ERROR&quot;:&quot;Error Loading Page&quot;,&quot;TOGGLE_ZOOM&quot;:&quot;Toggle zoom level&quot;,&quot;TOGGLE_THUMBS&quot;:&quot;Toggle thumbnails&quot;,&quot;TOGGLE_SLIDESHOW&quot;:&quot;Toggle slideshow&quot;,&quot;TOGGLE_FULLSCREEN&quot;:&quot;Toggle full-screen mode&quot;},&quot;Images&quot;:{&quot;Panzoom&quot;:{&quot;maxScale&quot;:2}},&quot;toolbar&quot;:true,&quot;wheel&quot;:false,&quot;animationEffect&quot;:&quot;false&quot;,&quot;animationDuration&quot;:366,&quot;transitionEffect&quot;:&quot;false&quot;,&quot;Html&quot;:{&quot;videoAutoplay&quot;:0,&quot;videoTpl&quot;:&quot;&lt;video class=\\&quot;fancybox__html5video modula_html5_video\\&quot; controls playsinline controlsList controlsList=\\&quot;nodownload\\&quot; poster=\\&quot;{{poster}}\\&quot; src=\\&quot;{{src}}\\&quot; type=\\&quot;{{format}}\\&quot; &gt;  Sorry, your browser doesn&#039;t support embedded videos, &lt;a href=\\&quot;{{src}}\\&quot;&gt; download &lt;\\\/a&gt; and watch with your favorite video player! &lt;\\\/video&gt;&quot;,&quot;vimeo&quot;:{&quot;autopause&quot;:0}},&quot;Slideshow&quot;:{&quot;playOnStart&quot;:true,&quot;pauseOnHover&quot;:false,&quot;timeout&quot;:3000},&quot;mainClass&quot;:&quot;modula-fancybox-container modula-lightbox-jtg-9261&quot;},&quot;inView&quot;:false,&quot;email_subject&quot;:&quot;Check out this awesome image !!&quot;,&quot;email_message&quot;:&quot;Here is the link to the image : %%image_link%% and this is the link to the gallery : %%gallery_link%%&quot;,&quot;lightbox&quot;:&quot;fancybox&quot;,&quot;filterClick&quot;:&quot;0&quot;,&quot;dropdownFilters&quot;:&quot;0&quot;,&quot;defaultActiveFilter&quot;:&quot;all&quot;,&quot;initLightbox&quot;:&quot;modula_pro_init_lightbox&quot;,&quot;haveFilters&quot;:0,&quot;lightbox_devices&quot;:&quot;both&quot;,&quot;options&quot;:{&quot;lightbox&quot;:&quot;fancybox&quot;},&quot;enableSlideshow&quot;:&quot;1&quot;,&quot;enableAutoplay&quot;:&quot;1&quot;,&quot;slideshowSpeed&quot;:&quot;3000&quot;,&quot;pauseOnHover&quot;:&quot;0&quot;}\">\n\n\t\n\t<div  class=\"modula-items\">\n\t\t<div class=\"modula-item effect-pufrobo jtg-filter-all jtg-filter-\" >\n\t<div class=\"modula-item-overlay\"><\/div>\n\n\t<div class=\"modula-item-content\">\n\n\t\t<a data-image-id=\"9262\" role=\"button\" tabindex=\"0\" rel=\"jtg-9261\" data-caption=\"&lt;span class=&quot;modula-caption-description&quot;&gt;&lt;\/span&gt;\" aria-label=\"Open image in lightbox\" data-thumb=\"https:\/\/fotografiaportugal.pt\/site\/wp-content\/uploads\/2021\/08\/1_resize-300x229.jpg\" class=\"tile-inner modula-item-link\"><\/a><img loading=\"lazy\" decoding=\"async\" class=\"pic wp-image-9262\"  data-valign=\"middle\" data-halign=\"center\" alt=\"\" data-full=\"https:\/\/fotografiaportugal.pt\/site\/wp-content\/uploads\/2021\/08\/1_resize.jpg\" title=\"1_resize\" crop=\"\" width=\"300\" height=\"229\" src=\"https:\/\/fotografiaportugal.pt\/site\/wp-content\/uploads\/2021\/08\/1_resize-300x229.jpg\" data-src=\"https:\/\/fotografiaportugal.pt\/site\/wp-content\/uploads\/2021\/08\/1_resize-300x229.jpg\" data-caption=\"\" srcset=\"https:\/\/fotografiaportugal.pt\/site\/wp-content\/uploads\/2021\/08\/1_resize.jpg 1024w, https:\/\/fotografiaportugal.pt\/site\/wp-content\/uploads\/2021\/08\/1_resize-300x229.jpg 300w\" sizes=\"auto, (max-width: 300px) 100vw, 300px\" \/>\n\t\t<div class=\"figc no-description\">\n\t\t\t<div class=\"figc-inner\">\n\t\t\t\t\t\t\t\t\t\t\t\t\t\t\t<\/div>\n\t\t<\/div>\n\n\t<\/div>\n\n<\/div><div class=\"modula-item effect-pufrobo jtg-filter-all jtg-filter-\" >\n\t<div class=\"modula-item-overlay\"><\/div>\n\n\t<div class=\"modula-item-content\">\n\n\t\t<a data-image-id=\"9263\" role=\"button\" tabindex=\"0\" rel=\"jtg-9261\" data-caption=\"&lt;span class=&quot;modula-caption-description&quot;&gt;&lt;\/span&gt;\" aria-label=\"Open image in lightbox\" data-thumb=\"https:\/\/fotografiaportugal.pt\/site\/wp-content\/uploads\/2021\/08\/2_resize-300x200.jpg\" class=\"tile-inner modula-item-link\"><\/a><img loading=\"lazy\" decoding=\"async\" class=\"pic wp-image-9263\"  data-valign=\"middle\" data-halign=\"center\" alt=\"\" data-full=\"https:\/\/fotografiaportugal.pt\/site\/wp-content\/uploads\/2021\/08\/2_resize.jpg\" title=\"2_resize\" crop=\"\" width=\"300\" height=\"200\" src=\"https:\/\/fotografiaportugal.pt\/site\/wp-content\/uploads\/2021\/08\/2_resize-300x200.jpg\" data-src=\"https:\/\/fotografiaportugal.pt\/site\/wp-content\/uploads\/2021\/08\/2_resize-300x200.jpg\" data-caption=\"\" srcset=\"https:\/\/fotografiaportugal.pt\/site\/wp-content\/uploads\/2021\/08\/2_resize.jpg 1024w, https:\/\/fotografiaportugal.pt\/site\/wp-content\/uploads\/2021\/08\/2_resize-300x200.jpg 300w\" sizes=\"auto, (max-width: 300px) 100vw, 300px\" \/>\n\t\t<div class=\"figc no-description\">\n\t\t\t<div class=\"figc-inner\">\n\t\t\t\t\t\t\t\t\t\t\t\t\t\t\t<\/div>\n\t\t<\/div>\n\n\t<\/div>\n\n<\/div><div class=\"modula-item effect-pufrobo jtg-filter-all jtg-filter-\" >\n\t<div class=\"modula-item-overlay\"><\/div>\n\n\t<div class=\"modula-item-content\">\n\n\t\t<a data-image-id=\"9264\" role=\"button\" tabindex=\"0\" rel=\"jtg-9261\" data-caption=\"&lt;span class=&quot;modula-caption-description&quot;&gt;&lt;\/span&gt;\" aria-label=\"Open image in lightbox\" data-thumb=\"https:\/\/fotografiaportugal.pt\/site\/wp-content\/uploads\/2021\/08\/3_resize-300x210.jpg\" class=\"tile-inner modula-item-link\"><\/a><img loading=\"lazy\" decoding=\"async\" class=\"pic wp-image-9264\"  data-valign=\"middle\" data-halign=\"center\" alt=\"\" data-full=\"https:\/\/fotografiaportugal.pt\/site\/wp-content\/uploads\/2021\/08\/3_resize.jpg\" title=\"3_resize\" crop=\"\" width=\"300\" height=\"210\" src=\"https:\/\/fotografiaportugal.pt\/site\/wp-content\/uploads\/2021\/08\/3_resize-300x210.jpg\" data-src=\"https:\/\/fotografiaportugal.pt\/site\/wp-content\/uploads\/2021\/08\/3_resize-300x210.jpg\" data-caption=\"\" srcset=\"https:\/\/fotografiaportugal.pt\/site\/wp-content\/uploads\/2021\/08\/3_resize.jpg 1024w, https:\/\/fotografiaportugal.pt\/site\/wp-content\/uploads\/2021\/08\/3_resize-300x210.jpg 300w\" sizes=\"auto, (max-width: 300px) 100vw, 300px\" \/>\n\t\t<div class=\"figc no-description\">\n\t\t\t<div class=\"figc-inner\">\n\t\t\t\t\t\t\t\t\t\t\t\t\t\t\t<\/div>\n\t\t<\/div>\n\n\t<\/div>\n\n<\/div><div class=\"modula-item effect-pufrobo jtg-filter-all jtg-filter-\" >\n\t<div class=\"modula-item-overlay\"><\/div>\n\n\t<div class=\"modula-item-content\">\n\n\t\t<a data-image-id=\"9265\" role=\"button\" tabindex=\"0\" rel=\"jtg-9261\" data-caption=\"&lt;span class=&quot;modula-caption-description&quot;&gt;&lt;\/span&gt;\" aria-label=\"Open image in lightbox\" data-thumb=\"https:\/\/fotografiaportugal.pt\/site\/wp-content\/uploads\/2021\/08\/4_resize-300x237.jpg\" class=\"tile-inner modula-item-link\"><\/a><img loading=\"lazy\" decoding=\"async\" class=\"pic wp-image-9265\"  data-valign=\"middle\" data-halign=\"center\" alt=\"\" data-full=\"https:\/\/fotografiaportugal.pt\/site\/wp-content\/uploads\/2021\/08\/4_resize.jpg\" title=\"4_resize\" crop=\"\" width=\"300\" height=\"237\" src=\"https:\/\/fotografiaportugal.pt\/site\/wp-content\/uploads\/2021\/08\/4_resize-300x237.jpg\" data-src=\"https:\/\/fotografiaportugal.pt\/site\/wp-content\/uploads\/2021\/08\/4_resize-300x237.jpg\" data-caption=\"\" srcset=\"https:\/\/fotografiaportugal.pt\/site\/wp-content\/uploads\/2021\/08\/4_resize.jpg 1024w, https:\/\/fotografiaportugal.pt\/site\/wp-content\/uploads\/2021\/08\/4_resize-300x237.jpg 300w\" sizes=\"auto, (max-width: 300px) 100vw, 300px\" \/>\n\t\t<div class=\"figc no-description\">\n\t\t\t<div class=\"figc-inner\">\n\t\t\t\t\t\t\t\t\t\t\t\t\t\t\t<\/div>\n\t\t<\/div>\n\n\t<\/div>\n\n<\/div><div class=\"modula-item effect-pufrobo jtg-filter-all jtg-filter-\" >\n\t<div class=\"modula-item-overlay\"><\/div>\n\n\t<div class=\"modula-item-content\">\n\n\t\t<a data-image-id=\"9266\" role=\"button\" tabindex=\"0\" rel=\"jtg-9261\" data-caption=\"&lt;span class=&quot;modula-caption-description&quot;&gt;&lt;\/span&gt;\" aria-label=\"Open image in lightbox\" data-thumb=\"https:\/\/fotografiaportugal.pt\/site\/wp-content\/uploads\/2021\/08\/5_resize-300x187.jpg\" class=\"tile-inner modula-item-link\"><\/a><img loading=\"lazy\" decoding=\"async\" class=\"pic wp-image-9266\"  data-valign=\"middle\" data-halign=\"center\" alt=\"\" data-full=\"https:\/\/fotografiaportugal.pt\/site\/wp-content\/uploads\/2021\/08\/5_resize.jpg\" title=\"5_resize\" crop=\"\" width=\"300\" height=\"187\" src=\"https:\/\/fotografiaportugal.pt\/site\/wp-content\/uploads\/2021\/08\/5_resize-300x187.jpg\" data-src=\"https:\/\/fotografiaportugal.pt\/site\/wp-content\/uploads\/2021\/08\/5_resize-300x187.jpg\" data-caption=\"\" srcset=\"https:\/\/fotografiaportugal.pt\/site\/wp-content\/uploads\/2021\/08\/5_resize.jpg 1024w, https:\/\/fotografiaportugal.pt\/site\/wp-content\/uploads\/2021\/08\/5_resize-300x187.jpg 300w\" sizes=\"auto, (max-width: 300px) 100vw, 300px\" \/>\n\t\t<div class=\"figc no-description\">\n\t\t\t<div class=\"figc-inner\">\n\t\t\t\t\t\t\t\t\t\t\t\t\t\t\t<\/div>\n\t\t<\/div>\n\n\t<\/div>\n\n<\/div><div class=\"modula-item effect-pufrobo jtg-filter-all jtg-filter-\" >\n\t<div class=\"modula-item-overlay\"><\/div>\n\n\t<div class=\"modula-item-content\">\n\n\t\t<a data-image-id=\"9267\" role=\"button\" tabindex=\"0\" rel=\"jtg-9261\" data-caption=\"&lt;span class=&quot;modula-caption-description&quot;&gt;&lt;\/span&gt;\" aria-label=\"Open image in lightbox\" data-thumb=\"https:\/\/fotografiaportugal.pt\/site\/wp-content\/uploads\/2021\/08\/6_resize-300x239.jpg\" class=\"tile-inner modula-item-link\"><\/a><img loading=\"lazy\" decoding=\"async\" class=\"pic wp-image-9267\"  data-valign=\"middle\" data-halign=\"center\" alt=\"\" data-full=\"https:\/\/fotografiaportugal.pt\/site\/wp-content\/uploads\/2021\/08\/6_resize.jpg\" title=\"6_resize\" crop=\"\" width=\"300\" height=\"239\" src=\"https:\/\/fotografiaportugal.pt\/site\/wp-content\/uploads\/2021\/08\/6_resize-300x239.jpg\" data-src=\"https:\/\/fotografiaportugal.pt\/site\/wp-content\/uploads\/2021\/08\/6_resize-300x239.jpg\" data-caption=\"\" srcset=\"https:\/\/fotografiaportugal.pt\/site\/wp-content\/uploads\/2021\/08\/6_resize.jpg 1024w, https:\/\/fotografiaportugal.pt\/site\/wp-content\/uploads\/2021\/08\/6_resize-300x239.jpg 300w\" sizes=\"auto, (max-width: 300px) 100vw, 300px\" \/>\n\t\t<div class=\"figc no-description\">\n\t\t\t<div class=\"figc-inner\">\n\t\t\t\t\t\t\t\t\t\t\t\t\t\t\t<\/div>\n\t\t<\/div>\n\n\t<\/div>\n\n<\/div><div class=\"modula-item effect-pufrobo jtg-filter-all jtg-filter-\" >\n\t<div class=\"modula-item-overlay\"><\/div>\n\n\t<div class=\"modula-item-content\">\n\n\t\t<a data-image-id=\"9268\" role=\"button\" tabindex=\"0\" rel=\"jtg-9261\" data-caption=\"&lt;span class=&quot;modula-caption-description&quot;&gt;&lt;\/span&gt;\" aria-label=\"Open image in lightbox\" data-thumb=\"https:\/\/fotografiaportugal.pt\/site\/wp-content\/uploads\/2021\/08\/7_resize-300x229.jpg\" class=\"tile-inner modula-item-link\"><\/a><img loading=\"lazy\" decoding=\"async\" class=\"pic wp-image-9268\"  data-valign=\"middle\" data-halign=\"center\" alt=\"\" data-full=\"https:\/\/fotografiaportugal.pt\/site\/wp-content\/uploads\/2021\/08\/7_resize.jpg\" title=\"7_resize\" crop=\"\" width=\"300\" height=\"229\" src=\"https:\/\/fotografiaportugal.pt\/site\/wp-content\/uploads\/2021\/08\/7_resize-300x229.jpg\" data-src=\"https:\/\/fotografiaportugal.pt\/site\/wp-content\/uploads\/2021\/08\/7_resize-300x229.jpg\" data-caption=\"\" srcset=\"https:\/\/fotografiaportugal.pt\/site\/wp-content\/uploads\/2021\/08\/7_resize.jpg 1024w, https:\/\/fotografiaportugal.pt\/site\/wp-content\/uploads\/2021\/08\/7_resize-300x229.jpg 300w\" sizes=\"auto, (max-width: 300px) 100vw, 300px\" \/>\n\t\t<div class=\"figc no-description\">\n\t\t\t<div class=\"figc-inner\">\n\t\t\t\t\t\t\t\t\t\t\t\t\t\t\t<\/div>\n\t\t<\/div>\n\n\t<\/div>\n\n<\/div><div class=\"modula-item effect-pufrobo jtg-filter-all jtg-filter-\" >\n\t<div class=\"modula-item-overlay\"><\/div>\n\n\t<div class=\"modula-item-content\">\n\n\t\t<a data-image-id=\"9269\" role=\"button\" tabindex=\"0\" rel=\"jtg-9261\" data-caption=\"&lt;span class=&quot;modula-caption-description&quot;&gt;&lt;\/span&gt;\" aria-label=\"Open image in lightbox\" data-thumb=\"https:\/\/fotografiaportugal.pt\/site\/wp-content\/uploads\/2021\/08\/8_resize-300x200.jpg\" class=\"tile-inner modula-item-link\"><\/a><img loading=\"lazy\" decoding=\"async\" class=\"pic wp-image-9269\"  data-valign=\"middle\" data-halign=\"center\" alt=\"\" data-full=\"https:\/\/fotografiaportugal.pt\/site\/wp-content\/uploads\/2021\/08\/8_resize.jpg\" title=\"8_resize\" crop=\"\" width=\"300\" height=\"200\" src=\"https:\/\/fotografiaportugal.pt\/site\/wp-content\/uploads\/2021\/08\/8_resize-300x200.jpg\" data-src=\"https:\/\/fotografiaportugal.pt\/site\/wp-content\/uploads\/2021\/08\/8_resize-300x200.jpg\" data-caption=\"\" srcset=\"https:\/\/fotografiaportugal.pt\/site\/wp-content\/uploads\/2021\/08\/8_resize.jpg 1024w, https:\/\/fotografiaportugal.pt\/site\/wp-content\/uploads\/2021\/08\/8_resize-300x200.jpg 300w\" sizes=\"auto, (max-width: 300px) 100vw, 300px\" \/>\n\t\t<div class=\"figc no-description\">\n\t\t\t<div class=\"figc-inner\">\n\t\t\t\t\t\t\t\t\t\t\t\t\t\t\t<\/div>\n\t\t<\/div>\n\n\t<\/div>\n\n<\/div><div class=\"modula-item effect-pufrobo jtg-filter-all jtg-filter-\" >\n\t<div class=\"modula-item-overlay\"><\/div>\n\n\t<div class=\"modula-item-content\">\n\n\t\t<a data-image-id=\"9270\" role=\"button\" tabindex=\"0\" rel=\"jtg-9261\" data-caption=\"&lt;span class=&quot;modula-caption-description&quot;&gt;&lt;\/span&gt;\" aria-label=\"Open image in lightbox\" data-thumb=\"https:\/\/fotografiaportugal.pt\/site\/wp-content\/uploads\/2021\/08\/9_resize-300x173.jpg\" class=\"tile-inner modula-item-link\"><\/a><img loading=\"lazy\" decoding=\"async\" class=\"pic wp-image-9270\"  data-valign=\"middle\" data-halign=\"center\" alt=\"\" data-full=\"https:\/\/fotografiaportugal.pt\/site\/wp-content\/uploads\/2021\/08\/9_resize.jpg\" title=\"9_resize\" crop=\"\" width=\"300\" height=\"173\" src=\"https:\/\/fotografiaportugal.pt\/site\/wp-content\/uploads\/2021\/08\/9_resize-300x173.jpg\" data-src=\"https:\/\/fotografiaportugal.pt\/site\/wp-content\/uploads\/2021\/08\/9_resize-300x173.jpg\" data-caption=\"\" srcset=\"https:\/\/fotografiaportugal.pt\/site\/wp-content\/uploads\/2021\/08\/9_resize.jpg 1024w, https:\/\/fotografiaportugal.pt\/site\/wp-content\/uploads\/2021\/08\/9_resize-300x173.jpg 300w\" sizes=\"auto, (max-width: 300px) 100vw, 300px\" \/>\n\t\t<div class=\"figc no-description\">\n\t\t\t<div class=\"figc-inner\">\n\t\t\t\t\t\t\t\t\t\t\t\t\t\t\t<\/div>\n\t\t<\/div>\n\n\t<\/div>\n\n<\/div><div class=\"modula-item effect-pufrobo jtg-filter-all jtg-filter-\" >\n\t<div class=\"modula-item-overlay\"><\/div>\n\n\t<div class=\"modula-item-content\">\n\n\t\t<a data-image-id=\"9271\" role=\"button\" tabindex=\"0\" rel=\"jtg-9261\" data-caption=\"&lt;span class=&quot;modula-caption-description&quot;&gt;&lt;\/span&gt;\" aria-label=\"Open image in lightbox\" data-thumb=\"https:\/\/fotografiaportugal.pt\/site\/wp-content\/uploads\/2021\/08\/10_resize-199x300.jpg\" class=\"tile-inner modula-item-link\"><\/a><img loading=\"lazy\" decoding=\"async\" class=\"pic wp-image-9271\"  data-valign=\"middle\" data-halign=\"center\" alt=\"\" data-full=\"https:\/\/fotografiaportugal.pt\/site\/wp-content\/uploads\/2021\/08\/10_resize.jpg\" title=\"10_resize\" crop=\"\" width=\"199\" height=\"300\" src=\"https:\/\/fotografiaportugal.pt\/site\/wp-content\/uploads\/2021\/08\/10_resize-199x300.jpg\" data-src=\"https:\/\/fotografiaportugal.pt\/site\/wp-content\/uploads\/2021\/08\/10_resize-199x300.jpg\" data-caption=\"\" srcset=\"https:\/\/fotografiaportugal.pt\/site\/wp-content\/uploads\/2021\/08\/10_resize.jpg 680w, https:\/\/fotografiaportugal.pt\/site\/wp-content\/uploads\/2021\/08\/10_resize-199x300.jpg 199w\" sizes=\"auto, (max-width: 199px) 100vw, 199px\" \/>\n\t\t<div class=\"figc no-description\">\n\t\t\t<div class=\"figc-inner\">\n\t\t\t\t\t\t\t\t\t\t\t\t\t\t\t<\/div>\n\t\t<\/div>\n\n\t<\/div>\n\n<\/div><div class=\"modula-item effect-pufrobo jtg-filter-all jtg-filter-\" >\n\t<div class=\"modula-item-overlay\"><\/div>\n\n\t<div class=\"modula-item-content\">\n\n\t\t<a data-image-id=\"9272\" role=\"button\" tabindex=\"0\" rel=\"jtg-9261\" data-caption=\"&lt;span class=&quot;modula-caption-description&quot;&gt;&lt;\/span&gt;\" aria-label=\"Open image in lightbox\" data-thumb=\"https:\/\/fotografiaportugal.pt\/site\/wp-content\/uploads\/2021\/08\/11_resize-300x185.jpg\" class=\"tile-inner modula-item-link\"><\/a><img loading=\"lazy\" decoding=\"async\" class=\"pic wp-image-9272\"  data-valign=\"middle\" data-halign=\"center\" alt=\"\" data-full=\"https:\/\/fotografiaportugal.pt\/site\/wp-content\/uploads\/2021\/08\/11_resize.jpg\" title=\"11_resize\" crop=\"\" width=\"300\" height=\"185\" src=\"https:\/\/fotografiaportugal.pt\/site\/wp-content\/uploads\/2021\/08\/11_resize-300x185.jpg\" data-src=\"https:\/\/fotografiaportugal.pt\/site\/wp-content\/uploads\/2021\/08\/11_resize-300x185.jpg\" data-caption=\"\" srcset=\"https:\/\/fotografiaportugal.pt\/site\/wp-content\/uploads\/2021\/08\/11_resize.jpg 1024w, https:\/\/fotografiaportugal.pt\/site\/wp-content\/uploads\/2021\/08\/11_resize-300x185.jpg 300w\" sizes=\"auto, (max-width: 300px) 100vw, 300px\" \/>\n\t\t<div class=\"figc no-description\">\n\t\t\t<div class=\"figc-inner\">\n\t\t\t\t\t\t\t\t\t\t\t\t\t\t\t<\/div>\n\t\t<\/div>\n\n\t<\/div>\n\n<\/div><div class=\"modula-item effect-pufrobo jtg-filter-all jtg-filter-\" >\n\t<div class=\"modula-item-overlay\"><\/div>\n\n\t<div class=\"modula-item-content\">\n\n\t\t<a data-image-id=\"9273\" role=\"button\" tabindex=\"0\" rel=\"jtg-9261\" data-caption=\"&lt;span class=&quot;modula-caption-description&quot;&gt;&lt;\/span&gt;\" aria-label=\"Open image in lightbox\" data-thumb=\"https:\/\/fotografiaportugal.pt\/site\/wp-content\/uploads\/2021\/08\/12_resize-300x200.jpg\" class=\"tile-inner modula-item-link\"><\/a><img loading=\"lazy\" decoding=\"async\" class=\"pic wp-image-9273\"  data-valign=\"middle\" data-halign=\"center\" alt=\"\" data-full=\"https:\/\/fotografiaportugal.pt\/site\/wp-content\/uploads\/2021\/08\/12_resize.jpg\" title=\"12_resize\" crop=\"\" width=\"300\" height=\"200\" src=\"https:\/\/fotografiaportugal.pt\/site\/wp-content\/uploads\/2021\/08\/12_resize-300x200.jpg\" data-src=\"https:\/\/fotografiaportugal.pt\/site\/wp-content\/uploads\/2021\/08\/12_resize-300x200.jpg\" data-caption=\"\" srcset=\"https:\/\/fotografiaportugal.pt\/site\/wp-content\/uploads\/2021\/08\/12_resize.jpg 1024w, https:\/\/fotografiaportugal.pt\/site\/wp-content\/uploads\/2021\/08\/12_resize-300x200.jpg 300w\" sizes=\"auto, (max-width: 300px) 100vw, 300px\" \/>\n\t\t<div class=\"figc no-description\">\n\t\t\t<div class=\"figc-inner\">\n\t\t\t\t\t\t\t\t\t\t\t\t\t\t\t<\/div>\n\t\t<\/div>\n\n\t<\/div>\n\n<\/div><div class=\"modula-item effect-pufrobo jtg-filter-all jtg-filter-\" >\n\t<div class=\"modula-item-overlay\"><\/div>\n\n\t<div class=\"modula-item-content\">\n\n\t\t<a data-image-id=\"9274\" role=\"button\" tabindex=\"0\" rel=\"jtg-9261\" data-caption=\"&lt;span class=&quot;modula-caption-description&quot;&gt;&lt;\/span&gt;\" aria-label=\"Open image in lightbox\" data-thumb=\"https:\/\/fotografiaportugal.pt\/site\/wp-content\/uploads\/2021\/08\/13_resize-300x234.jpg\" class=\"tile-inner modula-item-link\"><\/a><img loading=\"lazy\" decoding=\"async\" class=\"pic wp-image-9274\"  data-valign=\"middle\" data-halign=\"center\" alt=\"\" data-full=\"https:\/\/fotografiaportugal.pt\/site\/wp-content\/uploads\/2021\/08\/13_resize.jpg\" title=\"13_resize\" crop=\"\" width=\"300\" height=\"234\" src=\"https:\/\/fotografiaportugal.pt\/site\/wp-content\/uploads\/2021\/08\/13_resize-300x234.jpg\" data-src=\"https:\/\/fotografiaportugal.pt\/site\/wp-content\/uploads\/2021\/08\/13_resize-300x234.jpg\" data-caption=\"\" srcset=\"https:\/\/fotografiaportugal.pt\/site\/wp-content\/uploads\/2021\/08\/13_resize.jpg 1024w, https:\/\/fotografiaportugal.pt\/site\/wp-content\/uploads\/2021\/08\/13_resize-300x234.jpg 300w\" sizes=\"auto, (max-width: 300px) 100vw, 300px\" \/>\n\t\t<div class=\"figc no-description\">\n\t\t\t<div class=\"figc-inner\">\n\t\t\t\t\t\t\t\t\t\t\t\t\t\t\t<\/div>\n\t\t<\/div>\n\n\t<\/div>\n\n<\/div><div class=\"modula-item effect-pufrobo jtg-filter-all jtg-filter-\" >\n\t<div class=\"modula-item-overlay\"><\/div>\n\n\t<div class=\"modula-item-content\">\n\n\t\t<a data-image-id=\"9275\" role=\"button\" tabindex=\"0\" rel=\"jtg-9261\" data-caption=\"&lt;span class=&quot;modula-caption-description&quot;&gt;&lt;\/span&gt;\" aria-label=\"Open image in lightbox\" data-thumb=\"https:\/\/fotografiaportugal.pt\/site\/wp-content\/uploads\/2021\/08\/14_resize-300x219.jpg\" class=\"tile-inner modula-item-link\"><\/a><img loading=\"lazy\" decoding=\"async\" class=\"pic wp-image-9275\"  data-valign=\"middle\" data-halign=\"center\" alt=\"\" data-full=\"https:\/\/fotografiaportugal.pt\/site\/wp-content\/uploads\/2021\/08\/14_resize.jpg\" title=\"14_resize\" crop=\"\" width=\"300\" height=\"219\" src=\"https:\/\/fotografiaportugal.pt\/site\/wp-content\/uploads\/2021\/08\/14_resize-300x219.jpg\" data-src=\"https:\/\/fotografiaportugal.pt\/site\/wp-content\/uploads\/2021\/08\/14_resize-300x219.jpg\" data-caption=\"\" srcset=\"https:\/\/fotografiaportugal.pt\/site\/wp-content\/uploads\/2021\/08\/14_resize.jpg 1024w, https:\/\/fotografiaportugal.pt\/site\/wp-content\/uploads\/2021\/08\/14_resize-300x219.jpg 300w\" sizes=\"auto, (max-width: 300px) 100vw, 300px\" \/>\n\t\t<div class=\"figc no-description\">\n\t\t\t<div class=\"figc-inner\">\n\t\t\t\t\t\t\t\t\t\t\t\t\t\t\t<\/div>\n\t\t<\/div>\n\n\t<\/div>\n\n<\/div>\t\t\n\t<\/div>\n\n\t\n\t\n\t<script type=\"application\/ld+json\">\n\t{\n\t\t\"@context\": \"http:\/\/schema.org\",\n\t\t\"@type\"   : \"ImageGallery\",\n\t\t\"id\"      : \"https:\/\/fotografiaportugal.pt\/site\/exposicoes\/fashion-on-movement\/\",\n\t\t\"url\"     : \"https:\/\/fotografiaportugal.pt\/site\/exposicoes\/fashion-on-movement\/\"\n\t}\n\n\t<\/script>\n\n\t\n<\/div>\n\n<p><strong>Automobile and Fashion Museum \/\u00a0Museo Automovil\u00edstico y Moda \/\u00a0Museu do Autom\u00f3vel e da Moda<\/strong><\/p>\n<p><img loading=\"lazy\" decoding=\"async\" class=\"alignnone  wp-image-9278\" src=\"https:\/\/fotografiaportugal.pt\/site\/wp-content\/uploads\/2021\/08\/Fotografia-da-entrada-do-museu_resize-300x169.jpg\" alt=\"\" width=\"527\" height=\"297\" srcset=\"https:\/\/fotografiaportugal.pt\/site\/wp-content\/uploads\/2021\/08\/Fotografia-da-entrada-do-museu_resize-300x169.jpg 300w, https:\/\/fotografiaportugal.pt\/site\/wp-content\/uploads\/2021\/08\/Fotografia-da-entrada-do-museu_resize.jpg 1024w\" sizes=\"auto, (max-width: 527px) 100vw, 527px\" \/><\/p>\n<p><a href=\"https:\/\/www.museoautomovilmalaga.com\/\" target=\"_blank\" rel=\"noopener\"><strong>Museo Automovil\u00edstico y Moda<\/strong><\/a><\/p>\n<p>Av de Sor Teresa Prat, 15<\/p>\n<p>29003 M\u00e1laga<\/p>\n<p>Espa\u00f1a<\/p>\n<p><a href=\"https:\/\/www.museoautomovilmalaga.com\/\" target=\"_blank\" rel=\"noopener\">https:\/\/www.museoautomovilmalaga.com\/<\/a><\/p>\n<p>GPS:\u00a036.699562, -4.438733<\/p>\n<p><a href=\"https:\/\/www.google.pt\/maps\/place\/Museo+Automovil%C3%ADstico+de+M%C3%A1laga\/@36.6998937,-4.4388847,253m\/data=!3m1!1e3!4m5!3m4!1s0xd72f77fe5028ffb:0xa2738ce1a779687e!8m2!3d36.6996802!4d-4.4386104\" target=\"_blank\" rel=\"noopener\">See map at Google Maps<\/a><\/p>\n<p><iframe loading=\"lazy\" title=\"Museo Automovil\u00edstico y Moda\" width=\"980\" height=\"551\" src=\"https:\/\/www.youtube.com\/embed\/-2j9gRuy264?feature=oembed\" frameborder=\"0\" allow=\"accelerometer; autoplay; clipboard-write; encrypted-media; gyroscope; picture-in-picture\" allowfullscreen><\/iframe><\/p>\n<p><strong>Patroc\u00ednio \/ Sponsorship:<\/strong><\/p>\n<p><a href=\"http:\/\/oceanoideias.com\/consultoria-e-formacao\/ideachef\/\"><img loading=\"lazy\" decoding=\"async\" class=\"alignnone size-medium wp-image-4823\" src=\"https:\/\/fotografiaportugal.pt\/site\/wp-content\/uploads\/2017\/11\/box_front-300x283.png\" alt=\"\" width=\"300\" height=\"283\" srcset=\"https:\/\/fotografiaportugal.pt\/site\/wp-content\/uploads\/2017\/11\/box_front-300x283.png 300w, https:\/\/fotografiaportugal.pt\/site\/wp-content\/uploads\/2017\/11\/box_front.png 500w\" sizes=\"auto, (max-width: 300px) 100vw, 300px\" \/><\/a><\/p>\n<p>O <a href=\"http:\/\/oceanoideias.com\/consultoria-e-formacao\/ideachef\/\"><strong>ideaChef\u00ae<\/strong><\/a>\u00a0\u00e9 um m\u00e9todo e ferramenta que serve para apoiar equipas a transformar boas ideias em prot\u00f3tipos ou projectos.<\/p>\n<p>Para al\u00e9m de poder ser utilizado para dar resposta a desafios concretos de uma empresa ou organiza\u00e7\u00e3o, o <a href=\"http:\/\/oceanoideias.com\/consultoria-e-formacao\/ideachef\/\"><strong>ideaChef\u00ae<\/strong><\/a>\u00a0permite desenvolver ao n\u00edvel das equipas importantes capacidades criticas de\u00a0inova\u00e7\u00e3o e resolu\u00e7\u00e3o criativa de problemas.<\/p>\n<p>Exemplo de alguns desafios: cria\u00e7\u00e3o de um novo produto ou servi\u00e7o, identifica\u00e7\u00e3o de novas aplica\u00e7\u00f5es para servi\u00e7os existentes,\u00a0envolvimento de clientes no processo de desenho de servi\u00e7os, identificar novos mercados, desenho de estrat\u00e9gias ou planos ac\u00e7\u00f5es, cria\u00e7\u00e3o de campanhas\u00a0promo\u00e7\u00e3o\/divulga\u00e7\u00e3o, identificar \u00e1reas de melhoria a n\u00edvel interno, redesenhar processos, (re)definir um roadmap de desenvolvimento tecnol\u00f3gico,\u00a0melhorar a\u00a0interac\u00e7\u00e3o com clientes, recolher feedback\/opini\u00e3o dos clientes, promover colabora\u00e7\u00e3o interna,\u00a0desenvolver equipas multidisciplinares,\u2026<\/p>\n<p>O <a href=\"http:\/\/oceanoideias.com\/consultoria-e-formacao\/ideachef\/\"><strong>ideaChef\u00ae<\/strong><\/a>\u00a0tamb\u00e9m pode ser utilizado por uma ou v\u00e1rias equipas em encontros de quadros, reuni\u00f5es de estrat\u00e9gia, workshops e outros\u00a0<a href=\"http:\/\/oceanoideias.com\/consultoria-e-formacao\/ideachef\/eventos-corporativos\/\">eventos<\/a>\u00a0com equipas.<\/p>\n<p>Ver exemplo de utiliza\u00e7\u00e3o do\u00a0 <a href=\"http:\/\/oceanoideias.com\/consultoria-e-formacao\/ideachef\/\"><strong>ideaChef\u00ae<\/strong><\/a> na\u00a0<strong>Novartis<\/strong>:<\/p>\n<p><iframe loading=\"lazy\" title=\"ideaChef\u00ae at Novartis\" width=\"980\" height=\"551\" src=\"https:\/\/www.youtube.com\/embed\/PHa5RXaDESs?feature=oembed\" frameborder=\"0\" allow=\"accelerometer; autoplay; clipboard-write; encrypted-media; gyroscope; picture-in-picture\" allowfullscreen><\/iframe><\/p>\n<p><em>ideaChef\u00ae has been chosen by Novartis to support the BioCamp workshop<\/em><\/p>\n<p><strong>Parceiro:<\/strong><\/p>\n<p><a href=\"https:\/\/fotografiaportugal.pt\/site\/\" target=\"_blank\" rel=\"noopener noreferrer\"><img loading=\"lazy\" decoding=\"async\" class=\"alignnone size-medium wp-image-2574\" src=\"https:\/\/fotografiaportugal.pt\/site\/wp-content\/uploads\/2016\/03\/LOGO_FP_SIMPLES_REGISTADO-BR-230x89.jpg\" alt=\"LOGO_FP_SIMPLES_REGISTADO - BR\" width=\"230\" height=\"89\" srcset=\"https:\/\/fotografiaportugal.pt\/site\/wp-content\/uploads\/2016\/03\/LOGO_FP_SIMPLES_REGISTADO-BR.jpg 230w, https:\/\/fotografiaportugal.pt\/site\/wp-content\/uploads\/2016\/03\/LOGO_FP_SIMPLES_REGISTADO-BR-100x39.jpg 100w\" sizes=\"auto, (max-width: 230px) 100vw, 230px\" \/><\/a><\/p>\n<p>FOTOGRAFIA Portugal\u00a0\u00ae<\/p>\n<p>As melhores fotos de Portugal e de portugueses \u00e0 volta do mundo<\/p>\n<p>Partilha de t\u00e9cnicas e par\u00e2metros fotogr\u00e1ficos<\/p>\n<p>Exposi\u00e7\u00f5es on-line de Fotografia<\/p>\n<p>Condi\u00e7\u00f5es especiais na aquisi\u00e7\u00e3o de livros de FOTOGRAFIA<\/p>\n<p>Loja (shop):\u00a0<a title=\"Loja (shop)\" href=\"https:\/\/fotografiaportugal.pt\/site\/shop\/\" target=\"_blank\" rel=\"noopener noreferrer\">https:\/\/fotografiaportugal.pt\/site\/shop\/<\/a><\/p>\n<p>E-mail: <a href=\"mailto:info@fotografiaportugal.pt\">info@fotografiaportugal.pt<\/a><\/p>\n<p>Site: <a href=\"https:\/\/fotografiaportugal.pt\/site\/\" target=\"_blank\" rel=\"noopener noreferrer\">https:\/\/fotografiaportugal.pt\/site\/<\/a><\/p>\n<p>P\u00e1gina:\u00a0<a title=\"http:\/\/www.fotografiaportugal.pt\/\" href=\"http:\/\/www.fotografiaportugal.pt\" target=\"_blank\" rel=\"noopener noreferrer\">www.fotografiaportugal.pt<\/a><\/p>\n<p><strong>Parceiro:<\/strong><\/p>\n<p><a title=\"Oceano de Ideias\" href=\"http:\/\/oceanoideias.com\/\" target=\"_blank\" rel=\"noopener noreferrer\"><img loading=\"lazy\" decoding=\"async\" class=\"alignnone size-medium wp-image-90\" src=\"https:\/\/fotografiaportugal.pt\/site\/wp-content\/uploads\/2015\/03\/20140050-LOGO-Oceano-Ideias-NOVO-300x246.jpg\" alt=\"20140050 LOGO Oceano Ideias NOVO\" width=\"300\" height=\"246\" srcset=\"https:\/\/fotografiaportugal.pt\/site\/wp-content\/uploads\/2015\/03\/20140050-LOGO-Oceano-Ideias-NOVO-300x246.jpg 300w, https:\/\/fotografiaportugal.pt\/site\/wp-content\/uploads\/2015\/03\/20140050-LOGO-Oceano-Ideias-NOVO-226x186.jpg 226w, https:\/\/fotografiaportugal.pt\/site\/wp-content\/uploads\/2015\/03\/20140050-LOGO-Oceano-Ideias-NOVO.jpg 862w\" sizes=\"auto, (max-width: 300px) 100vw, 300px\" \/><\/a><\/p>\n<p>A empresa Oceano de Ideias-Consultoria e Servi\u00e7os Lda tem por objecto a presta\u00e7\u00e3o de servi\u00e7os de consultoria com car\u00e1cter estrat\u00e9gico em \u00e1reas relacionadas com neg\u00f3cios e gest\u00e3o, cultura e arte, marketing, engenharia e tecnologias de informa\u00e7\u00e3o e comunica\u00e7\u00e3o bem como forma\u00e7\u00e3o nas \u00e1reas descritas, e gest\u00e3o de concep\u00e7\u00e3o e comercializa\u00e7\u00e3o de obras de arte e ainda organiza\u00e7\u00e3o de simp\u00f3sios e eventos.<\/p>\n<p><strong>OCEANO DE IDEIAS<\/strong><\/p>\n<p>Consultoria e Servi\u00e7os<\/p>\n<p><a href=\"http:\/\/oceanoideias.com\/\" target=\"_blank\" rel=\"noopener noreferrer\">www.oceanoideias.com<\/a><\/p>\n<p>E-mail:\u00a0<a href=\"mailto:oceanoideias@oceanoideias.com\">oceanoideias@oceanoideias.com<\/a><\/p>\n<p>Apartado 310<\/p>\n<p>4764-978 Vila Nova de Famalic\u00e3o<\/p>\n","protected":false},"excerpt":{"rendered":"<p>It consists on making a relationship between high standing cars and great haute couture brands such as: Chanel\/Mercedes (two combinations: Coco and Karl with 540K and 300 SL \u201cGull wings\u201d model), Dior\/Ferrari, Givenchy \/Rolls Royce, Lanvin\/Bentley, Armani\/Lancia, Vuitton\/Minerva, YSL \/Jaguar, Valentino\/Maserati, Gucci \/Corvette, Prada\/Cadillac, Versace \/Excalibur, Dolce Gabanna\/Porshe, Mc Queen \/Aston Martin etc. There are [&hellip;]<\/p>\n","protected":false},"author":2629,"featured_media":5621,"parent":63,"menu_order":0,"comment_status":"closed","ping_status":"closed","template":"","meta":{"footnotes":""},"class_list":["post-5617","page","type-page","status-publish","has-post-thumbnail","hentry"],"_links":{"self":[{"href":"https:\/\/fotografiaportugal.pt\/site\/wp-json\/wp\/v2\/pages\/5617","targetHints":{"allow":["GET"]}}],"collection":[{"href":"https:\/\/fotografiaportugal.pt\/site\/wp-json\/wp\/v2\/pages"}],"about":[{"href":"https:\/\/fotografiaportugal.pt\/site\/wp-json\/wp\/v2\/types\/page"}],"author":[{"embeddable":true,"href":"https:\/\/fotografiaportugal.pt\/site\/wp-json\/wp\/v2\/users\/2629"}],"replies":[{"embeddable":true,"href":"https:\/\/fotografiaportugal.pt\/site\/wp-json\/wp\/v2\/comments?post=5617"}],"version-history":[{"count":10,"href":"https:\/\/fotografiaportugal.pt\/site\/wp-json\/wp\/v2\/pages\/5617\/revisions"}],"predecessor-version":[{"id":9281,"href":"https:\/\/fotografiaportugal.pt\/site\/wp-json\/wp\/v2\/pages\/5617\/revisions\/9281"}],"up":[{"embeddable":true,"href":"https:\/\/fotografiaportugal.pt\/site\/wp-json\/wp\/v2\/pages\/63"}],"wp:featuredmedia":[{"embeddable":true,"href":"https:\/\/fotografiaportugal.pt\/site\/wp-json\/wp\/v2\/media\/5621"}],"wp:attachment":[{"href":"https:\/\/fotografiaportugal.pt\/site\/wp-json\/wp\/v2\/media?parent=5617"}],"curies":[{"name":"wp","href":"https:\/\/api.w.org\/{rel}","templated":true}]}}