{"id":5269,"date":"2018-06-08T20:50:01","date_gmt":"2018-06-08T20:50:01","guid":{"rendered":"http:\/\/fotografiaportugal.pt\/site\/?post_type=product&#038;p=5269"},"modified":"2023-12-26T11:08:53","modified_gmt":"2023-12-26T11:08:53","slug":"bibliotecas-maravilhas-de-portugal-libraries-wonders-of-portugal-vol-i","status":"publish","type":"product","link":"https:\/\/fotografiaportugal.pt\/site\/shop\/livros\/bibliotecas-maravilhas-de-portugal-libraries-wonders-of-portugal-vol-i\/","title":{"rendered":"Bibliotecas \u2013 Maravilhas de Portugal \/ Libraries \u2013 Wonders of Portugal, Vol. I"},"content":{"rendered":"<p><img loading=\"lazy\" decoding=\"async\" class=\"alignnone size-medium wp-image-11481\" src=\"https:\/\/fotografiaportugal.pt\/site\/wp-content\/uploads\/2018\/06\/kfrente_Bibliotecas_5ed_600px-228x300.jpg\" alt=\"\" width=\"228\" height=\"300\" srcset=\"https:\/\/fotografiaportugal.pt\/site\/wp-content\/uploads\/2018\/06\/kfrente_Bibliotecas_5ed_600px-228x300.jpg 228w, https:\/\/fotografiaportugal.pt\/site\/wp-content\/uploads\/2018\/06\/kfrente_Bibliotecas_5ed_600px.jpg 600w, https:\/\/fotografiaportugal.pt\/site\/wp-content\/uploads\/2018\/06\/kfrente_Bibliotecas_5ed_600px-416x547.jpg 416w\" sizes=\"auto, (max-width: 228px) 100vw, 228px\" \/><\/p>\n<p>Autor: Lib\u00f3rio Manuel Silva<\/p>\n<p>Pref\u00e1cio: Eduardo Louren\u00e7o<\/p>\n<p>P\u00e1gs: 168, a cores (capa dura); 24,5*32,1cm<\/p>\n<p>ISBN: 978-989-615-221-5<\/p>\n<p>Pre\u00e7o: 28,85 Eur<\/p>\n<p>5\u00aa edi\u00e7\u00e3o: Novembro\/2021<\/p>\n<p><iframe loading=\"lazy\" title=\"Bibliotecas Maravilhas de Portugal \/ Libraries Wonders of Portugal\" width=\"980\" height=\"551\" src=\"https:\/\/www.youtube.com\/embed\/4JOQl1UI1sk?feature=oembed\" frameborder=\"0\" allow=\"accelerometer; autoplay; clipboard-write; encrypted-media; gyroscope; picture-in-picture; web-share\" allowfullscreen><\/iframe><\/p>\n<p>Um registo surpreendente, com 260 imagens exclusivas, das mais belas Bibliotecas Hist\u00f3ricas de Portugal numa edi\u00e7\u00e3o de luxo, bilingue, organizada em dois volumes prefaciados por Eduardo Louren\u00e7o e Alberto Manguel.<\/p>\n<p>P\u00fablicas ou privadas, pequenas ou grandes, famosas ou \u2018desconhecidas\u2019, de acesso livre ou museol\u00f3gicas, eclesi\u00e1sticas, civis ou militares, o livro revela verdadeiros tesouros, transportando-nos a estas aut\u00eanticas catedrais do conhecimento.<\/p>\n<p>Uma Rota da Biblioteca Antiga e do admir\u00e1vel patrim\u00f3nio cultural portugu\u00eas para deleite de todos os apaixonados por livros.<\/p>\n<p>\/<\/p>\n<p><em>A surprising record, with 260 exclusive images, from the most beautiful Historical Libraries of Portugal in a luxury, bilingual edition, organised in two volumes prefaced by Eduardo Louren\u00e7o and Alberto Manguel.<\/em><\/p>\n<p><em>Either public or private, small or large, famous or \u2018unknown\u2019, freely accessible or museum libraries, ecclesiastical, civil or military, the book reveals true treasures, taking us to these amazing knowledge cathedrals.<\/em><\/p>\n<p><em>A Route of the Ancient Library and the admirable Portuguese cultural heritage for the delight of all book lovers.<\/em><\/p>\n<p><img loading=\"lazy\" decoding=\"async\" class=\"alignnone size-medium wp-image-11482\" src=\"https:\/\/fotografiaportugal.pt\/site\/wp-content\/uploads\/2018\/06\/57A2610-Editar-600-220x300.jpg\" alt=\"\" width=\"220\" height=\"300\" srcset=\"https:\/\/fotografiaportugal.pt\/site\/wp-content\/uploads\/2018\/06\/57A2610-Editar-600-220x300.jpg 220w, https:\/\/fotografiaportugal.pt\/site\/wp-content\/uploads\/2018\/06\/57A2610-Editar-600.jpg 440w, https:\/\/fotografiaportugal.pt\/site\/wp-content\/uploads\/2018\/06\/57A2610-Editar-600-416x567.jpg 416w\" sizes=\"auto, (max-width: 220px) 100vw, 220px\" \/><\/p>\n<p><strong>AUTOR<\/strong><\/p>\n<p align=\"justify\"><b>Lib\u00f3rio Manuel Silva<\/b> \u00e9 editor do Centro Atl\u00e2ntico, consultor e um grande apaixonado por livros e por todos os locais m\u00e1gicos que os albergam.<\/p>\n<p align=\"justify\">\u00c9 autor de cerca de 20 livros \u2013 em tr\u00eas editoras \u2013, sobre Gest\u00e3o e Tecnologias, e de mais de 100 artigos publicados nos principais jornais e revistas portugueses. Fundou e dirigiu tr\u00eas revistas.<\/p>\n<p align=\"justify\">Em Portugal, foi precursor da forma\u00e7\u00e3o em Internet (1994) e da cria\u00e7\u00e3o e distribui\u00e7\u00e3o de e-books (1999).<\/p>\n<p align=\"justify\">Tem dez anos de experi\u00eancia como docente no ensino superior, uma p\u00f3s-gradua\u00e7\u00e3o em Gest\u00e3o, uma outra, internacional (EUA, Fran\u00e7a, Coreia do Sul e Jap\u00e3o), em Excel\u00eancia nos Servi\u00e7os e ainda a frequ\u00eancia num MBA de Com\u00e9rcio Internacional.<\/p>\n<p align=\"justify\">Come\u00e7ou a fotografar muito cedo, tendo recebido forma\u00e7\u00e3o na Cooperativa \u00c1rvore, o que o motivou para a cria\u00e7\u00e3o de um laborat\u00f3rio fotogr\u00e1fico dom\u00e9stico.<\/p>\n<p align=\"justify\">Quando n\u00e3o est\u00e1 com um livro ou c\u00e2mara fotogr\u00e1fica nas m\u00e3os, tenta perceber a afina\u00e7\u00e3o do seu <i>ukulele<\/i> ou a velocidade a que os seus colegas de <i>windsurf <\/i>conseguem navegar.<\/p>\n<p align=\"justify\">Os seus dois filhos s\u00e3o a sua principal fonte de inspira\u00e7\u00e3o.<\/p>\n<p align=\"justify\"><img loading=\"lazy\" decoding=\"async\" class=\"alignnone size-medium wp-image-11483\" src=\"https:\/\/fotografiaportugal.pt\/site\/wp-content\/uploads\/2018\/06\/Capa3D-Centro-Atlantico-Bibliotecas_vol1-5ed_1250px-300x242.jpg\" alt=\"\" width=\"300\" height=\"242\" srcset=\"https:\/\/fotografiaportugal.pt\/site\/wp-content\/uploads\/2018\/06\/Capa3D-Centro-Atlantico-Bibliotecas_vol1-5ed_1250px-300x242.jpg 300w, https:\/\/fotografiaportugal.pt\/site\/wp-content\/uploads\/2018\/06\/Capa3D-Centro-Atlantico-Bibliotecas_vol1-5ed_1250px-1024x825.jpg 1024w, https:\/\/fotografiaportugal.pt\/site\/wp-content\/uploads\/2018\/06\/Capa3D-Centro-Atlantico-Bibliotecas_vol1-5ed_1250px-416x335.jpg 416w, https:\/\/fotografiaportugal.pt\/site\/wp-content\/uploads\/2018\/06\/Capa3D-Centro-Atlantico-Bibliotecas_vol1-5ed_1250px.jpg 1250w\" sizes=\"auto, (max-width: 300px) 100vw, 300px\" \/><\/p>\n<p align=\"justify\"><strong>NOT\u00cdCIAS<\/strong><\/p>\n<p align=\"justify\">\u00abBibliotecas \u2013 Maravilhas de Portugal\u00bb apresenta 21 locais imprescind\u00edveis da nossa hist\u00f3ria, embora muitos desconhecidos por todos. O livro foi escrito por Lib\u00f3rio Manuel Silva e \u00e9 editado pela Centro Atl\u00e2ntico.<br \/>\nLib\u00f3rio Manuel Silva acredita que as bibliotecas s\u00e3o muito mais do que um espa\u00e7o onde podemos encontrar livros. O autor, que, entre 200 antigas\/hist\u00f3ricas de Portugal, escolheu cerca de duas dezenas, defende inclusive que \u00abo papel cultural\u00bb das bibliotecas, \u00abmas tamb\u00e9m social, pode estar ainda no in\u00edcio\u00bb. E a verdade \u00e9 que estes mesmo locais procuram, eles pr\u00f3prios, demonstrar que s\u00e3o muito mais do que um simples local onde est\u00e3o<br \/>\nguardados alguns livros.<\/p>\n<p align=\"right\"><i><b>Di\u00e1rio Digital<\/b>, 24 de Julho de 2013<br \/>\n<\/i><\/p>\n<hr noshade=\"noshade\" \/>\n<p align=\"justify\">Bibliotecas &#8220;maravilhas&#8221;<\/p>\n<p>Um bonito volume sobre Bibliotecas \u2013 Maravilhas de Portugal, da autoria (fotos e texto) de Lib\u00f3rio Manuel Silva. Numa edi\u00e7\u00e3o cartonada, em papel couch\u00e9, s\u00e3o-nos dadas expressivas imagens de 21 belas bibliotecas (n\u00e3o das recentes, que tamb\u00e9m as h\u00e1, algumas de grandes arquitetos atuais) de v\u00e1rios pontos do pa\u00eds.<br \/>\n&#8230;<br \/>\nNa introdu\u00e7\u00e3o, do autor, notas sobre cada uma das bibliotecas fotografadas (de 3 a 6 p\u00e1ginas de fotos de cada uma). E, a abrir, um curto, mas denso, pref\u00e1cio de Eduardo Louren\u00e7o, tr\u00eas par\u00e1grafos do raro pensador\/escritor que \u00e9, e que formam um &#8220;todo&#8221; de que \u00e9 dif\u00edcil destacar um excerto.<\/p>\n<p align=\"right\"><i><b>Jornal de Letras<\/b>, 26 de Junho de 2013<br \/>\n<\/i><\/p>\n<hr noshade=\"noshade\" \/>\n<p align=\"justify\">Bibliotecas de encantar<\/p>\n<p>A capa com a Biblioteca Joanina da Universidade de Coimbra (UC) n\u00e3o engana: chegou \u201cBibliotecas \u2013 Maravilhas de Portugal \/ Libraries \u2013 Wonders of Portugal\u201d, o livro de fotografia que mostra como s\u00e3o as mais belas Bibliotecas Antigas de Portugal.<\/p>\n<p align=\"right\"><i><b>Mais Superior<\/b>, 21 de junho de 2013<\/i><\/p>\n<hr noshade=\"noshade\" \/>\n<p align=\"justify\">Certamente um dos livros que mais apaixonar\u00e1 os bibli\u00f3filos neste ano de 2013 foi lan\u00e7ado este m\u00eas pela Edi\u00e7\u00f5es Centro Atl\u00e2ntico.<br \/>\nUm livro de fotografia lan\u00e7ado tanto em portugu\u00eas como em ingl\u00eas e que conta, ainda, com um pref\u00e1cio de Eduardo Louren\u00e7o.<br \/>\nUm \u00e1lbum a prezar bem no centro das bibliotecas pessoais &#8211; bem mais modestas do que as aqui representadas, claro.<\/p>\n<p align=\"right\"><i><b>P\u00e1ginas com Mem\u00f3ria<\/b>, 19 de Junho de 2013<\/i><\/p>\n","protected":false},"excerpt":{"rendered":"<p>Um registo surpreendente, com 260 imagens exclusivas, das mais belas Bibliotecas Hist\u00f3ricas de Portugal numa edi\u00e7\u00e3o de luxo, bilingue, organizada em dois volumes prefaciados por Eduardo Louren\u00e7o e Alberto Manguel.<\/p>\n<p>P\u00fablicas ou privadas, pequenas ou grandes, famosas ou \u2018desconhecidas\u2019, de acesso livre ou museol\u00f3gicas, eclesi\u00e1sticas, civis ou militares, o livro revela verdadeiros tesouros, transportando-nos a estas aut\u00eanticas catedrais do conhecimento.<\/p>\n<p>Uma Rota da Biblioteca Antiga e do admir\u00e1vel patrim\u00f3nio cultural portugu\u00eas para deleite de todos os apaixonados por livros.<\/p>\n<p>\/<\/p>\n<p><em>A surprising record, with 260 exclusive images, from the most beautiful Historical Libraries of Portugal in a luxury, bilingual edition, organised in two volumes prefaced by Eduardo Louren\u00e7o and Alberto Manguel.<\/em><\/p>\n<p><em>Either public or private, small or large, famous or \u2018unknown\u2019, freely accessible or museum libraries, ecclesiastical, civil or military, the book reveals true treasures, taking us to these amazing knowledge cathedrals.<\/em><\/p>\n<p><em>A Route of the Ancient Library and the admirable Portuguese cultural heritage for the delight of all book lovers.<\/em><\/p>\n","protected":false},"featured_media":11481,"comment_status":"closed","ping_status":"closed","template":"","meta":[],"product_brand":[],"product_cat":[181,7,103,138],"product_tag":[29,15,20,30],"class_list":{"0":"post-5269","1":"product","2":"type-product","3":"status-publish","4":"has-post-thumbnail","6":"product_cat-liborio-manuel-silva","7":"product_cat-livros","8":"product_cat-livros-capa-dura-luxo","9":"product_cat-photography-of-portugal","10":"product_tag-bibliotecas","11":"product_tag-fotografia","12":"product_tag-imagem","13":"product_tag-libraries","15":"first","16":"outofstock","17":"shipping-taxable","18":"purchasable","19":"product-type-simple"},"_links":{"self":[{"href":"https:\/\/fotografiaportugal.pt\/site\/wp-json\/wp\/v2\/product\/5269","targetHints":{"allow":["GET"]}}],"collection":[{"href":"https:\/\/fotografiaportugal.pt\/site\/wp-json\/wp\/v2\/product"}],"about":[{"href":"https:\/\/fotografiaportugal.pt\/site\/wp-json\/wp\/v2\/types\/product"}],"replies":[{"embeddable":true,"href":"https:\/\/fotografiaportugal.pt\/site\/wp-json\/wp\/v2\/comments?post=5269"}],"wp:featuredmedia":[{"embeddable":true,"href":"https:\/\/fotografiaportugal.pt\/site\/wp-json\/wp\/v2\/media\/11481"}],"wp:attachment":[{"href":"https:\/\/fotografiaportugal.pt\/site\/wp-json\/wp\/v2\/media?parent=5269"}],"wp:term":[{"taxonomy":"product_brand","embeddable":true,"href":"https:\/\/fotografiaportugal.pt\/site\/wp-json\/wp\/v2\/product_brand?post=5269"},{"taxonomy":"product_cat","embeddable":true,"href":"https:\/\/fotografiaportugal.pt\/site\/wp-json\/wp\/v2\/product_cat?post=5269"},{"taxonomy":"product_tag","embeddable":true,"href":"https:\/\/fotografiaportugal.pt\/site\/wp-json\/wp\/v2\/product_tag?post=5269"}],"curies":[{"name":"wp","href":"https:\/\/api.w.org\/{rel}","templated":true}]}}