{"id":646,"date":"2015-05-25T15:16:30","date_gmt":"2015-05-25T15:16:30","guid":{"rendered":"http:\/\/fotografiaportugal.pt\/site\/?post_type=product&#038;p=646"},"modified":"2025-11-08T15:00:56","modified_gmt":"2025-11-08T15:00:56","slug":"foto-pad-4-a-edicao","status":"publish","type":"product","link":"https:\/\/fotografiaportugal.pt\/site\/shop\/livros\/foto-pad-4-a-edicao\/","title":{"rendered":"FOTOpad (4.\u00aa edi\u00e7\u00e3o) (livro manuseado)"},"content":{"rendered":"<p><img loading=\"lazy\" decoding=\"async\" class=\"alignnone size-medium wp-image-647\" src=\"https:\/\/fotografiaportugal.pt\/site\/wp-content\/uploads\/2015\/05\/capa-livro-ca-fotopad_4ed_300dpis-186x300.jpg\" alt=\"capa-livro-ca-fotopad_4ed_300dpis\" width=\"186\" height=\"300\" srcset=\"https:\/\/fotografiaportugal.pt\/site\/wp-content\/uploads\/2015\/05\/capa-livro-ca-fotopad_4ed_300dpis-186x300.jpg 186w, https:\/\/fotografiaportugal.pt\/site\/wp-content\/uploads\/2015\/05\/capa-livro-ca-fotopad_4ed_300dpis-634x1024.jpg 634w, https:\/\/fotografiaportugal.pt\/site\/wp-content\/uploads\/2015\/05\/capa-livro-ca-fotopad_4ed_300dpis-672x1086.jpg 672w, https:\/\/fotografiaportugal.pt\/site\/wp-content\/uploads\/2015\/05\/capa-livro-ca-fotopad_4ed_300dpis.jpg 1535w\" sizes=\"auto, (max-width: 186px) 100vw, 186px\" \/><\/p>\n<p><strong>FOTO<\/strong><em>pad<\/em><em>\u00a0<\/em>(4.\u00aa edi\u00e7\u00e3o) (livro manuseado)<em><br \/>\n(em formato Moleskine \u2013 com o cl\u00e1ssico el\u00e1stico)<\/em><\/p>\n<table width=\"100%\">\n<tbody>\n<tr>\n<td width=\"97%\">Autor:\u00a0 Joel Santos<\/td>\n<\/tr>\n<tr>\n<td width=\"97%\">Ilustrador:\u00a0Tiago Cruz<\/td>\n<\/tr>\n<tr>\n<td width=\"97%\">P\u00e1gs:\u00a0160<\/td>\n<\/tr>\n<tr>\n<td width=\"97%\">ISBN:\u00a0978-989-615-199-7<\/td>\n<\/tr>\n<tr>\n<td width=\"97%\">4.\u00aa Edi\u00e7\u00e3o:\u00a0Fev\/2015<\/td>\n<\/tr>\n<tr>\n<td width=\"97%\">PVP: 16,00 EUR (novo esgotado) \/ 9,00 EUR (manuseado)<\/td>\n<\/tr>\n<\/tbody>\n<\/table>\n<p><strong>Pre\u00e7o Especial<\/strong>\u00a0para\u00a0<strong>livros manuseados<\/strong>\u00a0(livros em estado novo, que j\u00e1 foram colocados \u00e0 venda em lojas comerciais e que podem ter etiquetas com pre\u00e7os ou promo\u00e7\u00f5es das lojas e, por vezes, alguma sujidade ou imperfei\u00e7\u00e3o do manuseamento em loja).<\/p>\n<p>Com a assinatura do fot\u00f3grafo profissional Joel Santos, o FOTOpad \u00e9 o caderno e o guia de terreno definitivo para quem \u00e9 apaixonado por fotografia.<\/p>\n<p>Completamente independente de energia el\u00e9ctrica e altamente port\u00e1til, o FOTOpad oferece-lhe um espa\u00e7o privilegiado para tomar nota das suas mem\u00f3rias fotogr\u00e1ficas e serve como verdadeira ferramenta multiusos, disponibilizando-lhe check-lists, modelos de ced\u00eancia de direitos de imagem, mapas, calend\u00e1rios personaliz\u00e1veis, entre outras aplica\u00e7\u00f5es relevantes e prontas a usar por qualquer fot\u00f3grafo em movimento.<\/p>\n<p>Outra forte raz\u00e3o para ter o FOTOpad sempre consigo s\u00e3o as mais de 100 dicas \u2013 ilustradas por Tiago Cruz \u2013 e infografias fotogr\u00e1ficas, cobrindo aspectos te\u00f3ricos e pr\u00e1ticos que realmente v\u00e3o fazer a diferen\u00e7a e permitir que atinja os melhores resultados. N\u00e3o se recorda como funcionam as vari\u00e1veis da exposi\u00e7\u00e3o, como fotografar fogos-de-artif\u00edcio ou como proteger a sua c\u00e2mara numa situa\u00e7\u00e3o de emerg\u00eancia? O FOTOpad sabe. E diz-lhe tudo, em menos de um minuto.<\/p>\n<p><strong>O LIVRO<\/strong><\/p>\n<p><img loading=\"lazy\" decoding=\"async\" class=\"alignnone size-medium wp-image-647\" src=\"https:\/\/fotografiaportugal.pt\/site\/wp-content\/uploads\/2015\/05\/capa-livro-ca-fotopad_4ed_300dpis-186x300.jpg\" alt=\"capa-livro-ca-fotopad_4ed_300dpis\" width=\"186\" height=\"300\" srcset=\"https:\/\/fotografiaportugal.pt\/site\/wp-content\/uploads\/2015\/05\/capa-livro-ca-fotopad_4ed_300dpis-186x300.jpg 186w, https:\/\/fotografiaportugal.pt\/site\/wp-content\/uploads\/2015\/05\/capa-livro-ca-fotopad_4ed_300dpis-634x1024.jpg 634w, https:\/\/fotografiaportugal.pt\/site\/wp-content\/uploads\/2015\/05\/capa-livro-ca-fotopad_4ed_300dpis-672x1086.jpg 672w, https:\/\/fotografiaportugal.pt\/site\/wp-content\/uploads\/2015\/05\/capa-livro-ca-fotopad_4ed_300dpis.jpg 1535w\" sizes=\"auto, (max-width: 186px) 100vw, 186px\" \/><\/p>\n<p>Com a assinatura do fot\u00f3grafo profissional Joel Santos, o FOTO<em>pad<\/em>\u00a0\u00e9 o caderno e o guia de terreno definitivo para quem \u00e9 apaixonado por fotografia. Em formato Moleskine, com o cl\u00e1ssico el\u00e1stico, o FOTO<em>pad\u00a0<\/em>explora um conceito inovador e diferenciado, aliando a riqueza do seu conte\u00fado escrito \u00e0 eleg\u00e2ncia distinta das suas ilustra\u00e7\u00f5es e design.<\/p>\n<p>Completamente independente de energia el\u00e9ctrica e altamente port\u00e1til, o FOTO<em>pad<\/em>\u00a0oferece-lhe um espa\u00e7o privilegiado para tomar nota das suas mem\u00f3rias fotogr\u00e1ficas e serve como verdadeira ferramenta multiusos, disponibilizando-lhe\u00a0<em>check-lists<\/em>, modelos de ced\u00eancia de direitos de imagem, mapas, calend\u00e1rios personaliz\u00e1veis, entre outras aplica\u00e7\u00f5es relevantes e prontas a usar por qualquer fot\u00f3grafo em movimento.<\/p>\n<p>Outra forte raz\u00e3o para ter o FOTO<em>pad<\/em>\u00a0sempre consigo s\u00e3o as mais de 100 dicas \u2013 ilustradas por Tiago Cruz \u2013 e infografias fotogr\u00e1ficas, cobrindo aspectos te\u00f3ricos e pr\u00e1ticos que realmente v\u00e3o fazer a diferen\u00e7a e permitir que atinja os melhores resultados. N\u00e3o se recorda como funcionam as vari\u00e1veis da exposi\u00e7\u00e3o, como fotografar fogos-de-artif\u00edcio ou como proteger a sua c\u00e2mara numa situa\u00e7\u00e3o de emerg\u00eancia? O FOTO<em>pad<\/em>\u00a0sabe. E diz-lhe tudo, em menos de um minuto.<\/p>\n<p><strong>\u00cdNDICE<\/strong><\/p>\n<p><strong>\u25a1\u00a0<\/strong>FOTO<em>pad<\/em>\u00a0&#8211; Introdu\u00e7\u00e3o<br \/>\n<strong>\u25a1\u00a0<\/strong>FOTOcalend\u00e1rio<br \/>\n<strong>\u25a1\u00a0<\/strong>FOTOcontactos<br \/>\n<strong>\u25a1\u00a0<\/strong>FOTOmapa de Portugal<br \/>\n<strong>\u25a1\u00a0<\/strong>FOTOmapa mundo<br \/>\n<strong>\u25a1\u00a0<\/strong>105 FOTOdicas<br \/>\n<strong>\u25a1\u00a0<\/strong>Bloco-notas<br \/>\n<strong>\u25a1\u00a0<\/strong>FOTOanexos:<br \/>\n\u25ca\u00a0Vari\u00e1veis da Exposi\u00e7\u00e3o \u2013 Efeitos Prim\u00e1rios e Secund\u00e1rios<br \/>\n\u25ca\u00a0Reciprocidade da Exposi\u00e7\u00e3o<br \/>\n\u25ca Altera\u00e7\u00e3o da Exposi\u00e7\u00e3o<br \/>\n\u25ca Histograma \u2013 An\u00e1lise da Exposi\u00e7\u00e3o \/ C\u00e1lculo das compensa\u00e7\u00f5es da exposi\u00e7\u00e3o<br \/>\n\u25ca\u00a0C\u00e1lculo do Tempo de Exposi\u00e7\u00e3o em fun\u00e7\u00e3o do Filtro de Densidade Neutra<br \/>\n\u25ca\u00a0Profundidade de Campo<br \/>\n\u25ca\u00a0Tabela de Convers\u00e3o \u2013 Dist\u00e2ncias Focais em fun\u00e7\u00e3o do tipo de Sensor de Imagem da C\u00e2mara<br \/>\n\u25ca\u00a0Calibra\u00e7\u00e3o de Equil\u00edbrio de Brancos<br \/>\n<em>\u00a0<\/em>\u00a0\u00a0\u00a0\u00a0\u25ca\u00a0<em>Check List<\/em>\u00a0\u2013 Equipamento Fotogr\u00e1fico em Viagem<br \/>\n\u25ca\u00a0Model Release<br \/>\n\u25ca\u00a0\u00a0Ced\u00eancia de Direitos de Imagem<br \/>\n\u25ca Fluxo Fotogr\u00e1fico \u2013 Solu\u00e7\u00f5es para a foto perfeita<\/p>\n<p><strong>OS AUTORES<\/strong><\/p>\n<table width=\"99%\">\n<tbody>\n<tr>\n<td>\n<table width=\"100%\">\n<tbody>\n<tr>\n<td><strong>Joel Santos<\/strong>\u00a0nasceu em 1978, sendo licenciado e mestre em Economia. A paix\u00e3o pela fotografia desperta em 2003, com g\u00e9nese na macrofotografia a \u00e1gua e na fotografia de paisagem natural. Em 2004 ruma a Timor-Leste como docente da Universidade de Economia \u2013 uma experi\u00eancia de tr\u00eas anos que impulsionaria a sua apet\u00eancia pelo retrato espont\u00e2neo e pela reportagem de vida quotidiana.<br \/>\nEm 2005 inicia a sua liga\u00e7\u00e3o ao mundo editorial, atrav\u00e9s da revista\u00a0<em>FotoDigital<\/em>, sendo que, em 2007, ap\u00f3s o seu regresso a Portugal, assume, durante tr\u00eas anos, a direc\u00e7\u00e3o da revista\u00a0<em>O mundo da Fotografia Digital<\/em>. Em 2009, durante praticamente um ano, acumula o cargo anterior com o de coordena\u00e7\u00e3o editorial de todas as publica\u00e7\u00f5es de tecnologia da editora Goody. Desde 2010 \u00e9 colunista regular da revista\u00a0<em>Vis\u00e3o Vida &amp; Viagens<\/em>\u00a0e, ocasionalmente, da revista\u00a0<em>Vis\u00e3o<\/em>, publicando cr\u00f3nicas e fotografias. Nos \u00faltimos oito anos, entre publica\u00e7\u00f5es nacionais e estrangeiras, editou centenas de artigos e imagens, protagonizando mais de tr\u00eas dezenas de capas e artigos centrais.Em 2007 escreve o livro\u00a0<strong>Fotografia Digital com Adobe Photoshop Lightroom<\/strong> (J\u00e1 dispon\u00edvel a nova vers\u00e3o deste livro &#8211;<b><a href=\"https:\/\/fotografiaportugal.pt\/site\/shop\/livros\/fotoedicao-o-guia-essencial-de-pos-producao-com-photoshop-lightroom-e-adobe-camera-raw\/\">FOTOedi\u00e7\u00e3o: O Guia Essencial de p\u00f3s-Produ\u00e7\u00e3o com Photoshop Lightroom e Adobe Camera Raw<\/a><\/b>), em 2010 o livro\u00a0<em>best-seller\u00a0<\/em><strong><a href=\"https:\/\/fotografiaportugal.pt\/site\/shop\/livros\/78\/\">Fotografia: Luz, Exposi\u00e7\u00e3o, Composi\u00e7\u00e3o, Equipamento e Dicas para Fotografar em Portugal<\/a><\/strong>\u00a0e, em 2011, o livro\u00a0<strong>India \u2013 A Cor do Contraste \/ The Color of Contrast<\/strong>\u00a0(todos publicados pela editora Centro Atl\u00e2ntico).Actualmente, com a ag\u00eancia de viagens Papa-L\u00e9guas, lidera viagens e\u00a0<em>workshops<\/em>\u00a0fotogr\u00e1ficos em Portugal e por todo o mundo, aliando a vasta experi\u00eancia como viajante ao gosto por comunicar e formar.As suas fotografias foram distinguidas com alguns dos mais prestigiados galard\u00f5es nacionais e internacionais de fotografia, onde se incluem o primeiro pr\u00e9mio (2006) e a men\u00e7\u00e3o honrosa (2007) na categoria de Natureza do Pr\u00e9mio Fotojornalismo Vis\u00e3o\/BES, os pr\u00e9mios Wild Places (Natureza\/Cor, 2007), FIAP Silver Medal (Natureza\/Cor, 2009) e Melhor Portugu\u00eas (Natureza\/Cor, 2009) no Sal\u00e3o Internacional de Arte Fotogr\u00e1fica do Algarve (Racal Clube). Participou em m\u00faltiplas exposi\u00e7\u00f5es em Portugal e no estrangeiro, nomeadamente em Timor-Leste (Instituto Cam\u00f5es e Funda\u00e7\u00e3o Oriente) e na Pol\u00f3nia (III Foto Art Festival).O seu trabalho fotogr\u00e1fico \u00e9 representado pela Aurora Photos, que tamb\u00e9m distribui os seus trabalhos na Getty Images e Corbis, sendo as suas imagens usadas \u00e0 escala global por empresas como a Canon Europa, Samsung, IKEA, organiza\u00e7\u00f5es de turismo, ag\u00eancias de publicidade e companhias de avia\u00e7\u00e3o, entre outras.<\/p>\n<ul>\n<li><a href=\"http:\/\/www.joelsantos.net\/\">www.joelsantos.net<\/a><\/li>\n<li><a href=\"http:\/\/www.facebook.com\/Joel.Santos.Photography\">www.facebook.com\/Joel.Santos.Photography<\/a><\/li>\n<\/ul>\n<\/td>\n<\/tr>\n<\/tbody>\n<\/table>\n<table width=\"100%\">\n<tbody>\n<tr>\n<td><strong>Tiago Cruz<\/strong>\u00a0nasceu em 1978. \u00c9 designer de Comunica\u00e7\u00e3o, ilustrador, docente universit\u00e1rio e investigador na \u00e1rea da Cultura e Comunica\u00e7\u00e3o Visual, Semi\u00f3tica Visual, Design de Interac\u00e7\u00e3o e Hiperm\u00e9dia.<br \/>\nCome\u00e7ou por trabalhar em realiza\u00e7\u00e3o pl\u00e1stica das Artes do Espect\u00e1culo onde desenvolveu projectos com diversos encenadores, nomeadamente, Ant\u00f3nio Capelo, Rog\u00e9rio de Carvalho, Paulo Castro e Alan Richardson. Posteriormente forma-se em\u00a0<em>Comunica\u00e7\u00e3o Multim\u00e9dia<\/em>iniciando a sua actividade enquanto designer de Comunica\u00e7\u00e3o. Actualmente lecciona no<em>Instituto Superior da Maia<\/em>\u00a0(ISMAI) e, ainda na mesma institui\u00e7\u00e3o de ensino, desenvolve a sua actividade de investiga\u00e7\u00e3o como investigador convidado no\u00a0<em>Centro de Estudos em L\u00edngua, Comunica\u00e7\u00e3o e Cultura<\/em>\u00a0(CELCC).<br \/>\nO gosto pela ilustra\u00e7\u00e3o, em particular pelos Di\u00e1rios Gr\u00e1ficos, foi sempre uma constante. Hoje mant\u00e9m o blogue<em>N\u00e3ocoisas \u00c0 Vista<\/em>\u00a0(<strong><a href=\"http:\/\/avista.naocoisas.com\/\">avista.naocoisas.com<\/a><\/strong>), onde documenta e publica o trabalho que vai desenvolvendo nesta \u00e1rea.<\/td>\n<\/tr>\n<\/tbody>\n<\/table>\n<\/td>\n<\/tr>\n<\/tbody>\n<\/table>\n<p><strong>COMENT\u00c1RIOS\/ NOT\u00cdCIAS<\/strong><\/p>\n<table width=\"99%\">\n<tbody>\n<tr>\n<td>\n<table width=\"100%\">\n<tbody>\n<tr>\n<td>F<strong>OTO<em>pad<\/em>\u00a0&#8211;\u00a0<\/strong><strong>TVI 24 &#8211; Cartaz das Artes<\/strong><img loading=\"lazy\" decoding=\"async\" class=\"alignnone size-medium wp-image-648\" src=\"https:\/\/fotografiaportugal.pt\/site\/wp-content\/uploads\/2015\/05\/noticia-fotopad-cartazdasartes-2ago2012-300x234.jpg\" alt=\"noticia-fotopad-cartazdasartes-2ago2012\" width=\"300\" height=\"234\" srcset=\"https:\/\/fotografiaportugal.pt\/site\/wp-content\/uploads\/2015\/05\/noticia-fotopad-cartazdasartes-2ago2012-300x234.jpg 300w, https:\/\/fotografiaportugal.pt\/site\/wp-content\/uploads\/2015\/05\/noticia-fotopad-cartazdasartes-2ago2012.jpg 412w\" sizes=\"auto, (max-width: 300px) 100vw, 300px\" \/><strong><em>FOTOpad &#8211; not\u00edcia TVI<\/em><\/strong><img loading=\"lazy\" decoding=\"async\" class=\"alignnone size-medium wp-image-649\" src=\"https:\/\/fotografiaportugal.pt\/site\/wp-content\/uploads\/2015\/05\/noticia-fotopad-fotografiatotal-13mai2012-2-300x184.jpg\" alt=\"noticia-fotopad-fotografiatotal-13mai2012-2\" width=\"300\" height=\"184\" srcset=\"https:\/\/fotografiaportugal.pt\/site\/wp-content\/uploads\/2015\/05\/noticia-fotopad-fotografiatotal-13mai2012-2-300x184.jpg 300w, https:\/\/fotografiaportugal.pt\/site\/wp-content\/uploads\/2015\/05\/noticia-fotopad-fotografiatotal-13mai2012-2.jpg 973w\" sizes=\"auto, (max-width: 300px) 100vw, 300px\" \/>FOTO<em>pad<\/em>\u00a0&#8211; o iPad de papel<strong><em>Fotografia Total,<\/em><\/strong><em>\u00a0TVI24, 13 de Maio de 2012<\/em>O fot\u00f3grafo Joel Santos e a editora Centro Atl\u00e2ntico continuam a oferecer livros imprescind\u00edveis para os amantes da fotografia. Depois de \u00abFotografia Digital com Adobe Photoshop Lightroom\u00bb, \u00abFotografia: Luz, Exposi\u00e7\u00e3o, Composi\u00e7\u00e3o, Equipamento e Dicas para Fotografar em Portugal\u00bb e \u00ab\u00cdndia \u2013 A Cor do Contraste\/The Color of Contrast\u00bb, chegou a vez de \u00abFOTO<em>pad<\/em>\u00bb, uma esp\u00e9cie de Moleskine que cont\u00e9m centenas de dicas. As ilustra\u00e7\u00f5es s\u00e3o de Tiago Cruz.<br \/>\n\u00abSer paciente \u00e9 uma das principais virtudes de um fot\u00f3grafo. Identificou um bom plano de fundo, mas falta-lhe um elemento humano para fortalecer a composi\u00e7\u00e3o? Encontrou um cen\u00e1rio perfeito, mas as condi\u00e7\u00f5es de luz n\u00e3o s\u00e3o as mais favor\u00e1veis? Nesse caso, quase sempre compensar\u00e1 ser paciente e esperar que uma pessoa atravesse o enquadramento ou que as condi\u00e7\u00f5es climat\u00e9ricas se alterem, obtendo o melhor resultado poss\u00edvel. Por vezes, esperar 5 minutos basta, outras vezes, nem tanto.\u00bb<br \/>\nEste \u00e9 apenas um dos v\u00e1rios conselhos que podemos encontrar em \u00abFOTO<em>pad<\/em>\u00bb, conselhos dados por um dos principais fot\u00f3grafos nacionais da actualidade, Joel Santos. Com uma linguagem simples e bastante acess\u00edvel, este livro foi concebido para ser levado em qualquer bolsa e mala de viagem, com espa\u00e7o para escrevermos as nossas anota\u00e7\u00f5es, n\u00e3o se tratasse de uma esp\u00e9cie de Moleskine. As dicas apresentadas s\u00e3o essenciais para tirarmos as\u00a0 ambicionadas boas fotografias, mesmo se tratando de amadores, como o p\u00fablico a quem \u00e9 destinado \u00abFOTO<em>pad<\/em>\u00bb.<br \/>\nComo fotografar rastos de luz, retratos com o plano de fundo desfocado, paisagens, fogos-de-artif\u00edcio ou evitar fotos tremidas com pouca luz ambiente e com c\u00e2mara na m\u00e3o e inest\u00e9ticas sombras na face s\u00e3o apenas alguns dos temas retratados na obra editada pela Centro Atl\u00e2ntico, que mais uma vez\u00a0 oferece ao p\u00fablico da \u00e1rea um livro que acrescenta valor aos seus interessados. Refer\u00eancia tamb\u00e9m aos anexos, com Joel Santos a apresentar v\u00e1rios temas mais t\u00e9cnicos, especialmente para os leitores que procuram algo mais do que uma simples fotografia.<br \/>\nNota ainda para as ilustra\u00e7\u00f5es de Tiago Cruz, que adicionam valor a\u00a0 \u00abFOTO<em>pad<\/em>\u00bb por causarem \u00abfrescura\u00bb as suas p\u00e1ginas e aos conselhos de Joel Santos, retirando deste modo qualquer teor acad\u00e9mico, o que poderia\u00a0 aborrecer os leitores.<strong><em>Di\u00e1rioDigital<\/em><\/strong><em>, 14 de Maio de 2012<\/em><strong>Livro para o fot\u00f3grafo que h\u00e1 em si<\/strong>Numa altura em que basta um telem\u00f3vel e uma aplica\u00e7\u00e3o com o Instagram para se ter, por momentos, a ilus\u00e3o de se ser bom fot\u00f3grafo, este livro, escrito pelo fot\u00f3grafo Joel Santos e ilustrado por Tiago Cruz, faz-nos regressar ao<br \/>\npassado. \u00c9 um caderno de 160 p\u00e1ginas com mais de 100 dicas para os apaixonados por fotografia, &#8220;completamente independente de energia el\u00e9ctrica e altamente port\u00e1til&#8221;, como se l\u00ea na introdu\u00e7\u00e3o.<br \/>\nO FOTOpad tem capa dura e um el\u00e1stico a imitar os cl\u00e1ssicos cadernos Moleskine.<strong><em>P\u00fablico<\/em><\/strong><em>, 6 de Maio de 2012<\/em><img loading=\"lazy\" decoding=\"async\" class=\"alignnone size-medium wp-image-650\" src=\"https:\/\/fotografiaportugal.pt\/site\/wp-content\/uploads\/2015\/05\/RTP-5Mai2012-FOTOpad-d-1-300x170.jpg\" alt=\"RTP-5Mai2012-FOTOpad-d-1\" width=\"300\" height=\"170\" srcset=\"https:\/\/fotografiaportugal.pt\/site\/wp-content\/uploads\/2015\/05\/RTP-5Mai2012-FOTOpad-d-1-300x170.jpg 300w, https:\/\/fotografiaportugal.pt\/site\/wp-content\/uploads\/2015\/05\/RTP-5Mai2012-FOTOpad-d-1.jpg 350w\" sizes=\"auto, (max-width: 300px) 100vw, 300px\" \/><strong><em>RTP-1, Portugal sem Fronteiras<\/em><\/strong>, 5 de Maio de 2012<br \/>\n<strong>Ferramenta de Viagem<\/strong>Um livro sobre fotografia sem uma \u00fanica fotografia, mas que vai fazer as del\u00edcias de todos os que gostam de&#8230; fotografia.<br \/>\nConfusos? V\u00e3o deixar de o estar depois de folhearem o&#8230; FOTOpad.<br \/>\nTem o formato de um Moleskine (13*21cm), mas foi buscar o nome \u00e0 m\u00e1quina de Steve Jobs. N\u00e3o precisa de baterias nem de prote\u00e7\u00f5es especiais, mas tamb\u00e9m tem apenas uma \u00fanica aplica\u00e7\u00e3o, embora com utiliza\u00e7\u00f5es v\u00e1rias: \u00e9 um guia instant\u00e2neo para ajudar qualquer fot\u00f3grafo amador a tirar fotografias.<br \/>\nEspecialmente em viagem.<strong><em>Vis\u00e3o<\/em><\/strong><em>, 26 de Abril de 2012\u00a0<\/em><strong>FOTOpad: O prazer de fotografar e escrever<\/strong>N\u00e3o. N\u00e3o \u00e9 um mais um espectacular aparelho para ligar \u00e0 corrente. O FOTOpad \u00e9 mais do que isso. \u00c9 um livro que, partindo do formato Moleskine, com o cl\u00e1ssico el\u00e1stico, pode ser constru\u00eddo por ti.<br \/>\nJoel Santos (fot\u00f3grafo) e Tiago Cruz (ilustrador) oferecem-nos aqui um \u201c\u00e1lbum\u201d com mais de 100 dicas ilustradas, que v\u00e3o desde os aspectos te\u00f3ricos e pr\u00e1ticos \u00e0s check-lists, modelos de ced\u00eancia de direitos de imagem, mapas, calend\u00e1rios personaliz\u00e1veis, entre outras aplica\u00e7\u00f5es.<strong><em>ruadebaixo.com<\/em><\/strong>,\u00a0<em>Abril de 2012<\/em><strong>FOTOpad: Informa\u00e7\u00e3o sem baterias.<\/strong>Num tempo de iPads, e outros pads, a Centro Atl\u00e2ntico lan\u00e7a FOTOpad, em formato Moleskine e em papel, mas a lembrar, pelo nome, os dispositivos electr\u00f3nicos.<strong><em>Fotodigital<\/em><\/strong><em>, 20 de Abril de 2012<\/em><\/td>\n<\/tr>\n<\/tbody>\n<\/table>\n<\/td>\n<\/tr>\n<\/tbody>\n<\/table>\n<p>&nbsp;<\/p>\n","protected":false},"excerpt":{"rendered":"<p><strong>FOTO<\/strong><em>pad<\/em> (4.\u00aa edi\u00e7\u00e3o) &#8211; REVISTA e AUMENTADA<\/p>\n<p>Com a assinatura do fot\u00f3grafo profissional Joel Santos, o FOTOpad \u00e9 o caderno e o guia de terreno definitivo para quem \u00e9 apaixonado por fotografia.<\/p>\n<p>Completamente independente de energia el\u00e9ctrica e altamente port\u00e1til, o FOTOpad oferece-lhe um espa\u00e7o privilegiado para tomar nota das suas mem\u00f3rias fotogr\u00e1ficas e serve como verdadeira ferramenta multiusos, disponibilizando-lhe check-lists, modelos de ced\u00eancia de direitos de imagem, mapas, calend\u00e1rios personaliz\u00e1veis, entre outras aplica\u00e7\u00f5es relevantes e prontas a usar por qualquer fot\u00f3grafo em movimento.<\/p>\n<p><strong>Pre\u00e7o Especial<\/strong>\u00a0para\u00a0<strong>livros manuseados<\/strong>\u00a0(livros em estado novo, que j\u00e1 foram colocados \u00e0 venda em lojas comerciais e que podem ter etiquetas com pre\u00e7os ou promo\u00e7\u00f5es das lojas e, por vezes, alguma sujidade ou imperfei\u00e7\u00e3o do manuseamento em loja).<\/p>\n<p>Pre\u00e7o v\u00e1lido para encomendas at\u00e9 ao dia <strong>31\/12\/2024<\/strong> (salvo rutura de stock).<\/p>\n","protected":false},"featured_media":2766,"comment_status":"closed","ping_status":"closed","template":"","meta":[],"product_brand":[],"product_cat":[128,104,146,7,305,167],"product_tag":[36,90,86,88,15,37,89,20,77,85,84,87,83,82],"class_list":{"0":"post-646","1":"product","2":"type-product","3":"status-publish","4":"has-post-thumbnail","6":"product_cat-especial-fotografia","7":"product_cat-guia","8":"product_cat-joel-santos","9":"product_cat-livros","10":"product_cat-manuseados","11":"product_cat-livros-tecnicos-fotografia","12":"product_tag-bolso","13":"product_tag-check-list","14":"product_tag-dicas","15":"product_tag-exposicao","16":"product_tag-fotografia","17":"product_tag-guia","18":"product_tag-histograma","19":"product_tag-imagem","20":"product_tag-joel-santos","21":"product_tag-mapa","22":"product_tag-moleskine","23":"product_tag-notas","24":"product_tag-parametros","25":"product_tag-tecnica","27":"first","28":"outofstock","29":"sale","30":"shipping-taxable","31":"purchasable","32":"product-type-simple"},"_links":{"self":[{"href":"https:\/\/fotografiaportugal.pt\/site\/wp-json\/wp\/v2\/product\/646","targetHints":{"allow":["GET"]}}],"collection":[{"href":"https:\/\/fotografiaportugal.pt\/site\/wp-json\/wp\/v2\/product"}],"about":[{"href":"https:\/\/fotografiaportugal.pt\/site\/wp-json\/wp\/v2\/types\/product"}],"replies":[{"embeddable":true,"href":"https:\/\/fotografiaportugal.pt\/site\/wp-json\/wp\/v2\/comments?post=646"}],"wp:featuredmedia":[{"embeddable":true,"href":"https:\/\/fotografiaportugal.pt\/site\/wp-json\/wp\/v2\/media\/2766"}],"wp:attachment":[{"href":"https:\/\/fotografiaportugal.pt\/site\/wp-json\/wp\/v2\/media?parent=646"}],"wp:term":[{"taxonomy":"product_brand","embeddable":true,"href":"https:\/\/fotografiaportugal.pt\/site\/wp-json\/wp\/v2\/product_brand?post=646"},{"taxonomy":"product_cat","embeddable":true,"href":"https:\/\/fotografiaportugal.pt\/site\/wp-json\/wp\/v2\/product_cat?post=646"},{"taxonomy":"product_tag","embeddable":true,"href":"https:\/\/fotografiaportugal.pt\/site\/wp-json\/wp\/v2\/product_tag?post=646"}],"curies":[{"name":"wp","href":"https:\/\/api.w.org\/{rel}","templated":true}]}}